{"id":32,"date":"2021-04-16T00:55:30","date_gmt":"2021-04-15T22:55:30","guid":{"rendered":"https:\/\/szkolydoktorskie.uwb.edu.pl\/ns\/?page_id=32"},"modified":"2024-08-06T12:04:10","modified_gmt":"2024-08-06T10:04:10","slug":"konferencje-staze-granty","status":"publish","type":"page","link":"https:\/\/szkolydoktorskie.uwb.edu.pl\/nh\/konferencje-staze-granty\/","title":{"rendered":"Konferencje i szkolenia"},"content":{"rendered":"\n<p>Szanowni Pa\u0144stwo,<br><br>mamy zaszczyt zaprosi\u0107 m\u0142odych badaczy i m\u0142ode badaczki na <strong>Og\u00f3lnopolsk\u0105 Konferencj\u0119 Naukow\u0105 Obszary Polonistyki X:&nbsp;<\/strong><strong><em>Podporz\u0105dkowanie, ekskluzje, niewidzialno\u015b\u0107. Dyskursy dominacji i wykluczenia w literaturze, kulturze i j\u0119zyku<\/em><\/strong>organizowan\u0105 przez Literaturoznawcze Ko\u0142o Naukowe dzia\u0142aj\u0105ce w Instytucie Polonistyki i Dziennikarstwa Uniwersytetu Rzeszowskiego, kt\u00f3ra odb\u0119dzie si\u0119 <strong>18<\/strong><strong>&nbsp;listopada 2024 w formie zdalnej na platformie MS Teams<\/strong>. Bardzo prosz\u0119 o rozpowszechnienie tej informacji w\u015br\u00f3d studentek i student\u00f3w oraz doktorantek i doktorant\u00f3w. Do wiadomo\u015bci do\u0142\u0105czamy anons konferencji oraz link do wydarzenia na Facebooku:&nbsp;<a href=\"https:\/\/www.facebook.com\/share\/jEjo2DAyHKeLmC5g\/\" target=\"_blank\" rel=\"noreferrer noopener\">https:\/\/www.facebook.com\/share\/jEjo2DAyHKeLmC5g\/<\/a><\/p>\n\n\n\n<p><\/p>\n\n\n\n<p>Szanowni Pa\u0144stwo,<br><br>mamy zaszczyt zaprosi\u0107 m\u0142odych badaczy i m\u0142ode badaczki na <strong>Og\u00f3lnopolsk\u0105 Konferencj\u0119 Naukow\u0105 Obszary Polonistyki X:&nbsp;<em>Podporz\u0105dkowanie, ekskluzje, niewidzialno\u015b\u0107. Dyskursy dominacji i wykluczenia w literaturze, kulturze i j\u0119zyku<\/em><\/strong>organizowan\u0105 przez Literaturoznawcze Ko\u0142o Naukowe dzia\u0142aj\u0105ce w Instytucie Polonistyki i Dziennikarstwa Uniwersytetu Rzeszowskiego, kt\u00f3ra odb\u0119dzie si\u0119 <strong>18&nbsp;listopada 2024 w formie zdalnej na platformie MS Teams<\/strong>. Bardzo prosz\u0119 o rozpowszechnienie tej informacji w\u015br\u00f3d studentek i student\u00f3w oraz doktorantek i doktorant\u00f3w. Link do wydarzenia na Facebooku:&nbsp;<a href=\"https:\/\/www.facebook.com\/share\/jEjo2DAyHKeLmC5g\/\" target=\"_blank\" rel=\"noreferrer noopener\">https:\/\/www.facebook.com\/share\/jEjo2DAyHKeLmC5g\/<\/a><\/p>\n\n\n\n<p>______________________________<\/p>\n\n\n\n<p>Education&nbsp;academy&nbsp;of&nbsp;Vytautas&nbsp;Magnus&nbsp;university&nbsp;kindly&nbsp;invites&nbsp;doctoral<br>students&nbsp;to&nbsp;free&nbsp;online&nbsp;International&nbsp;Doctoral&nbsp;Summer&nbsp;School&nbsp;_From<br>Literature&nbsp;Review&nbsp;to&nbsp;Scientific&nbsp;Report_,&nbsp;taking&nbsp;place&nbsp;on&nbsp;August&nbsp;21-23,<br>2024.<br><br>Please&nbsp;find&nbsp;the&nbsp;link&nbsp;below&nbsp;to&nbsp;a&nbsp;more&nbsp;detailed&nbsp;programme&nbsp;and&nbsp;other<br>information:&nbsp;International&nbsp;Doctoral&nbsp;Summer&nbsp;School&nbsp;&#8211;&nbsp;VDU&nbsp;\u0160vietimo<br>akademija&nbsp;[<a href=\"https:\/\/svietimas.vdu.lt\/en\/international-doctoral-summer-school\/\" target=\"_blank\" rel=\"noreferrer noopener\">1<\/a>].<br><br>May&nbsp;i&nbsp;kindly&nbsp;ask&nbsp;you&nbsp;to&nbsp;share&nbsp;the&nbsp;information&nbsp;with&nbsp;PhD&nbsp;students.&nbsp;Thank<br>you!<br><br>Pagarbiai&nbsp;I&nbsp;Sincerely<br><br>Sigita&nbsp;Remeikien\u0117<br><br>Vytauto&nbsp;Did\u017eiojo&nbsp;universitetas&nbsp;I&nbsp;Vytautas&nbsp;Magnus&nbsp;University<br><br>\u0160vietimo&nbsp;akademija&nbsp;I&nbsp;Education&nbsp;Academy&nbsp;Vilnius&nbsp;campus<br><br>Lituanistikos&nbsp;ir&nbsp;tarptautini\u0173&nbsp;program\u0173&nbsp;centras&nbsp;I<br><br>Centre&nbsp;for&nbsp;Lithuanian&nbsp;Studies&nbsp;and&nbsp;International&nbsp;Programmes<br><br>Tel.&nbsp;+370&nbsp;5&nbsp;233&nbsp;0852,&nbsp;e-mail:&nbsp;<a href=\"mailto:sigita.remeikiene@vdu.lt\">sigita.remeikiene@vdu.lt<\/a><br><br>T.&nbsp;\u0160ev\u010denkos&nbsp;g.&nbsp;31&nbsp;\u2013&nbsp;216,&nbsp;LT-03111&nbsp;Vilnius,&nbsp;Lithuania<\/p>\n\n\n\n<p>______________________________<\/p>\n\n\n\n<p>W imieniu Doktorancko-Studenckiego Ko\u0142a Literaturoznawc\u00f3w Uniwersytetu Bielsko-Bialskiego chcia\u0142abym serdecznie zaprosi\u0107 na Doktoranckie Warsztaty Literaturoznawcze, kt\u00f3re odb\u0119d\u0105 si\u0119 w dniach 24-25 pa\u017adziernika 2024 roku na Wydziale Humanistyczno-Spo\u0142ecznym Uniwersytetu Bielsko-Bialskiego.<\/p>\n\n\n\n<p>Celem Warsztat\u00f3w jest integracja \u015brodowiska doktoranckiego skupionego w krajowych i zagranicznych Szko\u0142ach Doktorskich. Zale\u017cy nam na wymianie pogl\u0105d\u00f3w dotycz\u0105cych prowadzonych bada\u0144, dyskusji i nawi\u0105zaniu kontakt\u00f3w, kt\u00f3re zaowocuj\u0105 by\u0107<\/p>\n\n\n\n<p>mo\u017ce w przysz\u0142o\u015bci dalsz\u0105 wsp\u00f3\u0142prac\u0105 i realizacj\u0105 wsp\u00f3lnych projekt\u00f3w naukowych o tematyce literaturoznawczej lub pokrewnej. Uczestnikom warsztat\u00f3w nie narzucamy odg\u00f3rnego \u201etematu przewodniego\u201d konferencji \u2013 zach\u0119camy natomiast do wyg\u0142oszenia referatu, kt\u00f3ry powi\u0105zany jest w jakim\u015b stopniu z przygotowan\u0105 rozpraw\u0105 doktorsk\u0105 (lub prac\u0105 magistersk\u0105).<\/p>\n\n\n\n<p>Wi\u0119cej szczeg\u00f3\u0142\u00f3w znajd\u0105 Pa\u0144stwo w za\u0142\u0105czonym <a href=\"https:\/\/szkolydoktorskie.uwb.edu.pl\/nh\/wp-content\/uploads\/sites\/3\/2024\/07\/ZAPROSZENIE-NA-WARSZTATY-NAUKOWE.pdf\">pliku<\/a>.<\/p>\n\n\n\n<p>____________________________________________________<\/p>\n\n\n\n<p>Szanowni Pa\u0144stwo,<\/p>\n\n\n\n<p>zwracam si\u0119 z pro\u015bb\u0105 o przekazanie doktorantom i doktorantkom informacji o mi\u0119dzynarodowej szkole zimowej<strong> <em>Lessons from the Past \u2013 Solutions for the Future: Humanities in the Face of Global Crises<\/em><\/strong>&nbsp;organizowanej w dniach 3-7 grudnia 2024 r. w Gu\u0142towach pod Poznaniem.&nbsp;<\/p>\n\n\n\n<p>W imieniu doktorant\u00f3w i doktorantek Szko\u0142y Doktorskiej Nauk Humanistycznych UAM serdecznie zapraszam do aplikowania na szko\u0142\u0119 zimow\u0105 <strong><em>Lessons from the Past \u2013 Solutions for the Future: Humanities in the Face of Global Crises,&nbsp;<\/em><\/strong>po\u015bwi\u0119con\u0105 zagadnieniom relacji humanistyki z wyzwaniami i kryzysami wsp\u00f3\u0142czesnego \u015bwiata. Szko\u0142a&nbsp;zorganizowana zostanie w dniach 3-7 grudnia 2024 r. w Gu\u0142towach pod Poznaniem. Do aplikowania zapraszamy nie tylko doktorant\u00f3w i doktorantki humanistyki, ale r\u00f3wnie\u017c wszystkich tych badaczy, kt\u00f3rych zainteresowania naukowe przecinaj\u0105 si\u0119 z polami bada\u0144 humanist\u00f3w.&nbsp;<\/p>\n\n\n\n<p>Informacje o Szkole Zimowej, wraz z formularzem zg\u0142oszeniowym, mo\u017cna znale\u017a\u0107 pod linkiem: <a href=\"https:\/\/sdnh.amu.edu.pl\/szkola-zimowa-sdnh\/\" target=\"_blank\" rel=\"noreferrer noopener\">https:\/\/sdnh.amu.edu.pl\/szkola-zimowa-sdnh\/<\/a><\/p>\n\n\n\n<p>Termin nadsy\u0142ania zg\u0142osze\u0144 up\u0142ynie 15 pa\u017adziernika.&nbsp;<\/p>\n\n\n\n<p>______________________________________________________________________<\/p>\n\n\n\n<p>Szanowni&nbsp;Pa\u0144stwo,<br>Instytut&nbsp;J\u0119zykoznawstwa&nbsp;Uniwersytetu&nbsp;\u015al\u0105skiego&nbsp;w&nbsp;Katowicach<br>serdecznie&nbsp;zaprasza&nbsp;do&nbsp;udzia\u0142u&nbsp;w&nbsp;dziewi\u0105tej&nbsp;edycji&nbsp;konferencji<br>\u201ePrzestrzenie&nbsp;przek\u0142adu\u201d,&nbsp;kt\u00f3ra&nbsp;odb\u0119dzie&nbsp;si\u0119&nbsp;w&nbsp;dniach&nbsp;14\u201315<br>pa\u017adziernika&nbsp;2024&nbsp;roku&nbsp;w&nbsp;formie&nbsp;hybrydowej&nbsp;(mo\u017cliwo\u015b\u0107&nbsp;uczestnictwa<br>na&nbsp;miejscu&nbsp;lub&nbsp;poprzez&nbsp;platform\u0119&nbsp;MS&nbsp;Teams).<br>Tegoroczna&nbsp;konferencja&nbsp;odb\u0119dzie&nbsp;si\u0119&nbsp;w&nbsp;budynku&nbsp;Wydzia\u0142u<br>Humanistycznego&nbsp;w&nbsp;Katowicach&nbsp;przy&nbsp;ul.&nbsp;Uniwersyteckiej&nbsp;4&nbsp;oraz&nbsp;w&nbsp;budynku<br>spinPLACE&nbsp;przy&nbsp;ul.&nbsp;Bankowej&nbsp;5.<br>Obrady&nbsp;b\u0119d\u0105&nbsp;prowadzone&nbsp;w&nbsp;nast\u0119puj\u0105cych&nbsp;sekcjach:<br>1.&nbsp;Przek\u0142ad&nbsp;\u2013&nbsp;zagadnienia&nbsp;og\u00f3lne<br><br>2.&nbsp;Przek\u0142ad&nbsp;specjalistyczny<br><br>3.&nbsp;Przek\u0142ad&nbsp;ustny&nbsp;i&nbsp;audiowizualny<br><br>4.&nbsp;Przek\u0142ad&nbsp;artystyczny<br><br>5.&nbsp;T\u0142umacz&nbsp;i&nbsp;jego&nbsp;dzie\u0142o<br><br>6.&nbsp;Dydaktyka&nbsp;przek\u0142adu<br><br>7.&nbsp;Nowe&nbsp;technologie&nbsp;a&nbsp;przek\u0142ad<br><br>8.&nbsp;Studenci&nbsp;o&nbsp;przek\u0142adzie<br>Uprzejmie&nbsp;prosimy&nbsp;o&nbsp;wpisywanie&nbsp;tytu\u0142\u00f3w&nbsp;wyst\u0105pie\u0144&nbsp;do&nbsp;30&nbsp;czerwca&nbsp;2024<br>roku&nbsp;do&nbsp;formularza&nbsp;Google.&nbsp;&nbsp;[<a href=\"https:\/\/docs.google.com\/forms\/d\/e\/1FAIpQLSdrd2oDGgCoxVDnqzk5bbqrQkH2_RFwoW9JLdWmb78ke_-pig\/viewform\" target=\"_blank\" rel=\"noreferrer noopener\">1<\/a>]<br>Zapraszamy&nbsp;r\u00f3wnie\u017c&nbsp;do&nbsp;odwiedzenia&nbsp;strony&nbsp;internetowej&nbsp;po\u015bwi\u0119conej<br>konferencji:<br><br><a href=\"https:\/\/www.przestrzenieprzekladu.us.edu.pl\/\" target=\"_blank\" rel=\"noreferrer noopener\">https:\/\/www.przestrzenieprzekladu.us.edu.pl\/<\/a>&nbsp;[<a href=\"https:\/\/www.przestrzenieprzekladu.us.edu.pl\/\" target=\"_blank\" rel=\"noreferrer noopener\">2<\/a>]<br><br>oraz&nbsp;naszego&nbsp;fanpage\u2019a&nbsp;na&nbsp;Facebooku:<br><br><a href=\"https:\/\/www.facebook.com\/przestrzenieprzekladu\/\" target=\"_blank\" rel=\"noreferrer noopener\">https:\/\/www.facebook.com\/przestrzenieprzekladu\/<\/a>&nbsp;[<a href=\"https:\/\/www.facebook.com\/przestrzenieprzekladu\/\" target=\"_blank\" rel=\"noreferrer noopener\">3<\/a>]<\/p>\n\n\n\n<p><\/p>\n\n\n\n<p>_______________________________________________<br>Drogie&nbsp;Doktorantki,&nbsp;Drodzy&nbsp;Doktoranci,<br><br>Zapraszamy&nbsp;na&nbsp;warsztaty&nbsp;praktyczne&nbsp;online&nbsp;dla&nbsp;student\u00f3w<br>zainteresowanych&nbsp;kszta\u0142ceniem&nbsp;w&nbsp;szkole&nbsp;doktorskiej,&nbsp;absolwent\u00f3w&nbsp;oraz<br>doktorant\u00f3w&nbsp;organizowane&nbsp;w&nbsp;ramach&nbsp;projektu&nbsp;&#8222;Szko\u0142y&nbsp;Doktorskie&nbsp;to&nbsp;nasza<br>przysz\u0142o\u015b\u0107!&nbsp;&#8211;&nbsp;popularyzacja&nbsp;wiedzy&nbsp;o&nbsp;systemie&nbsp;kszta\u0142cenia<br>doktorant\u00f3w&#8221;.<br>Temat&nbsp;warsztat\u00f3w:&nbsp;KILKASET&nbsp;STRON?&nbsp;4&nbsp;ARTYKU\u0141Y?&nbsp;CZYLI&nbsp;O&nbsp;ROZPRAWIE<br>DOKTORSKIEJ&nbsp;S\u0141\u00d3W&nbsp;KILKA<br>Podczas&nbsp;warsztat\u00f3w&nbsp;przewidziana&nbsp;jest&nbsp;dyskusja&nbsp;i&nbsp;mo\u017cliwo\u015b\u0107&nbsp;zadawania<br>pyta\u0144.<br><br>Warsztaty&nbsp;przeprowadzi:&nbsp;MGR&nbsp;BARBARA&nbsp;PIETRZYK-TOBIASZ,&nbsp;doktoranta<br>Uniwersytetu&nbsp;Marii&nbsp;Curie&nbsp;Sk\u0142odowskiej&nbsp;w&nbsp;Lublinie,&nbsp;Zast\u0119pca&nbsp;Rzecznika<br>Praw&nbsp;Doktoranta&nbsp;KRD,&nbsp;Przewodnicz\u0105ca&nbsp;Biura&nbsp;Prawnego&nbsp;KRD.<br>WARSZTATY&nbsp;ODB\u0118D\u0104&nbsp;SI\u0118&nbsp;25&nbsp;CZERWCA&nbsp;O&nbsp;GODZINIE&nbsp;16:30.<br>LINK&nbsp;DO&nbsp;FORMULARZA:&nbsp;<a href=\"https:\/\/forms.gle\/po6Udx3pzn4H2BDSA\" target=\"_blank\" rel=\"noreferrer noopener\">https:\/\/forms.gle\/po6Udx3pzn4H2BDSA<\/a><br>FORMULARZ&nbsp;REJESTRACYJNY&nbsp;MO\u017bNA&nbsp;UZUPE\u0141NI\u0106&nbsp;DO&nbsp;24.06.2024&nbsp;DO&nbsp;GODZINY<br>20:00<br>W&nbsp;razie&nbsp;pyta\u0144&nbsp;pozostajemy&nbsp;do&nbsp;Waszej&nbsp;dyspozycji.<br><br>Nasz&nbsp;email:&nbsp;<a href=\"mailto:SDTOPRZYSZLOSC@GMAIL.COM\">SDTOPRZYSZLOSC@GMAIL.COM<\/a><\/p>\n\n\n\n<p>______________________________________________<\/p>\n\n\n\n<p>Drodzy Doktoranci,<\/p>\n\n\n\n<p>Rada Samorz\u0105du Doktorant\u00f3w Szko\u0142y Doktorskiej Uniwersytetu w Siedlcach serdecznie zaprasza do udzia\u0142u w IV Siedleckim Forum Doktorant\u00f3w. Do zg\u0142aszania czynnego udzia\u0142u w konferencji zach\u0119camy doktorant\u00f3w Szko\u0142y Doktorskiej UwS, doktorant\u00f3w studi\u00f3w doktoranckich oraz doktorant\u00f3w innych uczelni.<\/p>\n\n\n\n<p>Forum odb\u0119dzie si\u0119 w terminie 6 wrze\u015bnia i&nbsp;<strong>organizowane jest w formie hybrydowej, tzn. stacjonarnie, w gmachu Uniwersytetu w Siedlcach, Wydzia\u0142u Nauk Spo\u0142ecznych, przy ulicy \u017bytniej 39 oraz w formie zdalnej, za po\u015brednictwem platformy Google Meet.<\/strong>&nbsp;Wyst\u0105pienia ustne b\u0119d\u0105 mia\u0142y form\u0119 15 minutowych komunikat\u00f3w. Udzia\u0142 w konferencji jest&nbsp;<strong>bezp\u0142atny.<\/strong><\/p>\n\n\n\n<p>Zgodnie z duchem interdyscyplinarno\u015bci, IV edycja Siedleckiego Forum Doktorant\u00f3w ma na celu wymian\u0119 my\u015bli, do\u015bwiadcze\u0144 oraz wiedzy naukowej w\u015br\u00f3d doktorant\u00f3w r\u00f3\u017cnych dziedzin nauki i dyscyplin naukowych, jak r\u00f3wnie\u017c scalenie \u015brodowiska doktoranckiego. Wydarzenie stanowi sposobno\u015b\u0107 do prezentacji osi\u0105gni\u0119\u0107 badawczych doktorant\u00f3w, a tak\u017ce post\u0119p\u00f3w w realizacji prac doktorskich.<\/p>\n\n\n\n<p>Zach\u0119camy do wzi\u0119cia udzia\u0142u IV Siedleckim Forum Doktorant\u00f3w, poniewa\u017c jest to:<\/p>\n\n\n\n<ul class=\"wp-block-list\">\n<li>wyj\u0105tkowa okazja do nawi\u0105zania kontakt\u00f3w z innymi doktorantami z r\u00f3\u017cnych dziedzin nauki,<\/li>\n\n\n\n<li>mo\u017cliwo\u015b\u0107 zdobycia nowych perspektyw i spojrze\u0144 na w\u0142asne badania,<\/li>\n\n\n\n<li>szansa na rozw\u00f3j swoich kompetencji interpersonalnych oraz naukowych.<\/li>\n<\/ul>\n\n\n\n<p>Do uczestnictwa w Forum zapraszamy doktorant\u00f3w odbywaj\u0105cych kszta\u0142cenie i&nbsp;realizuj\u0105cych badania naukowe w&nbsp;nast\u0119puj\u0105cych dyscyplinach naukowych:<\/p>\n\n\n\n<ul class=\"wp-block-list\">\n<li>nauki o bezpiecze\u0144stwie,<\/li>\n\n\n\n<li>nauki biologiczne,<\/li>\n\n\n\n<li>nauki chemiczne,<\/li>\n\n\n\n<li>nauki o zdrowiu,<\/li>\n\n\n\n<li>historia,<\/li>\n\n\n\n<li>literaturoznawstwo,<\/li>\n\n\n\n<li>rolnictwo i ogrodnictwo,<\/li>\n\n\n\n<li>zootechnika i rybactwo.<\/li>\n<\/ul>\n\n\n\n<p>Osoby deklaruj\u0105ce uczestnictwo w konferencji prosimy o:<\/p>\n\n\n\n<ul class=\"wp-block-list\">\n<li>rejestracj\u0119 zg\u0142osze\u0144 w terminie do&nbsp;<strong>31 lipca 2024 roku<\/strong>&nbsp;za&nbsp;<strong>po\u015brednictwem formularza dost\u0119pnego na stronie:&nbsp;<\/strong><a href=\"https:\/\/forms.gle\/CToWZtV2w1xCgSQN9\" target=\"_blank\" rel=\"noreferrer noopener\">https:\/\/forms.gle\/CToWZtV2w1xCgSQN9<\/a><\/li>\n\n\n\n<li>przes\u0142anie abstraktu wyst\u0105pienia przygotowanego wed\u0142ug wymaga\u0144 edytorskich zamieszczonych poni\u017cej na adres e-mail:&nbsp;<a href=\"mailto:forumdok.siedlce@uws.edu.pl\">forumdok.siedlce@uws.edu.pl<\/a>&nbsp;w&nbsp;nieprzekraczalnym terminie do&nbsp;<strong>18 sierpnia 2024 roku.<\/strong><\/li>\n<\/ul>\n\n\n\n<p>Na powy\u017cszy adres e-mail mo\u017cna r\u00f3wnie\u017c kierowa\u0107 wszelkie pytania dotycz\u0105ce konferencji.<\/p>\n\n\n\n<p><a href=\"https:\/\/szkoladoktorska.uws.edu.pl\/images\/SIEDLECKIE_FORUM_DOKTORANTOW\/wymogi-edytorskie.pdf\" target=\"_blank\" rel=\"noreferrer noopener\">Wymagania edytorskie dotycz\u0105ce abstrakt\u00f3w wyst\u0105pie\u0144.<\/a><a><\/a><a><\/a><a><\/a><a><\/a><a><\/a><a><\/a><a><\/a><\/p>\n\n\n\n<p>Kontakt:&nbsp;<a href=\"mailto:forumdok.siedlce@uws.edu.pl\">forumdok.siedlce@uws.edu.pl<\/a><\/p>\n\n\n\n<p><\/p>\n\n\n\n<p>_____________________________________________<\/p>\n\n\n\n<p><strong>POLSKIE TOWARZYSTWO FENOMENOLOGICZNE<\/strong><\/p>\n\n\n\n<p><strong>INSTYTUT FILOZOFII I SOCJOLOGII POLSKIEJ AKADEMII NAUK<\/strong><\/p>\n\n\n\n<p>we wsp\u00f3\u0142pracy z&nbsp;<strong>\u0141\u00f3dzkim Towarzystwem Naukowym<\/strong><\/p>\n\n\n\n<p>pod patronatem <strong>L&#8217;Institut fran\u00e7ais de Varsovie<\/strong><\/p>\n\n\n\n<p>zapraszaj\u0105 na wyk\u0142ad z cyklu&nbsp;<strong>\u201eFenomenologia wsp\u00f3\u0142czesna&#8221;<\/strong><\/p>\n\n\n\n<p><strong>FRAN\u00c7OIS JULLIEN<\/strong><br><strong>Wok\u00f3\u0142 konceptu \u201eprawdziwego \u017cycia&#8221;<\/strong><\/p>\n\n\n\n<p><strong>17 czerwca 2024<\/strong><br><strong>godz. 15:00<\/strong><\/p>\n\n\n\n<p>Pa\u0142ac Staszica, Warszawa, ul. Nowy \u015awiat 72, sala 154<\/p>\n\n\n\n<p><strong>oraz online (po link trzeba pisa\u0107 na mail publicrelations@ifispan.edu.pl)<\/strong><strong><\/strong><\/p>\n\n\n\n<p>****<\/p>\n\n\n\n<p>\u201ePrawdziwie \u017cycie, przestaje by\u0107 \u017cyciem idealnym. Nie jest te\u017c tym \u017cyciem wymarzonym i wyobra\u017conym [&#8230;]<br>W czym wi\u0119c tkwi jego istota?<br>W odrzuceniu koincydencji z konformizmem, zasadami, powtarzaniem i rutyn\u0105&#8221;<\/p>\n\n\n\n<p><div id=\"mainscreen\"><div id=\"mainscreencontent\"><div id=\"mailview-right\" class=\"uibox\" role=\"main\"><div id=\"messagecontent\"><div class=\"leftcol\" role=\"region\" aria-labelledby=\"aria-label-messagebody\"><div id=\"messagebody\"><div class=\"message-htmlpart\" id=\"message-htmlpart1\"><div class=\"rcmBody\" lang=\"PL\"><div class=\"WordSection1\"><p class=\"has-text-align-right\" align=\"right\" style=\"margin-right: 0cm;margin-bottom: 6.0pt;margin-left: 0cm;text-align: right;background: white\"><span style=\"font-size: 10.5pt;,serif;color: black\">\u00a0(Fran\u00e7ois Jullien,\u00a0<em><span style=\",serif\">De la vraie vie<\/span><\/em>, 2020)Analizuj\u0105c<br> [termin] \u00abprawdziwe \u017cycie\u00bb nale\u017ca\u0142oby najpierw okre\u015bli\u0107 w czym wyra\u017ca <br>si\u0119\u00a0tkwi\u0105ca w nim przeciwstawno\u015b\u0107 znacze\u0144.\u00a0 Bowiem nie oznacza ona <br>prostego i w efekcie kontrastuj\u0105cego przeciwstawiania dobrego \u017cycia <br>\u00abz\u0142emu\u00bb, jak to czyniono od staro\u017cytno\u015bci. Kryterium wyodr\u0119bniania <br>\u00abprawdziwego \u017cycia\u00bb nie zale\u017cy te\u017c od zasad moralnych, ani nie odnosi <br>si\u0119 do wychwalania jednego rodzaju \u017cycia i przeciwstawiania go drugiemu.<br> \u017bycie \u00abnieprawdziwe, pozorne\u00bb przenika nasze \u017cycie i miesza si\u0119 z <br>innymi jego rodzajami, nie pozwala nam na to, aby\u015bmy mogli si\u0119 od niego <br>zdystansowa\u0107 i uchroni\u0107 przed nim. W \u00ab\u017cyciu prawdziwym\u00bb nie\u00a0tyle chodzi o<br> to, by by\u0142o \u017cyciem idealnym i wspania\u0142ym, przeciwstawianym \u017cyciu <br>\u00abbanalnemu\u00bb i ograniczonemu, ile o takie wymarzone \u017cycie, kt\u00f3re <br>opiera\u0142oby\u00a0 si\u0119 prozaiczno\u015bci\u00a0 (<u><a href=\"https:\/\/www.ltn.lodz.pl\/index.php?option=com_content&amp;view=article&amp;id=1047&amp;catid=64&amp;Itemid=192\" target=\"_blank\" rel=\"noreferrer noopener\"><span style=\"color: black\">Jullien,\u00a0<em><span style=\",serif\">Enfin vivre<\/span><\/em>, manuskrypt<\/span><\/a><\/u>).<\/span><strong><i><span style=\"font-size: 10.5pt;,serif;color: black\">Fran\u00e7ois Jullien<\/span><\/i><\/strong><i><span style=\"font-size: 10.5pt;,serif;color: black\">\u00a0\u2013<br> francuski filozof, hellenista, sinolog, kt\u00f3ry rozwija w swych licznych <br>ksi\u0105\u017ckach oryginalne koncepcje transformacji zawieszone pomi\u0119dzy my\u015bl\u0105 <br>chi\u0144sk\u0105 a europejsk\u0105. W swych pracach\u00a0rozwija refleksj\u0119 <br>interkulturalno\u015bci i filozofii istnienia. Proponuje inne podej\u015bcie do <br>zmiany, kt\u00f3re sytuuje jako my\u015blenie o transformacjach. Jest jednym ze <br>wsp\u00f3\u0142czesnych my\u015blicieli francuskich, kt\u00f3rego prace s\u0105 t\u0142umaczone w <br>ponad 20 krajach. W ostatnim czasie opublikowa\u0142 m.in.\u00a0<\/span><\/i><em><span lang=\"EN-US\" style=\"font-size: 10.5pt;,serif;color: black;font-style: normal\">Conf\u00e9rence sur \u013eefficacit\u00e9\u00a0<\/span><\/em><i><span lang=\"EN-US\" style=\"font-size: 10.5pt;,serif;color: black\">(2020),\u00a0<\/span><\/i><em><span lang=\"EN-US\" style=\"font-size: 10.5pt;,serif;color: black;font-style: normal\">Politique de la d\u00e9co\u00efncidence<\/span><\/em><i><span lang=\"EN-US\" style=\"font-size: 10.5pt;,serif;color: black\">\u00a0(2020),\u00a0<\/span><\/i><em><span lang=\"EN-US\" style=\"font-size: 10.5pt;,serif;color: black;font-style: normal\">Rouvrir des possibles: d\u00e9-co\u00efncidence un art \u010fop\u00e9rer<\/span><\/em><i><span lang=\"EN-US\" style=\"font-size: 10.5pt;,serif;color: black\">\u00a0(2023),\u00a0<\/span><\/i><em><span lang=\"EN-US\" style=\"font-size: 10.5pt;,serif;color: black;font-style: normal\">Raviver de \u013eesprit en ce monde.\u00a0Un diagnostic du contemporain<\/span><\/em><i><span style=\"font-size: 10.5pt;,serif;color: black\">\u00a0(2023);\u00a0<\/span><\/i><em><span style=\"font-size: 10.5pt;,serif;color: black;font-style: normal\">Dieu est d\u00e9-co\u00efncidence<\/span><\/em><i><span style=\"font-size: 10.5pt;,serif;color: black\">\u00a0(2024).<br> Jest za\u0142o\u017cycielem i przewodnicz\u0105cym stowarzyszenia dekoincydencji <br>(L&#8217;Association D\u00e9co\u00efncidences). W j\u0119zyku polskim opublikowano:\u00a0<\/span><\/i><em><span style=\"font-size: 10.5pt;,serif;color: black;font-style: normal\">Pochwa\u0142a nieokre\u015blono\u015bci. Zapiski o my\u015bli i estetyce\u00a0<\/span><\/em><i><span style=\"font-size: 10.5pt;,serif;color: black\">(2006),\u00a0<\/span><\/i><em><span style=\"font-size: 10.5pt;,serif;color: black;font-style: normal\">Drog\u0105 okr\u0119\u017cn\u0105 i wprost do celu. Strategie sensu w Chinach i Grecji<\/span><\/em><i><span style=\"font-size: 10.5pt;,serif;color: black\">\u00a0(2006),\u00a0<\/span><\/i><em><span style=\"font-size: 10.5pt;,serif;color: black;font-style: normal\">Ponownie otworzy\u0107 mo\u017cliwo\u015bci: de-koincydencja, kolejne \u017cycie. Wyb\u00f3r tekst\u00f3w<\/span><\/em><i><span style=\"font-size: 10.5pt;,serif;color: black\">\u00a0(w\u00a0druku).<\/span><\/i><span style=\"color: black\">\u00a0<\/span><span style=\",sans-serif;color: black\">Natalia Skipietrow\u00a0<\/span><\/p><p class=\"MsoNormal\"><\/p><\/div><\/div><\/div><\/div><\/div><\/div><\/div><\/div><\/div><span style=\",sans-serif;color: black\">Specjalista ds. public relations \/\u00a0 <b>IFiS PAN <\/b>\/ tel. 604994617 \/ mail: <a href=\"mailto:publicrelations@ifispan.edu.pl\" rel=\"noreferrer\"><span style=\"color: black\">publicrelations@ifispan.edu.pl<\/span><\/a><\/span><\/p>\n\n\n\n<p>___________________________________________<\/p>\n\n\n\n<p>Szanowni Pa\u0144stwo,<\/p>\n\n\n\n<p>Szko\u0142a Doktorska na UPJPII oraz Samorz\u0105d Doktorant\u00f3w UPJPII maj\u0105 zaszczyt zaprosi\u0107 do udzia\u0142u w Og\u00f3lnopolskiej Konferencji Naukowej &#8222;Ko\u015bci\u00f3\u0142 w uj\u0119ciu historyczno-prawnym&#8221;, kt\u00f3r\u0105 zainauguruje wyk\u0142ad bp. prof. dr. hab. Jana Kopca pt. &#8222;Granice wolno\u015bci Ko\u015bcio\u0142a w pa\u0144stwie komunistycznym (1945-1989)&#8221;.<\/p>\n\n\n\n<p>Wydarzenie odb\u0119dzie si\u0119 w dniach 10-11 czerwca 2024 r. w Auli przy ul. Bernardy\u0144skiej 3. Szczeg\u00f3\u0142owy program wydarzenia jest dost\u0119pny na stronie internetowej: <a href=\"https:\/\/upjp2.edu.pl\/konferencje-i-wydarzenia\/ogolnopolska-konferencja-naukowa-kosciol-w-ujeciu-historyczno-prawnym-1011-vi-2024-270.html\" target=\"_blank\" rel=\"noreferrer noopener\">https:\/\/upjp2.edu.pl\/konferencje-i-wydarzenia\/ogolnopolska-konferencja-naukowa-kosciol-w-ujeciu-historyczno-prawnym-1011-vi-2024-270.html<\/a>.<\/p>\n\n\n\n<p>_______________________________________________<\/p>\n\n\n\n<p>Center for American &amp; European Studies zaprasza do udzia\u0142u w intensywnym i w pe\u0142ni synchronicznym weekendowym kursie z <strong>dr Ann\u0105 Klimaszewsk\u0105<\/strong> (uczestniczk\u0105 grant\u00f3w Harvard University i University of Cambridge), pt. <strong>&#8222;Pisanie artyku\u0142\u00f3w naukowych i rozdzia\u0142\u00f3w w monografiach \u2013 krok po kroku!&#8221;.<\/strong><\/p>\n\n\n\n<p>W toku kursu:<\/p>\n\n\n\n<ul class=\"wp-block-list\">\n<li>Osi\u0105gniesz g\u0142\u0119bokie zrozumienie naukowego stylu pisania<\/li>\n\n\n\n<li>Poznasz tajniki metodologii bada\u0144 naukowych<\/li>\n\n\n\n<li>Nauczysz si\u0119 jak precyzyjnie okre\u015bla\u0107 cel swoich bada\u0144 oraz konstruowa\u0107 problem badawczy<\/li>\n\n\n\n<li>Dowiesz si\u0119 jakie narz\u0119dzia wykorzysta\u0107 by u\u0142atwi\u0107 sobie research<\/li>\n<\/ul>\n\n\n\n<p><strong>Damy Ci te\u017c szans\u0119 na prze\u0107wiczenie swoich umiej\u0119tno\u015bci w praktyce!<\/strong> Je\u015bli zechcesz, to zaanga\u017cujemy Ci\u0119 w przydatne \u0107wiczenia praktyczne i warsztaty naukowego pisania.<\/p>\n\n\n\n<p>Do udzia\u0142u w kursie serdecznie zach\u0119camy ambitnych student\u00f3w, doktorant\u00f3w oraz pracownik\u00f3w naukowych.<\/p>\n\n\n\n<p><strong>Termin kursu:<\/strong> 12-13 lipca 2024 (zaczynamy w pi\u0105tek wieczorem i ko\u0144czymy w sobot\u0119 po po\u0142udniu). Sugerujemy rejestrowa\u0107 si\u0119 do 6 lipca 2024.<\/p>\n\n\n\n<p>Uwaga: Liczba miejsc jest ograniczona!<\/p>\n\n\n\n<p><strong>Wi\u0119cej informacji o zapisach:<\/strong><br><a href=\"https:\/\/www.cfasofficial.com\/pl\/szkolenia-specjalistyczne\/pisanie-artykuow-naukowych-i-rozdziaow-w-monogra-2\" target=\"_blank\" rel=\"noreferrer noopener\">https:\/\/www.cfasofficial.com\/pl\/szkolenia-specjalistyczne\/pisanie-artykuow-naukowych-i-rozdziaow-w-monogra-2<\/a><\/p>\n\n\n\n<p>________________________________________<\/p>\n\n\n\n<p><strong>VI Edycja Stypendi\u00f3w m.st. Warszawy dla Doktorant\u00f3w \u2013 Rozpocz\u0119cie Naboru Wniosk\u00f3w!<\/strong><\/p>\n\n\n\n<p>Mamy przyjemno\u015b\u0107 og\u0142osi\u0107 rozpocz\u0119cie VI edycji Stypendi\u00f3w m.st. Warszawy dla doktorant\u00f3w! To wyj\u0105tkowa okazja dla m\u0142odych naukowc\u00f3w z uczelni z ca\u0142ego kraju.<\/p>\n\n\n\n<p>Miasto przyznaje stypendia doktorantkom i doktorantom z ca\u0142ej Polski, kt\u00f3rzy chc\u0105 przeprowadzi\u0107 badanie dotycz\u0105ce Warszawy. Pomys\u0142 na badanie musi si\u0119 wi\u0105za\u0107 z konkretnym obszarem funkcjonowania miasta. Obszary te zg\u0142aszaj\u0105 biura urz\u0119du, kt\u00f3re potrzebuj\u0105 dodatkowej wiedzy, aby skuteczniej wykonywa\u0107 swoje zadania.<\/p>\n\n\n\n<p><strong>Dlaczego warto aplikowa\u0107?<\/strong><\/p>\n\n\n\n<ul class=\"wp-block-list\">\n<li><strong>Wsparcie finansowe:<\/strong> Stypendium zapewnia znacz\u0105c\u0105 pomoc finansow\u0105, umo\u017cliwiaj\u0105c doktorantom skupienie si\u0119 na pracy badawczej. Realizacja stypendialnego projektu badawczego trwa do 12 miesi\u0119cy, stypendysta otrzymuje do 30&nbsp;000 z\u0142.<\/li>\n\n\n\n<li><strong>Rozw\u00f3j naukowy:<\/strong> Uczestnictwo w programie stypendialnym to szansa na poszerzenie wiedzy, zdobycie nowych umiej\u0119tno\u015bci. Podczas realizacji projektu stypendysta otrzymuje wsparcie merytoryczne od pracownik\u00f3w Urz\u0119du Miasta.<\/li>\n\n\n\n<li><strong>Presti\u017c:<\/strong> Bycie stypendyst\u0105 m.st. Warszawy to nie tylko wyr\u00f3\u017cnienie, ale tak\u017ce uznanie dla umiej\u0119tno\u015bci wykorzystania wiedzy w praktyce.<\/li>\n<\/ul>\n\n\n\n<p><strong>Kto mo\u017ce aplikowa\u0107?<\/strong> Stypendia s\u0105 przeznaczone dla doktorantek i doktorant\u00f3w uczelni z ca\u0142ego kraju. Nale\u017cy posiada\u0107 status doktoranta podczas realizacji projektu badawczego.<\/p>\n\n\n\n<p><strong>Jak aplikowa\u0107?<\/strong> Proces aplikacji jest prosty i przyjazny dla u\u017cytkownik\u00f3w. Na stypendia mo\u017cna aplikowa\u0107 przez stron\u0119 <a href=\"https:\/\/stypendia.um.warszawa.pl\/\">stypendia.um.warszawa.pl<\/a>. Termin sk\u0142adania wniosk\u00f3w up\u0142ywa 10 lipca 2024 r.<\/p>\n\n\n\n<p><strong>Wi\u0119cej informacji:<\/strong> Szczeg\u00f3\u0142owe informacje dotycz\u0105ce warunk\u00f3w aplikacji, kryteri\u00f3w oceny oraz wymaganych dokument\u00f3w znajduj\u0105 si\u0119 na <a href=\"https:\/\/um.warszawa.pl\/waw\/wspolpraca-z-nauka\/stypendia-dla-doktorantow\">stronie internetowej<\/a>. Zapraszamy r\u00f3wnie\u017c na spotkania konsultacyjne z pracownikami merytorycznymi. Terminy spotka\u0144 dost\u0119pne na <a href=\"https:\/\/um.warszawa.pl\/waw\/wspolpraca-z-nauka\/-\/spotkania-konsultacyjne\">stronie stypendi\u00f3w<\/a>.<\/p>\n\n\n\n<p>Zapraszamy do aplikowania i \u017cyczymy powodzenia wszystkim kandydatom!<\/p>\n\n\n\n<p>__________________________________________________<\/p>\n\n\n\n<p>Szanowni&nbsp;Pa\u0144stwo,<br>Instytut&nbsp;J\u0119zykoznawstwa&nbsp;Uniwersytetu&nbsp;\u015al\u0105skiego&nbsp;w&nbsp;Katowicach<br>serdecznie&nbsp;zaprasza&nbsp;do&nbsp;udzia\u0142u&nbsp;w&nbsp;dziewi\u0105tej&nbsp;edycji&nbsp;konferencji<br>\u201ePrzestrzenie&nbsp;przek\u0142adu\u201d,&nbsp;kt\u00f3ra&nbsp;odb\u0119dzie&nbsp;si\u0119&nbsp;w&nbsp;dniach&nbsp;14\u201315<br>pa\u017adziernika&nbsp;2024&nbsp;roku&nbsp;w&nbsp;formie&nbsp;hybrydowej&nbsp;(mo\u017cliwo\u015b\u0107&nbsp;uczestnictwa<br>na&nbsp;miejscu&nbsp;lub&nbsp;poprzez&nbsp;platform\u0119&nbsp;MS&nbsp;Teams).<br>Tegoroczna&nbsp;konferencja&nbsp;odb\u0119dzie&nbsp;si\u0119&nbsp;w&nbsp;budynku&nbsp;Wydzia\u0142u<br>Humanistycznego&nbsp;w&nbsp;Katowicach&nbsp;przy&nbsp;ul.&nbsp;Uniwersyteckiej&nbsp;4&nbsp;oraz&nbsp;w&nbsp;budynku<br>spinPLACE&nbsp;przy&nbsp;ul.&nbsp;Bankowej&nbsp;5.<br>Obrady&nbsp;b\u0119d\u0105&nbsp;prowadzone&nbsp;w&nbsp;nast\u0119puj\u0105cych&nbsp;sekcjach:<br>1.&nbsp;Przek\u0142ad&nbsp;\u2013&nbsp;zagadnienia&nbsp;og\u00f3lne<br><br>2.&nbsp;Przek\u0142ad&nbsp;specjalistyczny<br><br>3.&nbsp;Przek\u0142ad&nbsp;ustny&nbsp;i&nbsp;audiowizualny<br><br>4.&nbsp;Przek\u0142ad&nbsp;artystyczny<br><br>5.&nbsp;T\u0142umacz&nbsp;i&nbsp;jego&nbsp;dzie\u0142o<br><br>6.&nbsp;Dydaktyka&nbsp;przek\u0142adu<br><br>7.&nbsp;Nowe&nbsp;technologie&nbsp;a&nbsp;przek\u0142ad<br><br>8.&nbsp;Studenci&nbsp;o&nbsp;przek\u0142adzie<br>Uprzejmie&nbsp;prosimy&nbsp;o&nbsp;wpisywanie&nbsp;tytu\u0142\u00f3w&nbsp;wyst\u0105pie\u0144&nbsp;do&nbsp;30&nbsp;czerwca&nbsp;2024<br>roku&nbsp;do&nbsp;formularza&nbsp;Google.&nbsp;&nbsp;[<a href=\"https:\/\/docs.google.com\/forms\/d\/e\/1FAIpQLSdrd2oDGgCoxVDnqzk5bbqrQkH2_RFwoW9JLdWmb78ke_-pig\/viewform\" target=\"_blank\" rel=\"noreferrer noopener\">1<\/a>]Szczeg\u00f3\u0142owe&nbsp;informacje&nbsp;przesy\u0142amy&nbsp;w<br>za\u0142\u0105czeniu.<br>Zapraszamy&nbsp;r\u00f3wnie\u017c&nbsp;do&nbsp;odwiedzenia&nbsp;strony&nbsp;internetowej&nbsp;po\u015bwi\u0119conej<br>konferencji:<br><br><a href=\"https:\/\/www.przestrzenieprzekladu.us.edu.pl\/\" target=\"_blank\" rel=\"noreferrer noopener\">https:\/\/www.przestrzenieprzekladu.us.edu.pl\/<\/a>&nbsp;[<a href=\"https:\/\/www.przestrzenieprzekladu.us.edu.pl\/\" target=\"_blank\" rel=\"noreferrer noopener\">2<\/a>]<br><br>oraz&nbsp;naszego&nbsp;fanpage\u2019a&nbsp;na&nbsp;Facebooku:<br><br><a href=\"https:\/\/www.facebook.com\/przestrzenieprzekladu\/\" target=\"_blank\" rel=\"noreferrer noopener\">https:\/\/www.facebook.com\/przestrzenieprzekladu\/<\/a>&nbsp;[<a href=\"https:\/\/www.facebook.com\/przestrzenieprzekladu\/\" target=\"_blank\" rel=\"noreferrer noopener\">3<\/a>]<br>Z&nbsp;wyrazami&nbsp;szacunku<br><br>Organizatorzy<\/p>\n\n\n\n<p>________________________________________________<\/p>\n\n\n\n<p>Dzie\u0144&nbsp;dobry,<br><br>&nbsp;w&nbsp;imieniu&nbsp;Prorektora&nbsp;ds.&nbsp;Akredytacji&nbsp;i&nbsp;Wsp\u00f3\u0142pracy&nbsp;Mi\u0119dzynarodowej<br>Uniwersytetu&nbsp;Ekonomicznego&nbsp;we&nbsp;Wroc\u0142awiu&nbsp;prof.&nbsp;Bogus\u0142awy<br>Drelich-Skulskiej&nbsp;i&nbsp;Dziekana&nbsp;Szko\u0142y&nbsp;Doktorskiej&nbsp;Uniwersytetu<br>Ekonomicznego&nbsp;we&nbsp;Wroc\u0142awiu&nbsp;prof.&nbsp;Czes\u0142awa&nbsp;Zaj\u0105ca&nbsp;mamy&nbsp;przyjemno\u015b\u0107<br>zaprosi\u0107&nbsp;doktorant\u00f3w&nbsp;Pa\u0144stwa&nbsp;uczelni&nbsp;do&nbsp;udzia\u0142u&nbsp;w&nbsp;kolejnym&nbsp;spotkaniu<br>w&nbsp;cyklu&nbsp;Mi\u0119dzynarodowych&nbsp;Seminari\u00f3w&nbsp;Doktoranckich,&nbsp;kt\u00f3re&nbsp;odb\u0119dzie<br>si\u0119&nbsp;on-line&nbsp;na&nbsp;platformie&nbsp;Teams&nbsp;w&nbsp;dniu&nbsp;5&nbsp;CZERWCA&nbsp;2024&nbsp;ROKU&nbsp;O&nbsp;GODZ.<br>16.00.<br>&nbsp;Tematyka&nbsp;seminarium:&nbsp;\u201cARTIFICIAL&nbsp;INTELLIGENCE&nbsp;IN&nbsp;SCIENTIFIC<br>RESEARCH\u201d<br><br>&nbsp;Uprzejmie&nbsp;prosimy&nbsp;zainteresowane&nbsp;osoby&nbsp;o&nbsp;obowi\u0105zkowym&nbsp;wype\u0142nieniu<br>formularza&nbsp;Forms&nbsp;znajduj\u0105cego&nbsp;si\u0119&nbsp;w&nbsp;zaproszeniu&nbsp;(za\u0142\u0105cznik)&nbsp;do&nbsp;4<br>CZERWCA&nbsp;2024&nbsp;ROKU.<br>&nbsp;<a href=\"https:\/\/forms.office.com\/r\/E8ehfbDeFE\" target=\"_blank\" rel=\"noreferrer noopener\">https:\/\/forms.office.com\/r\/E8ehfbDeFE<\/a><\/p>\n\n\n\n<p><\/p>\n\n\n\n<p>__________________________________________________<\/p>\n\n\n\n<p>IV&nbsp;MI\u0118DZYNARODOWA&nbsp;MULTIDYSCYPLINARNA&nbsp;KONFERENCJA&nbsp;DOKTORANT\u00d3W<br>UNIWERSYTETU&nbsp;SZCZECI\u0143SKIEGO&nbsp;\u201eMKDUS&nbsp;2.0\u201d<br><br>&nbsp;Szanowni&nbsp;Pa\u0144stwo!<br><br>&nbsp;Przypominamy&nbsp;o&nbsp;mo\u017cliwo\u015bci&nbsp;rejestracji&nbsp;na&nbsp;IV&nbsp;edycj\u0119&nbsp;Konferencji&nbsp;MKDUS<br>2.0,&nbsp;kt\u00f3ra&nbsp;odb\u0119dzie&nbsp;si\u0119&nbsp;w&nbsp;dn.&nbsp;19-21.06.2024&nbsp;na&nbsp;platformie&nbsp;MS&nbsp;Teams.<br>Rejestracja&nbsp;up\u0142ywa&nbsp;19&nbsp;maja&nbsp;br.<br><br>&nbsp;Ubieg\u0142oroczne&nbsp;edycje&nbsp;cieszy\u0142y&nbsp;si\u0119&nbsp;ogromnym&nbsp;zainteresowaniem&nbsp;zar\u00f3wno<br>w\u015br\u00f3d&nbsp;Doktorant\u00f3w&nbsp;pochodz\u0105cych&nbsp;z&nbsp;Polski,&nbsp;jak&nbsp;i&nbsp;tych&nbsp;zagranicznych.<br>Podczas&nbsp;Konferencji&nbsp;Prelegenci&nbsp;mieli&nbsp;okazj\u0119&nbsp;do&nbsp;podzielenia&nbsp;si\u0119<br>r\u00f3\u017cnorodnymi&nbsp;zainteresowaniami,&nbsp;a&nbsp;ich&nbsp;inspiruj\u0105ce&nbsp;wyst\u0105pienia&nbsp;by\u0142y<br>znakomitym&nbsp;wst\u0119pem&nbsp;do&nbsp;podj\u0119cia&nbsp;dyskusji.<br><br>&nbsp;Wierzymy,&nbsp;\u017ce&nbsp;i&nbsp;w&nbsp;tym&nbsp;roku&nbsp;b\u0119dzie&nbsp;podobnie,&nbsp;a&nbsp;interdyscyplinarny<br>charakter&nbsp;Konferencji&nbsp;umo\u017cliwi&nbsp;poszerzenie&nbsp;horyzont\u00f3w&nbsp;o&nbsp;nowe<br>do\u015bwiadczenia&nbsp;i&nbsp;pozwoli&nbsp;na&nbsp;nawi\u0105zanie&nbsp;kontakt\u00f3w&nbsp;z&nbsp;osobami<br>reprezentuj\u0105cymi&nbsp;r\u00f3\u017cne&nbsp;dziedziny&nbsp;nauki.&nbsp;To&nbsp;niepowtarzalna&nbsp;okazja&nbsp;do<br>wymiany&nbsp;spostrze\u017ce\u0144&nbsp;badawczych&nbsp;dla&nbsp;ka\u017cdego&nbsp;z&nbsp;Was.<br><br>&nbsp;Konferencja&nbsp;odb\u0119dzie&nbsp;si\u0119&nbsp;online&nbsp;poprzez&nbsp;platform\u0119&nbsp;MS&nbsp;Teams.&nbsp;Koszt<br>uczestnictwa&nbsp;w&nbsp;Konferencji&nbsp;bez&nbsp;publikacji&nbsp;wynosi&nbsp;75&nbsp;z\u0142,&nbsp;natomiast&nbsp;z<br>mo\u017cliwo\u015bci\u0105&nbsp;publikacji&nbsp;275&nbsp;z\u0142.&nbsp;Mo\u017cliwa&nbsp;jest&nbsp;r\u00f3wnie\u017c&nbsp;sama<br>publikacja,&nbsp;kt\u00f3rej&nbsp;koszt&nbsp;to&nbsp;200&nbsp;z\u0142.<br><br>&nbsp;Serdecznie&nbsp;zach\u0119camy&nbsp;Pa\u0144stwa&nbsp;do&nbsp;wype\u0142nienia&nbsp;formularza<br>rejestracyjnego.<br><br>&nbsp;IV&nbsp;MULTIDISCIPLINARY&nbsp;CONFERENCE&nbsp;OF&nbsp;PHD&nbsp;STUDENTS&nbsp;OF&nbsp;THE&nbsp;UNIVERSITY&nbsp;OF<br>SZCZECIN&nbsp;\u201eMKDUS&nbsp;2.0\u201d<br><br>&nbsp;Dear&nbsp;All,<br><br>&nbsp;We&nbsp;would&nbsp;like&nbsp;to&nbsp;remind&nbsp;you&nbsp;about&nbsp;the&nbsp;opportunity&nbsp;to&nbsp;register&nbsp;for&nbsp;the<br>4th&nbsp;edition&nbsp;of&nbsp;the&nbsp;MKDUS&nbsp;2.0&nbsp;Conference,&nbsp;which&nbsp;will&nbsp;be&nbsp;held&nbsp;on<br>19-21.06.2024&nbsp;on&nbsp;the&nbsp;MS&nbsp;Teams&nbsp;platform.&nbsp;Registration&nbsp;ends&nbsp;on&nbsp;May&nbsp;19&nbsp;this<br>year.<br><br>&nbsp;Last&nbsp;year&#8217;s&nbsp;editions&nbsp;were&nbsp;very&nbsp;popular&nbsp;for&nbsp;Polish&nbsp;and&nbsp;foreign<br>participants.&nbsp;During&nbsp;the&nbsp;Conference,&nbsp;Speakers&nbsp;had&nbsp;the&nbsp;opportunity&nbsp;to<br>share&nbsp;their&nbsp;diverse&nbsp;interests,&nbsp;and&nbsp;their&nbsp;inspiring&nbsp;speeches&nbsp;were&nbsp;an<br>excellent&nbsp;introduction&nbsp;to&nbsp;the&nbsp;discussion.<br><br>&nbsp;We&nbsp;believe&nbsp;that&nbsp;this&nbsp;year&nbsp;will&nbsp;be&nbsp;the&nbsp;same,&nbsp;and&nbsp;the&nbsp;interdisciplinary<br>nature&nbsp;of&nbsp;the&nbsp;Conference&nbsp;will&nbsp;be&nbsp;a&nbsp;new&nbsp;experience&nbsp;for&nbsp;you&nbsp;and&nbsp;will&nbsp;allow<br>you&nbsp;to&nbsp;network&nbsp;with&nbsp;people&nbsp;representing&nbsp;different&nbsp;fields&nbsp;of&nbsp;science.<br>This&nbsp;is&nbsp;the&nbsp;only&nbsp;opportunity&nbsp;to&nbsp;exchange&nbsp;your&nbsp;inspirations.<br><br>&nbsp;The&nbsp;conference&nbsp;will&nbsp;be&nbsp;held&nbsp;online&nbsp;through&nbsp;the&nbsp;MS&nbsp;Teams&nbsp;platform.&nbsp;The<br>cost&nbsp;of&nbsp;participation&nbsp;in&nbsp;the&nbsp;Conference&nbsp;without&nbsp;publication&nbsp;is&nbsp;PLN&nbsp;75,<br>while&nbsp;with&nbsp;publication&nbsp;it&nbsp;is&nbsp;PLN&nbsp;275.&nbsp;Only&nbsp;publication&nbsp;is&nbsp;also&nbsp;possible,<br>the&nbsp;cost&nbsp;of&nbsp;which&nbsp;is&nbsp;200&nbsp;PLN.<br><br>&nbsp;We&nbsp;encourage&nbsp;you&nbsp;to&nbsp;fill&nbsp;in&nbsp;the&nbsp;registration&nbsp;form.<br><br>&nbsp;Poni\u017cej&nbsp;opis&nbsp;Konferencji:\/Description&nbsp;of&nbsp;the&nbsp;Conference:<br><br>&nbsp;PANEL&nbsp;ZIELONY&nbsp;\u2013&nbsp;19.06.2024<br><br>&nbsp;Wyzwania&nbsp;naukowe&nbsp;wsp\u00f3\u0142czesnego&nbsp;cz\u0142owieka<br><br>&nbsp;Panel&nbsp;zielony&nbsp;jest&nbsp;przeznaczony&nbsp;dla&nbsp;dyscyplin&nbsp;takich&nbsp;jak:&nbsp;matematyka,<br>nauki&nbsp;biologiczne,&nbsp;nauki&nbsp;fizyczne,&nbsp;nauki&nbsp;o&nbsp;ziemi&nbsp;i&nbsp;\u015brodowisku,&nbsp;nauki&nbsp;o<br>kulturze&nbsp;fizycznej,&nbsp;nauki&nbsp;medyczne,&nbsp;nauki&nbsp;o&nbsp;zdrowiu,&nbsp;zootechnika&nbsp;i<br>rybactwo,&nbsp;weterynaria&nbsp;oraz&nbsp;innych&nbsp;dyscyplin&nbsp;pokrewnych,&nbsp;w&nbsp;tym<br>socjologii.<br><br>&nbsp;Tegorocznym&nbsp;tematem&nbsp;przewodnim&nbsp;b\u0119d\u0105:&nbsp;Wyzwania&nbsp;naukowe&nbsp;wsp\u00f3\u0142czesnego<br>cz\u0142owieka.&nbsp;Ze&nbsp;wzgl\u0119du&nbsp;na&nbsp;szeroki&nbsp;zakres&nbsp;dyscyplin&nbsp;zaliczaj\u0105cych&nbsp;si\u0119<br>do&nbsp;panelu&nbsp;zielonego&nbsp;chcemy&nbsp;da\u0107&nbsp;Doktorantom&nbsp;przestrze\u0144&nbsp;do&nbsp;swobodnej<br>wypowiedzi&nbsp;oraz&nbsp;prezentacji&nbsp;bada\u0144.&nbsp;Je\u015bli&nbsp;liczysz&nbsp;skomplikowane<br>r\u00f3wnania,&nbsp;zajmujesz&nbsp;si\u0119&nbsp;tajemnicami&nbsp;Ziemi&nbsp;i&nbsp;kosmosu,&nbsp;albo&nbsp;interesujesz<br>si\u0119&nbsp;mechanizmami&nbsp;i&nbsp;procesami&nbsp;zachodz\u0105cymi&nbsp;w&nbsp;organizmach&nbsp;ludzkich<br>b\u0105d\u017a&nbsp;zwierz\u0119cych,&nbsp;to&nbsp;panel&nbsp;zielony&nbsp;jest&nbsp;w\u0142a\u015bnie&nbsp;dla&nbsp;Ciebie.<br>Zapraszamy&nbsp;pierwszego&nbsp;dnia&nbsp;do&nbsp;udzia\u0142u&nbsp;w&nbsp;kolejnej,&nbsp;ju\u017c&nbsp;IV&nbsp;edycji<br>Mi\u0119dzynarodowej&nbsp;Multidyscyplinarnej&nbsp;Konferencji&nbsp;Doktorant\u00f3w<br>Uniwersytetu&nbsp;Szczeci\u0144skiego&nbsp;MKDUS&nbsp;2.0&nbsp;do&nbsp;zaprezentowania&nbsp;referat\u00f3w<br>oraz&nbsp;udzia\u0142u&nbsp;w&nbsp;dyskusji.<br><br>&nbsp;Wyst\u0105pienia&nbsp;mog\u0105&nbsp;by\u0107&nbsp;prezentowane&nbsp;w&nbsp;j\u0119zyku&nbsp;polskim&nbsp;oraz&nbsp;angielskim,<br>a&nbsp;maksymalny&nbsp;czas&nbsp;wyst\u0105pienia&nbsp;to&nbsp;10&nbsp;minut.&nbsp;Do&nbsp;zobaczenia!<br><br>&nbsp;GREEN&nbsp;PANEL&nbsp;\u2013&nbsp;19.06.2024<br><br>&nbsp;Scientific&nbsp;Challenges&nbsp;of&nbsp;Modern&nbsp;Human<br><br>&nbsp;The&nbsp;green&nbsp;panel&nbsp;is&nbsp;for&nbsp;disciplines&nbsp;such&nbsp;as:&nbsp;mathematics,&nbsp;biological<br>sciences,&nbsp;physical&nbsp;sciences,&nbsp;earth&nbsp;and&nbsp;environmental&nbsp;sciences,&nbsp;physical<br>culture&nbsp;sciences,&nbsp;medical&nbsp;sciences,&nbsp;health&nbsp;sciences,&nbsp;animal&nbsp;science&nbsp;and<br>fisheries,&nbsp;veterinary&nbsp;science&nbsp;and&nbsp;other&nbsp;related&nbsp;disciplines,&nbsp;additional<br>discipline&nbsp;is&nbsp;sociology.<br><br>&nbsp;This&nbsp;year&#8217;s&nbsp;theme&nbsp;will&nbsp;be:&nbsp;Scientific&nbsp;Challenges&nbsp;of&nbsp;Modern&nbsp;Human.&nbsp;Due<br>to&nbsp;the&nbsp;wide&nbsp;range&nbsp;of&nbsp;disciplines&nbsp;included&nbsp;in&nbsp;the&nbsp;green&nbsp;panel,&nbsp;we&nbsp;want&nbsp;to<br>give&nbsp;PhD&nbsp;students&nbsp;space&nbsp;to&nbsp;speak&nbsp;freely&nbsp;and&nbsp;present&nbsp;their&nbsp;research.&nbsp;If<br>you&nbsp;count&nbsp;complex&nbsp;equations,&nbsp;deal&nbsp;with&nbsp;the&nbsp;mysteries&nbsp;of&nbsp;the&nbsp;Earth&nbsp;and<br>the&nbsp;cosmos,&nbsp;or&nbsp;are&nbsp;interested&nbsp;in&nbsp;mechanisms&nbsp;and&nbsp;processes&nbsp;in&nbsp;human&nbsp;or<br>animal&nbsp;organisms,&nbsp;the&nbsp;green&nbsp;panel&nbsp;is&nbsp;just&nbsp;for&nbsp;you.&nbsp;We&nbsp;invite&nbsp;you&nbsp;on&nbsp;the<br>first&nbsp;day&nbsp;to&nbsp;participate&nbsp;in&nbsp;the&nbsp;next,&nbsp;already&nbsp;the&nbsp;4th&nbsp;edition&nbsp;of&nbsp;the<br>International&nbsp;Multidisciplinary&nbsp;Conference&nbsp;of&nbsp;Doctoral&nbsp;Students&nbsp;of&nbsp;the<br>University&nbsp;of&nbsp;Szczecin&nbsp;MKDUS&nbsp;2.0&nbsp;to&nbsp;present&nbsp;speeches&nbsp;and&nbsp;participate&nbsp;in<br>the&nbsp;discussion.<br><br>&nbsp;Speeches&nbsp;can&nbsp;be&nbsp;presented&nbsp;in&nbsp;Polish&nbsp;and&nbsp;English,&nbsp;and&nbsp;the&nbsp;maximum<br>speaking&nbsp;time&nbsp;is&nbsp;10&nbsp;minutes.&nbsp;See&nbsp;you&nbsp;there!<br><br>&nbsp;PANEL&nbsp;CZERWONY&nbsp;\u2013&nbsp;20.06.2024<br><br>&nbsp;Wojna&nbsp;i&nbsp;pok\u00f3j&nbsp;\u2013&nbsp;wyzwania&nbsp;wsp\u00f3\u0142czesnej&nbsp;humanistyki<br><br>&nbsp;DYSCYPLINY&nbsp;NAUKOWE:&nbsp;filozofia,&nbsp;historia,&nbsp;j\u0119zykoznawstwo,<br>literaturoznawstwo,&nbsp;nauki&nbsp;teologiczne&nbsp;i&nbsp;nauki&nbsp;o&nbsp;kulturze&nbsp;i&nbsp;religii,<br>pedagogika.<br><br>&nbsp;Szanowne&nbsp;Doktorantki,&nbsp;Szanowni&nbsp;Doktoranci!<br><br>&nbsp;Drugiego&nbsp;dnia,&nbsp;podczas&nbsp;kolejnej,&nbsp;ju\u017c&nbsp;IV&nbsp;edycji&nbsp;Mi\u0119dzynarodowej<br>Multidyscyplinarnej&nbsp;Konferencji&nbsp;Doktorant\u00f3w&nbsp;Uniwersytetu<br>Szczeci\u0144skiego&nbsp;MKDUS&nbsp;2.0&nbsp;zapraszamy&nbsp;do&nbsp;zaprezentowania&nbsp;referat\u00f3w&nbsp;z<br>zakresu&nbsp;dyscyplin&nbsp;takich&nbsp;jak:&nbsp;filozofia,&nbsp;historia,&nbsp;j\u0119zykoznawstwo,<br>literaturoznawstwo,&nbsp;nauki&nbsp;teologiczne,&nbsp;nauki&nbsp;o&nbsp;kulturze&nbsp;i&nbsp;religii,<br>pedagogika.<br><br>&nbsp;Tematem&nbsp;tegorocznej&nbsp;edycji&nbsp;czerwonego&nbsp;panelu&nbsp;humanistycznego&nbsp;jest:<br>Wojna&nbsp;i&nbsp;pok\u00f3j&nbsp;\u2013&nbsp;wyzwania&nbsp;wsp\u00f3\u0142czesnej&nbsp;humanistyki.&nbsp;Pragniemy<br>zg\u0142\u0119bi\u0107&nbsp;problem&nbsp;otaczaj\u0105cego&nbsp;nas&nbsp;\u015bwiata,&nbsp;w&nbsp;kt\u00f3rym&nbsp;s\u0142owo&nbsp;wojna<br>pojawia&nbsp;si\u0119&nbsp;cz\u0119\u015bciej,&nbsp;a&nbsp;upragniony&nbsp;pok\u00f3j&nbsp;dla&nbsp;milion\u00f3w&nbsp;ludzi&nbsp;na<br>\u015bwiecie&nbsp;staje&nbsp;si\u0119&nbsp;coraz&nbsp;bardziej&nbsp;odleg\u0142y.<br><br>&nbsp;Jeste\u015bmy&nbsp;otwarci&nbsp;na&nbsp;wszelkie&nbsp;tematy&nbsp;powi\u0105zane&nbsp;z&nbsp;powy\u017csz\u0105<br>problematyk\u0105.&nbsp;Chcemy&nbsp;wsp\u00f3lnie&nbsp;stworzy\u0107&nbsp;przestrze\u0144&nbsp;do&nbsp;dyskusji&nbsp;na<br>temat&nbsp;wojny&nbsp;i&nbsp;pokoju&nbsp;w&nbsp;kontek\u015bcie&nbsp;historycznym,&nbsp;teologicznym,&nbsp;czy<br>filozoficznym,&nbsp;ale&nbsp;r\u00f3wnie\u017c&nbsp;na&nbsp;nowo&nbsp;zastanowi\u0107&nbsp;si\u0119&nbsp;nad&nbsp;znaczeniem<br>tych&nbsp;(odleg\u0142ych)&nbsp;poj\u0119\u0107&nbsp;oraz&nbsp;sposobie&nbsp;przedstawienia&nbsp;ich&nbsp;w&nbsp;literaturze<br>i&nbsp;sztuce.&nbsp;Obecna&nbsp;sytuacja&nbsp;na&nbsp;\u015bwiecie&nbsp;stawia&nbsp;przed&nbsp;humanistyk\u0105&nbsp;nowe<br>wyzwania,&nbsp;wobec&nbsp;kt\u00f3rych&nbsp;nie&nbsp;mo\u017ce&nbsp;ona&nbsp;pozosta\u0107&nbsp;oboj\u0119tna.&nbsp;To<br>najwy\u017cszy&nbsp;moment,&nbsp;by&nbsp;skupi\u0107&nbsp;si\u0119&nbsp;na&nbsp;ideach&nbsp;pacyfistycznych,&nbsp;zbiorowym<br>i&nbsp;pokoleniowym&nbsp;do\u015bwiadczeniu&nbsp;traumy,&nbsp;poj\u0119ciach&nbsp;postpami\u0119ci,&nbsp;j\u0119zyk\u00f3w<br>milczenia,&nbsp;czy&nbsp;granic&nbsp;reliktowych.<br><br>&nbsp;Je\u017celi&nbsp;chcia\u0142by\u015b\/chcia\u0142aby\u015b&nbsp;podzieli\u0107&nbsp;si\u0119&nbsp;wynikami&nbsp;swoich&nbsp;bada\u0144<br>nt.&nbsp;wyzwa\u0144&nbsp;wsp\u00f3\u0142czesnej&nbsp;humanistyki&nbsp;wobec&nbsp;innych&nbsp;pal\u0105cych&nbsp;temat\u00f3w,<br>przed&nbsp;kt\u00f3rymi&nbsp;stoi&nbsp;wsp\u00f3\u0142czesna&nbsp;humanistyka,&nbsp;to&nbsp;r\u00f3wnie\u017c&nbsp;serdecznie<br>zapraszamy&nbsp;do&nbsp;czynnego&nbsp;udzia\u0142u&nbsp;w&nbsp;konferencji&nbsp;MKDUS&nbsp;2.0.&nbsp;Mamy&nbsp;nadziej\u0119,<br>\u017ce&nbsp;wsp\u00f3lnie&nbsp;stworzymy&nbsp;miejsce&nbsp;do&nbsp;wymiany&nbsp;wiedzy&nbsp;i&nbsp;spostrze\u017ce\u0144&nbsp;na<br>temat&nbsp;b\u0142yskawicznie&nbsp;zmieniaj\u0105cego&nbsp;si\u0119&nbsp;\u015bwiata.<br><br>&nbsp;Wyst\u0105pienia&nbsp;mog\u0105&nbsp;by\u0107&nbsp;prezentowane&nbsp;w&nbsp;j\u0119zyku&nbsp;polskim&nbsp;oraz&nbsp;angielskim,<br>a&nbsp;maksymalny&nbsp;czas&nbsp;wyst\u0105pienia&nbsp;to&nbsp;20&nbsp;minut.<br><br>&nbsp;Do&nbsp;zobaczenia&nbsp;20&nbsp;czerwca!<br><br>&nbsp;RED&nbsp;PANEL&nbsp;\u2013&nbsp;20.06.2024<br><br>&nbsp;War&nbsp;and&nbsp;peace&nbsp;&#8211;&nbsp;the&nbsp;challenges&nbsp;of&nbsp;modern&nbsp;humanities<br><br>&nbsp;SCIENTIFIC&nbsp;DISCIPLINES:&nbsp;philosophy,&nbsp;history,&nbsp;linguistics,&nbsp;literary<br>studies,&nbsp;theological&nbsp;sciences&nbsp;and&nbsp;sciences&nbsp;of&nbsp;culture&nbsp;and&nbsp;religion,<br>pedagogy,&nbsp;psychology.<br><br>&nbsp;Dear&nbsp;doctoral&nbsp;students!&nbsp;On&nbsp;the&nbsp;second&nbsp;day&nbsp;of&nbsp;the&nbsp;4th&nbsp;International<br>Multidisciplinary&nbsp;Conference&nbsp;of&nbsp;Doctoral&nbsp;Students&nbsp;of&nbsp;the&nbsp;University&nbsp;of<br>Szczecin&nbsp;MKDUS&nbsp;2.0,&nbsp;we&nbsp;invite&nbsp;you&nbsp;to&nbsp;present&nbsp;papers&nbsp;from&nbsp;the&nbsp;fields&nbsp;of<br>philosophy,&nbsp;history,&nbsp;linguistics,&nbsp;literary&nbsp;studies,&nbsp;theological<br>sciences,&nbsp;cultural&nbsp;and&nbsp;religious&nbsp;sciences,&nbsp;pedagogy&nbsp;and&nbsp;psychology.<br><br>&nbsp;The&nbsp;theme&nbsp;of&nbsp;this&nbsp;year&#8217;s&nbsp;red&nbsp;humanities&nbsp;panel&nbsp;is:&nbsp;War&nbsp;and&nbsp;Peace&nbsp;&#8211;<br>Challenges&nbsp;of&nbsp;Modern&nbsp;Humanities.&nbsp;We&nbsp;would&nbsp;like&nbsp;to&nbsp;explore&nbsp;the&nbsp;problem&nbsp;of<br>the&nbsp;world&nbsp;around&nbsp;us,&nbsp;in&nbsp;which&nbsp;the&nbsp;word&nbsp;war&nbsp;appears&nbsp;more&nbsp;often,&nbsp;and&nbsp;the<br>longed-for&nbsp;peace&nbsp;for&nbsp;millions&nbsp;of&nbsp;people&nbsp;in&nbsp;the&nbsp;world&nbsp;is&nbsp;becoming&nbsp;more<br>and&nbsp;more&nbsp;distant.<br><br>&nbsp;We&nbsp;are&nbsp;open&nbsp;to&nbsp;all&nbsp;topics&nbsp;related&nbsp;to&nbsp;the&nbsp;above&nbsp;issues.&nbsp;Together&nbsp;we&nbsp;want<br>to&nbsp;create&nbsp;a&nbsp;space&nbsp;to&nbsp;discuss&nbsp;war&nbsp;and&nbsp;peace&nbsp;in&nbsp;a&nbsp;historical,&nbsp;theological<br>or&nbsp;philosophical&nbsp;context,&nbsp;but&nbsp;also&nbsp;to&nbsp;rethink&nbsp;the&nbsp;meaning&nbsp;of&nbsp;these<br>(distant)&nbsp;concepts&nbsp;and&nbsp;the&nbsp;way&nbsp;they&nbsp;are&nbsp;presented&nbsp;in&nbsp;literature&nbsp;and&nbsp;art.<br><br><br>&nbsp;The&nbsp;current&nbsp;global&nbsp;situation&nbsp;poses&nbsp;new&nbsp;challenges&nbsp;to&nbsp;which&nbsp;the<br>humanities&nbsp;cannot&nbsp;remain&nbsp;indifferent.&nbsp;It&nbsp;is&nbsp;high&nbsp;time&nbsp;to&nbsp;focus&nbsp;on<br>pacifist&nbsp;ideas,&nbsp;the&nbsp;collective&nbsp;and&nbsp;generational&nbsp;experience&nbsp;of&nbsp;trauma,<br>notions&nbsp;of&nbsp;post-memory,&nbsp;languages&nbsp;of&nbsp;silence,&nbsp;or&nbsp;relic&nbsp;borders.&nbsp;If&nbsp;you<br>would&nbsp;like&nbsp;to&nbsp;share&nbsp;the&nbsp;results&nbsp;of&nbsp;your&nbsp;research&nbsp;on&nbsp;the&nbsp;challenges&nbsp;of<br>contemporary&nbsp;humanities&nbsp;in&nbsp;the&nbsp;face&nbsp;of&nbsp;other&nbsp;pressing&nbsp;topics&nbsp;facing&nbsp;the<br>contemporary&nbsp;humanities,&nbsp;you&nbsp;are&nbsp;also&nbsp;cordially&nbsp;invited&nbsp;to&nbsp;actively<br>participate&nbsp;in&nbsp;the&nbsp;MKDUS&nbsp;2.0&nbsp;conference.&nbsp;We&nbsp;hope&nbsp;that&nbsp;together&nbsp;we&nbsp;will<br>create&nbsp;a&nbsp;place&nbsp;to&nbsp;exchange&nbsp;knowledge&nbsp;and&nbsp;insights&nbsp;on&nbsp;the&nbsp;rapidly<br>changing&nbsp;world.<br><br>&nbsp;Speeches&nbsp;can&nbsp;be&nbsp;presented&nbsp;in&nbsp;Polish&nbsp;and&nbsp;English,&nbsp;and&nbsp;the&nbsp;maximum<br>speaking&nbsp;time&nbsp;is&nbsp;20&nbsp;minutes.&nbsp;See&nbsp;you&nbsp;on&nbsp;June&nbsp;20!<br><br>&nbsp;PANEL&nbsp;FIOLETOWY&nbsp;\u2013&nbsp;21.06.2024<br><br>&nbsp;Wyzwania&nbsp;nauk&nbsp;spo\u0142ecznych&nbsp;w&nbsp;XXI&nbsp;wieku<br><br>&nbsp;DYSCYPLINY&nbsp;NAUKOWE:&nbsp;ekonomia&nbsp;i&nbsp;finanse,&nbsp;nauki&nbsp;o&nbsp;zarz\u0105dzaniu&nbsp;i<br>jako\u015bci,&nbsp;geografia&nbsp;spo\u0142eczno-ekonomiczna&nbsp;i&nbsp;gospodarka&nbsp;przestrzenna,<br>nauki&nbsp;o&nbsp;polityce&nbsp;i&nbsp;administracji,&nbsp;nauki&nbsp;prawne&nbsp;oraz&nbsp;psychologia.<br><br>&nbsp;Problematyka&nbsp;podejmowana&nbsp;podczas&nbsp;trzeciego&nbsp;dnia&nbsp;Konferencji&nbsp;dotyczy\u0107<br>b\u0119dzie&nbsp;wyzwa\u0144&nbsp;nauk&nbsp;spo\u0142ecznych&nbsp;w&nbsp;XXI&nbsp;wieku.&nbsp;Podczas&nbsp;panelu<br>fioletowego&nbsp;Uczestnicy&nbsp;b\u0119d\u0105&nbsp;mogli&nbsp;pos\u0142ucha\u0107&nbsp;wyst\u0105pie\u0144&nbsp;wybitnych<br>ekspert\u00f3w&nbsp;z&nbsp;zakresu&nbsp;wybranych&nbsp;dyscyplin&nbsp;naukowych,&nbsp;kt\u00f3rzy&nbsp;otworz\u0105<br>trzeci&nbsp;dzie\u0144&nbsp;konferencji.&nbsp;Nast\u0119pnie&nbsp;odb\u0119dzie&nbsp;si\u0119&nbsp;Sesja&nbsp;wyst\u0105pie\u0144<br>Doktorant\u00f3w,&nbsp;kt\u00f3ra&nbsp;zostanie&nbsp;podzielona&nbsp;na&nbsp;cztery&nbsp;panele,&nbsp;zgodne&nbsp;z<br>tematyk\u0105&nbsp;podejmowan\u0105&nbsp;przez&nbsp;prelegent\u00f3w.&nbsp;Po&nbsp;ka\u017cdym&nbsp;z&nbsp;paneli&nbsp;planowana<br>jest&nbsp;dyskusja&nbsp;nad&nbsp;zagadnieniami&nbsp;poruszanymi&nbsp;przez&nbsp;m\u0142odych&nbsp;badaczy.<br>Chcemy&nbsp;zapewni\u0107&nbsp;Doktorantom&nbsp;przestrze\u0144&nbsp;do&nbsp;\u017cywej&nbsp;wymiany&nbsp;my\u015bli&nbsp;oraz<br>dyskusji&nbsp;nad&nbsp;efektami&nbsp;poszukiwa\u0144&nbsp;naukowych.&nbsp;Zale\u017cy&nbsp;nam&nbsp;na&nbsp;otwarto\u015bci,<br>r\u00f3\u017cnorodno\u015bci&nbsp;tematycznej&nbsp;oraz&nbsp;na&nbsp;prezentacji&nbsp;praktycznych&nbsp;aspekt\u00f3w<br>bada\u0144&nbsp;Doktorant\u00f3w.<br><br>&nbsp;PURPLE&nbsp;PANEL&nbsp;\u2013&nbsp;21.06.2024<br><br>&nbsp;Challenges&nbsp;of&nbsp;social&nbsp;sciences&nbsp;in&nbsp;the&nbsp;21st&nbsp;century<br><br>&nbsp;SCIENTIFIC&nbsp;DISCIPLINES:&nbsp;economics&nbsp;and&nbsp;finance,&nbsp;management&nbsp;and&nbsp;quality<br>studies,&nbsp;social&nbsp;and&nbsp;economic&nbsp;geography&nbsp;and&nbsp;spatial&nbsp;management,&nbsp;political<br>science&nbsp;and&nbsp;public&nbsp;administration,&nbsp;law&nbsp;and&nbsp;psychology.<br><br>&nbsp;The&nbsp;issues&nbsp;discussed&nbsp;during&nbsp;the&nbsp;third&nbsp;day&nbsp;of&nbsp;the&nbsp;Conference&nbsp;will<br>concern&nbsp;the&nbsp;challenges&nbsp;of&nbsp;social&nbsp;sciences&nbsp;in&nbsp;the&nbsp;21st&nbsp;century.&nbsp;During<br>the&nbsp;Purple&nbsp;Panel,&nbsp;listeners&nbsp;will&nbsp;be&nbsp;able&nbsp;to&nbsp;listen&nbsp;to&nbsp;speeches&nbsp;by<br>outstanding&nbsp;experts&nbsp;in&nbsp;selected&nbsp;scientific&nbsp;disciplines&nbsp;who&nbsp;will&nbsp;open&nbsp;the<br>third&nbsp;day&nbsp;of&nbsp;the&nbsp;conference.&nbsp;Then,&nbsp;there&nbsp;will&nbsp;be&nbsp;a&nbsp;session&nbsp;of<br>presentations&nbsp;by&nbsp;PhD&nbsp;students,&nbsp;which&nbsp;will&nbsp;be&nbsp;divided&nbsp;into&nbsp;four&nbsp;panels,<br>according&nbsp;to&nbsp;the&nbsp;topics&nbsp;covered&nbsp;by&nbsp;the&nbsp;speakers.&nbsp;After&nbsp;each&nbsp;panel,&nbsp;a<br>discussion&nbsp;is&nbsp;planned&nbsp;on&nbsp;the&nbsp;issues&nbsp;raised&nbsp;by&nbsp;young&nbsp;researchers.&nbsp;We&nbsp;want<br>to&nbsp;provide&nbsp;PhD&nbsp;students&nbsp;with&nbsp;a&nbsp;space&nbsp;for&nbsp;a&nbsp;lively&nbsp;exchange&nbsp;of&nbsp;ideas&nbsp;and<br>discussion&nbsp;on&nbsp;the&nbsp;effects&nbsp;of&nbsp;scientific&nbsp;research.&nbsp;We&nbsp;care&nbsp;about<br>openness,&nbsp;thematic&nbsp;diversity&nbsp;and&nbsp;the&nbsp;presentation&nbsp;of&nbsp;practical&nbsp;aspects<br>of&nbsp;PhD&nbsp;students&#8217;&nbsp;research.<br><br>&nbsp;TERMINARZ:<br><br>&nbsp;25.03&nbsp;\u2013&nbsp;19.05.2024&nbsp;&nbsp;&nbsp;&nbsp;rejestracja&nbsp;(abstrakty&nbsp;do&nbsp;19.05)<br><br>&nbsp;25.03&nbsp;&#8211;&nbsp;19.05.2024&nbsp;&nbsp;&nbsp;&nbsp;&nbsp;wniesienie&nbsp;op\u0142aty&nbsp;za&nbsp;udzia\u0142&nbsp;w&nbsp;Konferencji&nbsp;oraz<br>przyjmowanie&nbsp;abstrakt\u00f3w,&nbsp;artyku\u0142\u00f3w,&nbsp;nagra\u0144&nbsp;video<br><br>&nbsp;DO&nbsp;19.05.2024&nbsp;&nbsp;&nbsp;&nbsp;&nbsp;&nbsp;&nbsp;&nbsp;&nbsp;&nbsp;&nbsp;&nbsp;&nbsp;&nbsp;&nbsp;&nbsp;&nbsp;ostateczny&nbsp;termin&nbsp;nadsy\u0142ania&nbsp;abstrakt\u00f3w<br><br><br>&nbsp;DO&nbsp;03.06.2024&nbsp;&nbsp;&nbsp;&nbsp;&nbsp;&nbsp;&nbsp;&nbsp;&nbsp;&nbsp;&nbsp;&nbsp;&nbsp;&nbsp;&nbsp;&nbsp;og\u0142oszenie&nbsp;kwalifikacji<br><br>&nbsp;DO&nbsp;16.06.2024&nbsp;&nbsp;&nbsp;&nbsp;&nbsp;&nbsp;&nbsp;&nbsp;&nbsp;&nbsp;&nbsp;&nbsp;&nbsp;&nbsp;&nbsp;&nbsp;&nbsp;ostateczny&nbsp;termin&nbsp;na&nbsp;nadsy\u0142anie&nbsp;nagra\u0144<br><br>&nbsp;DO&nbsp;17.06.2024&nbsp;&nbsp;&nbsp;&nbsp;&nbsp;&nbsp;&nbsp;&nbsp;&nbsp;&nbsp;&nbsp;&nbsp;&nbsp;&nbsp;&nbsp;&nbsp;&nbsp;&nbsp;podanie&nbsp;uczestnikom&nbsp;niezb\u0119dnych<br>informacji&nbsp;(harmonogram,&nbsp;ksi\u0119ga&nbsp;abstrakt\u00f3w,&nbsp;linki&nbsp;do&nbsp;platform)<br><br>&nbsp;19.06&nbsp;&#8211;&nbsp;21.06.2024&nbsp;&nbsp;&nbsp;&nbsp;&nbsp;&nbsp;&nbsp;Konferencja<br><br>&nbsp;2&nbsp;TYDZ.&nbsp;LIPCA&nbsp;2024&nbsp;&nbsp;&nbsp;&nbsp;&nbsp;&nbsp;&nbsp;wysy\u0142ka&nbsp;certyfikat\u00f3w<br><br>&nbsp;DO&nbsp;30.06.2024&nbsp;&nbsp;&nbsp;&nbsp;&nbsp;&nbsp;&nbsp;&nbsp;&nbsp;&nbsp;ostateczny&nbsp;termin&nbsp;nadsy\u0142ania&nbsp;artyku\u0142\u00f3w&nbsp;do<br>publikacji<br><br>&nbsp;II&nbsp;KWARTA\u0141&nbsp;2025&nbsp;&nbsp;&nbsp;&nbsp;&nbsp;&nbsp;&nbsp;&nbsp;&nbsp;&nbsp;&nbsp;&nbsp;&nbsp;&nbsp;publikacja&nbsp;pokonferencyjna<br><br>&nbsp;DEADLINES:<br><br>&nbsp;25.03&nbsp;\u2013&nbsp;19.05.2024&nbsp;&nbsp;&nbsp;&nbsp;registration&nbsp;(abstracts&nbsp;until&nbsp;19.05)<br><br>&nbsp;25.03&nbsp;&#8211;&nbsp;19.05.2024&nbsp;&nbsp;&nbsp;&nbsp;&nbsp;payment&nbsp;of&nbsp;the&nbsp;Conference&nbsp;fee&nbsp;and&nbsp;the&nbsp;deadline<br>for&nbsp;submission&nbsp;of&nbsp;abstracts,&nbsp;articles,&nbsp;videos<br><br>&nbsp;DO&nbsp;19.05.2024&nbsp;&nbsp;&nbsp;&nbsp;&nbsp;&nbsp;&nbsp;&nbsp;&nbsp;&nbsp;&nbsp;&nbsp;&nbsp;&nbsp;&nbsp;&nbsp;&nbsp;deadline&nbsp;for&nbsp;submitting&nbsp;abstracts<br><br>&nbsp;DO&nbsp;03.06.2024&nbsp;&nbsp;&nbsp;&nbsp;&nbsp;&nbsp;&nbsp;&nbsp;&nbsp;&nbsp;&nbsp;&nbsp;&nbsp;&nbsp;&nbsp;&nbsp;announcement&nbsp;oF&nbsp;qualification<br><br>&nbsp;DO&nbsp;16.06.2024&nbsp;&nbsp;&nbsp;&nbsp;&nbsp;&nbsp;&nbsp;&nbsp;&nbsp;&nbsp;&nbsp;&nbsp;&nbsp;&nbsp;&nbsp;&nbsp;&nbsp;deadline&nbsp;for&nbsp;submitting&nbsp;recordings<br><br>&nbsp;DO&nbsp;17.06.2024&nbsp;&nbsp;&nbsp;&nbsp;&nbsp;&nbsp;&nbsp;&nbsp;&nbsp;&nbsp;&nbsp;&nbsp;&nbsp;&nbsp;&nbsp;&nbsp;&nbsp;&nbsp;information&nbsp;about&nbsp;the&nbsp;conference<br>schedule<br><br>&nbsp;19.06&nbsp;&#8211;&nbsp;21.06.2024&nbsp;&nbsp;&nbsp;&nbsp;&nbsp;&nbsp;&nbsp;Conference<br><br>&nbsp;2&nbsp;TYDZ.&nbsp;LIPCA&nbsp;2024&nbsp;&nbsp;&nbsp;&nbsp;&nbsp;&nbsp;&nbsp;delivery&nbsp;of&nbsp;certificate<br><br>&nbsp;DO&nbsp;30.06.2024&nbsp;&nbsp;&nbsp;&nbsp;&nbsp;&nbsp;&nbsp;&nbsp;&nbsp;&nbsp;deadline&nbsp;for&nbsp;submitting&nbsp;articles&nbsp;for&nbsp;publication<br><br><br>&nbsp;II&nbsp;KWARTA\u0141&nbsp;2025&nbsp;&nbsp;&nbsp;&nbsp;&nbsp;&nbsp;&nbsp;&nbsp;&nbsp;&nbsp;&nbsp;&nbsp;&nbsp;&nbsp;post-conference&nbsp;publication<br><br>&nbsp;WA\u017bNE&nbsp;LINKI:<br><br>&nbsp;Wymogi&nbsp;edytorskie&nbsp;i&nbsp;konstrukcja&nbsp;abstraktu:&nbsp;<a href=\"https:\/\/tiny.pl\/w4lp9\" target=\"_blank\" rel=\"noreferrer noopener\">https:\/\/tiny.pl\/w4lp9<\/a><br><br>&nbsp;Wz\u00f3r&nbsp;abstraktu:&nbsp;<a href=\"https:\/\/tiny.pl\/w4lp9\" target=\"_blank\" rel=\"noreferrer noopener\">https:\/\/tiny.pl\/w4lp9<\/a>&nbsp;[<a href=\"https:\/\/tiny.pl\/w4lp9?fbclid=IwAR1xpqLgXl-yZ5cWl9nh4rBWVufyon8rBRqJdy8b8KdhQuCVzNHwKnDuTNY\" target=\"_blank\" rel=\"noreferrer noopener\">1<\/a>]<br><br>&nbsp;Regulamin&nbsp;Konferencji:&nbsp;<a href=\"https:\/\/tiny.pl\/dtj8g\" target=\"_blank\" rel=\"noreferrer noopener\">https:\/\/tiny.pl\/dtj8g<\/a>&nbsp;[<a href=\"https:\/\/tiny.pl\/dtj8g?fbclid=IwAR3Zs5YMPt7OEzRu1A2tMfxMC4MC-a8s6t1GOc28n_GLiV2rSliFIaWsVY4\" target=\"_blank\" rel=\"noreferrer noopener\">2<\/a>]<br><br>&nbsp;Rejestracja&nbsp;ANG:&nbsp;<a href=\"https:\/\/tiny.pl\/dtjsr\" target=\"_blank\" rel=\"noreferrer noopener\">https:\/\/tiny.pl\/dtjsr<\/a>&nbsp;[<a href=\"https:\/\/tiny.pl\/dtjsr?fbclid=IwAR0WczXf7f_ru_9eIVcn2lu32h5kacCezfjGa8Q18KgkbXvIhngGHA5npdg\" target=\"_blank\" rel=\"noreferrer noopener\">3<\/a>]<br><br>&nbsp;Rejestracja&nbsp;PL:&nbsp;<a href=\"https:\/\/tiny.pl\/dtj8k\" target=\"_blank\" rel=\"noreferrer noopener\">https:\/\/tiny.pl\/dtj8k<\/a>&nbsp;[<a href=\"https:\/\/tiny.pl\/dtj8k?fbclid=IwAR2Uvh9YF1oOTlADOv1fvCr96gaMzh_o2vqtrVkWvgr1QzorZ81eOe3P8TA\" target=\"_blank\" rel=\"noreferrer noopener\">4<\/a>]<br><br>&nbsp;Link&nbsp;do&nbsp;Konferencji:&nbsp;<a href=\"https:\/\/mkdus.usz.edu.pl\/\" target=\"_blank\" rel=\"noreferrer noopener\">https:\/\/mkdus.usz.edu.pl\/<\/a><br><br>&nbsp;Dane&nbsp;do&nbsp;przelewu:&nbsp;<a href=\"https:\/\/tiny.pl\/dtjsz\" target=\"_blank\" rel=\"noreferrer noopener\">https:\/\/tiny.pl\/dtjsz<\/a>&nbsp;[<a href=\"https:\/\/tiny.pl\/dtjsz?fbclid=IwAR0YZMjzcMCs6xSrVhZ0Tpbuhn-zwag43sVoL-Dd9vgqTjy4vG7lCguydzc\" target=\"_blank\" rel=\"noreferrer noopener\">5<\/a>]<br>__________________________________________________<\/p>\n\n\n\n<p>Szanowni&nbsp;Pa\u0144stwo,<br><br>Uprzejmie&nbsp;prosimy&nbsp;o&nbsp;rozes\u0142anie&nbsp;do&nbsp;doktorant\u00f3w&nbsp;Pa\u0144stwa&nbsp;uczelni<br>zaproszenia&nbsp;na&nbsp;VIII&nbsp;edycj\u0119&nbsp;EDWARD&nbsp;ALTMAN&nbsp;LECTURE&nbsp;SERIES&nbsp;&#8212;&nbsp;konferencj\u0119<br>organizowan\u0105&nbsp;przez&nbsp;Szko\u0142\u0119&nbsp;Doktorsk\u0105&nbsp;oraz&nbsp;Katedr\u0119&nbsp;Systemu<br>Finansowego&nbsp;w&nbsp;Szkole&nbsp;G\u0142\u00f3wnej&nbsp;Handlowej&nbsp;w&nbsp;Warszawie.<br><br>Wi\u0119cej&nbsp;informacji&nbsp;dost\u0119pne&nbsp;pod&nbsp;linkiem:&nbsp;VIII&nbsp;edycja&nbsp;Edward&nbsp;Altman<br>Lecture&nbsp;Series&nbsp;|&nbsp;SGH&nbsp;|&nbsp;Szko\u0142a&nbsp;G\u0142\u00f3wna&nbsp;Handlowa&nbsp;w&nbsp;Warszawie&nbsp;[<a href=\"https:\/\/www.sgh.waw.pl\/wydarzenia\/viii-edycja-edward-altman-lecture-series\" target=\"_blank\" rel=\"noreferrer noopener\">1<\/a>]<\/p>\n\n\n\n<p>__________________________________________________<\/p>\n\n\n\n<p>Zapraszamy do wzi\u0119cia udzia\u0142u w warsztatach \u201eS\u0142owosie\u0107 5.0&#8243;! Warsztaty skierowane s\u0105 do badaczy, doktorant\u00f3w i student\u00f3w z szeroko rozumianych nauk humanistycznych i spo\u0142ecznych. Celem warsztat\u00f3w jest prezentacja najnowszej wersji S\u0142owosieci i zapoznanie Pa\u0144stwa z jej mo\u017cliwymi zastosowaniami w badaniach. Ponadto, zaprezentowane zostanie narz\u0119dzie do przegl\u0105dania i edycji S\u0142owosieci \u2013 Wordnet Loom 2.0 (np. do budowy w\u0142asnych ontologii dziedzinowych). Jednocze\u015bnie chcieliby\u015bmy przypomnie\u0107, \u017ce infrastruktura CLARIN-PL, kt\u00f3rej cz\u0119\u015bci\u0105 jest m.in. S\u0142owosie\u0107 \u2013 jest otwarta, darmowa i gotowa do u\u017cycia w Pa\u0144stwa badaniach, do czego gor\u0105co zach\u0119camy!<\/p>\n\n\n\n<p>Warsztaty organizowane s\u0105 w trybie hybrydowym, wi\u0119c poza udzia\u0142em osobistym, mo\u017cliwe jest r\u00f3wnie\u017c wzi\u0119cie udzia\u0142u online za po\u015brednictwem platformy ZOOM. Organizatorem wydarzenia jest Katedra Inteligencji Obliczeniowej Politechniki Wroc\u0142awskiej. Warsztaty s\u0105 po\u015bwi\u0119cone przedstawieniu najnowszej wersji S\u0142owosieci 5.0 oraz jej wykorzystania do przetwarzania j\u0119zyka naturalnego w praktyce badawczej specjalist\u00f3w z obszaru nauk spo\u0142ecznych i humanistycznych.<\/p>\n\n\n\n<p>Termin rejestracji mija z dniem 7 czerwca 2024.<\/p>\n\n\n\n<p>Link do formularza rejestracyjnego:<\/p>\n\n\n\n<p><a href=\"https:\/\/forms.gle\/XbGi6zw9CPQwPbtj6\">https:\/\/forms.gle\/XbGi6zw9CPQwPbtj6<\/a><\/p>\n\n\n\n<p>_____________________________________________________<\/p>\n\n\n\n<p>Center for American Studies zaprasza do udzia\u0142u w certyfikowanym weekendowym kursie z prowadzania bada\u0144 naukowych pt. <strong>&#8222;Academic Research: Tools, Arguments, Methodology&#8221;,<\/strong> kt\u00f3ry poprowadzi \u015bwiatowej klasy prof. Lisa Elliott (alumna University of Arizona).<\/p>\n\n\n\n<p>W toku kursu:<\/p>\n\n\n\n<ul class=\"wp-block-list\">\n<li>Poznasz zasady metodologiczne rz\u0105dz\u0105ce badaniami naukowymi.<\/li>\n\n\n\n<li>Opanujesz najwa\u017cniejsze narz\u0119dzia i techniki badawcze.<\/li>\n\n\n\n<li>Poznasz r\u00f3\u017cne typy wyszukiwarek i trik\u00f3w u\u0142atwiaj\u0105cych skuteczne wyszukiwanie \u017ar\u00f3de\u0142.<\/li>\n\n\n\n<li>Dowiesz si\u0119, jak efektywnie organizowa\u0107 badania i wypracujesz w\u0142asny styl badawczy.<\/li>\n\n\n\n<li>Dowiesz si\u0119, jak budowa\u0107 argumenty naukowe i popiera\u0107 je dowodami.<\/li>\n<\/ul>\n\n\n\n<p>Interdyscyplinarna prof. Lisa Elliott sprawi, \u017ce kurs oka\u017ce si\u0119 idealny niezale\u017cnie od dyscypliny naukowej w kt\u00f3rej si\u0119 obracasz.<\/p>\n\n\n\n<p><strong>Damy Ci te\u017c szans\u0119 na prze\u0107wiczenie swoich umiej\u0119tno\u015bci w praktyce!<\/strong> Je\u015bli zechcesz, to zaanga\u017cujemy Ci\u0119 w przydatne \u0107wiczenia praktyczne.<\/p>\n\n\n\n<p>Do udzia\u0142u w szkoleniu serdecznie zach\u0119camy ambitnych student\u00f3w, doktorant\u00f3w oraz pracownik\u00f3w naukowych.<\/p>\n\n\n\n<p><strong>Termin kursu:<\/strong> 31 maja-1 czerwca 2024 (zaczynamy w pi\u0105tek wieczorem i ko\u0144czymy w sobot\u0119 po po\u0142udniu). Sugerujemy rejestrowa\u0107 si\u0119 do 23 maja 2024 (termin rejestracji early-bird ze zni\u017ck\u0105) . Liczba miejsc jest ograniczona.<\/p>\n\n\n\n<p><strong>Wi\u0119cej informacji o zapisach:<br><a href=\"https:\/\/www.cfasofficial.com\/cfas\/academicresearchcourse\" target=\"_blank\" rel=\"noreferrer noopener\">www.cfasofficial.com\/cfas\/academicresearchcourse<\/a><\/strong><\/p>\n\n\n\n<p>________________<\/p>\n\n\n\n<p>Zajmujesz si\u0119 czym\u015b ciekawym w ramach bada\u0144 nad swoj\u0105 prac\u0105 licencjack\u0105, magistersk\u0105 czy doktorsk\u0105? Posiadasz inne interesuj\u0105ce zainteresowania naukowe, kt\u00f3rymi warto podzieli\u0107 si\u0119 ze \u015bwiatem? A mo\u017ce masz jakie\u015b ciekawe hobby zwi\u0105zane z nauk\u0105? Je\u015bli na kt\u00f3rekolwiek z tych pyta\u0144 odpowiedzia\u0142_\u015b \u201etak\u201d, to czekamy w\u0142a\u015bnie na Ciebie!<\/p>\n\n\n\n<p>Serdecznie zapraszamy wszystkich student\u00f3w, doktorant\u00f3w i m\u0142odych naukowc\u00f3w na <strong>Konferencj\u0119 \/nie\/Naukow\u0105<\/strong> &#8211; Og\u00f3lnopolsk\u0105 Interdyscyplinarn\u0105 Konferencj\u0119 Naukow\u0105, kt\u00f3ra odb\u0119dzie si\u0119 <strong>13-14 czerwca 2024 r. w Bia\u0142ymstoku<\/strong>. Zapisy trwaj\u0105 do <strong>17 maja<\/strong>!<\/p>\n\n\n\n<p>Konferencja \/nie\/Naukowa to wbrew nazwie pe\u0142nowarto\u015bciowa (i bezp\u0142atna) konferencja naukowa, kt\u00f3ra za sw\u00f3j g\u0142\u00f3wny cel stawia sobie popularyzacj\u0119 popularyzacji nauki i pokazanie m\u0142odym naukowcom, studentom i doktorantom, \u017ce o trudnych rzeczach mo\u017cna m\u00f3wi\u0107 ciekawie i w przyst\u0119pny spos\u00f3b <img loading=\"lazy\" decoding=\"async\" src=\"https:\/\/sun.uwb.edu.pl\/mail\/program\/resources\/blocked.gif\" alt=\"\ud83d\ude0e\" width=\"16\" height=\"16\"><\/p>\n\n\n\n<p>Rzucamy Wam wyzwanie:<\/p>\n\n\n\n<ul class=\"wp-block-list\">\n<li>czy w ci\u0105gu maksymalnie 7 minut jeste\u015bcie w stanie opowiedzie\u0107 o swoich badaniach naukowych?<\/li>\n\n\n\n<li>czy jeste\u015bcie w stanie zarazi\u0107 swoj\u0105 ciekawo\u015bci\u0105 innych?<\/li>\n<\/ul>\n\n\n\n<p>Udowodnijmy razem, \u017ce <strong>NAUKA NIE JEST NUDNA!<\/strong><\/p>\n\n\n\n<p>Co czeka Ci\u0119 na naszej konferencji?<\/p>\n\n\n\n<ul class=\"wp-block-list\">\n<li>trzy panele wyst\u0105pie\u0144 ustnych przeznaczone na wasze wyj\u0105tkowe i porywaj\u0105ce prezentacje<\/li>\n\n\n\n<li>warsztat z autoprezentacji i prezentowania bada\u0144 naukowych<\/li>\n\n\n\n<li>wyk\u0142ad naukowca popularyzatora<\/li>\n\n\n\n<li>\u015bwietna, tw\u00f3rcza atmosfera i przestrze\u0144 do wymiany do\u015bwiadcze\u0144<\/li>\n\n\n\n<li>zapewniony nocleg i wy\u017cywienie<\/li>\n<\/ul>\n\n\n\n<p>Zapraszamy student\u00f3w, doktorant\u00f3w i m\u0142odych naukowc\u00f3w <strong>ze wszystkich dziedzin<\/strong>, kt\u00f3rzy chc\u0105 podnie\u015b\u0107 rzucon\u0105 r\u0119kawic\u0119&nbsp;i zarazi\u0107 swoj\u0105 naukow\u0105 pasj\u0105 innych! Konferencja ma status wydarzenia og\u00f3lnopolskiego i jest ca\u0142kowicie <strong>bezp\u0142atna<\/strong>.<\/p>\n\n\n\n<ul class=\"wp-block-list\">\n<li>kiedy: 13-14 czerwca 2024 r.<\/li>\n\n\n\n<li>gdzie: Uniwersytet w Bia\u0142ymstoku<\/li>\n\n\n\n<li>zapisy: do 17 maja 2024 r.<\/li>\n\n\n\n<li>zapisy, regulamin, szczeg\u00f3\u0142y: <a href=\"http:\/\/nienaukowa.uwb.edu.pl\" target=\"_blank\" rel=\"noreferrer noopener\">nienaukowa.uwb.edu.pl<\/a><\/li>\n\n\n\n<li>wydarzenie na facebooku: <a href=\"https:\/\/www.facebook.com\/events\/2030538327342334\/\" target=\"_blank\" rel=\"noreferrer noopener\">https:\/\/www.facebook.com\/events\/2030538327342334\/<\/a><\/li>\n<\/ul>\n\n\n\n<p><strong>Do zobaczenia w Bia\u0142ymstoku!<\/strong><\/p>\n\n\n\n<p>_________________________________________<\/p>\n\n\n\n<p>Studenckie Ko\u0142o Naukowe Historyk\u00f3w Uniwersytetu w Bia\u0142ymstoku ma zaszczyt zaprosi\u0107 na:<\/p>\n\n\n\n<p><strong>XII Og\u00f3lnopolsk\u0105 Studencko-Doktoranck\u0105 Konferencj\u0119 Historyk\u00f3w Nowo\u017cytnik\u00f3w \u201eStudia nad spo\u0142ecze\u0144stwem nowo\u017cytnej Europy&#8221;,<\/strong> kt\u00f3ra odb\u0119dzie si\u0119 na Wydziale Historii Uniwersytetu w Bia\u0142ymstoku (Plac NZS 1) w dniach 6-7 VI 2024 r.<\/p>\n\n\n\n<p>Celem konferencji jest zaprezentowanie bada\u0144 nad szeroko rozumianym spo\u0142ecze\u0144stwem nowo\u017cytnej Europy (do ko\u0144ca XVIII w.) rozpatrywanym w wielu aspektach, zar\u00f3wno kulturalnym, gospodarczym, jak i politycznym. Nie ograniczamy szczeg\u00f3\u0142owej tematyki wyst\u0105pie\u0144, a proponowana lista zagadnie\u0144 ma charakter otwarty. W\u015br\u00f3d nich mo\u017cemy wyr\u00f3\u017cni\u0107:<br>&gt; histori\u0119 spo\u0142eczn\u0105,<br>&gt; histori\u0119 gospodarcz\u0105,<br>&gt; histori\u0119 \u017cycia codziennego,<br>&gt; mikrohistori\u0119,<br>&gt; demografi\u0119 historyczn\u0105,<br>&gt; metodologi\u0119 i historiografi\u0119,<br>&gt; histori\u0119 miast i miasteczek,<br>&gt; histori\u0119 kultury (r\u00f3wnie\u017c materialnej) i sztuki,<br>&gt; histori\u0119 wojskow\u0105.<\/p>\n\n\n\n<p>Na zg\u0142oszenia czekamy do 30 IV 2024 r. Formularz zg\u0142oszeniowy do pobrania i uzupe\u0142nienia znajduje si\u0119 pod poni\u017cszym linkiem: <a href=\"https:\/\/l.facebook.com\/l.php?u=https%3A%2F%2Fsknhuwb.files.wordpress.com%2F2024%2F04%2Fformularz-zgloszeniowy-xii-os-dkhn-_studia-nad-spoleczenstwem-nowoztnej-europy.docx%3Ffbclid%3DIwZXh0bgNhZW0CMTAAAR0uYFwPSgXPjIOzpYLGMFPqJH9KghcFTY0Ak52gTLFyglDGn5XppRjY_Dw_aem_ATtCF_2jGs8htWxo_2cjoRtF1AmOtNNOOschQW5JOBNx9zJeJxSgRmbfxFT83LK_33lH7shwWUU9vcqTNbgqMfhF&amp;h=AT16eaIc9vqF6J2RmHMFtHmMWjg01xD97GSrDH4QB3VjxKjr5oX3Ws7ZGeclRxQS825gN8g3XHDkQphnzcJwNEm0DoJZgMYcBM6H2c4E9oUWLJGUfdgBieeDLgWP0vEISsWS&amp;__tn__=q&amp;c[0]=AT29aIsaj43uI1SeJZB7tw3cthJjDLusvmQz7LFztXzvH7aqiBiivRMN9ZsvaQDTwPavsjhj7Q18kIGXKQJDESf-zUbJVuYu5kpsDWIWPQENqhMpYC6UoonKOLOFhaLrCvPQr1N17KVOtaUzxL0SsfAI36KhrMTP49_yX_rx9E-wTnRo4LbO\" target=\"_blank\" rel=\"noreferrer noopener\">https:\/\/sknhuwb.files.wordpress.com\/&#8230;\/formularz&#8230;<\/a>. Uzupe\u0142niony dokument prosimy o przesy\u0142anie na adres <a href=\"mailto:sknhuwb@gmail.com\">sknhuwb@gmail.com<\/a>. Nazwa pliku powinna wygl\u0105da\u0107 nast\u0119puj\u0105co: skr\u00f3t nazwy uczelni, nazwisko, imi\u0119.<\/p>\n\n\n\n<p>Planowane wyst\u0105pienie powinno trwa\u0107 nie d\u0142u\u017cej ni\u017c 20 minut. Organizatorzy zastrzegaj\u0105 sobie prawo wyboru referat\u00f3w w przypadku du\u017cej liczby zg\u0142osze\u0144. Informacje o zakwalifikowaniu do udzia\u0142u w konferencji otrzymaj\u0105 Pa\u0144stwo w formie mailowej w ci\u0105gu oko\u0142o tygodnia od zamkni\u0119cia rejestracji.<\/p>\n\n\n\n<p>Konferencja jest planowana jako impreza dwudniowa. Jednak\u017ce organizatorzy zastrzegaj\u0105, i\u017c w przypadku, gdy liczba referent\u00f3w nie pozwoli na zrealizowanie powy\u017cszego programu, konferencja odb\u0119dzie si\u0119 w trybie jednodniowym.<\/p>\n\n\n\n<p>Konferencja pozostaje wolna od op\u0142at konferencyjnych. Tym samym informujemy, \u017ce w gestii uczestnik\u00f3w pozostawiamy zorganizowanie we w\u0142asnym zakresie dojazdu na miejsce obrad oraz noclegu.<\/p>\n\n\n\n<p>Wszelkie pytania prosimy kierowa\u0107 na <a href=\"mailto:sknhuwb@gmail.com\">sknhuwb@gmail.com<\/a> \u2013 zapraszamy tak\u017ce na stron\u0119 facebookow\u0105 Ko\u0142a Naukowego.<\/p>\n\n\n\n<p>________________________________________________________________<\/p>\n\n\n\n<p>Szanowni Pa\u0144stwo,<\/p>\n\n\n\n<p>serdecznie zapraszamy student\u00f3w i m\u0142odych naukowc\u00f3w do udzia\u0142u w <strong>XV Og\u00f3lnopolskiej Konferencji \u201eNauka i pasja kluczem do sukcesu&#8221;<\/strong>, kt\u00f3ra odb\u0119dzie si\u0119<strong>&nbsp;22-23 maja 2024r.<\/strong>&nbsp;w Centrum Edukacji Mi\u0119dzynarodowej Wy\u017cszej Szko\u0142y Informatyki i Zarz\u0105dzania z siedzib\u0105 w Rzeszowie.<\/p>\n\n\n\n<p>Zakres tematyczny konferencji:<\/p>\n\n\n\n<ul class=\"wp-block-list\">\n<li>Innowacje w ekonomii i zarz\u0105dzaniu<\/li>\n\n\n\n<li>Innowacje technologiczne i IT<\/li>\n\n\n\n<li>Nauki medyczne i zdrowie<\/li>\n\n\n\n<li>Komunikacja marketingowa i nowe media<\/li>\n\n\n\n<li>Zr\u00f3wnowa\u017cony rozw\u00f3j<\/li>\n<\/ul>\n\n\n\n<p>Organizatorem konferencji jest Wy\u017csza Szko\u0142a Informatyki i Zarz\u0105dzania z siedzib\u0105 w Rzeszowie.<\/p>\n\n\n\n<p>Szczeg\u00f3\u0142owe informacje zamieszczone s\u0105 na stronie internetowej <strong><u><a href=\"https:\/\/naukaipasja.com.pl\/\" target=\"_blank\" rel=\"noreferrer noopener\">www.naukaipasja.com.pl<\/a><\/u><\/strong>&nbsp;oraz na profilu <a href=\"https:\/\/www.facebook.com\/naukaipasja\" target=\"_blank\" rel=\"noreferrer noopener\">facebook<\/a>.<\/p>\n\n\n\n<p>Referaty, kt\u00f3re uzyskaj\u0105 pozytywn\u0105 recenzj\u0119,&nbsp;mog\u0105 zosta\u0107 opublikowane w czasopismach&nbsp;wydawanych przez WSIiZ, znajduj\u0105cych si\u0119 w wykazie Ministra Nauki: <a href=\"http:\/\/studiahumana.com\/\" target=\"_blank\" rel=\"noreferrer noopener\">Studia Humana<\/a>&nbsp;(40 pkt.) i <a href=\"http:\/\/socialcommunication.edu.pl\/\" target=\"_blank\" rel=\"noreferrer noopener\">Soci@lCommunication<\/a>&nbsp;(20 pkt.) oraz <a href=\"http:\/\/www.e-finanse.com\/\" target=\"_blank\" rel=\"noreferrer noopener\">Financial Internet Quarterly<\/a>&nbsp;(40 pkt.).<\/p>\n\n\n\n<p>Termin nadsy\u0142ania zg\u0142osze\u0144&nbsp;up\u0142ywa 6 maja 2024r. Formularz rejestracyjny znajduje si\u0119 na stronie <a href=\"https:\/\/naukaipasja.com.pl\/\" target=\"_blank\" rel=\"noreferrer noopener\">www.naukaipasja.com.pl<\/a><\/p>\n\n\n\n<p>Koszt uczestnictwa: 110 z\u0142, termin wniesienia op\u0142aty konferencyjnej: 10 maja 2024 r.<\/p>\n\n\n\n<p>Miejsce konferencji:<\/p>\n\n\n\n<p>Centrum Edukacji Mi\u0119dzynarodowej WSIiZ<\/p>\n\n\n\n<p>Kielnarowa 386A<\/p>\n\n\n\n<p>36-020 Tyczyn, Polska<\/p>\n\n\n\n<p>________________________________________________________<\/p>\n\n\n\n<p>Szanowni Pa\u0144stwo,<\/p>\n\n\n\n<p>w zwi\u0105zku z organizowan\u0105 przez <strong>Samorz\u0105d Doktorant\u00f3w<\/strong>&nbsp;oraz <strong>Szko\u0142\u0119 Doktorsk\u0105 Uniwersytetu Ekonomicznego we Wroc\u0142awiu<\/strong>&nbsp;konferencj\u0119&nbsp;dotycz\u0105c\u0105 identyfikowania oraz prze\u0142amywania barier wsp\u00f3\u0142pracy mi\u0119dzysektorowej, chcieliby\u015bmy zaprosi\u0107 Pa\u0144stwa do udzia\u0142u w tym wyj\u0105tkowym wydarzeniu.<\/p>\n\n\n\n<p>Zale\u017cy nam, aby konferencja oraz kolejne planowane w ramach <strong>Forum Rozwoju Organizacji Pozarz\u0105dowych Dolnego \u015al\u0105ska<\/strong>&nbsp;wydarzenia przyczyni\u0142y si\u0119 do dalszego doskonalenia wsp\u00f3\u0142pracy pomi\u0119dzy sektorem biznesowym, organizacjami pozarz\u0105dowymi oraz instytucjami publicznymi. Wierzymy, \u017ce wsp\u00f3lnymi si\u0142ami, dzi\u0119ki dialogowi oraz aktywnemu zaanga\u017cowaniu uczestnik\u00f3w, mo\u017cliwe b\u0119dzie wypracowanie najlepszych praktyk na rzecz bardziej skutecznego zaspokajania potrzeb spo\u0142ecznych.<br><br><strong>Konferencja pod patronatem honorowym J.M. Rektora UEW prof. dr hab. Andrzeja Kalety oraz Marsza\u0142ka Wojew\u00f3dztwa Dolno\u015bl\u0105skiego Pana Cezarego Przybylskiego odb\u0119dzie si\u0119 dnia <u>27 maja 2024 r.<\/u>&nbsp;na terenie Uniwersytetu Ekonomicznego we Wroc\u0142awiu (budynek W) w godzinach 9:00 \u2013 16:30<\/strong>.<\/p>\n\n\n\n<p>W trakcie wywiad\u00f3w oraz dyskusji panelowych przedstawione zostan\u0105 m.in. punkty widzenia interesariuszy na wsp\u00f3\u0142prac\u0119 z organizacjami pozarz\u0105dowymi, om\u00f3wione zostan\u0105 tak\u017ce g\u0142\u00f3wne wyzwania oraz bariery tworzenia partnerstw mi\u0119dzysektorowych. Planowany jest tak\u017ce warsztat, kt\u00f3ry pos\u0142u\u017cy opracowaniu propozycji rozwi\u0105za\u0144 doskonal\u0105cych wsp\u00f3lne dzia\u0142ania.<strong>&nbsp;Na podstawie wypowiedzi prelegent\u00f3w oraz pracy uczestnik\u00f3w wydarzenia w ramach warsztat\u00f3w opracowany zostanie raport naukowy (wnioski oraz rekomendacje), kt\u00f3ry zostanie nieodp\u0142atnie udost\u0119pniony interesariuszom.<\/strong><\/p>\n\n\n\n<p><strong>Op\u0142ata konferencyjna: 50 z\u0142 <\/strong>(s\u0142ownie: pi\u0119\u0107dziesi\u0105t z\u0142otych) <strong>za osob\u0119<\/strong>.<\/p>\n\n\n\n<p><strong>Link rejestracyjny: <\/strong><strong><a href=\"https:\/\/forms.office.com\/e\/SgG8A0w2re\" target=\"_blank\" rel=\"noreferrer noopener\">https:\/\/forms.office.com\/e\/SgG8A0w2re<\/a><\/strong><\/p>\n\n\n\n<p><strong>Numer konta (op\u0142ata konferencyjna):<\/strong> 87 1240 3464 1111 0010 4316 2601, tytu\u0142 przelewu: FROP 2024<br><br><\/p>\n\n\n\n<p>Zach\u0119camy do rejestracji za pomoc\u0105 niniejszego formularza i zapraszamy serdecznie do udzia\u0142u w wydarzeniu! Po otrzymaniu od Pa\u0144stwa zgody na kontakt oraz podstawowych informacji b\u0119dziemy kontaktowa\u0107 si\u0119 osobi\u015bcie.<\/p>\n\n\n\n<p>__________________________________________________________<\/p>\n\n\n\n<p>Polskie Towarzystwo Fenomenologiczne i Instytut Filozofii i Socjologii PAN zapraszaj\u0105 na wyk\u0142ad z cyklu<br>\u201eFenomenologia wsp\u00f3\u0142czesna\u201d<\/p>\n\n\n\n<p>MONIKA MURAWSKA<br>ZMYS\u0141OWO\u015a\u0106 S\u0141OWA. HENRI MALDINEY I WSP\u00d3\u0141CZESNA FENOMENOLOGIA FRANCUSKA<\/p>\n\n\n\n<p>26 kwietnia (pi\u0105tek), godz. 15:30<br>Pa\u0142ac Staszica<br>ul. Nowy \u015awiat 72, sala 154 (I pi\u0119tro).<\/p>\n\n\n\n<p>Jest te\u017c mo\u017cliwo\u015b\u0107 udzia\u0142u online, po link trzeba si\u0119 zg\u0142osi\u0107 na publicrelations@ifispan.edu.pl<\/p>\n\n\n\n<p><strong>Abstrakt<\/strong><\/p>\n\n\n\n<p>Podobne drobnym tancerkom, do kt\u00f3rych Walser przyr\u00f3wnywa\u0142 swoje fragmenty proz\u0105, \u201e\u015bmiertelnie wyczerpane\u201d s\u0142owa wyrzekaj\u0105 si\u0119 wszelkich pretensji do \u015bcis\u0142o\u015bci. Jedyn\u0105 form\u0105 gramatyczn\u0105 odpowiadaj\u0105c\u0105 temu stadium wyczerpania j\u0119zyka jest supinum, czyli s\u0142owo, kt\u00f3re wyczerpa\u0142o ju\u017c wszystkie swe deklinacyjne i koniugacyjne mo\u017cliwo\u015bci i spoczywa \u201erozci\u0105gni\u0119te na grzbiecie\u201d, wystawione, oboj\u0119tne i nijakie.<\/p>\n\n\n\n<p>Giorgio Agamben \u201eWsp\u00f3lnota, kt\u00f3ra nadchodzi\u201d<\/p>\n\n\n\n<p>Fenomenologia i sztuka wi\u0105\u017c\u0105 si\u0119 ze sob\u0105 od samych pocz\u0105tk\u00f3w, niemniej jednak od samych pocz\u0105tk\u00f3w fenomenologia by\u0142a tak\u017ce opisem do\u015bwiadczenia. Chcia\u0142abym wi\u0119c zada\u0107 pytanie o to, w jaki spos\u00f3b francuska fenomenologia wsp\u00f3\u0142czesna, radykalizuj\u0105c wybrane watki, radykalizuje tak\u017ce j\u0119zyk, jakim si\u0119 pos\u0142uguje. Na ile metoda fenomenologii okazuje si\u0119 dzi\u015b nie tyle pisaniem, ale pisarstwem, \u201efrenetyczn\u0105 gor\u0105czk\u0105\u201d jak uj\u0105\u0142 to w swoim opisie francuskiej fenomenologii Jacek Migasi\u0144ski?<br>Jako punkt wyj\u015bcia do odpowiedzi na to pytanie pos\u0142u\u017cy mi fenomenologia Henri Maldineya, kt\u00f3ry uprawia filozofi\u0119 niesystemow\u0105 i pr\u00f3buje mierzy\u0107 si\u0119 z j\u0119zykiem, buduj\u0105c \u201eekfrastyczne\u201d opisy dzie\u0142 sztuki. W jaki spos\u00f3b mierzy\u0107 si\u0119 dzi\u015b z dzie\u0142em sztuki, skoro sztuka okazuje si\u0119 w du\u017cej mierze konceptualna i si\u0142a doznaniowo\u015bci, kt\u00f3r\u0105 wsp\u00f3\u0142czesna fenomenologia uczyni\u0142a centralnym punktem swoich rozwa\u017ca\u0144, wydaje si\u0119 na jej gruncie w du\u017cej mierze os\u0142abiona.<br>Filozofia Maldineya jest ju\u017c w pewnym sensie fenomenologi\u0105 przepracowan\u0105, a przede wszystkim skoncentrowan\u0105 na kwestiach zwi\u0105zanych ze sztuk\u0105, cho\u0107 wa\u017cnym punktem odniesienia jest dla filozofa r\u00f3wnie\u017c psychopatologia. Fenomenologia Maldineya zawzi\u0119cie krytykuje kategori\u0119 \u015bwiadomo\u015bci intencjonalnie nakierowanej na przedmiot i poznaj\u0105cej rzeczywisto\u015b\u0107. Jest to raczej postfenomenologia opisuj\u0105ca fenomen dzie\u0142a sztuki i jego jawienie si\u0119 (l\u2019apparaitre), kt\u00f3re okazuje si\u0119 ostatecznie destrukcyjne dla podmiotowo\u015bci ujmowanej ju\u017c nie jako \u015bwiadomo\u015b\u0107, lecz cielesno\u015b\u0107 rozproszona w otaczaj\u0105cym \u015bwiecie, a przez to niestabilna i nieprzejrzysta. Skupia w sobie jak w soczewce cechy, kt\u00f3re znale\u017a\u0107 mo\u017cna w ca\u0142ej pohusserlowskiej i poheideggeroskiej fenomenologii francuskiej, dlatego chcia\u0142abym pokaza\u0107, kt\u00f3re z w\u0105tk\u00f3w fenomenologii stworzonej przez koryfeuszy fenomenologii przekszta\u0142ca i wykorzystuje.<\/p>\n\n\n\n<p>Monika Murawska \u2013 profesor uczelni, absolwentka filozofii i historii sztuki Uniwersytetu Warszawskiego. Trzykrotna stypendystka rz\u0105du francuskiego. Afiliowana w Akademii Sztuk Pi\u0119knych w Warszawie. Wsp\u00f3\u0142pracuje z Polsko-Japo\u0144sk\u0105 Akademi\u0105 Technik Komputerowych w Warszawie i Uniwersytetem Warszawskiem. Prowadzi badania dotycz\u0105ce g\u0142\u00f3wnie fenomenologii francuskiej i wsp\u00f3\u0142czesnej filozofii sztuki. T\u0142umaczka, autorka tekst\u00f3w do katalog\u00f3w i ksi\u0105\u017cek z zakresu fenomenologii francuskiej i estetyki. Autorka ksi\u0105\u017cek: Fenomenologia i jej cie\u0144. Zwrot estetyczny w postfenomenologii francuskiej (2023), Jean Renoir. Malarz kadr\u00f3w (2012) Filozofowanie z zamkni\u0119tymi oczami (2011) Problem innego (2005).<\/p>\n\n\n\n<p><\/p>\n\n\n\n<p>________________________________________________________________<\/p>\n\n\n\n<p>Szanowni Pa\u0144stwo,<\/p>\n\n\n\n<p>serdecznie prosz\u0119 o rozes\u0142anie informacji o konkursie do potencjalnych zainteresowanych (doktorant\u00f3w i m\u0142odych naukowc\u00f3w).<\/p>\n\n\n\n<p>chcieliby\u015bmy gor\u0105co zach\u0119ci\u0107 doktorant\u00f3w i m\u0142odych naukowc\u00f3w do wzi\u0119cia udzia\u0142u w konkursie CLARIN-PL na najlepsz\u0105 prac\u0119 badawcz\u0105 z zakresu nauk humanistycznych i spo\u0142ecznych.&nbsp;<\/p>\n\n\n\n<p>Do konkursu mo\u017cna zg\u0142asza\u0107&nbsp;<strong>niezrealizowane lub cz\u0119\u015bciowo zrealizowane projekty badawcze<\/strong>, kt\u00f3re wykorzystuj\u0105 infrastruktur\u0119 CLARIN-PL, a tak\u017ce projekty&nbsp;<strong>ju\u017c zrealizowane<\/strong>, kt\u00f3re mog\u0105 zosta\u0107 poddane&nbsp;<strong>weryfikacji i przemy\u015blenia mo\u017cliwego rozszerzenia lub modyfikacji<\/strong>. Konkurs skierowany jest do doktorant\u00f3w i naukowc\u00f3w, kt\u00f3rzy obronili doktorat najwcze\u015bniej 5 lat przed dniem z\u0142o\u017cenia wniosku. Celem konkursu jest zwi\u0119kszenie spo\u0142ecznej \u015bwiadomo\u015bci na temat mo\u017cliwo\u015bci zastosowania humanistyki cyfrowej w badaniach oraz upowszechnianie rozwi\u0105za\u0144 in\u017cynierii j\u0119zyka w \u015brodowisku akademickim.&nbsp;<\/p>\n\n\n\n<p>Przewidziane s\u0105 atrakcyjne nagrody finansowe:&nbsp;I miejsce \u2013 5000 z\u0142 brutto; II miejsce \u2013 3000 z\u0142 brutto; III miejsce \u2013 1000 z\u0142 brutto.<\/p>\n\n\n\n<p>Termin przesy\u0142ania wniosk\u00f3w mija z dniem 15 maja 2024.<\/p>\n\n\n\n<p>Link do szczeg\u00f3\u0142owych informacji nt. konkursu.<\/p>\n\n\n\n<p><a href=\"https:\/\/drive.google.com\/file\/d\/169u67sgQit8mBwyAKBLB5gyU7rpn_zlc\/view?usp=sharing\">https:\/\/drive.google.com\/file\/d\/169u67sgQit8mBwyAKBLB5gyU7rpn_zlc\/view?usp=sharing<\/a><\/p>\n\n\n\n<p><\/p>\n\n\n\n<p>_________________________________________________________________<\/p>\n\n\n\n<p>Drogie&nbsp;Doktorantki,&nbsp;Drodzy&nbsp;Doktoranci,<br><br>29&nbsp;kwietnia&nbsp;o&nbsp;godzinie&nbsp;17:00&nbsp;odb\u0119d\u0105&nbsp;si\u0119&nbsp;warsztaty&nbsp;praktyczne&nbsp;online<br>dla&nbsp;student\u00f3w&nbsp;zainteresowanych&nbsp;kszta\u0142ceniem&nbsp;w&nbsp;szkole&nbsp;doktorskiej,<br>absolwent\u00f3w&nbsp;oraz&nbsp;doktorant\u00f3w&nbsp;organizowane&nbsp;w&nbsp;ramach&nbsp;projektu&nbsp;&#8222;Szko\u0142y<br>Doktorskie&nbsp;to&nbsp;nasza&nbsp;przysz\u0142o\u015b\u0107!&nbsp;&#8211;&nbsp;popularyzacja&nbsp;wiedzy&nbsp;o&nbsp;systemie<br>kszta\u0142cenia&nbsp;doktorant\u00f3w&#8221;.&nbsp;B\u0119d\u0105&nbsp;one&nbsp;mia\u0142y&nbsp;na&nbsp;celu&nbsp;wyposa\u017cenie<br>uczestnik\u00f3w&nbsp;w:<br>&nbsp;wiedz\u0119&nbsp;dotycz\u0105c\u0105&nbsp;zagadnie\u0144&nbsp;zwi\u0105zanych&nbsp;z&nbsp;ocen\u0105&nbsp;\u015br\u00f3dokresowej.<br>&nbsp;kompetencje&nbsp;w&nbsp;zakresie&nbsp;przygotowania&nbsp;si\u0119&nbsp;do&nbsp;oceny&nbsp;\u015br\u00f3dokresowej.<br><br>Podczas&nbsp;warsztat\u00f3w&nbsp;przewidziana&nbsp;jest&nbsp;dyskusja&nbsp;i&nbsp;mo\u017cliwo\u015b\u0107&nbsp;zadawania<br>pyta\u0144.<br><br>Warsztaty&nbsp;poprowadzi:<br>r.&nbsp;pr.-&nbsp;Wojciech&nbsp;Kie\u0142basi\u0144ski&nbsp;(Uniwersytet&nbsp;Miko\u0142aja&nbsp;Kopernika&nbsp;w<br>Toruniu)&nbsp;&#8211;&nbsp;Rzecznik&nbsp;Praw&nbsp;Doktoranta&nbsp;KRD,&nbsp;radca&nbsp;prawny,&nbsp;autor&nbsp;kilkunastu<br>publikacji&nbsp;naukowych,&nbsp;prowadz\u0105cy&nbsp;szkolenia&nbsp;z&nbsp;zakresu&nbsp;prawo&nbsp;o<br>szkolnictwie&nbsp;wy\u017cszym&nbsp;i&nbsp;nauce,&nbsp;post\u0119powania&nbsp;administracyjnego&nbsp;oraz<br>umiej\u0119tno\u015bci&nbsp;mi\u0119kkich.&nbsp;Laureat&nbsp;nagrody&nbsp;specjalnej&nbsp;w&nbsp;konkursie&nbsp;Rising<br>Stars&nbsp;Prawnicy&nbsp;\u2013&nbsp;liderzy&nbsp;jutra&nbsp;2023.<br><br>Formularz&nbsp;rejestracyjny&nbsp;na&nbsp;warsztaty&nbsp;w&nbsp;j\u0119zyku&nbsp;polskim:<br><a href=\"https:\/\/forms.gle\/Ekvwhco3GtyqjbYg7\" target=\"_blank\" rel=\"noreferrer noopener\">https:\/\/forms.gle\/Ekvwhco3GtyqjbYg7<\/a>&nbsp;[<a href=\"https:\/\/l.facebook.com\/l.php?u=https%3A%2F%2Fforms.gle%2FEkvwhco3GtyqjbYg7%3Ffbclid%3DIwZXh0bgNhZW0CMTAAAR1xOe40cjzDBQZo5rdeFcfzzW8fwe0WwFC1U1tro6LyKn_T5PFNIoc-vfo_aem_AR59r_RUjpWp5LtR0WXLerBCjZ2MTFGnR44Ib5id-xftuRmXdBIkJEfMwTndlVwuiiNAznN5cCtP2T3wUXxraE9e&amp;h=AT0vVF968UFuTqNi0KOUqrsKPOIWscmMTYmXi2o2TkhMVLPp5LLtP_GT-eTWwE-mIf-7XqBDydMCptIkNH4i8y8QW0IBGOr3nQd8SGZm-CWLdiFeRjmSl_YeXodVYoZjm-IF&amp;__tn__=-UK-R&amp;c[0]=AT0t-APel4HPebvaMQB01vAQv7Cn66z3CKcEywW3fGBz-d6WEV_vcetFy3avsfG2Zh_qRpwNqfPi_YcLcekHmq8xRTigV3NJt5qPHY6pY5NiydQXs7MbEVWTvEf_H_Oi198YFsAHmm0zvOQn_81MkRJfH-bMELQ5SshKi8YtqXvYCmZrTTbDoLrdf0BcSJtk4ukeoD3h_t6mBzX3d-YnwE7l5_j5aYQhjR2NWygyqw\" target=\"_blank\" rel=\"noreferrer noopener\">2<\/a>]<br><br>W&nbsp;razie&nbsp;pyta\u0144&nbsp;pozostajemy&nbsp;do&nbsp;Waszej&nbsp;dyspozycji.<br>Nasz&nbsp;email:&nbsp;<a href=\"mailto:sdtoprzyszlosc@gmail.com\">sdtoprzyszlosc@gmail.com<\/a><br>__________________________________________________________________<\/p>\n\n\n\n<p>The&nbsp;CAPABLE&nbsp;PhD&nbsp;students&nbsp;training&nbsp;2024<br><br>This&nbsp;training&nbsp;will&nbsp;have&nbsp;three&nbsp;parts:<br><br>\u00b7&nbsp;&nbsp;&nbsp;&nbsp;&nbsp;&nbsp;&nbsp;&nbsp;Online&nbsp;seminar&nbsp;series<br><br>\u00b7&nbsp;&nbsp;&nbsp;&nbsp;&nbsp;&nbsp;&nbsp;&nbsp;PhD&nbsp;student&nbsp;conference&nbsp;in&nbsp;Uppsala<br><br>\u00b7&nbsp;&nbsp;&nbsp;&nbsp;&nbsp;&nbsp;&nbsp;&nbsp;Online&nbsp;course&nbsp;on&nbsp;academic&nbsp;pedagogies<br><br>Online&nbsp;seminar&nbsp;series<br><br>Between&nbsp;September&nbsp;and&nbsp;November&nbsp;2024,&nbsp;accepted&nbsp;PhD&nbsp;students&nbsp;will&nbsp;be<br>welcomed&nbsp;to&nbsp;participate&nbsp;in&nbsp;a&nbsp;four-part&nbsp;seminar&nbsp;series,&nbsp;focusing&nbsp;on<br>academic&nbsp;development&nbsp;and&nbsp;techniques.&nbsp;Each&nbsp;seminar&nbsp;is&nbsp;two&nbsp;hours&nbsp;long&nbsp;and<br>will&nbsp;actively&nbsp;participate&nbsp;in&nbsp;each&nbsp;seminar&nbsp;part&nbsp;online&nbsp;using&nbsp;ZOOM.<br>Accepted&nbsp;students&nbsp;are&nbsp;expected&nbsp;to&nbsp;actively&nbsp;participate&nbsp;in&nbsp;the&nbsp;seminar<br>which&nbsp;contains&nbsp;lectures,&nbsp;discussions,&nbsp;and&nbsp;exercises.<br><br>Preliminary&nbsp;topics:<br><br>Seminar&nbsp;1:&nbsp;Research&nbsp;methods,&nbsp;innovation&nbsp;and&nbsp;startups<br><br>Seminar&nbsp;2:&nbsp;Academic&nbsp;writing&nbsp;(referencing,&nbsp;style,&nbsp;etc)<br><br>Seminar&nbsp;3:&nbsp;Methodology&nbsp;for&nbsp;preparation&nbsp;of&nbsp;scientific&nbsp;articles&nbsp;and<br>publishing&nbsp;issues<br><br>Seminar&nbsp;4:&nbsp;Scientific&nbsp;presentations&nbsp;online&nbsp;and&nbsp;in&nbsp;real&nbsp;life,&nbsp;popular<br>science&nbsp;presentation<br><br>PhD&nbsp;student&nbsp;conference&nbsp;in&nbsp;Uppsala<br><br>All&nbsp;accepted&nbsp;PhD&nbsp;students&nbsp;will&nbsp;participate&nbsp;in&nbsp;a&nbsp;four-day&nbsp;conference&nbsp;at<br>Uppsala&nbsp;University,&nbsp;during&nbsp;which&nbsp;PhD&nbsp;students&nbsp;will&nbsp;give&nbsp;and&nbsp;receive<br>input&nbsp;on&nbsp;their&nbsp;own&nbsp;work,&nbsp;as&nbsp;well&nbsp;as&nbsp;receive&nbsp;input&nbsp;from&nbsp;senior&nbsp;experts&nbsp;in<br>their&nbsp;field.&nbsp;The&nbsp;event&nbsp;will&nbsp;take&nbsp;place&nbsp;_11-14&nbsp;November&nbsp;2024_.&nbsp;The<br>training&nbsp;will&nbsp;also&nbsp;include&nbsp;a&nbsp;workshop&nbsp;in&nbsp;design&nbsp;thinking,&nbsp;sessions&nbsp;of<br>scientific&nbsp;presentation,&nbsp;possibilities&nbsp;of&nbsp;publication,&nbsp;and&nbsp;a&nbsp;networking<br>event&nbsp;with&nbsp;local&nbsp;PhD&nbsp;students&nbsp;and&nbsp;researchers.&nbsp;All&nbsp;students&nbsp;will&nbsp;have<br>their&nbsp;costs&nbsp;of&nbsp;accommodation&nbsp;and&nbsp;food&nbsp;covered,&nbsp;Ukrainian&nbsp;students&nbsp;will<br>also&nbsp;receive&nbsp;financial&nbsp;support&nbsp;for&nbsp;their&nbsp;travels&nbsp;via&nbsp;the&nbsp;project.<br><br>Preliminary&nbsp;program&nbsp;for&nbsp;the&nbsp;conference&nbsp;(pdf).&nbsp;[<a href=\"https:\/\/www.balticuniv.uu.se\/digitalAssets\/1081\/c_1081082-l_1-k_capable-student-conference-preliminary-program.pdf\" target=\"_blank\" rel=\"noreferrer noopener\">3<\/a>]<br><br>Pedagogical&nbsp;course&nbsp;for&nbsp;PhD&nbsp;students<br><br>All&nbsp;accepted&nbsp;PhD&nbsp;students&nbsp;can&nbsp;attend&nbsp;an&nbsp;online&nbsp;course&nbsp;for&nbsp;pedagogies&nbsp;in<br>higher&nbsp;education.&nbsp;The&nbsp;course&nbsp;will&nbsp;be&nbsp;given&nbsp;during&nbsp;the&nbsp;spring&nbsp;term&nbsp;of<br>2025,&nbsp;including&nbsp;online&nbsp;lectures,&nbsp;seminars,&nbsp;and&nbsp;individual&nbsp;reflections.<br><br>Application<br><br>We&nbsp;welcome&nbsp;applications&nbsp;from&nbsp;PhD&nbsp;students&nbsp;representing&nbsp;all&nbsp;BUP<br>participating&nbsp;universities&nbsp;[<a href=\"https:\/\/www.balticuniv.uu.se\/about-us\/participating-universities\/\" target=\"_blank\" rel=\"noreferrer noopener\">4<\/a>].<br><br>Application&nbsp;form&nbsp;for&nbsp;Ukrainian&nbsp;students.&nbsp;[<a href=\"https:\/\/doit.medfarm.uu.se\/bin\/kurt3\/kurt\/8865230\" target=\"_blank\" rel=\"noreferrer noopener\">5<\/a>]<br><br>Application&nbsp;form&nbsp;for&nbsp;all&nbsp;other&nbsp;students.&nbsp;[<a href=\"https:\/\/doit.medfarm.uu.se\/bin\/kurt3\/kurt\/8866171\" target=\"_blank\" rel=\"noreferrer noopener\">6<\/a>]<br><br>The&nbsp;last&nbsp;application&nbsp;day&nbsp;is&nbsp;_5&nbsp;May&nbsp;2024_.<br><\/p>\n\n\n\n<p><\/p>\n\n\n\n<p>___________________________________________________________________<\/p>\n\n\n\n<p><\/p>\n\n\n\n<p><\/p>\n\n\n\n<p>__________________________________________________________________<\/p>\n\n\n\n<p>Szanowni&nbsp;Pa\u0144stwo,<br><br>Prorektor&nbsp;ds.&nbsp;Bada\u0144&nbsp;i&nbsp;Kadry&nbsp;Akademickiej&nbsp;Uniwersytetu&nbsp;Ekonomicznego&nbsp;we<br>Wroc\u0142awiu&nbsp;&#8211;&nbsp;PROF.&nbsp;DR&nbsp;HAB.&nbsp;EWA&nbsp;STA\u0143CZYK-HUGIET&nbsp;oraz&nbsp;Dziekan&nbsp;Szko\u0142y<br>Doktorskiej&nbsp;Uniwersytetu&nbsp;Ekonomicznego&nbsp;we&nbsp;Wroc\u0142awiu&nbsp;&#8211;&nbsp;PROF.&nbsp;DR&nbsp;HAB.<br>CZES\u0141AW&nbsp;ZAJ\u0104C&nbsp;maj\u0105&nbsp;przyjemno\u015b\u0107&nbsp;zaprosi\u0107&nbsp;Pana\/Pani\u0105&nbsp;na<br>og\u00f3lnopolsk\u0105&nbsp;konferencj\u0119&nbsp;Forum&nbsp;Szk\u00f3\u0142&nbsp;Doktorskich,&nbsp;kt\u00f3rej&nbsp;celem<br>jest&nbsp;wymiana&nbsp;do\u015bwiadcze\u0144&nbsp;zwi\u0105zanych&nbsp;z&nbsp;zastosowaniem&nbsp;i&nbsp;rol\u0105&nbsp;sztucznej<br>inteligencji&nbsp;w&nbsp;nauce.&nbsp;W&nbsp;obliczu&nbsp;dynamicznego&nbsp;rozwoju&nbsp;AI&nbsp;konieczne&nbsp;jest<br>okre\u015blenie&nbsp;jej&nbsp;miejsca&nbsp;w&nbsp;prowadzeniu&nbsp;bada\u0144,&nbsp;pozyskiwaniu&nbsp;danych&nbsp;i&nbsp;ich<br>analizie,&nbsp;a&nbsp;tak\u017ce&nbsp;refleksja&nbsp;nad&nbsp;wykorzystaniem&nbsp;niestandardowych<br>rozwi\u0105za\u0144,&nbsp;jakie&nbsp;oferuj\u0105&nbsp;nowe&nbsp;technologie,&nbsp;oraz&nbsp;okre\u015blenie<br>stawianych&nbsp;przez&nbsp;nie&nbsp;wyzwa\u0144.<br><br>Serdecznie&nbsp;zapraszamy&nbsp;do&nbsp;udzia\u0142u&nbsp;wszystkie&nbsp;osoby&nbsp;zainteresowane&nbsp;t\u0105<br>tematyk\u0105,&nbsp;zaanga\u017cowane&nbsp;w&nbsp;prac\u0119&nbsp;i&nbsp;rozw\u00f3j&nbsp;Szk\u00f3\u0142&nbsp;Doktorskich,<br>naukowc\u00f3w&nbsp;zainteresowanych&nbsp;rozwojem&nbsp;warsztatu&nbsp;badawczego&nbsp;oraz<br>promotor\u00f3w&nbsp;pracuj\u0105cych&nbsp;z&nbsp;doktorantami&nbsp;i&nbsp;samych&nbsp;doktorant\u00f3w.<br><br>TEMAT&nbsp;KONFERENCJI:&nbsp;DO\u015aWIADCZENIA&nbsp;ZWI\u0104ZANE&nbsp;Z&nbsp;ZASTOSOWANIEM&nbsp;I&nbsp;ROL\u0104<br>SZTUCZNEJ&nbsp;INTELIGENCJI&nbsp;W&nbsp;NAUCE.<br><br>TERMIN:&nbsp;7&nbsp;MAJA&nbsp;2024&nbsp;O&nbsp;GODZ.&nbsp;9.00.<br><br>Konferencja&nbsp;odb\u0119dzie&nbsp;si\u0119&nbsp;on-line&nbsp;(w&nbsp;aplikacji&nbsp;TEAMS).<br><br>UDZIA\u0141&nbsp;W&nbsp;NIEJ&nbsp;JEST&nbsp;BEZP\u0141ATNY.<br><br><a href=\"https:\/\/szkolydoktorskie.uwb.edu.pl\/nh\/wp-content\/uploads\/sites\/3\/2024\/04\/Forum-Szkol-Doktorskich-07_05_2024-zaproszenie.pdf\">Program&nbsp;konferencji&nbsp;<\/a><\/p>\n\n\n\n<p>___________________________________________________________________<\/p>\n\n\n\n<p><\/p>\n\n\n\n<p>Szanowni&nbsp;Pa\u0144stwo,<br>w&nbsp;imieniu&nbsp;Instytutu&nbsp;J\u0119zykoznawstwa,&nbsp;Instytutu&nbsp;Literaturoznawstwa&nbsp;oraz<br>Szko\u0142y&nbsp;Doktorskiej&nbsp;Uniwersytetu&nbsp;Jana&nbsp;D\u0142ugosza&nbsp;w&nbsp;Cz\u0119stochowie<br>serdecznie&nbsp;zapraszamy&nbsp;do&nbsp;wzi\u0119cia&nbsp;udzia\u0142u&nbsp;w&nbsp;studencko-doktoranckiej<br>og\u00f3lnopolskiej&nbsp;interdyscyplinarnej&nbsp;konferencji&nbsp;naukowej&nbsp;\u201eJ\u0119zyk&nbsp;\u2013<br>Teatr&nbsp;\u2013&nbsp;Literatura&nbsp;XV:&nbsp;Od&nbsp;s\u0142owa&nbsp;do&nbsp;s\u0142owa\u201d.&nbsp;Udzia\u0142&nbsp;w&nbsp;konferencji<br>jest&nbsp;bezp\u0142atny.<br>Wydarzenie&nbsp;odb\u0119dzie&nbsp;si\u0119&nbsp;11&nbsp;czerwca&nbsp;2024&nbsp;roku&nbsp;w&nbsp;siedzibie&nbsp;Wydzia\u0142u<br>Humanistycznego&nbsp;UJD&nbsp;(Al.&nbsp;Armii&nbsp;Krajowej&nbsp;36a,&nbsp;42-200&nbsp;Cz\u0119stochowa).<br>B\u0119dzie&nbsp;to&nbsp;wyj\u0105tkowa&nbsp;okazja&nbsp;dla&nbsp;m\u0142odych&nbsp;naukowc\u00f3w,&nbsp;aby&nbsp;zaprezentowa\u0107<br>wyniki&nbsp;bada\u0144,&nbsp;podzieli\u0107&nbsp;si\u0119&nbsp;swoimi&nbsp;tezami&nbsp;i&nbsp;nawi\u0105za\u0107&nbsp;cenne&nbsp;kontakty<br>naukowe.<\/p>\n\n\n\n<p><a href=\"https:\/\/szkolydoktorskie.uwb.edu.pl\/nh\/wp-content\/uploads\/sites\/3\/2024\/04\/Zaproszenie-na-pol.docx\">Program<\/a><\/p>\n\n\n\n<p><\/p>\n\n\n\n<p><\/p>\n\n\n\n<p><\/p>\n\n\n\n<p><\/p>\n\n\n\n<p>___________________________________________________________________<\/p>\n\n\n\n<p><\/p>\n\n\n\n<p><strong>IV Mi\u0119dzynarodowa Multidyscyplinarna Konferencja Doktorant\u00f3w Uniwersytetu Szczeci\u0144skiego \u201eMKDUS 2.0&#8243;<\/strong>&nbsp;<\/p>\n\n\n\n<figure class=\"wp-block-table\"><table><tbody><tr><td>Szanowni Pa\u0144stwo!&nbsp; Mamy przyjemno\u015b\u0107 ju\u017c po raz czwarty zaprosi\u0107 Pa\u0144stwa na Mi\u0119dzynarodow\u0105 Multidyscyplinarn\u0105 Konferencj\u0119 Doktorant\u00f3w Uniwersytetu Szczeci\u0144skiego MKDUS 2.0, kt\u00f3ra odb\u0119dzie si\u0119 w dn. 19-21.06.2024r. na platformie MS Teams. Ubieg\u0142oroczne edycje cieszy\u0142y si\u0119 ogromnym zainteresowaniem zar\u00f3wno w\u015br\u00f3d Doktorant\u00f3w pochodz\u0105cych z Polski, jak i tych zagranicznych. Podczas Konferencji Prelegenci mieli okazj\u0119 do podzielenia si\u0119 r\u00f3\u017cnorodnymi zainteresowaniami, a ich inspiruj\u0105ce wyst\u0105pienia by\u0142y znakomitym wst\u0119pem do podj\u0119cia dyskusji.&nbsp; Wierzymy, \u017ce i w tym roku b\u0119dzie podobnie, a interdyscyplinarny charakter Konferencji umo\u017cliwi poszerzenie horyzont\u00f3w o nowe do\u015bwiadczenia i pozwoli na nawi\u0105zanie kontakt\u00f3w z osobami reprezentuj\u0105cymi r\u00f3\u017cne dziedziny nauki. To niepowtarzalna okazja do wymiany spostrze\u017ce\u0144 badawczych dla ka\u017cdego z Was.&nbsp; Konferencja odb\u0119dzie si\u0119 online poprzez platform\u0119 MS Teams. Koszt uczestnictwa w Konferencji bez publikacji wynosi 75 z\u0142, natomiast z mo\u017cliwo\u015bci\u0105 publikacji 275 z\u0142. Mo\u017cliwa jest r\u00f3wnie\u017c sama publikacja, kt\u00f3rej koszt to 200 z\u0142.&nbsp; Serdecznie zach\u0119camy Pa\u0144stwa do wype\u0142nienia formularza rejestracyjnego.&nbsp;<\/td><\/tr><\/tbody><\/table><\/figure>\n\n\n\n<p><strong>PANEL CZERWONY \u2013 20.06.2024<\/strong>&nbsp;<\/p>\n\n\n\n<p>Wojna i pok\u00f3j \u2013 wyzwania wsp\u00f3\u0142czesnej humanistyki&nbsp;<\/p>\n\n\n\n<p><strong>Dyscypliny naukowe:<\/strong>&nbsp;filozofia, historia, j\u0119zykoznawstwo, literaturoznawstwo, nauki teologiczne i nauki o kulturze i religii, pedagogika.&nbsp;<\/p>\n\n\n\n<p>Szanowne Doktorantki, Szanowni Doktoranci!&nbsp;<\/p>\n\n\n\n<p>Drugiego dnia, podczas kolejnej, ju\u017c IV edycji Mi\u0119dzynarodowej Multidyscyplinarnej Konferencji Doktorant\u00f3w Uniwersytetu Szczeci\u0144skiego MKDUS 2.0 zapraszamy do zaprezentowania referat\u00f3w z zakresu dyscyplin takich jak: filozofia, historia, j\u0119zykoznawstwo, literaturoznawstwo, nauki teologiczne, nauki o kulturze i religii, pedagogika.&nbsp;<\/p>\n\n\n\n<p>Tematem tegorocznej edycji czerwonego panelu humanistycznego jest: Wojna i pok\u00f3j \u2013 wyzwania wsp\u00f3\u0142czesnej humanistyki. Pragniemy zg\u0142\u0119bi\u0107 problem otaczaj\u0105cego nas \u015bwiata, w kt\u00f3rym s\u0142owo wojna pojawia si\u0119 cz\u0119\u015bciej, a upragniony pok\u00f3j dla milion\u00f3w ludzi na \u015bwiecie staje si\u0119 coraz bardziej odleg\u0142y.&nbsp;&nbsp;<\/p>\n\n\n\n<p>Jeste\u015bmy otwarci na wszelkie tematy powi\u0105zane z powy\u017csz\u0105 problematyk\u0105. Chcemy wsp\u00f3lnie stworzy\u0107 przestrze\u0144 do dyskusji na temat wojny i pokoju w kontek\u015bcie historycznym, teologicznym, czy filozoficznym, ale r\u00f3wnie\u017c na nowo zastanowi\u0107 si\u0119 nad znaczeniem tych (odleg\u0142ych) poj\u0119\u0107 oraz sposobie przedstawienia ich w literaturze i sztuce. Obecna sytuacja na \u015bwiecie stawia przed humanistyk\u0105 nowe wyzwania, wobec kt\u00f3rych nie mo\u017ce ona pozosta\u0107 oboj\u0119tna. To najwy\u017cszy moment, by skupi\u0107 si\u0119 na ideach pacyfistycznych, zbiorowym i pokoleniowym do\u015bwiadczeniu traumy, poj\u0119ciach postpami\u0119ci, j\u0119zyk\u00f3w milczenia, czy granic reliktowych.&nbsp;<\/p>\n\n\n\n<p>Je\u017celi chcia\u0142by\u015b\/chcia\u0142aby\u015b podzieli\u0107 si\u0119 wynikami swoich bada\u0144 nt. wyzwa\u0144 wsp\u00f3\u0142czesnej humanistyki wobec innych pal\u0105cych temat\u00f3w, przed kt\u00f3rymi stoi wsp\u00f3\u0142czesna humanistyka, to r\u00f3wnie\u017c serdecznie zapraszamy do czynnego udzia\u0142u w konferencji MKDUS 2.0. Mamy nadziej\u0119, \u017ce wsp\u00f3lnie stworzymy miejsce do wymiany wiedzy i spostrze\u017ce\u0144 na temat b\u0142yskawicznie zmieniaj\u0105cego si\u0119 \u015bwiata.&nbsp;<\/p>\n\n\n\n<p>Wyst\u0105pienia mog\u0105 by\u0107 prezentowane w j\u0119zyku polskim oraz angielskim, a maksymalny czas wyst\u0105pienia to 20 minut.&nbsp;<\/p>\n\n\n\n<p><a href=\"https:\/\/szkolydoktorskie.uwb.edu.pl\/nh\/wp-content\/uploads\/sites\/3\/2024\/04\/Draft-MKDUS-2.0-26.03.24-PLENG-2.pdf\">Wi\u0119cej informacji<\/a><\/p>\n\n\n\n<p><\/p>\n\n\n\n<p>______________________________________<\/p>\n\n\n\n<p>Szanowni&nbsp;Pa\u0144stwo,<br>w&nbsp;imieniu&nbsp;Instytutu&nbsp;J\u0119zykoznawstwa,&nbsp;Instytutu&nbsp;Literaturoznawstwa&nbsp;oraz<br>Szko\u0142y&nbsp;Doktorskiej&nbsp;Uniwersytetu&nbsp;Jana&nbsp;D\u0142ugosza&nbsp;w&nbsp;Cz\u0119stochowie<br>serdecznie&nbsp;zapraszamy&nbsp;do&nbsp;wzi\u0119cia&nbsp;udzia\u0142u&nbsp;w&nbsp;studencko-doktoranckiej<br>og\u00f3lnopolskiej&nbsp;interdyscyplinarnej&nbsp;konferencji&nbsp;naukowej&nbsp;\u201eJ\u0119zyk&nbsp;\u2013<br>Teatr&nbsp;\u2013&nbsp;Literatura&nbsp;XV:&nbsp;Od&nbsp;s\u0142owa&nbsp;do&nbsp;s\u0142owa\u201d.&nbsp;Udzia\u0142&nbsp;w&nbsp;konferencji<br>jest&nbsp;bezp\u0142atny.<br>Wydarzenie&nbsp;odb\u0119dzie&nbsp;si\u0119&nbsp;11&nbsp;czerwca&nbsp;2024&nbsp;roku&nbsp;w&nbsp;siedzibie&nbsp;Wydzia\u0142u<br>Humanistycznego&nbsp;UJD&nbsp;(Al.&nbsp;Armii&nbsp;Krajowej&nbsp;36a,&nbsp;42-200&nbsp;Cz\u0119stochowa).<br>B\u0119dzie&nbsp;to&nbsp;wyj\u0105tkowa&nbsp;okazja&nbsp;dla&nbsp;m\u0142odych&nbsp;naukowc\u00f3w,&nbsp;aby&nbsp;zaprezentowa\u0107<br>wyniki&nbsp;bada\u0144,&nbsp;podzieli\u0107&nbsp;si\u0119&nbsp;swoimi&nbsp;tezami&nbsp;i&nbsp;nawi\u0105za\u0107&nbsp;cenne&nbsp;kontakty<br>naukowe.<\/p>\n\n\n\n<p><a href=\"https:\/\/szkolydoktorskie.uwb.edu.pl\/nh\/wp-content\/uploads\/sites\/3\/2024\/04\/zaproszenie.pdf\">Zaproszenie<\/a><\/p>\n\n\n\n<p>______________________________<\/p>\n\n\n\n<p>Szanowni&nbsp;Pa\u0144stwo,<br><br>mamy&nbsp;wielk\u0105&nbsp;przyjemno\u015b\u0107&nbsp;zaprosi\u0107&nbsp;Pa\u0144stwa&nbsp;do&nbsp;uczestnictwa&nbsp;w<br>Og\u00f3lnopolskiej&nbsp;Konferencji&nbsp;Naukowej,&nbsp;w&nbsp;70.&nbsp;rocznic\u0119&nbsp;usuni\u0119cia<br>Wydzia\u0142u&nbsp;Teologicznego&nbsp;ze&nbsp;struktury&nbsp;Uniwersytetu&nbsp;Jagiello\u0144skiego,&nbsp;pt.<br>\u201eKo\u015bci\u00f3\u0142&nbsp;w&nbsp;uj\u0119ciu&nbsp;historyczno-prawnym\u201d.&nbsp;Wydarzenie&nbsp;odb\u0119dzie<br>si\u0119&nbsp;w&nbsp;dniach&nbsp;10-11&nbsp;czerwca&nbsp;2024&nbsp;r.&nbsp;w&nbsp;Auli&nbsp;UPJPII,&nbsp;przy&nbsp;ul.<br>Bernardy\u0144skiej&nbsp;3&nbsp;w&nbsp;Krakowie.<br><br>70.&nbsp;rocznica&nbsp;tego&nbsp;wydarzenia&nbsp;sk\u0142ania&nbsp;nas&nbsp;do&nbsp;refleksji&nbsp;nad&nbsp;rol\u0105,<br>funkcj\u0105&nbsp;i&nbsp;sytuacj\u0105&nbsp;prawn\u0105&nbsp;Ko\u015bcio\u0142a&nbsp;w&nbsp;dziejach.&nbsp;W&nbsp;trakcie<br>konferencji&nbsp;chcieliby\u015bmy&nbsp;pochyli\u0107&nbsp;si\u0119&nbsp;nad&nbsp;polsk\u0105&nbsp;perspektyw\u0105<br>wspomnianego&nbsp;wy\u017cej&nbsp;zagadnienia,&nbsp;ale&nbsp;nie&nbsp;zamykamy&nbsp;si\u0119&nbsp;tak\u017ce&nbsp;na<br>odniesienia&nbsp;wychodz\u0105ce&nbsp;poza&nbsp;granice&nbsp;naszego&nbsp;kraju.<br><br>Wi\u0119cej&nbsp;informacji&nbsp;mo\u017cna&nbsp;uzyska\u0107&nbsp;na&nbsp;stronie&nbsp;Organizatora:<br><br><a href=\"https:\/\/szkoladoktorska.upjp2.edu.pl\/konferencje\/ogolnopolska-konferencja-naukowa-pt-kosciol-w-ujeciu-historyczno-prawnym\" target=\"_blank\" rel=\"noreferrer noopener\">https:\/\/szkoladoktorska.upjp2.edu.pl\/konferencje\/ogolnopolska-konferencja-naukowa-pt-kosciol-w-ujeciu-historyczno-prawnym<\/a><br><br><br>Lub&nbsp;w&nbsp;mediach&nbsp;spo\u0142eczno\u015bciowych:&nbsp;<a href=\"https:\/\/fb.me\/e\/3wh6AyNkv\" target=\"_blank\" rel=\"noreferrer noopener\">https:\/\/fb.me\/e\/3wh6AyNkv<\/a>&nbsp;[<a href=\"https:\/\/fb.me\/e\/3wh6AyNkv\" target=\"_blank\" rel=\"noreferrer noopener\">1<\/a>]<\/p>\n\n\n\n<p>____________________________<\/p>\n\n\n\n<p>Szanowni&nbsp;Pa\u0144stwo,<br><br>w&nbsp;imieniu&nbsp;Instytutu&nbsp;Polonistyki&nbsp;i&nbsp;Dziennikarstwa&nbsp;Uniwersytetu<br>Rzeszowskiego&nbsp;oraz&nbsp;Ko\u0142a&nbsp;Naukowego&nbsp;Dydaktyk\u00f3w&nbsp;Polonist\u00f3w&nbsp;serdecznie<br>zapraszamy&nbsp;do&nbsp;wzi\u0119cia&nbsp;udzia\u0142u&nbsp;w&nbsp;Og\u00f3lnopolskiej&nbsp;Konferencji&nbsp;Naukowej:<br>&#8222;Polska&nbsp;szko\u0142a&nbsp;w&nbsp;obliczu&nbsp;zmian&nbsp;&#8211;&nbsp;wyzwania&nbsp;oczekiwania,&nbsp;prognozy&#8221;.&nbsp;W<br>za\u0142\u0105czniku&nbsp;przesy\u0142am&nbsp;zaproszenie&nbsp;oraz&nbsp;formularz&nbsp;zg\u0142oszeniowy.<br><br>Z&nbsp;wyrazami&nbsp;szacunku&nbsp;Aleksandra&nbsp;P\u00f3\u0142\u0107wiartek&nbsp;Przewodnicz\u0105ca&nbsp;Ko\u0142a<br>Naukowego&nbsp;Dydaktyk\u00f3w&nbsp;Polonist\u00f3w&nbsp;UR<\/p>\n\n\n\n<p><a href=\"https:\/\/szkolydoktorskie.uwb.edu.pl\/nh\/wp-content\/uploads\/sites\/3\/2024\/04\/Formularz-zgloszeniowy.docx\">Formularz zg\u0142oszeniowy<\/a><\/p>\n\n\n\n<p>______________________________________<\/p>\n\n\n\n<p>Szanowni&nbsp;Pa\u0144stwo,<br><br>mamy&nbsp;wielk\u0105&nbsp;przyjemno\u015b\u0107&nbsp;zaprosi\u0107&nbsp;Pa\u0144stwa&nbsp;do&nbsp;uczestnictwa&nbsp;w<br>Og\u00f3lnopolskiej&nbsp;Konferencji&nbsp;Naukowej,&nbsp;w&nbsp;70.&nbsp;rocznic\u0119&nbsp;usuni\u0119cia<br>Wydzia\u0142u&nbsp;Teologicznego&nbsp;ze&nbsp;struktury&nbsp;Uniwersytetu&nbsp;Jagiello\u0144skiego,&nbsp;pt.<br>\u201eKo\u015bci\u00f3\u0142&nbsp;w&nbsp;uj\u0119ciu&nbsp;historyczno-prawnym\u201d.&nbsp;Wydarzenie&nbsp;odb\u0119dzie<br>si\u0119&nbsp;w&nbsp;dniach&nbsp;10-11&nbsp;czerwca&nbsp;2024&nbsp;r.&nbsp;w&nbsp;Auli&nbsp;UPJPII,&nbsp;przy&nbsp;ul.<br>Bernardy\u0144skiej&nbsp;3&nbsp;w&nbsp;Krakowie.<br><br>70.&nbsp;rocznica&nbsp;tego&nbsp;wydarzenia&nbsp;sk\u0142ania&nbsp;nas&nbsp;do&nbsp;refleksji&nbsp;nad&nbsp;rol\u0105,<br>funkcj\u0105&nbsp;i&nbsp;sytuacj\u0105&nbsp;prawn\u0105&nbsp;Ko\u015bcio\u0142a&nbsp;w&nbsp;dziejach.&nbsp;W&nbsp;trakcie<br>konferencji&nbsp;chcieliby\u015bmy&nbsp;pochyli\u0107&nbsp;si\u0119&nbsp;nad&nbsp;polsk\u0105&nbsp;perspektyw\u0105<br>wspomnianego&nbsp;wy\u017cej&nbsp;zagadnienia,&nbsp;ale&nbsp;nie&nbsp;zamykamy&nbsp;si\u0119&nbsp;tak\u017ce&nbsp;na<br>odniesienia&nbsp;wychodz\u0105ce&nbsp;poza&nbsp;granice&nbsp;naszego&nbsp;kraju.<br><br>Wi\u0119cej&nbsp;informacji&nbsp;mo\u017cna&nbsp;uzyska\u0107&nbsp;na&nbsp;stronie&nbsp;Organizatora:<br><br><a href=\"https:\/\/szkoladoktorska.upjp2.edu.pl\/konferencje\/ogolnopolska-konferencja-naukowa-pt-kosciol-w-ujeciu-historyczno-prawnym\" target=\"_blank\" rel=\"noreferrer noopener\">https:\/\/szkoladoktorska.upjp2.edu.pl\/konferencje\/ogolnopolska-konferencja-naukowa-pt-kosciol-w-ujeciu-historyczno-prawnym<\/a><br><br><br>Lub&nbsp;w&nbsp;mediach&nbsp;spo\u0142eczno\u015bciowych:&nbsp;<a href=\"https:\/\/fb.me\/e\/3wh6AyNkv\" target=\"_blank\" rel=\"noreferrer noopener\">https:\/\/fb.me\/e\/3wh6AyNkv<\/a>&nbsp;[<a href=\"https:\/\/fb.me\/e\/3wh6AyNkv\" target=\"_blank\" rel=\"noreferrer noopener\">1<\/a>]<br><\/p>\n\n\n\n<p>________________________________________<\/p>\n\n\n\n<p>Drogie&nbsp;Doktorantki,&nbsp;Drodzy&nbsp;Doktoranci<br><br>Ju\u017c&nbsp;25&nbsp;marca&nbsp;o&nbsp;godzinie&nbsp;18:00&nbsp;odb\u0119d\u0105&nbsp;si\u0119&nbsp;warsztaty&nbsp;praktyczne&nbsp;online<br>w&nbsp;j\u0119zyku&nbsp;polskim&nbsp;dla&nbsp;student\u00f3w&nbsp;zainteresowanych&nbsp;kszta\u0142ceniem&nbsp;w&nbsp;szkole<br>doktorskiej,&nbsp;absolwent\u00f3w&nbsp;oraz&nbsp;doktorant\u00f3w&nbsp;pt.&nbsp;&#8222;Money&nbsp;money&nbsp;money&nbsp;czyli<br>sk\u0105d&nbsp;pozyskiwa\u0107&nbsp;\u015brodki&nbsp;na&nbsp;prowadzenie&nbsp;bada\u0144?&#8221;.<br><br>B\u0119d\u0105&nbsp;one&nbsp;mia\u0142y&nbsp;na&nbsp;celu&nbsp;wyposa\u017cenie&nbsp;uczestnik\u00f3w&nbsp;w:<br>&#8211;&nbsp;wiedz\u0119&nbsp;dotycz\u0105c\u0105&nbsp;oferty&nbsp;konkurs\u00f3w&nbsp;grantowych&nbsp;dla&nbsp;doktorant\u00f3w.<br>&#8211;&nbsp;kompetencje&nbsp;w&nbsp;zakresie&nbsp;przygotowania&nbsp;wniosku&nbsp;grantowego&nbsp;i&nbsp;kosztorysu.<br>Podczas&nbsp;warsztat\u00f3w&nbsp;przewidziana&nbsp;jest&nbsp;dyskusja&nbsp;i&nbsp;mo\u017cliwo\u015b\u0107&nbsp;zadawania<br>pyta\u0144.<br><br>Warsztaty&nbsp;przeprowadz\u0105:<br>\ud83d\udc65mgr&nbsp;Justyna&nbsp;Gumulak&nbsp;&#8211;&nbsp;doktorantka&nbsp;Szko\u0142y&nbsp;Doktorskiej&nbsp;Nauk<br>Spo\u0142ecznych.&nbsp;Od&nbsp;stycznia&nbsp;2023&nbsp;roku&nbsp;pe\u0142ni&nbsp;funkcj\u0119&nbsp;I&nbsp;zast\u0119pczyni<br>Przewodnicz\u0105cej&nbsp;Uczelnianej&nbsp;Rady&nbsp;Samorz\u0105du&nbsp;Doktorant\u00f3w&nbsp;U\u0141.&nbsp;W<br>konkursie&nbsp;DocUp&nbsp;zosta\u0142a&nbsp;nagrodzona&nbsp;za&nbsp;wyr\u00f3\u017cniaj\u0105ce&nbsp;si\u0119<br>osi\u0105gni\u0119cia&nbsp;naukowe.&nbsp;Doktorantka&nbsp;jest&nbsp;kierownikiem&nbsp;dw\u00f3ch&nbsp;grant\u00f3w<br>badawczych&nbsp;realizowanych&nbsp;w&nbsp;ramach&nbsp;konkursu&nbsp;Preludium&nbsp;Narodowego&nbsp;Centrum<br>Nauki&nbsp;oraz&nbsp;Doktoranckie&nbsp;Granty&nbsp;Badawcze&nbsp;Uniwersytetu&nbsp;\u0141\u00f3dzkiego.<br>\ud83d\udc65mgr&nbsp;in\u017c.&nbsp;Jakub&nbsp;Szczepkowski&nbsp;&#8211;&nbsp;doktorant&nbsp;w&nbsp;dyscyplinie&nbsp;Nauk&nbsp;o<br>Zarz\u0105dzaniu&nbsp;i&nbsp;Jako\u015bci&nbsp;na&nbsp;Wydziale&nbsp;Nauk&nbsp;Ekonomicznych&nbsp;i&nbsp;Zarz\u0105dzania<br>Uniwersytetu&nbsp;Miko\u0142aja&nbsp;Kopernika&nbsp;w&nbsp;Toruniu.&nbsp;Cz\u0142onek&nbsp;zarz\u0105du&nbsp;Krajowej<br>Reprezentacji&nbsp;Doktorant\u00f3w.&nbsp;Uczestnik&nbsp;Diploma&nbsp;in&nbsp;Professional&nbsp;Marketing.<br>Certyfikowany&nbsp;specjalista&nbsp;ds.&nbsp;marketingu&nbsp;cyfrowego&nbsp;&#8211;&nbsp;DIMAQ&nbsp;Professional.<br>Ekspert&nbsp;z&nbsp;grona&nbsp;pracodawc\u00f3w&nbsp;Polskiej&nbsp;Komisji&nbsp;Akredytacyjnej.&nbsp;Product<br>Manager&nbsp;w&nbsp;Instal-Projekt.&nbsp;Wsp\u00f3\u0142pracuje&nbsp;z&nbsp;Centrum&nbsp;Przedsi\u0119biorczo\u015bci<br>Akademickiej&nbsp;i&nbsp;Transferu&nbsp;Technologii&nbsp;UMK&nbsp;w&nbsp;Toruniu.<br>LIMIT&nbsp;MIEJSC&nbsp;&#8211;&nbsp;250&nbsp;UCZESTNIK\u00d3W<br><br>Formularz&nbsp;rejestracyjny&nbsp;na&nbsp;warsztaty:<br><a href=\"https:\/\/forms.gle\/tb1fZ4ig5Uz6Farw5\" target=\"_blank\" rel=\"noreferrer noopener\">https:\/\/forms.gle\/tb1fZ4ig5Uz6Farw5<\/a>&nbsp;[<a href=\"https:\/\/l.facebook.com\/l.php?u=https%3A%2F%2Fforms.gle%2Ftb1fZ4ig5Uz6Farw5%3Ffbclid%3DIwAR1e_bzNg6uaJ9wU1Ieqlu4pv4Q3cqFJGrWrOUiUEZxepSphBeGGw9ll4bU&amp;h=AT2X8v_LyrZHW6qIeYEr8mcfPLu0FMbNo5WMDuRumLShNYVV4iX45h3FhKW_9VzAuJeozRjzOF_kVhFv6Zut8lNtLZzYEv8D195OMjenPm0ZxAN4pyEND80R3KNDMPF__5zw&amp;__tn__=-UK-R&amp;c[0]=AT3J9w69on0ylfsixcpXOtQzJNeS1D9ZLytGsno1TKU-lSteFnWXVd6oPEgda64G63odRKK29J_7JckAdpE6opgWoWq-jRVtfOTKmSWiDE5oETVPqze_jUuRpxIzDZdKjgMRzgzgqvcwGFgeWMzFTg3ANdJuKu9RFm338PKLyU6BkIJeut6TJZ_iaPCsen_qFTrpE90RdkeibAcZ\" target=\"_blank\" rel=\"noreferrer noopener\">1<\/a>]<br>_FORMULARZ&nbsp;REJESTRACYJNY&nbsp;MO\u017bNA&nbsp;UZUPE\u0141NI\u0106&nbsp;DO&nbsp;25.03.2024&nbsp;DO&nbsp;GODZINY<br>15:00_<br><br>Zach\u0119camy&nbsp;do&nbsp;\u015bledzenia&nbsp;medi\u00f3w&nbsp;spo\u0142eczno\u015bciowych&nbsp;projektu<br><br>Facebook&nbsp;[<a href=\"https:\/\/www.facebook.com\/profile.php?id=61554787924746\" target=\"_blank\" rel=\"noreferrer noopener\">2<\/a>]<br>Instagram&nbsp;[<a href=\"https:\/\/www.instagram.com\/sdtoprzyszlosc\/\" target=\"_blank\" rel=\"noreferrer noopener\">3<\/a>]<br>WWW&nbsp;[<a href=\"https:\/\/prawadoktoranta.pl\/szkoly-doktorskie\/\" target=\"_blank\" rel=\"noreferrer noopener\">4<\/a>]<\/p>\n\n\n\n<p>_____________<\/p>\n\n\n\n<p>Greetings,<br><br>We&nbsp;warmly&nbsp;invite&nbsp;you&nbsp;to&nbsp;the&nbsp;13th&nbsp;edition&nbsp;of&nbsp;the&nbsp;STUDENT&nbsp;CONFERENCE&nbsp;on<br>English&nbsp;Studies&nbsp;_GALICIA&nbsp;STUDIES&nbsp;IN&nbsp;LINGUISTICS,&nbsp;LITERATURE&nbsp;AND&nbsp;CULTURE:<br>THE&nbsp;STUDENTS\u2019&nbsp;VOICES_,&nbsp;organized&nbsp;by&nbsp;The&nbsp;English&nbsp;Society&nbsp;UR.&nbsp;The&nbsp;event<br>will&nbsp;be&nbsp;held&nbsp;on&nbsp;MAY&nbsp;8TH,&nbsp;2024,&nbsp;at&nbsp;the&nbsp;UNIVERSITY&nbsp;OF&nbsp;RZESZOW&nbsp;in&nbsp;a&nbsp;hybrid<br>form,&nbsp;in-person&nbsp;with&nbsp;the&nbsp;online&nbsp;option&nbsp;available&nbsp;for&nbsp;non-UR&nbsp;students.<br>The&nbsp;conference&nbsp;language&nbsp;is&nbsp;ENGLISH.<br><br>The&nbsp;conference&nbsp;is&nbsp;addressed&nbsp;to&nbsp;B.A.&nbsp;and&nbsp;M.A.&nbsp;students,&nbsp;as&nbsp;well&nbsp;as&nbsp;Ph.D.<br>candidates.&nbsp;We&nbsp;welcome&nbsp;submissions&nbsp;covering&nbsp;any&nbsp;of&nbsp;the&nbsp;following<br>research&nbsp;areas:<br><br>&nbsp;&nbsp;&nbsp;&nbsp;&nbsp;*&nbsp;Linguistics,<br>&nbsp;&nbsp;&nbsp;&nbsp;&nbsp;*&nbsp;Literature&nbsp;Studies,<br>&nbsp;&nbsp;&nbsp;&nbsp;&nbsp;*&nbsp;Culture&nbsp;Studies,<br>&nbsp;&nbsp;&nbsp;&nbsp;&nbsp;*&nbsp;Didactics,<br>&nbsp;&nbsp;&nbsp;&nbsp;&nbsp;*&nbsp;Translation&nbsp;Studies.<br><br>(Please&nbsp;note&nbsp;that&nbsp;the&nbsp;scope&nbsp;of&nbsp;presentation&nbsp;topics&nbsp;is&nbsp;not&nbsp;strictly<br>confined&nbsp;to&nbsp;English&nbsp;Studies.&nbsp;We&nbsp;are&nbsp;open&nbsp;to&nbsp;and&nbsp;strongly&nbsp;encourage&nbsp;any<br>original&nbsp;English-language&nbsp;submissions&nbsp;that&nbsp;fall&nbsp;within&nbsp;the&nbsp;research<br>areas&nbsp;specified&nbsp;above.)<br><br>Students&nbsp;interested&nbsp;in&nbsp;participating&nbsp;in&nbsp;the&nbsp;conference&nbsp;are&nbsp;invited&nbsp;to<br>send&nbsp;paper&nbsp;proposals&nbsp;(abstracts)&nbsp;of&nbsp;up&nbsp;to&nbsp;250&nbsp;words&nbsp;for&nbsp;a&nbsp;20-MINUTE<br>PRESENTATION&nbsp;by&nbsp;APRIL&nbsp;17TH,&nbsp;2024.&nbsp;Please&nbsp;fill&nbsp;in&nbsp;the&nbsp;application&nbsp;form&nbsp;on<br>the&nbsp;conference&nbsp;webpage:<br><br><a href=\"https:\/\/ENGLISHSOCIETYUR.WIXSITE.COM\/HOME\/GALICIA-STUDIES-THE-STUDENT-S-VOICES\" target=\"_blank\" rel=\"noreferrer noopener\">HTTPS:\/\/ENGLISHSOCIETYUR.WIXSITE.COM\/HOME\/GALICIA-STUDIES-THE-STUDENT-S-VOICES<\/a><br>[<a href=\"https:\/\/englishsocietyur.wixsite.com\/home\/galicia-studies-the-student-s-voices\" target=\"_blank\" rel=\"noreferrer noopener\">1<\/a>]<br><br>Notification&nbsp;of&nbsp;acceptance&nbsp;will&nbsp;be&nbsp;sent&nbsp;via&nbsp;e-mail&nbsp;by&nbsp;April&nbsp;20th,&nbsp;2024<br>with&nbsp;the&nbsp;final&nbsp;program&nbsp;distributed&nbsp;soon&nbsp;after.&nbsp;Please&nbsp;note&nbsp;that&nbsp;the<br>accepted&nbsp;entrants&nbsp;are&nbsp;required&nbsp;to&nbsp;pay&nbsp;a&nbsp;conference&nbsp;fee&nbsp;of&nbsp;100&nbsp;PLN.&nbsp;UR<br>students&nbsp;are&nbsp;exempt&nbsp;from&nbsp;the&nbsp;fee.&nbsp;We&nbsp;also&nbsp;plan&nbsp;on&nbsp;organizing&nbsp;a<br>post-conference&nbsp;dinner,&nbsp;which&nbsp;entails&nbsp;an&nbsp;additional&nbsp;cost&nbsp;to&nbsp;be&nbsp;announced<br>at&nbsp;a&nbsp;later&nbsp;date.<br><br>A&nbsp;VOLUME&nbsp;OF&nbsp;SELECTED&nbsp;PAPERS&nbsp;inspired&nbsp;by&nbsp;the&nbsp;conference&nbsp;is&nbsp;planned&nbsp;for<br>publication&nbsp;following&nbsp;the&nbsp;event.&nbsp;Further&nbsp;information&nbsp;will&nbsp;be&nbsp;provided&nbsp;to<br>all&nbsp;conference&nbsp;contributors&nbsp;in&nbsp;due&nbsp;time.<br><br>For&nbsp;more&nbsp;details,&nbsp;including&nbsp;the&nbsp;list&nbsp;of&nbsp;our&nbsp;Scientific&nbsp;Committee<br>Members,&nbsp;consult&nbsp;the&nbsp;CFP&nbsp;attached.&nbsp;In&nbsp;case&nbsp;of&nbsp;any&nbsp;questions,&nbsp;please<br>contact&nbsp;us&nbsp;(in&nbsp;English&nbsp;or&nbsp;Polish)&nbsp;at&nbsp;<a href=\"mailto:GALICIASTUDIES@GMAIL.COM\">GALICIASTUDIES@GMAIL.COM<\/a>.<br>Kind&nbsp;regards,<br>Conference&nbsp;Organizing&nbsp;Committee<\/p>\n\n\n\n<p><a href=\"https:\/\/szkolydoktorskie.uwb.edu.pl\/nh\/wp-content\/uploads\/sites\/3\/2024\/03\/Galicia-Studies-Students-Voices-13-CFP.pdf\">More informations<\/a><br><\/p>\n\n\n\n<p>________________<\/p>\n\n\n\n<p>Szanowni Pa\u0144stwo,&nbsp;<\/p>\n\n\n\n<p>w imieniu Zespo\u0142u ds. szkole\u0144 projektu &#8222;Pe\u0142noprawni w&nbsp;Nauce&#8221;, finansowanego ze \u015brodk\u00f3w Narodowego Instytutu Wolno\u015bci &#8211; Centrum Rozwoju Spo\u0142ecze\u0144stwa Obywatelskiego w ramach rz\u0105dowego programu Fundusz Inicjatyw Obywatelskich NOWEFIO na lata 2021-2030, pragn\u0119 zaprosi\u0107 wszystkich Doktorant\u00f3w i wszystkie Doktorantki kszta\u0142c\u0105cych\/kszta\u0142c\u0105ce si\u0119 w Szko\u0142ach Doktorskich na organizowane bezp\u0142atne szkolenie online.&nbsp;<\/p>\n\n\n\n<p>Praktyczne szkolenie online zosta\u0142o zadedykowane przedstawicielom spo\u0142eczno\u015bci doktoranckiej. Osoby bior\u0105ce udzia\u0142 w szkoleniu mog\u0105 otrzyma\u0107 za\u015bwiadczenia potwierdzaj\u0105ce ten fakt, kt\u00f3re mo\u017cna wykaza\u0107 w sprawozdaniach rocznych. Link do szkolenia zostanie wys\u0142any przed jego rozpocz\u0119ciem.<\/p>\n\n\n\n<p>Celem realizacji projektu Krajowej Reprezentacji Doktorant\u00f3w pt.: \u201ePe\u0142noprawni w&nbsp;nauce&#8221; jest doprowadzenie do poprawy sytuacji doktorant\u00f3w i doktorantek z niepe\u0142nosprawno\u015bciami oraz doktorant\u00f3w i doktorantek zagranicznych w zakresie poszanowania ich prawa do nauki oraz prawa do aktywizacji w \u017cyciu \u015brodowiska akademickiego poprzez:<\/p>\n\n\n\n<p>\u2022 wzrost \u015bwiadomo\u015bci spo\u0142ecznej w zakresie problem\u00f3w z jakimi zmagaj\u0105 si\u0119 wy\u017cej wymienione grupy \u015brodowisku akademickim;<br>\u2022 wzrost poziomu aktywizacji spo\u0142eczno\u015bci doktoranckiej z niepe\u0142nosprawno\u015bciami oraz doktorant\u00f3w i doktorantek zagranicznych w dzia\u0142alno\u015b\u0107 samorz\u0105dow\u0105;<br>\u2022 zapewnienie w regulaminach samorz\u0105d\u00f3w doktoranckich i regulaminach szk\u00f3\u0142&nbsp;doktorskich form wsparcia dla doktorant\u00f3w i doktorantek z niepe\u0142nosprawno\u015bciami;<br>\u2022 doprowadzenie do przet\u0142umaczenia regulamin\u00f3w samorz\u0105d\u00f3w doktoranckich i regulamin\u00f3w szk\u00f3\u0142&nbsp;doktorskich na j\u0119zyk angielski.<\/p>\n\n\n\n<p>Szkolenie odb\u0119dzie si\u0119 w najbli\u017cszy poniedzia\u0142ek (18.03.2024) o godzinie 18:00, za po\u015brednictwem platformy MS Teams.&nbsp;<br>Link do formularza zg\u0142oszeniowego: <a href=\"https:\/\/forms.gle\/bUzSSa8U48e2axRp7\" target=\"_blank\" rel=\"noreferrer noopener\">https:\/\/forms.gle\/bUzSSa8U48e2axRp7<\/a>.<\/p>\n\n\n\n<p>_____________________________<\/p>\n\n\n\n<p><\/p>\n\n\n\n<p>Szanowni Pa\u0144stwo,<\/p>\n\n\n\n<p>Akademia Humanistyczno-Pedagogiczna im. Tarasa Szewczenki w Krzemie\u0144cu oraz organizacja publiczna &#8222;Wo\u0142y\u0144skie Inicjatywy Kulturalne&#8221; (Ukraina) zaprasza do wzi\u0119cia udzia\u0142u w <strong>XI\u0406\u0406<\/strong> wydaniu corocznego zbioru prac naukowych <strong><em>\u041a\u0440\u0435\u043c\u0435\u043d\u0435\u0446\u044c\u043a\u0456 \u043a\u043e\u043c\u043f\u0430\u0440\u0430\u0442\u0438\u0432\u043d\u0456 \u0441\u0442\u0443\u0434\u0456\u0457 (<\/em><\/strong><strong><em>Krzemienieckie studia komparatystyczne) <\/em>(ISSN 2311-262X)<\/strong>.<\/p>\n\n\n\n<p>Celem zbioru prac naukowych jest wymiana pogl\u0105d\u00f3w autor\u00f3w w&nbsp;ramach wsp\u00f3\u0142czesnych bada\u0144 zjawisk filologicznych w aspekcie komparatystycznym. W trakcie korespondencyjnej dyskusji zostan\u0105 rozstrzygni\u0119te aktualne problemy:<\/p>\n\n\n\n<p>1.&nbsp;&nbsp;&nbsp;&nbsp;&nbsp;&nbsp; Teoretyczno-metodologiczne problemy wsp\u00f3\u0142czesnej komparatystyki.<\/p>\n\n\n\n<p>2.&nbsp;&nbsp;&nbsp;&nbsp;&nbsp;&nbsp; Aspekty por\u00f3wnawcze, postkolonialne, intertekstualne, imagologiczne i receptywne komparatystyki.<\/p>\n\n\n\n<p>3.&nbsp;&nbsp;&nbsp;&nbsp;&nbsp;&nbsp; Interdyscyplinarno\u015b\u0107 w literaturoznawstwie por\u00f3wnawczym.<\/p>\n\n\n\n<p>4.&nbsp;&nbsp;&nbsp;&nbsp;&nbsp;&nbsp; Lingwistyka por\u00f3wnawcza.<\/p>\n\n\n\n<p>5.&nbsp;&nbsp;&nbsp;&nbsp;&nbsp;&nbsp; J\u0119zykoznawstwo og\u00f3lne i lingwistyka.<\/p>\n\n\n\n<p>6.&nbsp;&nbsp;&nbsp;&nbsp;&nbsp;&nbsp; Przek\u0142adoznawstwo.<\/p>\n\n\n\n<p>7.&nbsp;&nbsp;&nbsp;&nbsp;&nbsp;&nbsp; Literatura \u015bwiatowa: poetyka, teoria i historia.<\/p>\n\n\n\n<p>8.&nbsp;&nbsp;&nbsp;&nbsp;&nbsp;&nbsp; Kino \u015bwiatowe jako sztuka narracyjna.<\/p>\n\n\n\n<p>9.&nbsp;&nbsp;&nbsp;&nbsp;&nbsp;&nbsp; P\u0142e\u0107 i to\u017csamo\u015b\u0107 w literaturze i j\u0119zyku.<\/p>\n\n\n\n<p>Czasopismo jest indeksowane w <strong>Index Copernicus International<\/strong>.<\/p>\n\n\n\n<p><a href=\"https:\/\/szkolydoktorskie.uwb.edu.pl\/nh\/wp-content\/uploads\/sites\/3\/2024\/03\/Krzemienieckie-studia-komparatystyczne-N-13-2024.pdf\">Informacje<\/a><\/p>\n\n\n\n<p>______________<\/p>\n\n\n\n<p>14 mi\u0119dzynarodowa&nbsp;konferencja&nbsp;_BEYOND&nbsp;HUMANISM&nbsp;CONFERENCE&nbsp;2024:<br>TECHNOLOGIES-ECOLOGIES&nbsp;AND&nbsp;THE&nbsp;NETWORKS&nbsp;OF&nbsp;POSTHUMAN&nbsp;CARE&nbsp;na&nbsp;Uniwersytecie&nbsp;\u0141\u00f3dzkim.<br><br>Konferencja&nbsp;odb\u0119dzie&nbsp;si\u0119&nbsp;na&nbsp;Wydziale&nbsp;Filologicznym&nbsp;Uniwersytetu<br>\u0141\u00f3dzkiego&nbsp;w&nbsp;dniach&nbsp;2-5&nbsp;lipca&nbsp;2024.&nbsp;Informacje:&nbsp;<a href=\"http:\/\/beyondhumanism.org\/?ckattempt=1\" target=\"_blank\" rel=\"noreferrer noopener\">http:\/\/beyondhumanism.org\/?ckattempt=1<\/a><br><br>Abstrakty&nbsp;nie&nbsp;przekraczaj\u0105ce&nbsp;350&nbsp;s\u0142\u00f3w&nbsp;wraz&nbsp;z&nbsp;imieniem,&nbsp;nazwiskiem&nbsp;i<br>afiliacj\u0105&nbsp;autora&nbsp;oraz&nbsp;z&nbsp;kr\u00f3tk\u0105&nbsp;notk\u0105&nbsp;biograficzn\u0105&nbsp;w&nbsp;j\u0119zyku<br>angielskim&nbsp;i&nbsp;formacie&nbsp;pdf&nbsp;mo\u017cna&nbsp;zg\u0142asza\u0107&nbsp;do&nbsp;31&nbsp;marca&nbsp;pod&nbsp;linkiem<br><a href=\"https:\/\/easychair.org\/conferences\/?conf=bhc14\" target=\"_blank\" rel=\"noreferrer noopener\">https:\/\/easychair.org\/conferences\/?conf=bhc14<\/a><br><br>Czas&nbsp;wyst\u0105pie\u0144&nbsp;20&nbsp;minut.&nbsp;J\u0119zyk&nbsp;wyst\u0105pie\u0144:&nbsp;angielski.<br><br>Zach\u0119camy&nbsp;do&nbsp;polubienia&nbsp;wydarzenia&nbsp;na&nbsp;facebooku:<br><a href=\"https:\/\/fb.me\/e\/4gLjl3WKR\" target=\"_blank\" rel=\"noreferrer noopener\">https:\/\/fb.me\/e\/4gLjl3WKR<\/a><\/p>\n\n\n\n<p>_________________________<\/p>\n\n\n\n<p>Konferencja <strong>2024 SGH International Conference &#8222;Challenges of modern economy &#8211; research conclusions of young scientists&#8221;<\/strong> organizowana przez Szko\u0142\u0119 Doktorsk\u0105 w Szkole G\u0142\u00f3wnej Handlowej w Warszawie do doktorant\u00f3w Pa\u0144stwa uczelni.<\/p>\n\n\n\n<p><a href=\"https:\/\/szkolydoktorskie.uwb.edu.pl\/nh\/wp-content\/uploads\/sites\/3\/2024\/03\/Mail_promo_Konferencja_SGH_NAWA-STER_.pdf\">Informacje<\/a><\/p>\n\n\n\n<p>_________________________<\/p>\n\n\n\n<p><span style=\"font-size: 11.0pt\">Polskie  Towarzystwo Fenomenologiczne i Instytut Filozofii i Socjologii PAN  zapraszaj\u0105 na wyk\u0142ad z cyklu \u201eFenomenologia wsp\u00f3\u0142czesna&#8221; MARZENA  ADAMIAK: P\u0141E\u0106 POZA NAWIASEM. FEMINISTYCZNE PYTANIE O FENOMENOLOGI\u0118 11  marca (poniedzia\u0142ek), godz. 15:00, Pa\u0142ac Staszica, ul. Nowy \u015awiat 72,  sala 154 (I pi\u0119tro). Wi\u0119cej: <a href=\"https:\/\/ifispan.pl\/plec-poza-nawiasem-feministyczne-pytanie-o-fenomenologie\/\" target=\"_blank\" rel=\"noreferrer noopener\">https:\/\/ifispan.pl\/plec-poza-nawiasem-feministyczne-pytanie-o-fenomenologie\/<\/a><\/span><\/p>\n\n\n\n<p>____________________<\/p>\n\n\n\n<p>Szanowni&nbsp;Pa\u0144stwo,<br><br>&nbsp;w&nbsp;imieniu&nbsp;Organizator\u00f3w&nbsp;XXI&nbsp;Powszechnego&nbsp;Zjazdu&nbsp;Historyk\u00f3w&nbsp;Polskich<br>prosz\u0119&nbsp;o&nbsp;ponowne&nbsp;rozpowszechnienie&nbsp;informacji&nbsp;o&nbsp;sesji&nbsp;posterowej&nbsp;dla<br>m\u0142odych&nbsp;naukowc\u00f3w,&nbsp;kt\u00f3ra&nbsp;odb\u0119dzie&nbsp;si\u0119&nbsp;w&nbsp;czasie&nbsp;Zjazdu.&nbsp;Informacje<br>przesy\u0142am&nbsp;w&nbsp;za\u0142\u0105czeniu.&nbsp;Ponadto&nbsp;s\u0105&nbsp;one&nbsp;dost\u0119pne&nbsp;na&nbsp;stronie:<br><a href=\"https:\/\/zjazdhistorykow.pl\/sesja-posterowa\/\" target=\"_blank\" rel=\"noreferrer noopener\">https:\/\/zjazdhistorykow.pl\/sesja-posterowa\/<\/a><br>&nbsp;Zg\u0142oszenia&nbsp;przyjmujemy&nbsp;drog\u0105&nbsp;mailow\u0105&nbsp;(<a href=\"mailto:poster.pzhp@uwb.edu.pl\">poster.pzhp@uwb.edu.pl<\/a>)&nbsp;do&nbsp;20<br>MARCA.<\/p>\n\n\n\n<p><a href=\"https:\/\/szkolydoktorskie.uwb.edu.pl\/nh\/wp-content\/uploads\/sites\/3\/2024\/03\/KONFERENCJ.pdf\">Wi\u0119cej informacji<\/a><\/p>\n\n\n\n<p>_________________________<\/p>\n\n\n\n<p>Szanowni&nbsp;Pa\u0144stwo,<br><br>mamy&nbsp;zaszczyt&nbsp;zaprosi\u0107&nbsp;do&nbsp;wzi\u0119cia&nbsp;udzia\u0142u&nbsp;w&nbsp;konferencji&nbsp;naukowej<br>\u201eNowoczesno\u015b\u0107&nbsp;reglamentowana.&nbsp;Modernizm&nbsp;w&nbsp;PRL&#8221;,&nbsp;kt\u00f3ra&nbsp;odb\u0119dzie<br>si\u0119&nbsp;w&nbsp;dniach&nbsp;24-25.10.2024&nbsp;roku&nbsp;w&nbsp;Muzeum&nbsp;Narodowym&nbsp;w&nbsp;Krakowie.<br>Przedmiotem&nbsp;dyskusji&nbsp;chcieliby\u015bmy&nbsp;uczyni\u0107&nbsp;z\u0142o\u017cony&nbsp;charakter&nbsp;sztuki<br>nowoczesnej&nbsp;w&nbsp;Polsce&nbsp;okresu&nbsp;PRLu.<\/p>\n\n\n\n<p><a href=\"https:\/\/szkolydoktorskie.uwb.edu.pl\/nh\/wp-content\/uploads\/sites\/3\/2024\/03\/INFOrmacje.pdf\">Wi\u0119cej informacji<\/a><\/p>\n\n\n\n<p>________________________<\/p>\n\n\n\n<p>Szanowni Pa\u0144stwo!<\/p>\n\n\n\n<p>Polskie Towarzystwo Fenomenologiczne<\/p>\n\n\n\n<p>oraz<\/p>\n\n\n\n<p>Instytut Filozofii i Socjologii PAN<\/p>\n\n\n\n<p>zapraszaj\u0105 do udzia\u0142u w cyklicznym seminarium fenomenologicznym pt.<\/p>\n\n\n\n<p><em>Czytanie: Fenomenologia Boga&nbsp;<\/em><\/p>\n\n\n\n<p>Pierwsze spotkanie odb\u0119dzie si\u0119 <strong>11 marca (poniedzia\u0142ek) 2024 r.<\/strong> o <strong>godz. 17.00 na platformie Zoom. <\/strong>Po link prosimy zg\u0142osi\u0107 si\u0119 na <a href=\"mailto:publicrelations@ifispan.edu.pl\">publicrelations@ifispan.edu.pl<\/a><\/p>\n\n\n\n<p>Polskie Towarzystwo Fenomenologiczne oraz Instytut Filozofii i Socjologii PAN zapraszaj\u0105 na seminarium organizowane w ramach cyklu Czytanie\u2026, kt\u00f3re po\u015bwi\u0119cone jest studium dzie\u0142 przedstawicieli ruchu fenomenologicznego, pracom my\u015blicieli, kt\u00f3rzy inspirowali tw\u00f3rc\u00f3w fenomenologii, oraz tych inspiruj\u0105cych si\u0119 fenomenologi\u0105, wreszcie tych, kt\u00f3rzy korzystali jedynie z fenomenologii jako metody bada\u0144. W semestrze letnim 2023\/2024 proponujemy lektur\u0119 tekst\u00f3w wybranych przedstawicieli ruchu fenomenologicznego i my\u015bli postsekularnej, po\u015bwi\u0119conych analizie problematyki Absolutu\/Boga, kt\u00f3r\u0105 poprowadz\u0105 dr Szczepan Urbaniak i dr Robert Grzywacz z Uniwersytetu Ignatianum w Krakowie.<\/p>\n\n\n\n<p>_________________________<\/p>\n\n\n\n<p>Szanowni&nbsp;Pa\u0144stwo,<br><br>&nbsp;pisz\u0119&nbsp;w&nbsp;imieniu&nbsp;Ko\u0142a&nbsp;Naukowego&nbsp;Glottodydaktyk\u00f3w&nbsp;z&nbsp;Uniwersytetu<br>\u0141\u00f3dzkiego.<br><br>&nbsp;W&nbsp;kwietniu&nbsp;bie\u017c\u0105cego&nbsp;roku&nbsp;organizujemy&nbsp;konferencj\u0119<br>studencko-doktoranck\u0105.&nbsp;Udost\u0119pniam&nbsp;cyrkularz&nbsp;z&nbsp;najwa\u017cniejszymi<br>informacjami&nbsp;(w&nbsp;za\u0142\u0105czniku)&nbsp;dla&nbsp;potencjalnie&nbsp;zainteresowanych&nbsp;os\u00f3b.<br>Prosz\u0119&nbsp;o&nbsp;jego&nbsp;rozpowszechnienie.<br><br>&nbsp;Zach\u0119camy&nbsp;do&nbsp;wzi\u0119cia&nbsp;udzia\u0142u,&nbsp;bo&nbsp;do&nbsp;odwa\u017cnych&nbsp;\u015bwiat&nbsp;nale\u017cy!:)<\/p>\n\n\n\n<p><a href=\"https:\/\/szkolydoktorskie.uwb.edu.pl\/nh\/wp-content\/uploads\/sites\/3\/2024\/03\/Cyrkularz-konferencyjny-Kolo-Naukowe-Glottodydaktykow.pdf\">Wi\u0119cej informacji<\/a><\/p>\n\n\n\n<p>__________________<\/p>\n\n\n\n<p>Szanowni Pa\u0144stwo,<\/p>\n\n\n\n<p>w imieniu organizator\u00f3w mam zaszczyt zaprosi\u0107 Pa\u0144stwa na Mi\u0119dzynarodow\u0105 Konferencj\u0119 Naukow\u0105 <em>&#8222;J\u0119zyk, literatura i kultura Bia\u0142orusi w Polsce i na \u015bwiecie. Z okazji 100-lecia urodzin Wasyla Bykaua&#8221;<\/em>, kt\u00f3ra odb\u0119dzie si\u0119 w dniach 25-26 marca 2024 r. w Warszawie.<\/p>\n\n\n\n<p><a href=\"https:\/\/szkolydoktorskie.uwb.edu.pl\/nh\/wp-content\/uploads\/sites\/3\/2024\/03\/KON1.docx\">Wi\u0119cej informacji<\/a><\/p>\n\n\n\n<p>_______________________<\/p>\n\n\n\n<p>Szanowni Pa\u0144stwo,<\/p>\n\n\n\n<p>mamy wielk\u0105 przyjemno\u015b\u0107 zaprosi\u0107 Pa\u0144stwa na og\u00f3lnopolsk\u0105 konferencj\u0119 naukow\u0105 pod has\u0142em&nbsp;<strong><em>Sytuacje performatywne. Literatura, humanistyka, edukacja<\/em><\/strong>. Konferencja odb\u0119dzie si\u0119 6\/7 czerwca br. we Wroc\u0142awiu. Organizatorem konferencji jest Zak\u0142ad Teorii Literatury Instytutu Filologii Polskiej UWr. <a href=\"https:\/\/szkolydoktorskie.uwb.edu.pl\/nh\/wp-content\/uploads\/sites\/3\/2024\/03\/Zaproszenie-na-konferencje-Sytuacje-performatywne.doc\">Informacje szczeg\u00f3\u0142owe<\/a><\/p>\n\n\n\n<p>__________________<\/p>\n\n\n\n<p>Mamy zaszczyt zaprosi\u0107 na studencko-doktoranck\u0105 konferencj\u0119 naukow\u0105 pt. &#8222;(Trans)formacje rocznik\u00f3w siedemdziesi\u0105tych. Pisarstwo autor\u00f3w urodzonych w latach 70-tych XX wieku w \u015bwietle problemu pokoleniowo\u015bci&#8221;. Konferencja odb\u0119dzie si\u0119 w dniach 15-16 kwietnia br. Przewidujemy recenzowan\u0105 publikacj\u0119 pokonferencyjn\u0105 w naszej uczelnianej serii <em>Humanistyka m\u0142odych <\/em>(dotychczas ukaza\u0142y si\u0119 trzy tomy &#8211; rokrocznie).&nbsp;<br>Na zg\u0142oszenia czekamy jeszcze do <strong>15 marca.<\/strong><\/p>\n\n\n\n<p><a href=\"https:\/\/szkolydoktorskie.uwb.edu.pl\/nh\/wp-content\/uploads\/sites\/3\/2024\/02\/Transformacje-rocznikow-siedemdziesiatych_CFP.pdf\">Informacje<\/a><\/p>\n\n\n\n<p><a href=\"https:\/\/szkolydoktorskie.uwb.edu.pl\/nh\/wp-content\/uploads\/sites\/3\/2024\/02\/Karta-uczestnika_Transformacje-rocznikow-siedemdziesiatych.docx\">Karta uczestnictwa<\/a><\/p>\n\n\n\n<p>__________________________<\/p>\n\n\n\n<p>Center for American Studies ma przyjemno\u015b\u0107 zaprosi\u0107 Pa\u0144stwa do udzia\u0142u w weekendowym kursie z wyst\u0119powania na konferencjach oraz publikowania artyku\u0142\u00f3w naukowych i rozdzia\u0142\u00f3w w monografiach z ameryka\u0144skim naukowcem, prof. Jamesem Huntem (absolwentem Harvard University): <strong>&#8222;Presenting at Conferences &amp; Publishing Research&#8221;.<\/strong><\/p>\n\n\n\n<p>W toku kursu:<\/p>\n\n\n\n<ul class=\"wp-block-list\">\n<li>Opanujesz sztuk\u0119 prezentowania bada\u0144 na (nawet najbardziej presti\u017cowych) konferencjach krajowych i mi\u0119dzynarodowych.<\/li>\n\n\n\n<li>Dowiesz si\u0119 jak szybko i skutecznie pisa\u0107 abstrakty, kt\u00f3ry sprawi\u0105, \u017ce dostaniesz si\u0119 na wymarzone konferencje.<\/li>\n\n\n\n<li>Poznasz skuteczne metody pisania i publikowania artyku\u0142\u00f3w naukowych i rozdzia\u0142\u00f3w w monografiach.<\/li>\n\n\n\n<li>Dowiesz si\u0119 jak reagowa\u0107 na krytyczne komentarze ze strony recenzent\u00f3w publikacji oraz podchwytliwe pytania w czasie paneli dyskusyjnych konferencji.<\/li>\n<\/ul>\n\n\n\n<p><strong>Damy Ci te\u017c szans\u0119 na prze\u0107wiczenie swoich umiej\u0119tno\u015bci w praktyce!<\/strong> Je\u015bli zechcesz, to zaanga\u017cujemy Ci\u0119 w przydatne \u0107wiczenia praktyczne.<\/p>\n\n\n\n<p>Do udzia\u0142u w szkoleniu serdecznie zach\u0119camy ambitnych student\u00f3w, doktorant\u00f3w oraz pracownik\u00f3w naukowych.<\/p>\n\n\n\n<p><strong>Termin kursu:<\/strong> 29-30 marca 2024 (zaczynamy w pi\u0105tek wieczorem i ko\u0144czymy w sobot\u0119 po po\u0142udniu). Sugerujemy rejestrowa\u0107 si\u0119 do 23 marca 2024 (termin rejestracji z rabatem early-bird). Liczba miejsc jest ograniczona!<\/p>\n\n\n\n<p><strong>Wi\u0119cej informacji o zapisach:<\/strong> <a href=\"https:\/\/fb.me\/e\/5VYTQJqdT\" target=\"_blank\" rel=\"noreferrer noopener\">https:\/\/fb.me\/e\/5VYTQJqdT<\/a><\/p>\n\n\n\n<p>______________<\/p>\n\n\n\n<p>Center&nbsp;for&nbsp;American&nbsp;Studies&nbsp;ma&nbsp;przyjemno\u015b\u0107&nbsp;zaprosi\u0107&nbsp;Pa\u0144stwa&nbsp;do<br>udzia\u0142u&nbsp;w&nbsp;weekendowym&nbsp;kursie&nbsp;z&nbsp;wyst\u0119powania&nbsp;na&nbsp;konferencjach&nbsp;oraz<br>publikowania&nbsp;artyku\u0142\u00f3w&nbsp;naukowych&nbsp;i&nbsp;rozdzia\u0142\u00f3w&nbsp;w&nbsp;monografiach&nbsp;z<br>ameryka\u0144skim&nbsp;naukowcem,&nbsp;prof.&nbsp;Jamesem&nbsp;Huntem&nbsp;(absolwentem&nbsp;Harvard<br>University):&nbsp;\u201cPRESENTING&nbsp;AT&nbsp;CONFERENCES&nbsp;&amp;&nbsp;PUBLISHING&nbsp;RESEARCH\u201d.<br><br>&nbsp;W&nbsp;toku&nbsp;kursu:<br><br>&nbsp;&nbsp;&nbsp;&nbsp;&nbsp;*&nbsp;Opanujesz&nbsp;sztuk\u0119&nbsp;prezentowania&nbsp;bada\u0144&nbsp;na&nbsp;(nawet&nbsp;najbardziej<br>presti\u017cowych)&nbsp;konferencjach&nbsp;krajowych&nbsp;i&nbsp;mi\u0119dzynarodowych.<br>&nbsp;&nbsp;&nbsp;&nbsp;&nbsp;*&nbsp;Dowiesz&nbsp;si\u0119&nbsp;jak&nbsp;szybko&nbsp;i&nbsp;skutecznie&nbsp;pisa\u0107&nbsp;abstrakty,&nbsp;kt\u00f3ry<br>sprawi\u0105,&nbsp;\u017ce&nbsp;dostaniesz&nbsp;si\u0119&nbsp;na&nbsp;wymarzone&nbsp;konferencje.<br>&nbsp;&nbsp;&nbsp;&nbsp;&nbsp;*&nbsp;Poznasz&nbsp;skuteczne&nbsp;metody&nbsp;pisania&nbsp;i&nbsp;publikowania&nbsp;artyku\u0142\u00f3w<br>naukowych&nbsp;i&nbsp;rozdzia\u0142\u00f3w&nbsp;w&nbsp;monografiach.<br>&nbsp;&nbsp;&nbsp;&nbsp;&nbsp;*&nbsp;Dowiesz&nbsp;si\u0119&nbsp;jak&nbsp;reagowa\u0107&nbsp;na&nbsp;krytyczne&nbsp;komentarze&nbsp;ze&nbsp;strony<br>recenzent\u00f3w&nbsp;publikacji&nbsp;oraz&nbsp;podchwytliwe&nbsp;pytania&nbsp;w&nbsp;czasie&nbsp;paneli<br>dyskusyjnych&nbsp;konferencji.<br><br>&nbsp;DAMY&nbsp;CI&nbsp;TE\u017b&nbsp;SZANS\u0118&nbsp;NA&nbsp;PRZE\u0106WICZENIE&nbsp;SWOICH&nbsp;UMIEJ\u0118TNO\u015aCI&nbsp;W<br>PRAKTYCE!&nbsp;Je\u015bli&nbsp;zechcesz,&nbsp;to&nbsp;zaanga\u017cujemy&nbsp;Ci\u0119&nbsp;w&nbsp;przydatne&nbsp;\u0107wiczenia<br>praktyczne.<br><br>&nbsp;Do&nbsp;udzia\u0142u&nbsp;w&nbsp;szkoleniu&nbsp;serdecznie&nbsp;zach\u0119camy&nbsp;ambitnych&nbsp;student\u00f3w,<br>doktorant\u00f3w&nbsp;oraz&nbsp;pracownik\u00f3w&nbsp;naukowych.<br><br>&nbsp;TERMIN&nbsp;KURSU:&nbsp;29-30&nbsp;marca&nbsp;2024&nbsp;(zaczynamy&nbsp;w&nbsp;pi\u0105tek&nbsp;wieczorem&nbsp;i<br>ko\u0144czymy&nbsp;w&nbsp;sobot\u0119&nbsp;po&nbsp;po\u0142udniu).&nbsp;Sugerujemy&nbsp;rejestrowa\u0107&nbsp;si\u0119&nbsp;do&nbsp;23<br>marca&nbsp;2024&nbsp;(termin&nbsp;rejestracji&nbsp;z&nbsp;rabatem&nbsp;early-bird).&nbsp;Liczba&nbsp;miejsc&nbsp;jest<br>ograniczona!<br><br>&nbsp;WI\u0118CEJ&nbsp;INFORMACJI&nbsp;O&nbsp;ZAPISACH:&nbsp;<a href=\"https:\/\/fb.me\/e\/5VYTQJqdT\" target=\"_blank\" rel=\"noreferrer noopener\">https:\/\/fb.me\/e\/5VYTQJqdT<\/a><br><br>Links:<br>&#8212;&#8212;<br>[1] <a href=\"https:\/\/cfasofficial.com\/pl\/wysylka\/unsubscribe\/d.kulesza@uwb.edu.pl\/\" target=\"_blank\" rel=\"noreferrer noopener\">https:\/\/cfasofficial.com\/pl\/wysylka\/unsubscribe\/d.kulesza@uwb.edu.pl\/<\/a><\/p>\n\n\n\n<p>_____________________<\/p>\n\n\n\n<p>Ko\u0142o Naukowe Polonist\u00f3w oraz Instytut J\u0119zykoznawstwa i Literaturoznawstwa Uniwersytetu w Siedlcach<\/p>\n\n\n\n<p>zapraszaj\u0105 do wzi\u0119cia udzia\u0142u w krajowej konferencji studencko-doktoranckiej<\/p>\n\n\n\n<p><strong><em>Oniryczne labirynty: marzenia senne i wyobra\u017ania w literaturze, kulturze i j\u0119zyku<\/em><\/strong><\/p>\n\n\n\n<p><strong>Siedlce, 7 czerwca 2024<\/strong>, <strong>Wydzia\u0142 Nauk Humanistycznych i Spo\u0142ecznych<\/strong><\/p>\n\n\n\n<p><a href=\"https:\/\/szkolydoktorskie.uwb.edu.pl\/nh\/wp-content\/uploads\/sites\/3\/2024\/02\/Zaproszenie-konferencja_KNP.docx\">Informacje<\/a><\/p>\n\n\n\n<p>___________________<\/p>\n\n\n\n<p>Szanowni&nbsp;Pa\u0144stwo,<br><br>Ko\u0142o&nbsp;Naukowe&nbsp;Slawist\u00f3w&nbsp;Uniwersytetu&nbsp;Warszawskiego&nbsp;serdecznie&nbsp;zaprasza<br>na&nbsp;organizowan\u0105&nbsp;przez&nbsp;nas&nbsp;_MI\u0118DZYNARODOW\u0104&nbsp;KONFERENCJ\u0118<br>STUDENCKO-DOKTORANCK\u0104&nbsp;&#8222;M\u0141ODA&nbsp;SLAWISTYKA&#8221;._<br><br>Konferencja&nbsp;odb\u0119dzie&nbsp;si\u0119&nbsp;w&nbsp;dniach&nbsp;12-13&nbsp;kwietnia&nbsp;2024&nbsp;roku&nbsp;na<br>Uniwersytecie&nbsp;Warszawskim.<br><br>PLANUJEMY&nbsp;WYDANIE&nbsp;PUBLIKACJI&nbsp;POKONFERENCYJNEJ.<br><br>Formularz&nbsp;zg\u0142oszeniowy&nbsp;dost\u0119pny&nbsp;jest&nbsp;pod&nbsp;linkiem:<br><a href=\"https:\/\/tiny.pl\/dqgcr\" target=\"_blank\" rel=\"noreferrer noopener\">https:\/\/tiny.pl\/dqgcr<\/a>.<br><br>Wszystkie&nbsp;istotne&nbsp;informacje&nbsp;przesy\u0142amy&nbsp;w&nbsp;za\u0142\u0105czniku.&nbsp;W&nbsp;razie&nbsp;pyta\u0144<br>pozostajemy&nbsp;do&nbsp;Pa\u0144stwa&nbsp;dyspozycji&nbsp;(<a href=\"mailto:kn.slawistow@uw.edu.pl\">kn.slawistow@uw.edu.pl<\/a>).<br><br>Liczymy&nbsp;na&nbsp;Pa\u0144stwa&nbsp;obecno\u015b\u0107!<br><br>Z&nbsp;wyrazami&nbsp;szacunku,<br>Kinga&nbsp;Stanaszek<\/p>\n\n\n\n<p>_____________________<\/p>\n\n\n\n<p>Szanowni Pa\u0144stwo,<\/p>\n\n\n\n<p>zapraszamy wszystkich zainteresowanych do wzi\u0119cia udzia\u0142u w<\/p>\n\n\n\n<p><strong>XVI edycji Og\u00f3lnopolskiej Studencko-Doktoranckiej J\u0119zykoznawczej Konferencji Naukowej pt. J\u0118ZYK W POZNANIU<\/strong><\/p>\n\n\n\n<p>kt\u00f3ra odb\u0119dzie si\u0119 dnia <strong>12 kwietnia 2024 <\/strong>roku na Wydziale Neofilologii UAM w formie hybrydowej.<\/p>\n\n\n\n<p>Konferencja J\u0118ZYK W POZNANIU to cykliczne spotkanie m\u0142odych naukowc\u00f3w z ca\u0142ej Polski, kt\u00f3rzy podczas swoich wyst\u0105pie\u0144 maj\u0105 szans\u0119 podzieli\u0107 si\u0119 zainteresowaniami i przemy\u015bleniami j\u0119zykoznawczymi.<\/p>\n\n\n\n<p>Zach\u0119camy Student\u00f3w i Doktorant\u00f3w do nadsy\u0142ania zg\u0142osze\u0144 z propozycjami 20-minutowych wyst\u0105pie\u0144 dotycz\u0105cych szeroko rozumianego j\u0119zykoznawstwa.<\/p>\n\n\n\n<p>Zg\u0142oszenie udzia\u0142u w Konferencji (z referatem i bez referatu) mo\u017cliwe jest za pomoc\u0105 formularza internetowego dost\u0119pnego pod poni\u017cszym linkiem:<\/p>\n\n\n\n<figure class=\"wp-block-embed\"><div class=\"wp-block-embed__wrapper\">\nhttps:\/\/forms.office.com\/e\/JQvLLJC2rB\n<\/div><\/figure>\n\n\n\n<p>Udzia\u0142 w Konferencji jest bezp\u0142atny. Ponadto zapewniamy bezp\u0142atn\u0105 publikacj\u0119 najlepszych artyku\u0142\u00f3w.<\/p>\n\n\n\n<ul class=\"wp-block-list\">\n<li>Termin nadsy\u0142ania zg\u0142osze\u0144 mija <strong>24 marca 2024 r<\/strong>.<\/li>\n\n\n\n<li>Informacje o przyj\u0119ciu zg\u0142oszenia roze\u015blemy <strong>29 marca 2024 r.<\/strong><\/li>\n<\/ul>\n\n\n\n<p>W razie jakichkolwiek pyta\u0144 prosimy o kontakt: konferencjajwp@amu.edu.pl<\/p>\n\n\n\n<p>Serdecznie zapraszamy!<\/p>\n\n\n\n<p>_____________________________<\/p>\n\n\n\n<p>W imieniu organizator\u00f3w&nbsp;<strong>Doktorancko-Studenckich Seminari\u00f3w Naukowych<\/strong>&nbsp;organizowanych w I<\/p>\n\n\n\n<p>Serdecznie zapraszamy do udzia\u0142u w X Doktorancko-Studenckim Seminarium Naukowym organizowanym w Instytucie Nauk Teologicznych Uniwersytetu Szczeci\u0144skiego w ramach cyklu \u201eInterdyscyplinarne Laboratorium Bada\u0144 nad Chrze\u015bcija\u0144stwem&#8221;.&nbsp;<\/p>\n\n\n\n<p>Tematem przewodnim b\u0119dzie wyk\u0142ad:&nbsp;<strong>\u201e<\/strong><strong>Spotkanie Wschodu i Zachodu. Katoliccy my\u015bliciele wobec duchowo\u015bci azjatyckiej<\/strong><strong>&#8222;<\/strong>.&nbsp;<strong>Ekspertem b\u0119dzie Piotr Goniszewski z Instytutu Nauk Teologicznych Uniwersytetu Szczeci\u0144skiego, teolog, biblista, Zast\u0119pca Dyrektora Instytut Nauk Teologicznych US. Spotkanie b\u0119dzie moderowa\u0142 ks. dr hab. Andrzej Dragu\u0142a, prof. US, Przewodnicz\u0105cy Rady Naukowej INT US.<\/strong><\/p>\n\n\n\n<p>Seminarium odb\u0119dzie si\u0119&nbsp;<strong>21 lutego 2024 roku<\/strong>&nbsp;<strong>o godz. 16:30&nbsp;<\/strong>i b\u0119dzie mia\u0142o form\u0119 hybrydow\u0105. Stacjonarnie w INT US \u2013 ul. Paw\u0142a VI nr 2 w Szczecinie lub online przez platform\u0119 MS Teams (link zostanie przes\u0142any do zarejestrowanych uczestnik\u00f3w).&nbsp;<\/p>\n\n\n\n<p><strong>Obowi\u0105zkowe zapisy do 19 lutego (poniedzia\u0142ek):&nbsp;<\/strong><a href=\"https:\/\/tiny.pl\/dh15l\" target=\"_blank\" rel=\"noreferrer noopener\">https:\/\/tiny.pl\/dh15l<\/a><\/p>\n\n\n\n<p><strong>Wydarzenie FB:<\/strong>&nbsp;&nbsp;<a href=\"https:\/\/tiny.pl\/dhjk9\" target=\"_blank\" rel=\"noreferrer noopener\">https:\/\/tiny.pl\/dhjk9<\/a><\/p>\n\n\n\n<p>____________________________<\/p>\n\n\n\n<p>IV Kongresu M\u0142odej Nauki<\/p>\n\n\n\n<p>Zapraszamy do wzi\u0119cia udzia\u0142u w IV Kongresie M\u0142odej Nauki, kt\u00f3ry odb\u0119dzie si\u0119 na Uniwersytecie Gda\u0144skim w dniach 11-13 lipca 2024 roku.<\/p>\n\n\n\n<p>Rejestracja odbywa si\u0119 pod linkiem <a href=\"https:\/\/forms.gle\/7VTRC755ZHGTabH19\" target=\"_blank\" rel=\"noreferrer noopener\">https:\/\/forms.gle\/7VTRC755ZHGTabH19<\/a>. Zapisy dla organizator\u00f3w paneli ko\u0144cz\u0105 si\u0119 <strong>19 marca<\/strong>&nbsp;lub w przypadku <strong>wyczerpania limitu miejsc<\/strong>.<\/p>\n\n\n\n<p>IV Kongres M\u0142odej Nauki to wyj\u0105tkowa okazja dla m\u0142odych naukowc\u00f3w, aby zaprezentowa\u0107 wyniki bada\u0144, podzieli\u0107 si\u0119 swoimi tezami i nawi\u0105za\u0107 cenne kontakty naukowe. Wydarzenie ma mi\u0119dzynarodowy i Multidyscyplinarna charakter, \u0142\u0105cz\u0105cy r\u00f3\u017cnorodne dziedziny naukowe.<\/p>\n\n\n\n<p>Cho\u0107 proces zg\u0142aszania paneli naukowych dopiero si\u0119 zaczyna, zapewniamy, \u017ce program b\u0119dzie r\u00f3\u017cnorodny i inspiruj\u0105cy, tak jak w poprzednich edycjach. Zaplanowane s\u0105 sesje i dyskusje, kt\u00f3re obejmuj\u0105 szerokie spektrum tematyczne, od nauk \u015bcis\u0142ych po humanistyczne, co b\u0119dzie stanowi\u0142o znakomit\u0105 okazj\u0119 do wymiany my\u015bli i do\u015bwiadcze\u0144. Tematyka paneli nie jest ograniczona.<\/p>\n\n\n\n<p>Jeste\u015bmy te\u017c szczeg\u00f3lnie zaszczyceni mo\u017cliwo\u015bci\u0105 zaproszenia Pa\u0144stwa do roli moderator\u00f3w poszczeg\u00f3lnych paneli. Jako moderatorzy, b\u0119dziecie mieli okazj\u0119 nie tylko kierowa\u0107 dyskusj\u0105, ale tak\u017ce wp\u0142ywa\u0107 na kszta\u0142towanie przestrzeni naukowej podczas Kongresu.<\/p>\n\n\n\n<p>Kilka najwa\u017cniejszych informacji o panelach:<\/p>\n\n\n\n<ul class=\"wp-block-list\">\n<li>Potrzebny jest opiekun naukowy panelu, kt\u00f3ry weryfikuje poziom merytoryczny panelu. Opiekun naukowy powinien posiada\u0107 co najmniej stopie\u0144 doktora. Jego zadaniem b\u0119dzie dopuszczenie zg\u0142aszanych referat\u00f3w do wyst\u0105pienia w panelu na podstawie przes\u0142anych przez prelegent\u00f3w abstrakt\u00f3w;<\/li>\n\n\n\n<li>Uzupe\u0142nienie formularza zg\u0142oszeniowego \u2013 zajmuje to tylko chwil\u0119! Potrzebna jest nazwa panelu, kr\u00f3tki opis, kilka informacji o panelu i skan zgody opiekuna naukowego.<\/li>\n\n\n\n<li>By panel m\u00f3g\u0142 wystartowa\u0107, musz\u0105 zosta\u0107 do niego zosta\u0107 zg\u0142oszone minimalnie 3 referaty zaakceptowane przez Opiekuna naukowego;<\/li>\n\n\n\n<li>Moderator\/organizator prowadzi panel w trakcie trwania Kongresu, wr\u0119cza uczestnikom za\u015bwiadczenia i uzupe\u0142nia kr\u00f3tk\u0105 dokumentacj\u0119.<\/li>\n<\/ul>\n\n\n\n<p>Po zako\u0144czeniu Kongresu uczestnicy b\u0119d\u0105 mieli mo\u017cliwo\u015b\u0107 publikacji pokonferencyjnej artyku\u0142\u00f3w w czasopi\u015bmie \u201eProgress \u2013 Journal of Young Researchers&#8221;, kt\u00f3re jest wydawane na Uniwersytecie Gda\u0144skim od 2016 roku. Publikuj\u0105 w nim przedstawiciele szeregu dyscyplin naukowych i jest skierowane g\u0142\u00f3wnie dla student\u00f3w, doktorant\u00f3w i m\u0142odych naukowc\u00f3w.<\/p>\n\n\n\n<p>Koszt uczestnictwa w Kongresie wynosi 490 z\u0142, natomiast dla organizator\u00f3w paneli przewidziana jest stawka w wysoko\u015bci 390 z\u0142. W ramach op\u0142aty zapewniamy uczestnikom pe\u0142ne wy\u017cywienie oraz udzia\u0142 we wszystkich zaplanowanych punktach programu. Mo\u017cliwe jest zakwaterowanie po preferencyjnej cenie (32,40 z\u0142 za osobo-dob\u0119 netto) w domach studenckich Uniwersytetu Gda\u0144skiego w Oliwie.<\/p>\n\n\n\n<p>Zach\u0119camy do zapoznania si\u0119 ze szczeg\u00f3\u0142ami dotycz\u0105cymi Kongresu oraz rejestracji na naszej stronie internetowej (<a href=\"https:\/\/kongresmlodejnauki.ug.edu.pl\/\" target=\"_blank\" rel=\"noreferrer noopener\">https:\/\/kongresmlodejnauki.ug.edu.pl\/<\/a>). Je\u015bli maj\u0105 Pa\u0144stwo jakiekolwiek pytania, nasz zesp\u00f3\u0142 jest do Pa\u0144stwa dyspozycji pod adresem e-mail <a href=\"mailto:kongresmlodejnauki@ug.edu.pl\">kongresmlodejnauki@ug.edu.pl<\/a> oraz telefonicznie pod numerem 725 992&nbsp;266.<\/p>\n\n\n\n<p>Z niecierpliwo\u015bci\u0105 wyczekujemy Pa\u0144stwa udzia\u0142u w IV Kongresie M\u0142odej Nauki i mamy nadziej\u0119, \u017ce b\u0119dzie to czas owocnej naukowej wymiany i rozwoju.<\/p>\n\n\n\n<p>Link do rejestracji: <a href=\"https:\/\/forms.gle\/7VTRC755ZHGTabH19\" target=\"_blank\" rel=\"noreferrer noopener\">https:\/\/forms.gle\/7VTRC755ZHGTabH19<\/a>. Zapisy dla organizator\u00f3w paneli ko\u0144cz\u0105 si\u0119 <strong>19 marca<\/strong>&nbsp;lub w przypadku <strong>wyczerpania limitu miejsc<\/strong>.<\/p>\n\n\n\n<p>Serdecznie pozdrawiamy,<\/p>\n\n\n\n<p>Komitet Organizacyjny<\/p>\n\n\n\n<p>IV Kongresu M\u0142odej Nauki<\/p>\n\n\n\n<p>_________________________<\/p>\n\n\n\n<p>Szanowni Pa\u0144stwo,<\/p>\n\n\n\n<p>wraz z pozosta\u0142ymi wsp\u00f3\u0142organizatorami zapraszamy serdecznie do wzi\u0119cia udzia\u0142u w sympozjum o wsp\u00f3\u0142czesnej poezji kresowej. Wszelkie informacje oraz formularz zg\u0142oszeniowy znajd\u0105 Pa\u0144stwo poni\u017cej.<br>Zach\u0119camy do skorzystanie z naszego zaproszenia.<br>Z wyrami szacunku &#8211; Leszek Jazownik i Dorota Kulczycka<\/p>\n\n\n\n<p>Instytut Filologii Polskiej<br>Wydzia\u0142 Humanistyczny<br>Uniwersytet Zielonog\u00f3rski<\/p>\n\n\n\n<p><a href=\"https:\/\/szkolydoktorskie.uwb.edu.pl\/nh\/wp-content\/uploads\/sites\/3\/2024\/02\/KRESY-POEZJA-09.10.2024.doc\">Informacje<\/a><\/p>\n\n\n\n<p>_____________________<\/p>\n\n\n\n<p>Szanowne Kole\u017canki i Koledzy,<br>Do\u0142\u0105czcie do nas na nadchodz\u0105cych konferencjach naukowych dotycz\u0105cych rolnictwa i \u017cywno\u015bci; ekologii i bezpiecze\u0144stwa; materia\u0142\u00f3w, metod, technologii; ekonomii i biznesu; edukacji i bada\u0144; j\u0119zyka, osobowo\u015bci i spo\u0142ecze\u0144stwa.<\/p>\n\n\n\n<p><a href=\"https:\/\/sci-edu.org\/2023\" target=\"_blank\" rel=\"noreferrer noopener\">Konferencje<\/a>&nbsp;odb\u0119d\u0105 si\u0119 w Burgas, w Bu\u0142garii, w dniach od 12 do 24 sierpnia.Te coroczne konferencje s\u0105 kluczow\u0105 platform\u0105 dla profesjonalist\u00f3w z r\u00f3\u017cnych \u015brodowisk naukowych do \u0142\u0105czenia si\u0119, dzielenia si\u0119 wiedz\u0105 i rozszerzania swoich sieci zawodowych od ponad 30 lat. Nasze czasopisma naukowe o&nbsp;<\/p>\n\n\n\n<p><a href=\"https:\/\/sci-edu.org\/publications\" target=\"_blank\" rel=\"noreferrer noopener\">otwartym dost\u0119pie (ISP)<\/a>&nbsp;zach\u0119caj\u0105 do prowadzenia bada\u0144 interdyscyplinarnych, a Pa\u0144stwa obecno\u015b\u0107 b\u0119dzie cennym wk\u0142adem w sukces konferencji.&nbsp; Aby potwierdzi\u0107 swoj\u0105 obecno\u015b\u0107, prosimy o&nbsp;<\/p>\n\n\n\n<p><a href=\"https:\/\/sci-edu.org\/2023\" target=\"_blank\" rel=\"noreferrer noopener\">rejestracj\u0119 online<\/a>&nbsp;na stronie internetowej konferencji. W razie jakichkolwiek pyta\u0144 prosimy o kontakt mailowy. Dzi\u0119kujemy za rozwa\u017cenie naszego zaproszenia. Liczymy na Pa\u0144stwa obecno\u015b\u0107 i udzia\u0142 w konferencji. <\/p>\n\n\n\n<p>Z wyrazami szacunku, Komitet Organizacyjny Mi\u0119dzynarodowe Wydarzenia Naukowe, Bu\u0142garia<\/p>\n\n\n\n<p>_______________________<\/p>\n\n\n\n<p><span style=\"font-family: Aptos, sans-serif;font-size: 12pt;color: black\">Ko\u0142o Naukowe Glottodydaktyk\u00f3w z Uniwersytetu \u0141\u00f3dzkiego<\/span> <span style=\"font-family: Aptos, sans-serif;font-size: 12pt;color: black\">organizuje konferencj\u0119 studencko-doktoranck\u0105 <\/span><\/p>\n\n\n\n<p>AKTYWIZACJA \u2013 INNOWACJA \u2013 AKULTURACJA.<br>(GLOTTO)DYDAKTYKA A KRYZYS MIGRACYJNY. <span style=\"font-family: Aptos, sans-serif;font-size: 12pt;color: black\">. <\/span><div id=\"mainscreen\"><div id=\"mainscreencontent\"><div id=\"mailview-right\" class=\"uibox\" role=\"main\"><div id=\"messagecontent\"><div class=\"leftcol\" role=\"region\" aria-labelledby=\"aria-label-messagebody\"><div id=\"messagebody\"><div class=\"message-htmlpart\" id=\"message-htmlpart1\"><div class=\"rcmBody\" dir=\"ltr\"><p style=\"text-align: left;background-color: white;margin: 0cm\" class=\"elementToProof\"> <span style=\"font-family: Aptos, sans-serif;font-size: 12pt;color: black\">Termin  przyjmowania zg\u0142osze\u0144 zosta\u0142 &#8211; do 18.02.2024. <\/span><span style=\", sans-serif;font-size: 13.5pt;color: black\">\u00a0<\/span><\/p><\/div><\/div><\/div><\/div><\/div><\/div><\/div><\/div><a href=\"https:\/\/szkolydoktorskie.uwb.edu.pl\/nh\/wp-content\/uploads\/sites\/3\/2024\/01\/Cyrkularz-konferencyjny-Kolo-Naukowe-Glottodydaktykow.pdf\">Informacje<\/a><\/p>\n\n\n\n<p>______________<\/p>\n\n\n\n<p>Zak\u0142ad Literatury Pozytywizmu i M\u0142odej Polski Uniwersytetu \u0141\u00f3dzkiego oraz Zak\u0142ad Literatury Polskiej Uniwersytetu Jana Kochanowskiego w Kielcach maj\u0105 zaszczyt zaprosi\u0107 Pa\u0144stwa na og\u00f3lnopolsk\u0105 konferencj\u0119 naukow\u0105&nbsp;<strong><em>Reymont &#8211; stulecie Nobla<\/em><\/strong>, kt\u00f3ra odb\u0119dzie si\u0119 w dniach&nbsp;<strong>13-15 listopada<\/strong>&nbsp;<strong>2024 r.<\/strong>&nbsp;na Wydziale Filologicznym U\u0141.<\/p>\n\n\n\n<p>Chcieliby\u015bmy, aby stulecie otrzymania literackiej nagrody Nobla sta\u0142o si\u0119 okazj\u0105 do ponowienia dyskusji o tym niezwyk\u0142ym pisarzu, obdarzonym samorodnym, \u017cywio\u0142owym talentem.<\/p>\n\n\n\n<p>Na Pa\u0144stwa propozycje, zawieraj\u0105ce tematy wyst\u0105pie\u0144 oraz abstrakty czekamy&nbsp;<strong>do ko\u0144ca kwietnia 2024 roku<\/strong>. Prosimy o przesy\u0142anie wype\u0142nionego formularza zg\u0142oszeniowego (w za\u0142\u0105czniku) na adres mailowy&nbsp;<strong>reymont.stulecie@filologia.uni.lodz.pl<\/strong><\/p>\n\n\n\n<p><a href=\"https:\/\/szkolydoktorskie.uwb.edu.pl\/nh\/wp-content\/uploads\/sites\/3\/2024\/01\/Zaproszenie-Reymont-stulecie-Nobla-1.pdf\">Zaproszenie<\/a><\/p>\n\n\n\n<p><a href=\"https:\/\/szkolydoktorskie.uwb.edu.pl\/nh\/wp-content\/uploads\/sites\/3\/2024\/01\/Formularz-zgloszeniowy-konferencja-Reymont-stulecie-Nobla.doc\">Formularz zg\u0142oszeniowy<\/a><\/p>\n\n\n\n<p>______________________________________<\/p>\n\n\n\n<p><strong>ZAPROSZENIE DO UDZIA\u0141U<\/strong><\/p>\n\n\n\n<p><strong>W III SEMINARIUM NAUKOWYM IM. PROF. EDWARDA W\u0141ODARCZYKA<\/strong><\/p>\n\n\n\n<p>Szanowni Pa\u0144stwo,<\/p>\n\n\n\n<p>Instytut Historyczny Uniwersytetu Szczeci\u0144skiego w dniu <strong>12 kwietnia 2024<\/strong> roku organizuje <strong>III&nbsp;Seminarium Naukowe im. Prof. Edwarda W\u0142odarczyka<\/strong>. Celem spotkania jest dyskusja nad projektami badawczymi dotycz\u0105cymi problematyki, kt\u00f3r\u0105 zajmowa\u0142 si\u0119 Patron Seminarium. W&nbsp;kr\u0105g zainteresowania wchodzi historia spo\u0142eczno-gospodarcza miast i region\u00f3w p\u00f3\u0142nocnych i&nbsp;zachodnich ziem polskich oraz tzw. Wielkiego Niemieckiego Wschodu, a tak\u017ce sprawy ba\u0142tyckie w r\u00f3\u017cnych epokach, ze szczeg\u00f3lnym uwzgl\u0119dnieniem XVIII-XX wieku.<\/p>\n\n\n\n<p>Seminarium ma za zadanie integrowa\u0107 badaczy, stanowi\u0105c forum wymiany do\u015bwiadcze\u0144 i&nbsp;\u017cywej dyskusji nad realizowanymi projektami badawczymi, zw\u0142aszcza w ramach rozpraw doktorskich i habilitacyjnych.<\/p>\n\n\n\n<p>Zg\u0142oszenia udzia\u0142u prosimy kierowa\u0107 na adres <a href=\"mailto:dyrektor.his@usz.edu.pl\">dyrektor.his@usz.edu.pl<\/a> do <strong>29 lutego 2024 r. <\/strong>Powinny one zawiera\u0107: tytu\u0142\/stopie\u0144, imi\u0119 i nazwisko, afiliacj\u0119, temat wyst\u0105pienia i jego zapowied\u017a (do 1200 znak\u00f3w).<\/p>\n\n\n\n<p>Informacj\u0119 o porz\u0105dku wyst\u0105pie\u0144 oraz szczeg\u00f3\u0142ach organizacyjnych seminarium b\u0119d\u0105 przekazane zainteresowanym do <strong>8 marca 2024 r.<\/strong><\/p>\n\n\n\n<p>_______________<\/p>\n\n\n\n<p>Szanowni Pa\u0144stwo,<\/p>\n\n\n\n<p>w imieniu organizator\u00f3w mam zaszczyt zaprosi\u0107 Pa\u0144stwa na Mi\u0119dzynarodow\u0105 Konferencj\u0119 Naukow\u0105 J\u0119zyk, literatura i kultura Bia\u0142orusi w Polsce i na \u015bwiecie, kt\u00f3ra odb\u0119dzie si\u0119 w dniach 25-26 marca 2024 r. w Warszawie. Niezb\u0119dne informacje znajduj\u0105 si\u0119 w za\u0142\u0105cznikach.&nbsp;<\/p>\n\n\n\n<p>Uprzejmie prosz\u0119 o przekazanie wiadomo\u015bci Pa\u0144stwa Pracownikom.<\/p>\n\n\n\n<p>Z powa\u017caniem,<\/p>\n\n\n\n<p>Katarzyna Drozd-Urba\u0144ska<\/p>\n\n\n\n<p>Komitet Organizacyjny Konferencji<\/p>\n\n\n\n<p><a href=\"https:\/\/szkolydoktorskie.uwb.edu.pl\/nh\/wp-content\/uploads\/sites\/3\/2024\/01\/konferencja.pdf\">Konferencja<\/a><\/p>\n\n\n\n<p><a href=\"https:\/\/szkolydoktorskie.uwb.edu.pl\/nh\/wp-content\/uploads\/sites\/3\/2024\/01\/konferencja-zgloszenie.docx\">Zg\u0142oszenie na konferencj\u0119<\/a><\/p>\n\n\n\n<p><\/p>\n\n\n\n<p><\/p>\n\n\n\n<p><\/p>\n\n\n\n<p>_________<\/p>\n\n\n\n<p>Center for American Studies ma przyjemno\u015b\u0107 zaprosi\u0107 Pa\u0144stwa do udzia\u0142u synchronicznym weekendowym kursie z naukowego pisania w j\u0119zyku angielskim pt. <strong>&#8222;Academic Writing Made Easy&#8221; z prof. Robert\u0105 Ward (wyk\u0142adowczyni\u0105 na presti\u017cowym University of California at Davis).<\/strong><\/p>\n\n\n\n<p>W toku kursu:<\/p>\n\n\n\n<ul class=\"wp-block-list\">\n<li>Opanujesz sztuk\u0119 pisania akademickiego w j\u0119zyku angielskim i wypracujesz sw\u00f3j w\u0142asny styl<\/li>\n\n\n\n<li>Dowiesz si\u0119 jak szybko i skutecznie pisa\u0107 teksty naukowe, kt\u00f3re sprawi\u0105, \u017ce osi\u0105gniesz wymarzone cele i dostaniesz si\u0119 na presti\u017cowe konferencje<\/li>\n\n\n\n<li>Poznasz efektywne metody pisania artyku\u0142\u00f3w naukowych i rozdzia\u0142\u00f3w w monografiach do topowych czasopism i wydawnictw<\/li>\n\n\n\n<li>Dowiesz si\u0119, jakie s\u0105 najcz\u0119stsze b\u0142\u0119dy w pracach naukowych oraz jak ich skutecznie unika\u0107<\/li>\n\n\n\n<li>Zrozumiesz angielsk\u0105 &#8222;akademick\u0105 gramatyk\u0119&#8221;, w tym mi\u0119dzy innymi: przypadki, prawid\u0142owe u\u017cycie przedimk\u00f3w, uzgadnianie czas\u00f3w, sposoby unikania strony biernej, zwroty przys\u0142\u00f3wkowe i przymiotnikowe, struktur\u0119 zda\u0144 w j\u0119zyku akademickim i wiele wi\u0119cej<\/li>\n<\/ul>\n\n\n\n<p><strong>Damy Ci te\u017c szans\u0119 na prze\u0107wiczenie swoich umiej\u0119tno\u015bci w praktyce!<\/strong> Je\u015bli zechcesz, to zaanga\u017cujemy Ci\u0119 w przydatne \u0107wiczenia praktyczne.<\/p>\n\n\n\n<p>Do udzia\u0142u w szkoleniu serdecznie zach\u0119camy ambitnych student\u00f3w, doktorant\u00f3w oraz pracownik\u00f3w naukowych.<\/p>\n\n\n\n<p><strong>Termin kursu:<\/strong> 8-9 grudnia 2023 (zaczynamy w pi\u0105tek wieczorem i ko\u0144czymy w sobot\u0119 po po\u0142udniu). Sugerujemy rejestrowa\u0107 si\u0119 do 1 grudnia 2023.<\/p>\n\n\n\n<p>Uwaga: Liczba miejsc jest ograniczona!<\/p>\n\n\n\n<p><strong>Wi\u0119cej informacji o zapisach:<\/strong> <a href=\"https:\/\/fb.me\/e\/e57bsmMGW\" target=\"_blank\" rel=\"noreferrer noopener\">https:\/\/fb.me\/e\/e57bsmMGW<\/a><\/p>\n\n\n\n<p>_______________<\/p>\n\n\n\n<p>O\u015brodek Bada\u0144 nad Kulturowymi Dyskursami Choroby UJ zapraszamy do udzia\u0142u &#8211; zar\u00f3wno czynnego jak i biernego &#8211; w kolejnym seminarium&nbsp;teoretycznoliterackim, kt\u00f3re odb\u0119dzie si\u0119 w dniu&nbsp;17.11.2023&nbsp;r. Tym razem chcemy podyskutowa\u0107 na temat teorii tekst\u00f3w auto\/patograficznych &#8211; szczeg\u00f3\u0142owe informacje znajduj\u0105 si\u0119 w za\u0142\u0105czniku.<br>Byliby\u015bmy wdzi\u0119czni za udost\u0119pnienie informacji i serdecznie zapraszamy do udzia\u0142u.&nbsp;<br>Informacje o spotkaniu mo\u017cna znale\u017a\u0107 r\u00f3wnie\u017c tutaj:&nbsp;<a href=\"https:\/\/facebook.com\/events\/s\/seminarium-ii-2023-autopatogra\/673841531514622\/\" target=\"_blank\" rel=\"noreferrer noopener\">https:\/\/facebook.com\/events\/s\/seminarium-ii-2023-autopatogra\/673841531514622\/<\/a><\/p>\n\n\n\n<p><a href=\"https:\/\/szkolydoktorskie.uwb.edu.pl\/nh\/wp-content\/uploads\/sites\/3\/2023\/10\/PP-seminarium-autopato_17.11.pdf\">Wi\u0119cej informacji<\/a><\/p>\n\n\n\n<p>___________________________<\/p>\n\n\n\n<p><strong>Szkolenia z zakresu wyklucze\u0144 w \u015brodowisku akademickim<\/strong><\/p>\n\n\n\n<p>Zapraszamy ca\u0142\u0105 Spo\u0142eczno\u015b\u0107 Doktoranck\u0105 Uniwersytetu w Bia\u0142ymstoku do uczestnictwa w szkoleniach z zakresu wyklucze\u0144 w \u015brodowisku akademickim ze wzgl\u0119du na:<br><br>\u2714&nbsp;niepe\u0142nosprawno\u015b\u0107,<br>\u2714&nbsp;nieznajomo\u015b\u0107&nbsp;j\u0119zyka&nbsp;polskiego,<br>\u2714&nbsp;nier\u00f3wne&nbsp;traktowanie.<br><br>Szkolenia&nbsp;odb\u0119d\u0105&nbsp;si\u0119&nbsp;w&nbsp;formie&nbsp;online&nbsp;w&nbsp;nast\u0119puj\u0105cych&nbsp;blokach:<br>\ud83d\udc49 Szkolenie praktyczne dla przedstawicieli spo\u0142eczno\u015bci doktoranckiej: <a href=\"https:\/\/forms.gle\/iMhLjfe1D58Jr5Tm7\" target=\"_blank\" rel=\"noreferrer noopener\">https:\/\/forms.gle\/iMhLjfe1D58Jr5Tm7<\/a><br>\ud83d\udc49 Szkolenie z udzia\u0142em t\u0142umacza j\u0119zyka migowego skierowane do os\u00f3b z niepe\u0142nosprawno\u015bciami oraz do zainteresowanych przedstawicieli spo\u0142eczno\u015bci doktoranckiej: <a href=\"https:\/\/forms.gle\/uvzyNfvhjv9bCwjy7\" target=\"_blank\" rel=\"noreferrer noopener\">https:\/\/forms.gle\/uvzyNfvhjv9bCwjy7<\/a><br>\ud83d\udc49Szkolenie skierowane do doktorant\u00f3w zagranicznych z zakresu wykluczenia j\u0119zykowego (prowadzone w j\u0119z. angielskim): <a href=\"https:\/\/forms.gle\/caAEw5NKpo5qtRmf8\" target=\"_blank\" rel=\"noreferrer noopener\">https:\/\/forms.gle\/caAEw5NKpo5qtRmf8<\/a><br><br>Szczeg\u00f3\u0142y dotycz\u0105ce poszczeg\u00f3lnych szkole\u0144 znajduj\u0105 si\u0119 w powy\u017cszych formularzach oraz na stronie projektu: <a href=\"https:\/\/www.facebook.com\/profile.php?id=100095147366005\" target=\"_blank\" rel=\"noreferrer noopener\">https:\/\/www.facebook.com\/profile.php?id=100095147366005<\/a><br><\/p>\n\n\n\n<p>________________________<\/p>\n\n\n\n<p><strong>Nab\u00f3r&nbsp;do&nbsp;3.&nbsp;EDYCJI&nbsp;programu&nbsp;stypendialnego Joseph&nbsp;Conrad&nbsp;Fellowship skierowany do Student\u00f3w,&nbsp;Doktorant\u00f3w&nbsp;i&nbsp;m\u0142odych&nbsp;Doktor\u00f3w<\/strong><\/p>\n\n\n\n<p>Stypendy\u015bci&nbsp;JCF&nbsp;realizuj\u0105&nbsp;w\u0142asny&nbsp;projekt&nbsp;naukowy,&nbsp;otrzymuj\u0105<br>comiesi\u0119czne&nbsp;wsparcie&nbsp;finansowe&nbsp;w&nbsp;wysoko\u015bci&nbsp;1200&nbsp;z\u0142&nbsp;brutto,<br>uczestnicz\u0105&nbsp;w&nbsp;cyklu&nbsp;wyk\u0142ad\u00f3w&nbsp;i&nbsp;seminari\u00f3w,&nbsp;bior\u0105&nbsp;udzia\u0142&nbsp;w&nbsp;szkole<br>letniej,&nbsp;w&nbsp;trakcie&nbsp;kt\u00f3rej&nbsp;pracuj\u0105&nbsp;w&nbsp;grupach&nbsp;warsztatowych&nbsp;pod&nbsp;okiem<br>akademickich&nbsp;tutor\u00f3w&nbsp;oraz&nbsp;maj\u0105&nbsp;mo\u017cliwo\u015b\u0107&nbsp;opublikowania&nbsp;artyku\u0142u&nbsp;w<br>punktowanym&nbsp;wydawnictwie&nbsp;naukowym.<br><br>Tematyka&nbsp;roku&nbsp;akademickiego&nbsp;2023\/24&nbsp;to:&nbsp;WIEK&nbsp;XX.&nbsp;NOWE&nbsp;DYSKURSY<br>SPRAWIEDLIWO\u015aCI.<br><br>W&nbsp;poj\u0119ciu&nbsp;sprawiedliwo\u015bci&nbsp;upatrujemy&nbsp;klucz&nbsp;do&nbsp;zrozumienia&nbsp;proces\u00f3w<br>modernizacyjnych&nbsp;&#8211;&nbsp;jawnych&nbsp;i&nbsp;ukrytych&nbsp;przemian&nbsp;\u015bwiadomo\u015bci<br>nowoczesnej.&nbsp;Naszym&nbsp;g\u0142\u00f3wnym&nbsp;zadaniem&nbsp;b\u0119dzie&nbsp;poszukiwanie&nbsp;nowych<br>j\u0119zyk\u00f3w,&nbsp;w&nbsp;kt\u00f3rych&nbsp;mo\u017cna&nbsp;sprawiedliwo\u015b\u0107&nbsp;pomy\u015ble\u0107.&nbsp;Odnale\u017a\u0107<br>poj\u0119cia&nbsp;i&nbsp;kategorie,&nbsp;zjawiska&nbsp;i&nbsp;przypadki,&nbsp;dzi\u0119ki&nbsp;kt\u00f3rym&nbsp;mo\u017cliwe<br>b\u0119dzie&nbsp;odnowienie&nbsp;znacze\u0144&nbsp;oraz&nbsp;regeneracja&nbsp;dyskursu&nbsp;o<br>sprawiedliwo\u015bci.<br><br>Stawiamy&nbsp;na&nbsp;r\u00f3\u017cnorodno\u015b\u0107&nbsp;uj\u0119\u0107,&nbsp;metod&nbsp;i&nbsp;dyscyplin,&nbsp;a&nbsp;opr\u00f3cz<br>indywidualnej&nbsp;pracy&nbsp;nad&nbsp;w\u0142asnymi&nbsp;projektami,&nbsp;koncentrujemy&nbsp;si\u0119&nbsp;na<br>pracy&nbsp;grupowej,&nbsp;na&nbsp;mo\u017cliwo\u015bci&nbsp;wymiany&nbsp;do\u015bwiadcze\u0144&nbsp;i&nbsp;nawi\u0105zania<br>nowych&nbsp;znajomo\u015bci&nbsp;&#8211;&nbsp;wi\u0119zi,&nbsp;kt\u00f3re&nbsp;b\u0119d\u0105&nbsp;podstaw\u0105&nbsp;do&nbsp;tworzenia&nbsp;nowych<br>perspektyw&nbsp;akademickiego&nbsp;rozwoju.<br><br>Zapraszamy&nbsp;wszystkich&nbsp;student\u00f3w,&nbsp;doktorant\u00f3w&nbsp;oraz&nbsp;m\u0142odych&nbsp;naukowc\u00f3w<br>(DO&nbsp;35&nbsp;R.&nbsp;\u017b.)&nbsp;zainteresowanych&nbsp;szeroko&nbsp;poj\u0119t\u0105&nbsp;humanistyk\u0105.<br><br>Zg\u0142oszenia&nbsp;nale\u017cy&nbsp;przes\u0142a\u0107&nbsp;w&nbsp;terminie&nbsp;do&nbsp;31&nbsp;PA\u0179DZIERNIKA&nbsp;2023&nbsp;R.&nbsp;za<br>po\u015brednictwem&nbsp;formularza:<br><a rel=\"noreferrer noopener\" target=\"_blank\" href=\"https:\/\/iderepublica.pl\/joseph-conrad-fellowship\/formularz-zgloszeniowy\/\">https:\/\/iderepublica.pl\/joseph-conrad-fellowship\/formularz-zgloszeniowy\/<\/a><br>[<a rel=\"noreferrer noopener\" target=\"_blank\" href=\"https:\/\/iderepublica.pl\/joseph-conrad-fellowship\/formularz-zgloszeniowy\/\">1<\/a>]<br><br>Wi\u0119cej&nbsp;szczeg\u00f3\u0142\u00f3w&nbsp;znajd\u0105&nbsp;Pa\u0144stwo&nbsp;pod&nbsp;linkiem:<br><a rel=\"noreferrer noopener\" target=\"_blank\" href=\"https:\/\/iderepublica.pl\/aktualnosci\/2023\/10\/02\/rusza-nabor-do-3-edycji-joseph-conrad-fellowship\/\">https:\/\/iderepublica.pl\/aktualnosci\/2023\/10\/02\/rusza-nabor-do-3-edycji-joseph-conrad-fellowship\/<\/a><\/p>\n\n\n\n<p><\/p>\n\n\n\n<p><\/p>\n\n\n\n<p><\/p>\n\n\n\n<p><\/p>\n\n\n\n<p>_________________________<\/p>\n\n\n\n<p><strong>Trzecia edycja&nbsp;programu stypendialnego Joseph Conrad Fellowship &nbsp;<\/strong><\/p>\n\n\n\n<p>Stypendy\u015bci JCF realizuj\u0105 w\u0142asny projekt naukowy, otrzymuj\u0105 comiesi\u0119czne wsparcie finansowe w wysoko\u015bci 1200 z\u0142 brutto, uczestnicz\u0105 w cyklu wyk\u0142ad\u00f3w i seminari\u00f3w, bior\u0105 udzia\u0142 w szkole letniej, w trakcie kt\u00f3rej pracuj\u0105 w grupach warsztatowych pod okiem akademickich tutor\u00f3w oraz maj\u0105 mo\u017cliwo\u015b\u0107 opublikowania artyku\u0142u w punktowanym wydawnictwie naukowym.<\/p>\n\n\n\n<p>Tematyka roku akademickiego 2023\/24 to: <strong>Wiek XX. Nowe dyskursy sprawiedliwo\u015bci.&nbsp;&nbsp;<\/strong><\/p>\n\n\n\n<p>W poj\u0119ciu sprawiedliwo\u015bci upatrujemy klucz do zrozumienia proces\u00f3w modernizacyjnych \u2013 jawnych i ukrytych przemian \u015bwiadomo\u015bci nowoczesnej. Naszym g\u0142\u00f3wnym zadaniem b\u0119dzie poszukiwanie nowych j\u0119zyk\u00f3w, w kt\u00f3rych mo\u017cna sprawiedliwo\u015b\u0107 pomy\u015ble\u0107. Odnale\u017a\u0107 poj\u0119cia i kategorie, zjawiska i przypadki, dzi\u0119ki kt\u00f3rym mo\u017cliwe b\u0119dzie odnowienie znacze\u0144 oraz regeneracja dyskursu o sprawiedliwo\u015bci.&nbsp;<\/p>\n\n\n\n<p>Stawiamy na r\u00f3\u017cnorodno\u015b\u0107 uj\u0119\u0107, metod i dyscyplin, a opr\u00f3cz indywidualnej pracy nad w\u0142asnymi projektami, koncentrujemy si\u0119 na pracy grupowej, na mo\u017cliwo\u015bci wymiany do\u015bwiadcze\u0144 i nawi\u0105zania nowych znajomo\u015bci \u2013 wi\u0119zi, kt\u00f3re b\u0119d\u0105 podstaw\u0105 do tworzenia nowych perspektyw akademickiego rozwoju.&nbsp;<\/p>\n\n\n\n<p>Zapraszamy wszystkich student\u00f3w, doktorant\u00f3w oraz m\u0142odych naukowc\u00f3w (<strong>do 35 r. \u017c<\/strong>.) zainteresowanych szeroko poj\u0119t\u0105 humanistyk\u0105.&nbsp;&nbsp;<\/p>\n\n\n\n<p>Zg\u0142oszenia nale\u017cy przes\u0142a\u0107 w terminie do <strong>31 pa\u017adziernika 2023<\/strong> <strong>r.<\/strong> za po\u015brednictwem formularza: <a href=\"https:\/\/iderepublica.pl\/joseph-conrad-fellowship\/formularz-zgloszeniowy\/\" target=\"_blank\" rel=\"noreferrer noopener\">https:\/\/iderepublica.pl\/joseph-conrad-fellowship\/formularz-zgloszeniowy\/<\/a><\/p>\n\n\n\n<p>Wi\u0119cej szczeg\u00f3\u0142\u00f3w znajd\u0105 Pa\u0144stwo pod linkiem:&nbsp;<a href=\"https:\/\/iderepublica.pl\/aktualnosci\/2023\/10\/02\/rusza-nabor-do-3-edycji-joseph-conrad-fellowship\/\" target=\"_blank\" rel=\"noreferrer noopener\">https:\/\/iderepublica.pl\/aktualnosci\/2023\/10\/02\/rusza-nabor-do-3-edycji-joseph-conrad-fellowship\/<\/a><\/p>\n\n\n\n<p><\/p>\n\n\n\n<p>_______________________<\/p>\n\n\n\n<p>Z przyjemno\u015bci\u0105 informujemy, \u017ce w\u0142a\u015bnie ruszy\u0142 nab\u00f3r do edycji 2024 programu mentoringowego TopMinds!&nbsp;<\/p>\n\n\n\n<p>TopMinds to program mentoringowy, kt\u00f3ry otwiera m\u0142odym, polskim naukowcom i naukowczyniom drzwi do mi\u0119dzynarodowej kariery. Dotychczas odby\u0142o si\u0119 ju\u017c sze\u015b\u0107 edycji programu, z kt\u00f3rych skorzysta\u0142o ju\u017c niemal 190 m\u0142odych os\u00f3b oraz ich mentor\u00f3w i mentorek! Udzia\u0142 w programie jest bezp\u0142atny.<\/p>\n\n\n\n<p>Organizatorami programu s\u0105 Stowarzyszenie Top 500 Innovators oraz Polsko-Ameryka\u0144ska Komisja Fulbrighta, partnerem edycji jest Politechnika Cz\u0119stochowska.<\/p>\n\n\n\n<p>Wi\u0119cej informacji znajd\u0105 Pa\u0144stwo na stronie internetowej programu TopMinds:&nbsp;<a href=\"https:\/\/topminds.pl\/edycja-2024\" target=\"_blank\" rel=\"noreferrer noopener\"><u>https:\/\/topminds.pl\/<\/u><\/a>.&nbsp; Nab\u00f3r zg\u0142osze\u0144 trwa do 27 pa\u017adziernika.<\/p>\n\n\n\n<p>Chcia\u0142yby\u015bmy prosi\u0107 Pa\u0144stwa o pomoc w promocji programu. B\u0119dzie nam niezmiernie mi\u0142o, je\u015bli przeka\u017c\u0105 Pa\u0144stwo informacj\u0119 o programie osobom studiuj\u0105cym w Szkole Doktorskiej. W minionych edycjach to w\u0142a\u015bnie wsparcie mailingowe ze strony szk\u00f3\u0142 doktorskich przyczyni\u0142o si\u0119 do sukcesu edycji &#8211; dotarli\u015bmy do niemal 200 os\u00f3b zainteresowanych programem.<\/p>\n\n\n\n<p>Przygotowa\u0142y\u015bmy dla Pa\u0144stwa materia\u0142y promocyjne (<a href=\"https:\/\/drive.google.com\/drive\/folders\/1eq325XJWU9aZWXIk8hB12mLkdc-beUtX?usp=sharing\" target=\"_blank\" rel=\"noreferrer noopener\"><u>TUTAJ<\/u><\/a>), kt\u00f3rych mog\u0105 Pa\u0144stwo u\u017cy\u0107 w celu umieszczenia informacji na stronie oraz social mediach:<\/p>\n\n\n\n<p>&#8211;&nbsp;<a href=\"https:\/\/docs.google.com\/document\/d\/1FgVWdeLrBwcumFPvYs4g_cwX4F79MTi6IayleKXkFtA\/edit?usp=sharing\" target=\"_blank\" rel=\"noreferrer noopener\"><u>informacja do umieszczenia na stronie internetowej<\/u><\/a>,<\/p>\n\n\n\n<p>&#8211;&nbsp;<a href=\"https:\/\/docs.google.com\/document\/d\/1hdoJjE_tccu-AgMrOAd6PdWDpaHH3MvMZfuHw_aEWxA\/edit?usp=sharing\" target=\"_blank\" rel=\"noreferrer noopener\"><u>informacja do umieszczenia w social mediach<\/u><\/a>,<\/p>\n\n\n\n<p>&#8211;&nbsp;<a href=\"https:\/\/topminds.pl\/edycja-2024\/regulamin-2024\/\" target=\"_blank\" rel=\"noreferrer noopener\"><u>regulamin edycji&nbsp;<\/u><\/a>oraz<\/p>\n\n\n\n<p>&#8211;&nbsp;<a href=\"https:\/\/drive.google.com\/drive\/folders\/1eq325XJWU9aZWXIk8hB12mLkdc-beUtX?usp=sharing\" target=\"_blank\" rel=\"noreferrer noopener\"><u>grafiki do wykorzystania<\/u><\/a>.&nbsp;<\/p>\n\n\n\n<p>W razie jakichkolwiek pyta\u0144 jestem do dyspozycji i z g\u00f3ry bardzo dzi\u0119kuj\u0119 za pomoc!<\/p>\n\n\n\n<p>Anna Kertyczak&nbsp;<\/p>\n\n\n\n<p>Specjalistka ds. Relacji z Absolwentami&nbsp;<\/p>\n\n\n\n<p>Polsko-Ameryka\u0144ska Komisja Fulbrighta<\/p>\n\n\n\n<p><\/p>\n\n\n\n<p><\/p>\n\n\n\n<p>Cykl warsztatowo-szkoleniowym w ramach projektu Work&amp;Science Academy<br><br>jest mi niezmiernie mi\u0142o zaprosi\u0107 ca\u0142\u0105 spo\u0142eczno\u015b\u0107 doktoranck\u0105 do udzia\u0142u w cyklu warsztatowo-szkoleniowym w ramach projektu Work&amp;Science Academy, kt\u00f3re odb\u0119d\u0105 si\u0119 w dniach 26-27 pa\u017adziernika 2023 r. na Wydziale Nauk o Edukacji Uniwersytetu w Bia\u0142ymstoku. Celem szkole\u0144 jest wyposa\u017cenie m\u0142odych naukowc\u00f3w, doktorant\u00f3w i student\u00f3w ostatnich lat studi\u00f3w w niezb\u0119dne kompetencje i umiej\u0119tno\u015bci podnosz\u0105ce ich konkurencyjno\u015b\u0107 na rynku pracy. W ramach cyklu przewidziane s\u0105 nast\u0119puj\u0105ce szkolenia:<br><br>&#8211;&nbsp;Sztuka&nbsp;autoprezentacji,&nbsp;czyli&nbsp;jak&nbsp;m\u00f3wi\u0107,&nbsp;\u017ceby&nbsp;by\u0107&nbsp;us\u0142yszanym,<br>&#8211; M\u0142ody naukowiec w wielkim \u015bwiecie \u2013 wsp\u00f3\u0142praca mi\u0119dzynarodowa na starcie kariery naukowej,<br>&#8211;&nbsp;Modele&nbsp;wsp\u00f3\u0142pracy&nbsp;uczelni&nbsp;z&nbsp;biznesem,<br>&#8211;&nbsp;Praktyki&nbsp;zagraniczne&nbsp;&#8211;&nbsp;z\u0142oty&nbsp;gral&nbsp;na&nbsp;rynku&nbsp;pracy,<br>&#8211;&nbsp;Sztuczna&nbsp;inteligencja&nbsp;w&nbsp;\u015bwiecie&nbsp;biznesowo-naukowym,<br>&#8211;&nbsp;Kszta\u0142towanie&nbsp;umiej\u0119tno\u015bci&nbsp;komunikacyjnych&nbsp;w&nbsp;zespole,<br>&#8211;&nbsp;Umiej\u0119tno\u015bci&nbsp;transwersalne&nbsp;w&nbsp;karierze&nbsp;naukowej,<br>&#8211;&nbsp;Budowanie&nbsp;wizerunku&nbsp;biznesowo-naukowego&nbsp;w&nbsp;social&nbsp;mediach.<br><br>Zapisy na szkolenia s\u0105 mo\u017cliwe za po\u015brednictwem strony internetowej: <a href=\"https:\/\/workscience-forum-2023.gridaly.com\/registration\" target=\"_blank\" rel=\"noreferrer noopener\">https:\/\/workscience-forum-2023.gridaly.com\/registration<\/a> (po rejestracji otrzymaj\u0105 Pa\u0144stwo maila z linkiem do zapis\u00f3w).<br><br>Udzia\u0142 w szkoleniach jest bezp\u0142atny. Istnieje tak\u017ce mo\u017cliwo\u015b\u0107 uzyskania stosownego za\u015bwiadczenia o odbyciu szkolenia.<\/p>\n\n\n\n<p><\/p>\n\n\n\n<p><\/p>\n\n\n\n<p><strong>Przestrze\u0144 jako kategoria kulturowa<\/strong>&nbsp;<\/p>\n\n\n\n<p>Interesuj\u0105 nas zar\u00f3wno uj\u0119cia metodologiczne: namys\u0142 nad narz\u0119dziami geokrytycznymi, geoestetycznymi, geografii humanistycznej czy historii topograficznej, jak i analizy konkretnych do\u015bwiadcze\u0144 przestrzennych (indywidualnych i zbiorowych) pokazanych\/ wpisanych w tekstach\/y kultury\/literatury. Przedmiotem bada\u0144 mog\u0105 by\u0107 wszelkie tekstowe reprezentacje przestrzeni geograficznej.<\/p>\n\n\n\n<p>Oczekujemy tekst\u00f3w:<\/p>\n\n\n\n<ul class=\"wp-block-list\">\n<li>na temat relacji mi\u0119dzy kategoriami przestrzeni i pami\u0119ci,<\/li>\n\n\n\n<li>po\u015bwi\u0119conych mechanizmom wytwarzania miejsc,<\/li>\n\n\n\n<li>opisuj\u0105cych konstruowanie to\u017csamo\u015bci jako pochodnej\/pozostaj\u0105cej w relacji z przestrzeni\u0105,<\/li>\n\n\n\n<li>b\u0119d\u0105cych wyrazem zmys\u0142owego postrzegania przestrzeni, do\u015bwiadczania jej,<\/li>\n\n\n\n<li>pokazuj\u0105cych kulturowe reprezentacje przestrzeni (poza)miejskich i industrialnych.<\/li>\n<\/ul>\n\n\n\n<p>Mamy nadziej\u0119, \u017ce nades\u0142ane zostan\u0105 te\u017c rozprawy po\u015bwi\u0119cone wszelkim granicom wyznaczaj\u0105cym jakie\u015b miejsca oraz opisom ich przekraczania. Wreszcie, spodziewamy si\u0119 te\u017c tekst\u00f3w eksploruj\u0105cych gatunkowe uwarunkowania kategorii przestrzennych: autobiografii, biografii, ale i te\u017c opisuj\u0105cych takie konwencje gatunkowe, w kt\u00f3rych przestrze\u0144 zyskuje status samodzielnego quasi-bohatera, jak we wszelkich wariantach gotycyzmu.&nbsp;&nbsp;<\/p>\n\n\n\n<p><strong>Na teksty czekamy do ko\u0144ca lipca 2023, prosimy o kontakt e-mailowy: zrl@uni.lodz.pl<\/strong><\/p>\n\n\n\n<p>Wi\u0119cej na stronie:&nbsp;<a href=\"https:\/\/czasopisma.ltn.lodz.pl\/index.php\/Zagadnienia-Rodzajow-Literackich\/announcement\/view\/24\" target=\"_blank\" rel=\"noreferrer noopener\">https:\/\/czasopisma.ltn.lodz.pl\/index.php\/Zagadnienia-Rodzajow-Literackich\/announcement\/view\/24<\/a><\/p>\n\n\n\n<p>___<\/p>\n\n\n\n<p><strong>dr Anna Zatora<\/strong><\/p>\n\n\n\n<p>Sekretarz Redakcji \/ Editorial Assistant, PhD<\/p>\n\n\n\n<p><strong>&#8222;Zagadnienia Rodzaj\u00f3w Literackich. Formy kultury i teorii&#8221;<\/strong><\/p>\n\n\n\n<p>ISSN: 0084-4446, e-ISSN:&nbsp;2451-0335<\/p>\n\n\n\n<p>e-mail:&nbsp;zrl@uni.lodz.pl<\/p>\n\n\n\n<p>______________________________________<br>Szanowne&nbsp;Panie,&nbsp;Szanowni&nbsp;Panowie,<br><br>Instytut Socjologii Uniwersytetu w Bia\u0142ymstoku wraz z Komitetem Bada\u0144 nad Migracjami Polskiej Akademii Nauk w ramach XII Konferencji KBNM PAN, zaprasza Student\u00f3w Szk\u00f3\u0142 Doktorskich na warsztaty metodologiczne. Warsztaty odb\u0119d\u0105 si\u0119 dnia 20 wrze\u015bnia 2023. S\u0105 skierowane do m\u0142odych badaczy i badaczek (studenci ostatnich lat studi\u00f3w, doktoranci, pracownicy nauki do 5 lat po doktoracie).<br><br>W tym roku warsztaty odb\u0119d\u0105 si\u0119 w Bia\u0142ymstoku. Przygotowali\u015bmy 4 propozycje:<br><br>Warsztat nr I &#8211; Fotografia jako narz\u0119dzie uzyskiwania danych w kontek\u015bcie kooperacji badacza i artysty<br>Warsztat nr II &#8211; Materialni \u015bwiadkowie drogi. Dokumentacja i analiza obiekt\u00f3w i przestrzeni migracji w Puszczy Bia\u0142owieskiej<br>Warsztat nr III \u2013 \u201eGranice s\u0105 wsz\u0119dzie\u201d? Warsztat konceptualizacji i analizy granic i pograniczy<br>Warsztat nr IV\u2013 Jako\u015bciowe i ilo\u015bciowe analizy przestrzenne w badaniu migracji: analiza kontekstowa, obserwacja, wykorzystanie metod mobilnych i GPS w badaniu migracyjnych skupisk<br><br><br>Pe\u0142en opis warsztat\u00f3w znajd\u0105 Pa\u0144stwo pod linkiem: <a href=\"https:\/\/tdlab.uwb.edu.pl\/warsztaty\" target=\"_blank\" rel=\"noreferrer noopener\">https:\/\/tdlab.uwb.edu.pl\/warsztaty<\/a><br>Miejscem spotkania b\u0119dzie Muzeum Pami\u0119ci Sybiru. Mo\u017cna zapisa\u0107 si\u0119 na maksymalnie dwa warsztaty. Uczestnictwo jest BEZP\u0141ATNE. Zapewniamy wy\u017cywienie.<br>Rejestracja trwa do 18. czerwca 2023 roku &#8211; <a href=\"https:\/\/tdlab.uwb.edu.pl\/rejestracja\" target=\"_blank\" rel=\"noreferrer noopener\">https:\/\/tdlab.uwb.edu.pl\/rejestracja<\/a><br><br>Zach\u0119camy r\u00f3wnie\u017c do zapoznania si\u0119 z informacjami na temat konferencji (21-22. wrze\u015bnia 2023 r.): <a href=\"https:\/\/tdlab.uwb.edu.pl\/aktualnosci-kbnm-2023\" target=\"_blank\" rel=\"noreferrer noopener\">https:\/\/tdlab.uwb.edu.pl\/aktualnosci-kbnm-2023<\/a><br><br>Z&nbsp;powa\u017caniem<br><br>Katarzyna&nbsp;Winiecka<br>Przewodnicz\u0105ca&nbsp;Komitetu&nbsp;Organizacyjnego<br>XII&nbsp;Konferencji&nbsp;KBnM&nbsp;PAN<\/p>\n\n\n\n<p>________________________________________<\/p>\n\n\n\n<p>Szanowni&nbsp;Pa\u0144stwo,<br><br>Zapraszamy&nbsp;osoby&nbsp;zainteresowane&nbsp;sk\u0142adaniem&nbsp;wniosk\u00f3w&nbsp;w&nbsp;trwaj\u0105cym&nbsp;do&nbsp;13<br>wrze\u015bnia&nbsp;2023&nbsp;konkursie&nbsp;MSCA&nbsp;Postdoctoral&nbsp;Fellowship&nbsp;[<a href=\"https:\/\/nawa.gov.pl\/dzialania-marii-sklodowskiej-curie\/marie-sklodowska-curie-postdoctoral-fellowships\" target=\"_blank\" rel=\"noreferrer noopener\">1<\/a>]&nbsp;na&nbsp;szkolenie<br>organizowane&nbsp;przez&nbsp;trener\u00f3w&nbsp;z&nbsp;sieci&nbsp;MSCA-NET.<br><br>Trening&nbsp;przeznaczony&nbsp;jest&nbsp;naukowc\u00f3w,&nbsp;kt\u00f3rzy&nbsp;w&nbsp;dniu&nbsp;zamkni\u0119cia<br>konkursu&nbsp;b\u0119d\u0105&nbsp;po&nbsp;pozytywnej&nbsp;obronie&nbsp;pracy&nbsp;doktorskiej&nbsp;oraz&nbsp;nie<br>d\u0142u\u017cej&nbsp;ni\u017c&nbsp;8&nbsp;lat&nbsp;zatrudnienia&nbsp;na&nbsp;stanowisku&nbsp;naukowy&nbsp;oraz&nbsp;dla<br>pracownik\u00f3w&nbsp;administracyjnych&nbsp;instytucji&nbsp;badawczych,&nbsp;kt\u00f3re&nbsp;planuj\u0105<br>przyj\u0105\u0107&nbsp;takich&nbsp;naukowc\u00f3w&nbsp;do&nbsp;siebie.<br><br>Szkolenie&nbsp;odb\u0119dzie&nbsp;si\u0119&nbsp;20&nbsp;CZERWCA&nbsp;2023&nbsp;ROKU&nbsp;W&nbsp;GODZ.&nbsp;8:30-17:00&nbsp;W<br>SIEDZIBIE&nbsp;NARODOWEJ&nbsp;AGENCJI&nbsp;WYMIANY&nbsp;AKADEMICKIEJ,&nbsp;ul.&nbsp;Polna&nbsp;40,<br>Warszawa.<br><br>Zapisy&nbsp;prowadzimy&nbsp;mailowo&nbsp;do&nbsp;16.06.2023&nbsp;na&nbsp;adres&nbsp;<a href=\"mailto:msca@nawa.gov.pl\">msca@nawa.gov.pl<\/a><\/p>\n\n\n\n<p>_____________________________<\/p>\n\n\n\n<p>Szanowne&nbsp;Panie,&nbsp;Szanowni&nbsp;Panowie,<br><br>Instytut Socjologii Uniwersytetu w Bia\u0142ymstoku wraz z Komitetem Bada\u0144 nad Migracjami Polskiej Akademii Nauk w ramach XII Konferencji KBNM PAN, zaprasza Student\u00f3w Szk\u00f3\u0142 Doktorskich na warsztaty metodologiczne. Warsztaty odb\u0119d\u0105 si\u0119 dnia 20 wrze\u015bnia 2023. S\u0105 skierowane do m\u0142odych badaczy i badaczek (studenci ostatnich lat studi\u00f3w, doktoranci, pracownicy nauki do 5 lat po doktoracie).<br><br>W tym roku warsztaty odb\u0119d\u0105 si\u0119 w Bia\u0142ymstoku. Przygotowali\u015bmy 4 propozycje:<br><br>Warsztat nr I &#8211; Fotografia jako narz\u0119dzie uzyskiwania danych w kontek\u015bcie kooperacji badacza i artysty<br>Warsztat nr II &#8211; Materialni \u015bwiadkowie drogi. Dokumentacja i analiza obiekt\u00f3w i przestrzeni migracji w Puszczy Bia\u0142owieskiej<br>Warsztat nr III \u2013 \u201eGranice s\u0105 wsz\u0119dzie\u201d? Warsztat konceptualizacji i analizy granic i pograniczy<br>Warsztat nr IV\u2013 Jako\u015bciowe i ilo\u015bciowe analizy przestrzenne w badaniu migracji: analiza kontekstowa, obserwacja, wykorzystanie metod mobilnych i GPS w badaniu migracyjnych skupisk<br><br><br>Pe\u0142en opis warsztat\u00f3w znajd\u0105 Pa\u0144stwo pod linkiem: <a href=\"https:\/\/tdlab.uwb.edu.pl\/warsztaty\" target=\"_blank\" rel=\"noreferrer noopener\">https:\/\/tdlab.uwb.edu.pl\/warsztaty<\/a><br>Miejscem spotkania b\u0119dzie Muzeum Pami\u0119ci Sybiru. Mo\u017cna zapisa\u0107 si\u0119 na maksymalnie dwa warsztaty. Uczestnictwo jest BEZP\u0141ATNE. Zapewniamy wy\u017cywienie.<br>Rejestracja trwa do 18. czerwca 2023 roku &#8211; <a href=\"https:\/\/tdlab.uwb.edu.pl\/rejestracja\" target=\"_blank\" rel=\"noreferrer noopener\">https:\/\/tdlab.uwb.edu.pl\/rejestracja<\/a><br><br>Zach\u0119camy r\u00f3wnie\u017c do zapoznania si\u0119 z informacjami na temat konferencji (21-22. wrze\u015bnia 2023 r.): <a href=\"https:\/\/tdlab.uwb.edu.pl\/aktualnosci-kbnm-2023\" target=\"_blank\" rel=\"noreferrer noopener\">https:\/\/tdlab.uwb.edu.pl\/aktualnosci-kbnm-2023<\/a><\/p>\n\n\n\n<p>____________________________<\/p>\n\n\n\n<p>Szanowni&nbsp;Pa\u0144stwo,<br><br>Zwracamy&nbsp;si\u0119&nbsp;z&nbsp;uprzejm\u0105&nbsp;pro\u015bb\u0105&nbsp;o&nbsp;przekazanie&nbsp;do&nbsp;doktorant\u00f3w<br>poni\u017cszego&nbsp;zaproszenia&nbsp;na&nbsp;III&nbsp;SIEDLECKIE&nbsp;FORUM&nbsp;DOKTORANT\u00d3W,&nbsp;KT\u00d3RE<br>ODB\u0118DZIE&nbsp;SI\u0118&nbsp;W&nbsp;FORMIE&nbsp;HYBRYDOWEJ&nbsp;W&nbsp;DNIU&nbsp;5&nbsp;WRZE\u015aNIA&nbsp;2023&nbsp;ROKU.<br><br>Celem&nbsp;III&nbsp;Siedleckiego&nbsp;Forum&nbsp;Doktorant\u00f3w&nbsp;jest&nbsp;wymiana&nbsp;pogl\u0105d\u00f3w,<br>do\u015bwiadcze\u0144&nbsp;i&nbsp;wiedzy&nbsp;naukowej&nbsp;w&nbsp;gronie&nbsp;doktorant\u00f3w&nbsp;z&nbsp;r\u00f3\u017cnych<br>dziedzin&nbsp;nauki&nbsp;i&nbsp;dyscyplin&nbsp;naukowych,&nbsp;a&nbsp;tak\u017ce&nbsp;integracja&nbsp;spo\u0142eczno\u015bci<br>doktorant\u00f3w.&nbsp;Wydarzenie&nbsp;jest&nbsp;okazj\u0105&nbsp;do&nbsp;zaprezentowania&nbsp;dotychczasowych<br>wynik\u00f3w&nbsp;bada\u0144&nbsp;doktorant\u00f3w&nbsp;oraz&nbsp;post\u0119p\u00f3w&nbsp;w&nbsp;realizacji&nbsp;prac<br>doktorskich.<br><br>Do&nbsp;uczestnictwa&nbsp;w&nbsp;Forum&nbsp;zapraszamy&nbsp;doktorant\u00f3w&nbsp;odbywaj\u0105cych<br>kszta\u0142cenie&nbsp;i&nbsp;realizuj\u0105cych&nbsp;badania&nbsp;naukowe&nbsp;w&nbsp;nast\u0119puj\u0105cych<br>dyscyplinach&nbsp;naukowych:<br><br>&#8211;&nbsp;nauki&nbsp;o&nbsp;bezpiecze\u0144stwie,<br>&#8211;&nbsp;nauki&nbsp;biologiczne,<br>&#8211;&nbsp;nauki&nbsp;chemiczne,<br>&#8211;&nbsp;nauki&nbsp;o&nbsp;zdrowiu,<br>&#8211;&nbsp;historia,<br>&#8211;&nbsp;pedagogika,<br>&#8211;&nbsp;literaturoznawstwo,<br>&#8211;&nbsp;rolnictwo&nbsp;i&nbsp;ogrodnictwo,<br>&#8211;&nbsp;zootechnika&nbsp;i&nbsp;rybactwo.<br><br>Forum&nbsp;organizowane&nbsp;jest&nbsp;w&nbsp;FORMIE&nbsp;STACJONARNEJ&nbsp;w&nbsp;gmachu&nbsp;Wydzia\u0142u&nbsp;Nauk<br>Spo\u0142ecznych&nbsp;Uniwersytetu&nbsp;Przyrodniczo-Humanistycznego&nbsp;w&nbsp;Siedlcach&nbsp;(ul.<br>\u017bytnia&nbsp;39)&nbsp;ORAZ&nbsp;W&nbsp;FORMIE&nbsp;ZDALNEJ&nbsp;ZA&nbsp;PO\u015aREDNICTWEM&nbsp;PLATFORMY&nbsp;GOOGLE<br>MEETS.&nbsp;Wyst\u0105pienia&nbsp;ustne&nbsp;b\u0119d\u0105&nbsp;mia\u0142y&nbsp;form\u0119&nbsp;15&nbsp;minutowych<br>komunikat\u00f3w.<br><br>UDZIA\u0141&nbsp;W&nbsp;KONFERENCJI&nbsp;JEST&nbsp;BEZP\u0141ATNY.<br><br>Osoby&nbsp;deklaruj\u0105ce&nbsp;uczestnictwo&nbsp;w&nbsp;konferencji&nbsp;prosimy&nbsp;o&nbsp;rejestracj\u0119<br>zg\u0142osze\u0144&nbsp;W&nbsp;TERMINIE&nbsp;DO&nbsp;30&nbsp;CZERWCA&nbsp;2023&nbsp;R.&nbsp;za&nbsp;po\u015brednictwem&nbsp;formularza<br>dost\u0119pnego&nbsp;na&nbsp;stronie:&nbsp;<a href=\"https:\/\/tiny.pl\/cq77j\" target=\"_blank\" rel=\"noreferrer noopener\">https:\/\/tiny.pl\/cq77j<\/a>&nbsp;oraz&nbsp;przes\u0142anie&nbsp;abstraktu<br>wyst\u0105pienia&nbsp;przygotowanego&nbsp;wed\u0142ug&nbsp;okre\u015blonych&nbsp;wymaga\u0144&nbsp;edytorskich&nbsp;na<br>adres:&nbsp;<a href=\"mailto:forumdok.siedlce@uph.edu.pl\">forumdok.siedlce@uph.edu.pl<\/a>&nbsp;w&nbsp;nieprzekraczalnym&nbsp;terminie&nbsp;do&nbsp;31<br>lipca&nbsp;2023&nbsp;r.<br><br>Szczeg\u00f3\u0142owe&nbsp;informacje&nbsp;dotycz\u0105ce&nbsp;rejestracji&nbsp;dost\u0119pne&nbsp;s\u0105&nbsp;r\u00f3wnie\u017c<br>na&nbsp;stronie&nbsp;internetowej&nbsp;Szko\u0142y&nbsp;Doktorskiej&nbsp;Uniwersytetu&nbsp;Przyrodniczo&nbsp;&#8211;<br>Humanistycznego&nbsp;w&nbsp;Siedlcach&nbsp;pod&nbsp;linkiem:<br><br><a href=\"https:\/\/szkoladoktorska.uph.edu.pl\/studenci\/index.php?option=com_content&amp;view=article&amp;layout=edit&amp;id=1055\" target=\"_blank\" rel=\"noreferrer noopener\">https:\/\/szkoladoktorska.uph.edu.pl\/studenci\/index.php?option=com_content&amp;view=article&amp;layout=edit&amp;id=1055<\/a><br><br><br>Wymagania&nbsp;edytorskie&nbsp;dotycz\u0105ce&nbsp;abstrakt\u00f3w&nbsp;wyst\u0105pie\u0144:<br><br><a href=\"https:\/\/szkoladoktorska.uph.edu.pl\/images\/SIEDLECKIE_FORUM_DOKTORANTOW\/wymogi-edytorskie.pdf\" target=\"_blank\" rel=\"noreferrer noopener\">https:\/\/szkoladoktorska.uph.edu.pl\/images\/SIEDLECKIE_FORUM_DOKTORANTOW\/wymogi-edytorskie.pdf<\/a><br><br><br>W&nbsp;razie&nbsp;dodatkowych&nbsp;pyta\u0144&nbsp;uprzejmie&nbsp;prosimy&nbsp;o&nbsp;kontakt&nbsp;na&nbsp;adres&nbsp;poczty<br>elektronicznej:&nbsp;<a href=\"mailto:forumdok.siedlce@uph.edu.pl\">forumdok.siedlce@uph.edu.pl<\/a>&nbsp;i&nbsp;zach\u0119camy&nbsp;do&nbsp;udzia\u0142u&nbsp;w<br>III&nbsp;Siedleckim&nbsp;Forum&nbsp;Doktorant\u00f3w.<\/p>\n\n\n\n<p>_____________________________________<\/p>\n\n\n\n<p><strong>VIII&nbsp;Doktorancko-Studenckie Seminarium&nbsp;Naukowe<\/strong><\/p>\n\n\n\n<p>Serdecznie&nbsp;zapraszamy&nbsp;do&nbsp;udzia\u0142u&nbsp;w&nbsp;VIII&nbsp;Doktorancko-Studenckim<br>Seminarium&nbsp;Naukowym&nbsp;organizowanym&nbsp;w&nbsp;Instytucie&nbsp;Nauk&nbsp;Teologicznych<br>Uniwersytetu&nbsp;Szczeci\u0144skiego&nbsp;w&nbsp;ramach&nbsp;cyklu&nbsp;\u201eInterdyscyplinarne<br>Laboratorium&nbsp;Bada\u0144&nbsp;nad&nbsp;Chrze\u015bcija\u0144stwem\u201d.<br><br>Tematem&nbsp;przewodnim&nbsp;b\u0119dzie&nbsp;wyk\u0142ad:&nbsp;\u201eINTERDYSCYPLINARNE&nbsp;BADANIA<br>AUTOBIOGRAFII.&nbsp;PERSPEKTYWA&nbsp;WSP\u00d3\u0141HUMANIZMU\u201d.&nbsp;EKSPERTK\u0104&nbsp;B\u0118DZIE&nbsp;PANI<br>PROF.&nbsp;MA\u0141GORZATA&nbsp;CZERMI\u0143SKA&nbsp;Z&nbsp;UNIWERSYTETU&nbsp;GDA\u0143SKIEGO.&nbsp;SPOTKANIE<br>B\u0118DZIE&nbsp;MODEROWA\u0141&nbsp;PAN&nbsp;PROF.&nbsp;JERZY&nbsp;MADEJSKI,&nbsp;PRACOWNIK&nbsp;NAUKOWY&nbsp;INSTYTUTU<br>LITERATURY&nbsp;I&nbsp;NOWYCH&nbsp;MEDI\u00d3W&nbsp;UNIWERSYTETU&nbsp;SZCZECI\u0143SKIEGO.<br><br>Seminarium&nbsp;odb\u0119dzie&nbsp;si\u0119&nbsp;14&nbsp;CZERWCA&nbsp;2023&nbsp;ROKU&nbsp;O&nbsp;GODZ.&nbsp;16:00&nbsp;i&nbsp;b\u0119dzie<br>mia\u0142o&nbsp;form\u0119&nbsp;hybrydow\u0105.&nbsp;Stacjonarnie&nbsp;w&nbsp;INT&nbsp;US&nbsp;\u2013&nbsp;ul.&nbsp;Paw\u0142a&nbsp;VI&nbsp;nr&nbsp;2&nbsp;w<br>Szczecinie&nbsp;lub&nbsp;online&nbsp;przez&nbsp;platform\u0119&nbsp;MS&nbsp;Teams&nbsp;(link&nbsp;zostanie<br>przes\u0142any&nbsp;do&nbsp;zarejestrowanych&nbsp;uczestnik\u00f3w).<br><br>OBOWI\u0104ZKOWE&nbsp;ZAPISY&nbsp;DO&nbsp;12&nbsp;CZERWCA:&nbsp;<a href=\"https:\/\/tiny.pl\/cxx39\" target=\"_blank\" rel=\"noreferrer noopener\">https:\/\/tiny.pl\/cxx39<\/a><br><br>WYDARZENIE&nbsp;FB:&nbsp;&nbsp;<a href=\"https:\/\/tiny.pl\/cxmcv\" target=\"_blank\" rel=\"noreferrer noopener\">https:\/\/tiny.pl\/cxmcv<\/a><br><br>Uczestnicy&nbsp;otrzymaj\u0105&nbsp;tekst&nbsp;oraz&nbsp;nagranie&nbsp;do&nbsp;zapoznania&nbsp;si\u0119&nbsp;przed<br>seminarium.&nbsp;Za&nbsp;udzia\u0142&nbsp;ka\u017cdy&nbsp;otrzymuje&nbsp;imienny&nbsp;certyfikat.<br><br>W&nbsp;razie&nbsp;pyta\u0144&nbsp;zapraszamy&nbsp;do&nbsp;kontaktu:<br><br><a href=\"mailto:kaciaryna.bychak@phd.usz.edu.pl\">kaciaryna.bychak@phd.usz.edu.pl<\/a><br><br><a href=\"mailto:lukasz.paluch@phd.usz.edu.pl\">lukasz.paluch@phd.usz.edu.pl<\/a><br><br>Interdyscyplinarne&nbsp;Laboratorium&nbsp;Bada\u0144&nbsp;nad&nbsp;Chrze\u015bcija\u0144stwem&nbsp;to<br>wsp\u00f3lna&nbsp;inicjatywa&nbsp;doktorant\u00f3w&nbsp;Szko\u0142y&nbsp;Doktorskiej&nbsp;US&nbsp;i&nbsp;pracownik\u00f3w<br>naukowych&nbsp;INT&nbsp;oraz&nbsp;Interdyscyplinarnego&nbsp;Ko\u0142a&nbsp;Doktorant\u00f3w&nbsp;Szko\u0142y<br>Doktorskiej&nbsp;Uniwersytetu&nbsp;Szczeci\u0144skiego.&nbsp;Celem&nbsp;Laboratorium&nbsp;jest<br>stworzenie&nbsp;przestrzeni&nbsp;do&nbsp;wymiany&nbsp;do\u015bwiadcze\u0144,&nbsp;naukowej&nbsp;dyskusji&nbsp;i<br>wsp\u00f3lnego&nbsp;poszukiwania&nbsp;nowych&nbsp;rozwi\u0105za\u0144&nbsp;w&nbsp;obr\u0119bie&nbsp;szeroko&nbsp;poj\u0119tych<br>bada\u0144&nbsp;nad&nbsp;chrze\u015bcija\u0144stwem&nbsp;w&nbsp;uj\u0119ciu&nbsp;interdyscyplinarnym.&nbsp;Do&nbsp;udzia\u0142u<br>w&nbsp;Laboratorium&nbsp;zapraszamy&nbsp;zar\u00f3wno&nbsp;ekspert\u00f3w,&nbsp;jak&nbsp;i&nbsp;m\u0142odych&nbsp;naukowc\u00f3w<br>z&nbsp;r\u00f3\u017cnych&nbsp;dziedzin&nbsp;i&nbsp;dyscyplin&nbsp;naukowych.<br><br>Seminaria&nbsp;Doktorancko-Studenckie&nbsp;w&nbsp;Instytucie&nbsp;Nauk&nbsp;Teologicznych&nbsp;US&nbsp;s\u0105<br>jednym&nbsp;z&nbsp;dzia\u0142a\u0144&nbsp;w&nbsp;ramach&nbsp;Laboratorium,&nbsp;ich&nbsp;celem&nbsp;jest&nbsp;poszerzenie<br>mo\u017cliwo\u015bci&nbsp;metodologicznych&nbsp;doktorant\u00f3w&nbsp;i&nbsp;student\u00f3w&nbsp;teologii&nbsp;oraz<br>innych&nbsp;dyscyplin&nbsp;naukowych,&nbsp;kt\u00f3re&nbsp;prowadz\u0105&nbsp;badania&nbsp;nad<br>chrze\u015bcija\u0144stwem.&nbsp;Seminaria&nbsp;maj\u0105&nbsp;formu\u0142\u0119:&nbsp;spotkanie&nbsp;z&nbsp;ekspertem&nbsp;+<br>konwersatorium.<\/p>\n\n\n\n<p><\/p>\n\n\n\n<p>_________________________________<\/p>\n\n\n\n<p><\/p>\n\n\n\n<p>Center for American &amp; European Studies zaprasza do udzia\u0142u w intensywnym i w pe\u0142ni synchronicznym weekendowym kursie z adw. dr. Markiem Toporem, wyk\u0142adowc\u0105 University at Buffalo i Uniwersytetu Jagiello\u0144skiego, pt. <strong>&#8222;Pisanie artyku\u0142\u00f3w naukowych i rozdzia\u0142\u00f3w w monografiach \u2013 krok po kroku!&#8221;.<\/strong><\/p>\n\n\n\n<p>W toku kursu:<\/p>\n\n\n\n<ul class=\"wp-block-list\">\n<li>Osi\u0105gniesz g\u0142\u0119bokie zrozumienie naukowego stylu pisania<\/li>\n\n\n\n<li>Poznasz tajniki metodologii bada\u0144 naukowych<\/li>\n\n\n\n<li>Nauczysz si\u0119 jak precyzyjnie okre\u015bla\u0107 cel swoich bada\u0144 oraz konstruowa\u0107 problem badawczy<\/li>\n\n\n\n<li>Dowiesz si\u0119 jakie narz\u0119dzia wykorzysta\u0107 by u\u0142atwi\u0107 sobie research<\/li>\n<\/ul>\n\n\n\n<p><strong>Damy Ci te\u017c szans\u0119 na prze\u0107wiczenie swoich umiej\u0119tno\u015bci w praktyce!<\/strong> Je\u015bli zechcesz, to zaanga\u017cujemy Ci\u0119 w przydatne \u0107wiczenia praktyczne.<\/p>\n\n\n\n<p>Do udzia\u0142u w kursie serdecznie zach\u0119camy ambitnych student\u00f3w, doktorant\u00f3w oraz pracownik\u00f3w naukowych.<\/p>\n\n\n\n<p><strong>Termin kursu:<\/strong> 14-15 lipca 2023 (zaczynamy w pi\u0105tek wieczorem i ko\u0144czymy w sobot\u0119 po po\u0142udniu). Sugerujemy rejestrowa\u0107 si\u0119 do 5 lipca 2023.<\/p>\n\n\n\n<p>Uwaga: Liczba miejsc jest ograniczona! (Jednej, najszybciej zarejestrowanej do udzia\u0142u osobie z uniwersytetu oferujemy darmowy udzia\u0142 w kursie \u2013 obowi\u0105zuje kolejno\u015b\u0107 zg\u0142osze\u0144).<\/p>\n\n\n\n<p><strong>Wi\u0119cej informacji o zapisach:<\/strong> <a href=\"https:\/\/fb.me\/e\/4yDqeVjPK\" target=\"_blank\" rel=\"noreferrer noopener\">https:\/\/fb.me\/e\/4yDqeVjPK<\/a><\/p>\n\n\n\n<p>__________________________________<\/p>\n\n\n\n<p><strong>Kongres M\u0142odej Nauki<\/strong><\/p>\n\n\n\n<p> jest cykliczn\u0105 mi\u0119dzynarodow\u0105 i multidyscyplinarn\u0105 konferencj\u0105 naukow\u0105, kt\u00f3ra odbywa si\u0119 na Uniwersytecie Gda\u0144skim.<\/p>\n\n\n\n<p>W ramach wydarzenia, w kilkudziesi\u0119ciu panelach oraz sesji posterowej, m\u0142odzi naukowcy zaprezentuj\u0105 wyniki swoich bada\u0144, przedyskutuj\u0105 swoje tezy, oraz przede wszystkim nawi\u0105\u017c\u0105 kontakty&nbsp; i rozwin\u0105 &nbsp;si\u0119 naukowo.<\/p>\n\n\n\n<p>Tematyka wyst\u0105pie\u0144 w ramach konferencji nie jest ograniczona \u2013 przewidziane s\u0105 <strong>wyst\u0105pienia z zakresu nauk \u015bcis\u0142ych, eksperymentalnych, humanistycznych, spo\u0142ecznych i innych, a o wysok\u0105 jako\u015b\u0107 prezentacji dbaj\u0105 uznani naukowcy tworz\u0105cy komitet naukowy.<\/strong><\/p>\n\n\n\n<p>Nowo\u015bci\u0105 w tegorocznej edycji kongresu jest przygotowanie dw\u00f3ch paneli o charakterze mi\u0119dzynarodowym.&nbsp;Pierwszym z nich jest panel \u201eUkraina &#8211; Polska, Polska &#8211; Ukraina, wsp\u00f3lne perspektywy &#8211; polityka, kultura, gospodarka&#8221; przygotowany wsp\u00f3lnie z Odeskim Uniwersytetem Narodowym im. Ilji Miecznikowa w Odessie. <strong>Prelekcje w ramach panelu mog\u0105 by\u0107 wyg\u0142aszane po polsku, ukrai\u0144sku lub angielsku.<\/strong><\/p>\n\n\n\n<p>Kolejnym panelem o tematyce mi\u0119dzynarodowej w trakcie kt\u00f3rego referaty b\u0119d\u0105 wyg\u0142aszane po angielsku jest panel \u201eMorze w perspektywie interdyscyplinarnej&#8221;. Panel zwi\u0105zany jest z udzia\u0142em Uniwersytetu Gda\u0144skiego w Konsorcjum SEA \u2013 EU wsp\u00f3lnie z o\u015bmioma nadmorskimi uniwersytetami z Europy. W zwi\u0105zku z tym tematyka panelu skupia si\u0119 na&nbsp; morzu nie ograniczaj\u0105c si\u0119 do \u017cadnyego z jego aspekt\u00f3w. Udzia\u0142 w panelu pozwoli nie tylko na wys\u0142uchanie interesuj\u0105cych wyst\u0105pie\u0144, ale tak\u017ce wyg\u0142oszenie swoich tez przed naukowcami z r\u00f3\u017cnych pa\u0144stw.<\/p>\n\n\n\n<p>Wszyscy uczestnicy Kongresu po jego zako\u0144czeniu b\u0119d\u0105 mogli opublikowa\u0107 artyku\u0142 zwi\u0105zany z wyg\u0142oszonymi w trakcie konferencji tezami w czasopi\u015bmie \u201eProgress \u2013 Journal of Young Researchers&#8221;<\/p>\n\n\n\n<p><strong>Udzia\u0142 w Kongresie to nie tylko mo\u017cliwo\u015b\u0107 rozwoju naukowego, ale tak\u017ce&nbsp; udzia\u0142u w interesuj\u0105cych dyskusjach na bie\u017c\u0105ce tematy.<\/strong>&nbsp;W ubieg\u0142ym roku na panelach plenarnych rozmawiano mi\u0119dzy innymi o karierze m\u0142odych naukowc\u00f3w, roli kobiet w funkcjonowaniu uczelni, czy kwestiach tego na ile wsp\u00f3\u0142cze\u015bnie uczelnie mog\u0105 sprosta\u0107 wyzwaniom rzeczywisto\u015bci. W tym roku planujemy kolejne interesuj\u0105ce dyskusje.<\/p>\n\n\n\n<p>R\u00f3wnie wa\u017cna pozostaje dla nas kwestia integracji, dlatego w czasie Kongresu odb\u0119dzie si\u0119 bankiet oraz dwa spotkania integracyjne podczas kt\u00f3rych uczestnicy b\u0119d\u0105 mogli wymieni\u0107 si\u0119 uwagami w kuluarach.<\/p>\n\n\n\n<p><strong>Koszt czynnego udzia\u0142u w Kongresie wynosi&nbsp; 420 z\u0142.<\/strong>&nbsp;Op\u0142ata obejmuje obiady, kolacje, przerwy kawowe i udzia\u0142 we wszystkich punktach programu. W op\u0142at\u0119 nie jest wliczone zakwaterowanie, kt\u00f3re jednak zapewniamy na preferencyjnych warunkach w domach studenckich Uniwersytetu Gda\u0144skiego tj. w cenie 32,40 z\u0142 za dob\u0119 od osoby.<\/p>\n\n\n\n<p>Chcesz zobaczy\u0107 jak wygl\u0105da\u0142 ubieg\u0142oroczny Kongres? kliknij <a href=\"https:\/\/app.getresponse.com\/click.html?x=a62b&amp;lc=hQq2Or&amp;mc=ry&amp;s=BXgCkhr&amp;u=Cinfo&amp;z=EQyuzhL&amp;\" target=\"_blank\" rel=\"noreferrer noopener\"><u>tutaj<\/u><\/a><\/p>\n\n\n\n<p>O tym jak wygl\u0105da\u0142y panele, czy trudno je zorganizowa\u0107 oraz o czym dyskutowano na sesjach plenarnych dowiesz si\u0119 ze specjalnego wydania Gazety Uniwersyteckiej <a href=\"https:\/\/app.getresponse.com\/click.html?x=a62b&amp;lc=hQq2Wn&amp;mc=ry&amp;s=BXgCkhr&amp;u=Cinfo&amp;z=Eh9797X&amp;\" target=\"_blank\" rel=\"noreferrer noopener\">https:\/\/gazeta.ug.edu.pl\/category\/wydania-internetowe\/wydania-specjalne\/<\/a><\/p>\n\n\n\n<p>Spis paneli w trakcie kt\u00f3rych mo\u017cna wyg\u0142osi\u0107 prelekcj\u0119 oraz informacje o sesji posterowej znajduj\u0105 si\u0119 na stronie <a href=\"https:\/\/app.getresponse.com\/click.html?x=a62b&amp;lc=hQq2XH&amp;mc=ry&amp;s=BXgCkhr&amp;u=Cinfo&amp;z=EhMbQlJ&amp;\" target=\"_blank\" rel=\"noreferrer noopener\">https:\/\/kongresmlodejnauki.pl\/panele-2023\/<\/a><\/p>\n\n\n\n<p><\/p>\n\n\n\n<p>Cz\u0142onkowie Komitetu Organizacyjnego<\/p>\n\n\n\n<p>Kongresu M\u0142odej Nauki<\/p>\n\n\n\n<p>mail: kongresmlodejnauki@ug.edu.pl<\/p>\n\n\n\n<p>tel. 725 992 266<\/p>\n\n\n\n<p>____________________________________<\/p>\n\n\n\n<p><\/p>\n\n\n\n<p>Szanowni Pa\u0144stwo,<\/p>\n\n\n\n<p>Szko\u0142a Doktorska ASP we Wroc\u0142awiu dr hab. Jakuba Jernajczyka mam przyjemno\u015b\u0107 poinformowa\u0107, \u017ce w dniach 27-29 wrze\u015bnia 2023 odb\u0119dzie si\u0119 <strong>1st International Conference<\/strong>&nbsp;<em><strong>Methodological and Cognitive Aspects of Visual Arts<\/strong>.&nbsp;<\/em><\/p>\n\n\n\n<p>Szczeg\u00f3\u0142owa informacja dost\u0119pna jest naszej stronie internetowej:&nbsp;<\/p>\n\n\n\n<p><a href=\"https:\/\/www.asp.wroc.pl\/pl\/uczelnia\/struktura-uczelni\/szkola-doktorska\/conference-2023\">https:\/\/www.asp.wroc.pl\/pl\/uczelnia\/struktura-uczelni\/szkola-doktorska\/conference-2023<\/a><\/p>\n\n\n\n<p>_________________________________________________<\/p>\n\n\n\n<p><\/p>\n\n\n\n<p>Konferencja naukowa \u201ePrzestrzenie przek\u0142adu 8&#8243;<\/p>\n\n\n\n<p><\/p>\n\n\n\n<p>W zwi\u0105zku z przed\u0142u\u017conym terminem przyjmowania zg\u0142osze\u0144 na konferencj\u0119 naukow\u0105 \u201ePrzestrzenie przek\u0142adu 8&#8243;, chcieliby\u015bmy jeszcze raz serdecznie zaprosi\u0107 Pa\u0144stwa do udzia\u0142u w jej tegorocznej edycji. Konferencja odb\u0119dzie si\u0119 w dniach 19\u201320 pa\u017adziernika 2023 roku w formie hybrydowej \u2013 <strong>w budynku Wydzia\u0142u Humanistycznego w Katowicach przy ul. Uniwersyteckiej 4 <\/strong>oraz zdalnie \u2013 poprzez platform\u0119 MS Teams.&nbsp;<\/p>\n\n\n\n<p>Obrady b\u0119d\u0105 prowadzone w nast\u0119puj\u0105cych sekcjach:<\/p>\n\n\n\n<p>1. Przek\u0142ad \u2013 zagadnienia og\u00f3lne<\/p>\n\n\n\n<p>2. Przek\u0142ad specjalistyczny<\/p>\n\n\n\n<p>3. Przek\u0142ad ustny i audiowizualny<\/p>\n\n\n\n<p>4. Przek\u0142ad artystyczny<\/p>\n\n\n\n<p>5. T\u0142umacz i jego dzie\u0142o<\/p>\n\n\n\n<p>6. Dydaktyka przek\u0142adu<\/p>\n\n\n\n<p>7. Nowe technologie a przek\u0142ad<\/p>\n\n\n\n<p>8. Studenci o przek\u0142adzie<\/p>\n\n\n\n<p>Uprzejmie prosimy o wpisywanie tytu\u0142\u00f3w wyst\u0105pie\u0144 <strong>do 30 czerwca 2023 roku<\/strong> do <a href=\"https:\/\/docs.google.com\/forms\/d\/e\/1FAIpQLScD3Q4oVElhMVR8dVmIc8p2R-_1CRUu1QQTi2FWDLcxpgCO_Q\/viewform\" target=\"_blank\" rel=\"noreferrer noopener\">formularza Google. <\/a>Szczeg\u00f3\u0142owe informacje przesy\u0142amy w za\u0142\u0105czeniu.<\/p>\n\n\n\n<p>Zapraszamy r\u00f3wnie\u017c do odwiedzenia strony internetowej po\u015bwi\u0119conej konferencji:<\/p>\n\n\n\n<p><a href=\"https:\/\/www.przestrzenieprzekladu.us.edu.pl\/\">https:\/\/www.przestrzenieprzekladu.us.edu.pl\/<\/a><\/p>\n\n\n\n<p>oraz naszego fanpage&#8217;a na Facebooku:<\/p>\n\n\n\n<p><a href=\"https:\/\/www.facebook.com\/przestrzenieprzekladu\/\">https:\/\/www.facebook.com\/przestrzenieprzekladu\/<\/a><\/p>\n\n\n\n<p>Z wyrazami szacunku<\/p>\n\n\n\n<p>Organizatorzy<\/p>\n\n\n\n<p>Konferencja<\/p>\n\n\n\n<p>Istnieje tendencja, by przeciwstawia\u0107 \u201eliteratur\u0119&#8221; i \u201ecelebrycko\u015b\u0107&#8221;. Stoi za tym przekonanie, \u017ce \u201eprawdziwa&#8221; s\u0142awa literacka opiera si\u0119 na \u201eprawdziwej wielko\u015bci&#8221;, za\u015b celebrytyzm jest powierzchowny i ulotny. [&#8230;] Celebrity to publiczne przedstawienie, odbi\u00f3r i dyskursywna interpretacja widocznych indywidualnych to\u017csamo\u015bci. Studia nad celebrytami dzisiaj s\u0105 interdyscyplinarne i wielomedialne, cho\u0107 du\u017co o celebrytach w postaci \u201egwiazd&#8221; i \u201egwiazdorstwa&#8221; pisa\u0142o si\u0119 w ramach studi\u00f3w nad filmem.<\/p>\n\n\n\n<p>Rozmaite relacje mi\u0119dzy fantazj\u0105 i codziennymi praktykami, zwyczajno\u015bci\u0105 i cudowno\u015bci\u0105, aur\u0105 s\u0142awy kszta\u0142tuj\u0105 w r\u00f3\u017cnych mediach wielomodalne style, formy i gatunki celebryckie. Chcieliby\u015bmy w tym numerze przyjrze\u0107 si\u0119 raczej tym og\u00f3lnym mechanizmom, a nie kwestii jednostkowych relacji z p\u0142ci\u0105, ras\u0105 czy seksualno\u015bci\u0105. Formacja i praktyki celebryckie we wsp\u00f3\u0142czesnej kulturze literackiej i cyfrowej to jest ogniskowa naszych badawczych zainteresowa\u0144.<\/p>\n\n\n\n<p><strong>Na teksty czekamy do ko\u0144ca czerwca, prosimy o kontakt e-mailowy: zrl@uni.lodz.pl<\/strong><\/p>\n\n\n\n<p>Wi\u0119cej na stronie:&nbsp;<a href=\"https:\/\/czasopisma.ltn.lodz.pl\/index.php\/Zagadnienia-Rodzajow-Literackich\/announcement\/view\/24\" target=\"_blank\" rel=\"noreferrer noopener\">https:\/\/czasopisma.ltn.lodz.pl\/index.php\/Zagadnienia-Rodzajow-Literackich\/announcement\/view\/24<\/a><\/p>\n\n\n\n<p><\/p>\n\n\n\n<p>________________________<\/p>\n\n\n\n<p><strong>Pi\u0105ta&nbsp;edycja&nbsp;programu&nbsp;stypendi\u00f3w&nbsp;m.st.&nbsp;Warszawy&nbsp;dla&nbsp;doktorant\u00f3w.<\/strong><br><br>Nasz\u0105&nbsp;ide\u0105&nbsp;jest&nbsp;wsp\u00f3\u0142praca&nbsp;z&nbsp;m\u0142odymi&nbsp;naukowcami&nbsp;oraz&nbsp;naukowczyniami<br>i&nbsp;promowanie&nbsp;urz\u0119du&nbsp;jako&nbsp;ciekawego&nbsp;miejsca&nbsp;bada\u0144.&nbsp;Chcemy&nbsp;zmienia\u0107<br>Warszaw\u0119&nbsp;na&nbsp;lepsze&nbsp;kieruj\u0105c&nbsp;si\u0119&nbsp;aktualn\u0105&nbsp;wiedz\u0105&nbsp;i&nbsp;do\u015bwiadczeniem.<br><br>Od&nbsp;2019&nbsp;roku&nbsp;przeprowadzili\u015bmy&nbsp;cztery&nbsp;edycje&nbsp;stypendi\u00f3w&nbsp;m.st.&nbsp;Warszawy<br>dla&nbsp;doktorant\u00f3w.&nbsp;Otrzymali\u015bmy&nbsp;prawie&nbsp;150&nbsp;wniosk\u00f3w&nbsp;i&nbsp;przyznali\u015bmy&nbsp;20<br>stypendi\u00f3w,&nbsp;ka\u017cde&nbsp;w&nbsp;KWOCIE&nbsp;DO&nbsp;30&nbsp;000Z\u0141.&nbsp;Dzi\u0119ki&nbsp;programowi&nbsp;mogli\u015bmy<br>wsp\u00f3lnie&nbsp;pracowa\u0107&nbsp;nad&nbsp;projektami&nbsp;badawczymi&nbsp;z&nbsp;obszar\u00f3w&nbsp;dotycz\u0105cych<br>miasta.<br><br>W&nbsp;tym&nbsp;roku&nbsp;wnioski&nbsp;mo\u017cna&nbsp;sk\u0142ada\u0107&nbsp;w&nbsp;15&nbsp;obszarach&nbsp;dotycz\u0105cych&nbsp;m.in.:<br>mieszkalnictwa,&nbsp;rolnictwa&nbsp;miejskiego,&nbsp;zanieczyszczenia&nbsp;\u015bwiat\u0142em,<br>rozwoju&nbsp;transportu,&nbsp;cyfryzacji&nbsp;i&nbsp;projekt\u00f3w&nbsp;Smart&nbsp;City,&nbsp;rozwoju&nbsp;kultury,<br>ekonomii&nbsp;cyrkularnej&nbsp;i&nbsp;gospodarowania&nbsp;\u017cywno\u015bci\u0105.&nbsp;Pe\u0142na&nbsp;lista<br>obszar\u00f3w&nbsp;z&nbsp;opisami&nbsp;znajduje&nbsp;si\u0119&nbsp;na&nbsp;naszej&nbsp;stronie&nbsp;[<a href=\"https:\/\/um.warszawa.pl\/waw\/wspolpraca-z-nauka\/stypendia-dla-doktorantow\" target=\"_blank\" rel=\"noreferrer noopener\">1<\/a>].<br><br>W&nbsp;dniach&nbsp;13&nbsp;do&nbsp;15&nbsp;czerwca&nbsp;odb\u0119d\u0105&nbsp;si\u0119&nbsp;spotkania&nbsp;konsultacyjne&nbsp;online,<br>na&nbsp;kt\u00f3rych&nbsp;b\u0119dzie&nbsp;mo\u017cna&nbsp;porozmawia\u0107&nbsp;o&nbsp;obszarach&nbsp;badawczych&nbsp;z<br>pracownikami&nbsp;merytorycznymi.<br><br>Zapraszamy&nbsp;wszystkich&nbsp;zainteresowanych&nbsp;doktorant\u00f3w&nbsp;i&nbsp;doktorantki&nbsp;do<br>sk\u0142adania&nbsp;wniosk\u00f3w&nbsp;do&nbsp;10&nbsp;LIPCA!<br><br>Wszystkie&nbsp;informacje&nbsp;s\u0105&nbsp;dost\u0119pne&nbsp;na&nbsp;stronie:<br><a href=\"https:\/\/um.warszawa.pl\/waw\/wspolpraca-z-nauka\/stypendia-dla-doktorantow\" target=\"_blank\" rel=\"noreferrer noopener\">https:\/\/um.warszawa.pl\/waw\/wspolpraca-z-nauka\/stypendia-dla-doktorantow<\/a>.<\/p>\n\n\n\n<p><\/p>\n\n\n\n<p><\/p>\n\n\n\n<p><\/p>\n\n\n\n<p>________________________<\/p>\n\n\n\n<p>Szkolenie z przygotowania wniosk\u00f3w granatowych do NCN.<br><br>Na szkoleniu analizowane s\u0105 prawdziwe wnioski i recenzje, kt\u00f3re s\u0105 p\u00f3\u017aniej udost\u0119pniane. Koszt udzia\u0142u wynosi 500 z\u0142. Zg\u0142oszenia przyjmowane s\u0105 do poniedzia\u0142ku 15 maja, a samo szkolenie odb\u0119dzie si\u0119 w dniach 19-20 maja.<br><br>Wi\u0119cej informacji, w tym regulamin i formularz zg\u0142oszeniowy znajduj\u0105 si\u0119 na stronie <a href=\"https:\/\/www.grantadvisor.pl\/\" target=\"_blank\" rel=\"noreferrer noopener\">https:\/\/www.grantadvisor.pl\/<\/a><br><br><br>Pozdrawiam<br>GrantAdvisor,&nbsp;<a href=\"https:\/\/www.grantadvisor.pl\/\" target=\"_blank\" rel=\"noreferrer noopener\">https:\/\/www.grantadvisor.pl\/<\/a><\/p>\n\n\n\n<p><\/p>\n\n\n\n<p>_________________<\/p>\n\n\n\n<p>Szanowni Pa\u0144stwo,<\/p>\n\n\n\n<p>Ko\u0142a Naukowe Publikowania Wsp\u00f3\u0142czesnego Uniwersytetu Warszawskiego ma ogromn\u0105 przyjemno\u015b\u0107 zaprosi\u0107 Pa\u0144stwa na studencko-doktoranck\u0105 konferencj\u0119 pt.<strong> ,,e-literatura. Czy ksi\u0105\u017cka ko\u0144czy si\u0119 na Internecie?&#8221;, <\/strong>kt\u00f3ra odb\u0119dzie si\u0119 w dniach <strong>5-6 czerwca 2023 roku <\/strong>w formie niestacjonarnej.<\/p>\n\n\n\n<p>Celem konferencji jest przedstawienie wp\u0142ywu e-literatury na kszta\u0142towanie si\u0119 czytelnictwa, a tak\u017ce udzia\u0142u e-book\u00f3w i audiobook\u00f3w na polskim i zagranicznym rynku ksi\u0105\u017cki. B\u0119dzie to te\u017c przestrze\u0144 do wymiany pogl\u0105d\u00f3w i wynik\u00f3w bada\u0144 w tym zakresie.&nbsp;<\/p>\n\n\n\n<p><strong>Propozycje temat\u00f3w:<\/strong>&nbsp;<\/p>\n\n\n\n<p>\u2013 Czy literaturze potrzebny jest Internet?&nbsp;<\/p>\n\n\n\n<p>\u2013 Czy internetowi potrzebna jest literatura? I gdzie w tym wszystkim jest ksi\u0105\u017cka?&nbsp;<\/p>\n\n\n\n<p>\u2013 Internet a rynek wydawniczy.&nbsp;<\/p>\n\n\n\n<p>\u2013 Zmiany w bran\u017cy wydawniczej.<\/p>\n\n\n\n<p>\u2013 Czy zbiory online to faktycznie zbiory?&nbsp;<\/p>\n\n\n\n<p>\u2013 Tre\u015b\u0107 a forma \u2013 w ok\u0142adce lub przegl\u0105darce.<\/p>\n\n\n\n<p>\u2013 Wp\u0142yw Internetu na spadek\/rozw\u00f3j czytelnictwa.<\/p>\n\n\n\n<p>\u2013 Ebooki, audiobooki i papier \u2013 wojna czy koegzystencja?&nbsp;<\/p>\n\n\n\n<p>\u2013 AI a proces tw\u00f3rczy \u2013 czy w Internecie s\u0105 ju\u017c wszystkie ksi\u0105\u017cki?&nbsp;<\/p>\n\n\n\n<p>\u2013 Internet \u2013 granica literatury czy szansa na jej odrodzenie?&nbsp;<\/p>\n\n\n\n<p>\u2013 Kultura ksi\u0105\u017cki kontra netykieta.<\/p>\n\n\n\n<p>\u2013 Prawo wydawnicze, prawo autorskie a przestrze\u0144 wirtualna.<\/p>\n\n\n\n<p>\u2013 wszelkiego rodzaju badania czy case studies, kt\u00f3re pokazuj\u0105, \u017ce ksi\u0105\u017cka (albo literatura) jest wiecznie \u017cywa i raczej zostanie z nami na d\u0142ugo.&nbsp;<\/p>\n\n\n\n<p>Na konferencj\u0119 zaproszone s\u0105 wszystkie osoby zainteresowane literatur\u0105 i szeroko poj\u0119tym rynkiem ksi\u0105\u017cki.&nbsp;<\/p>\n\n\n\n<p>Organizatorzy zapraszaj\u0105 do udzia\u0142u w Konferencji w charakterze prelegent\u00f3w lub s\u0142uchaczy. Prezentowane referaty zostan\u0105 opublikowane w elektronicznych Zeszytach Naukowych redagowanych przez KN Publikowania wsp\u00f3\u0142czesnego.<\/p>\n\n\n\n<p><em>Za\u015bwiadczenie o czynnym udziale w konferencji b\u0119dzie wydawane tylko pod warunkiem obecno\u015bci podczas swojego panelu dyskusyjnego lub obecno\u015bci na po\u0142owie wydarzenia.<\/em><br><br><\/p>\n\n\n\n<p><strong>KALENDARIUM PRZYGOTOWA\u0143 KONFERENCJI<\/strong><\/p>\n\n\n\n<p><strong>do 15 maja 2023 r. <\/strong>&#8211; wype\u0142nienie formularza zg\u0142oszeniowego (informacje personalne oraz abstrakt)<\/p>\n\n\n\n<ul class=\"wp-block-list\">\n<li>Wytyczne odno\u015bnie abstraktu: Times New Roman; 12 pkt.; interlinia 1,5 pkt.; limit znak\u00f3w: 1.500 &#8211; 2.000<\/li>\n<\/ul>\n\n\n\n<p><strong>do 23 maja 2023 r. <\/strong>&#8211; przes\u0142anie uczestnikom drog\u0105 mailow\u0105 informacji o akceptacji zg\u0142oszenia<br><strong>do 25 maja 2023 r.<\/strong> &#8211; przedstawienie i opublikowanie na stronie wydarzenia na FB (<a href=\"https:\/\/www.facebook.com\/events\/252759317148495\/?ref=newsfeed\" target=\"_blank\" rel=\"noreferrer noopener\">https:\/\/www.facebook.com\/events\/252759317148495\/?ref=newsfeed<\/a>) oraz na stronie Wydzia\u0142u Dziennikarstwa, Informacji i Bibliologii UW (<a href=\"https:\/\/www.wdib.uw.edu.pl\/\" target=\"_blank\" rel=\"noreferrer noopener\">https:\/\/www.wdib.uw.edu.pl\/<\/a>) programu konferencji<\/p>\n\n\n\n<p><strong>do 31 lipca 2023 r<\/strong>. &#8211; przes\u0142anie pe\u0142nego tekstu referatu do publikacji pokonferencyjnej<\/p>\n\n\n\n<p>Z uwagi na ograniczone ramy czasowe obrad organizatorzy zastrzegaj\u0105 sobie prawo wyboru wyg\u0142aszanych referat\u00f3w.<\/p>\n\n\n\n<p>Przyjmowane b\u0119d\u0105 wy\u0142\u0105cznie prace nieog\u0142oszone drukiem i niez\u0142o\u017cone w innych miejscach.<\/p>\n\n\n\n<p>Autorzy nie otrzymuj\u0105 honorarium za zg\u0142oszone referaty i opublikowane teksty.&nbsp;<\/p>\n\n\n\n<p><strong>FORMULARZ ZG\u0141OSZENIOWY<\/strong><\/p>\n\n\n\n<p><a href=\"https:\/\/forms.gle\/ZwtD8LysFkRnhCEf7\">https:\/\/forms.gle\/ZwtD8LysFkRnhCEf7<\/a><\/p>\n\n\n\n<p><strong>KONTAKT<\/strong><\/p>\n\n\n\n<p>Szczeg\u00f3\u0142owe informacje na temat Konferencji dost\u0119pne s\u0105 na stronie wydarzenia na Facebooku: <a href=\"https:\/\/www.facebook.com\/events\/252759317148495\/?ref=newsfeed\" target=\"_blank\" rel=\"noreferrer noopener\">https:\/\/www.facebook.com\/events\/252759317148495\/?ref=newsfeed<\/a><\/p>\n\n\n\n<p>oraz na stronie Wydzia\u0142u Dziennikarstwa, Informacji i Bibliologii UW: <a href=\"https:\/\/www.wdib.uw.edu.pl\/\" target=\"_blank\" rel=\"noreferrer noopener\">https:\/\/www.wdib.uw.edu.pl\/<\/a><\/p>\n\n\n\n<p>Wszelkie pytania dotycz\u0105ce konferencji prosimy kierowa\u0107 na adres: <a href=\"mailto:knpw@uw.edu.pl\">knpw@uw.edu.pl<\/a><\/p>\n\n\n\n<p>Z powa\u017caniem<\/p>\n\n\n\n<p>Komitet Organizacyjny<\/p>\n\n\n\n<p>_________________<\/p>\n\n\n\n<p><\/p>\n\n\n\n<p>Zaproszenie na stypendium w Hiszpanii<\/p>\n\n\n\n<p><a href=\"https:\/\/szkolydoktorskie.uwb.edu.pl\/nh\/wp-content\/uploads\/sites\/3\/2023\/05\/2023-Invitation-to-MSCA-Postdoctoral-Candidates-UJA-Hosting-Institution.pdf\">Wi\u0119cej informacji<\/a><\/p>\n\n\n\n<p>Szanowni Pa\u0144stwo,<\/p>\n\n\n\n<p>W imieniu Studenckiego Ko\u0142a Naukowego Historyk\u00f3w i swoim w\u0142asnym, chcia\u0142bym Pa\u0144stwa zaprosi\u0107 do udzia\u0142u w XI Og\u00f3lnopolskiej Studencko-Doktoranckiej Konferencji Historyk\u00f3w Nowo\u017cytnik\u00f3w &#8222;Studia nad spo\u0142ecze\u0144stwem nowo\u017cytnej Europy&#8221;. Odb\u0119dzie si\u0119 ona w dniach 25-26 maja 2023 r. <\/p>\n\n\n\n<p><a href=\"https:\/\/szkolydoktorskie.uwb.edu.pl\/nh\/wp-content\/uploads\/sites\/3\/2023\/04\/Program-XI-OS-DKHN-Studia-nad-spoleczenstwem-nowozytnej-Europy-.pdf\">Program konferencji<\/a><\/p>\n\n\n\n<p>Z powa\u017caniem,<\/p>\n\n\n\n<p>Maciej Kwiatkowski<\/p>\n\n\n\n<p>Wsp\u00f3\u0142organizator wydarzenia<\/p>\n\n\n\n<p>____________<\/p>\n\n\n\n<p><\/p>\n\n\n\n<p><strong>XX og\u00f3lnopolska konferencja studencko-doktorancka Warsztaty M\u0142odych Edytor\u00f3w<\/strong><\/p>\n\n\n\n<p><\/p>\n\n\n\n<p>Obrady odb\u0119d\u0105 si\u0119 w dniach 12-14 maja 2023 r. w Domu Pracy Tw\u00f3rczej KUL w Kazimierzu Dolnym. Op\u0142ata konferencyjna wynosi 60 z\u0142. Zg\u0142oszenia abstrakt\u00f3w przyjmujemy do 23 kwietnia 2023 r.<\/p>\n\n\n\n<p>Planujemy wydanie publikacji pokonferencyjnej w wydawnictwie z listy MEiN (20 punkt\u00f3w).<\/p>\n\n\n\n<p><a href=\"https:\/\/szkolydoktorskie.uwb.edu.pl\/nh\/wp-content\/uploads\/sites\/3\/2023\/04\/ZAPROSZENIE.pdf\">Zaproszenie<\/a><\/p>\n\n\n\n<p>__________<\/p>\n\n\n\n<p id=\"m_3826930198236872506m_8361651742983998499m_6681168957245324245m_4656424981457322836m_-3626906909413369463gmail-docs-internal-guid-fc0965ea-7fff-391e-fc49-152c4b7dbfb2\">Szanowni Pa\u0144stwo,<\/p>\n\n\n\n<p>Instytut J\u0119zykoznawstwa Uniwersytetu \u015al\u0105skiego w Katowicach serdecznie zaprasza do udzia\u0142u w \u00f3smej edycji konferencji \u201ePrzestrzenie przek\u0142adu&#8221;, kt\u00f3ra odb\u0119dzie si\u0119 w dniach 19\u201320 pa\u017adziernika 2023 roku w formie hybrydowej (mo\u017cliwo\u015b\u0107 uczestnictwa na miejscu lub poprzez platform\u0119 MS Teams).&nbsp;<\/p>\n\n\n\n<p><strong>UWAGA! Tegoroczna konferencja odb\u0119dzie si\u0119 w budynku Wydzia\u0142u Humanistycznego w Katowicach przy ul. Uniwersyteckiej 4.&nbsp;<\/strong><\/p>\n\n\n\n<p>Obrady b\u0119d\u0105 prowadzone w nast\u0119puj\u0105cych sekcjach:<\/p>\n\n\n\n<p>1. Przek\u0142ad \u2013 zagadnienia og\u00f3lne<\/p>\n\n\n\n<p>2. Przek\u0142ad specjalistyczny<\/p>\n\n\n\n<p>3. Przek\u0142ad ustny i audiowizualny<\/p>\n\n\n\n<p>4. Przek\u0142ad artystyczny<\/p>\n\n\n\n<p>5. T\u0142umacz i jego dzie\u0142o<\/p>\n\n\n\n<p>6. Dydaktyka przek\u0142adu<\/p>\n\n\n\n<p>7. Nowe technologie a przek\u0142ad<\/p>\n\n\n\n<p>8. Studenci o przek\u0142adzie<\/p>\n\n\n\n<p>Uprzejmie prosimy o wpisywanie tytu\u0142\u00f3w wyst\u0105pie\u0144 do 20 maja 2023 roku do <a href=\"https:\/\/docs.google.com\/forms\/d\/e\/1FAIpQLScD3Q4oVElhMVR8dVmIc8p2R-_1CRUu1QQTi2FWDLcxpgCO_Q\/viewform\" target=\"_blank\" rel=\"noreferrer noopener\">formularza Google. <\/a>Szczeg\u00f3\u0142owe informacje przesy\u0142amy w za\u0142\u0105czeniu.<\/p>\n\n\n\n<p>Zapraszamy r\u00f3wnie\u017c do odwiedzenia strony internetowej po\u015bwi\u0119conej konferencji:<\/p>\n\n\n\n<figure class=\"wp-block-embed\"><div class=\"wp-block-embed__wrapper\">\nhttps:\/\/www.przestrzenieprzekladu.us.edu.pl\n<\/div><\/figure>\n\n\n\n<p>oraz naszego fanpage&#8217;a na Facebooku:<\/p>\n\n\n\n<p><a href=\"https:\/\/www.facebook.com\/przestrzenieprzekladu\/\">https:\/\/www.facebook.com\/przestrzenieprzekladu\/<\/a><\/p>\n\n\n\n<p>Z wyrazami szacunku<\/p>\n\n\n\n<p>Organizatorzy<\/p>\n\n\n\n<p><\/p>\n\n\n\n<p><a href=\"https:\/\/szkolydoktorskie.uwb.edu.pl\/nh\/wp-content\/uploads\/sites\/3\/2023\/04\/konferencja-Przetrzenie-Przekladu-8-pismo-informacyjne.pdf\">Program<\/a><\/p>\n\n\n\n<p><strong>Wyk\u0142ady&nbsp;&#8222;Spotkania&nbsp;z&nbsp;Mistrzami&#8221;&nbsp;<\/strong><\/p>\n\n\n\n<p>Szanowni&nbsp;Pa\u0144stwo,<br><br>w&nbsp;imieniu&nbsp;Ko\u0142a&nbsp;Naukowego&nbsp;Doktorant\u00f3w&nbsp;KUL&nbsp;zapraszamy&nbsp;serdecznie&nbsp;na&nbsp;cykl<br>wyk\u0142ad\u00f3w&nbsp;&#8222;Spotkania&nbsp;z&nbsp;Mistrzami&#8221;&nbsp;skierowanych&nbsp;do&nbsp;student\u00f3w,<br>doktorant\u00f3w&nbsp;i&nbsp;wszystkich&nbsp;pracownik\u00f3w&nbsp;naukowych.<\/p>\n\n\n\n<p>Informacje&nbsp;o&nbsp;cyklu&nbsp;wyk\u0142ad\u00f3w:<br>&#8222;Spotkania&nbsp;z&nbsp;mistrzami&#8221;&nbsp;skierowane&nbsp;s\u0105&nbsp;do&nbsp;wszystkich&nbsp;doktorant\u00f3w,<br>pracownik\u00f3w&nbsp;naukowych,&nbsp;badaczy&nbsp;i&nbsp;student\u00f3w,&nbsp;zw\u0142aszcza<br>zainteresowanych&nbsp;interdyscyplinarnymi&nbsp;badaniami&nbsp;z&nbsp;zakresu&nbsp;Muzykologii,<br>Historii,&nbsp;Historii&nbsp;Sztuki,&nbsp;Filozofii&nbsp;i&nbsp;Filologii.<br>Wszystkie&nbsp;wydarzenia&nbsp;b\u0119d\u0105&nbsp;dost\u0119pne&nbsp;online&nbsp;(jednorazowe&nbsp;linki&nbsp;do<br>spotka\u0144&nbsp;podane&nbsp;b\u0119d\u0105&nbsp;do&nbsp;ka\u017cdego&nbsp;wydarzenia).<br>&#8212;-<br>Wyk\u0142ad&nbsp;jest&nbsp;otwarty&nbsp;dla&nbsp;wszystkich&nbsp;zainteresowanych.&nbsp;Odb\u0119dzie&nbsp;si\u0119&nbsp;na<br>platformie&nbsp;Zoom.&nbsp;Po&nbsp;wyk\u0142adzie&nbsp;zapraszamy&nbsp;do&nbsp;zadawania&nbsp;pyta\u0144&nbsp;i<br>uczestniczenia&nbsp;w&nbsp;dyskusji,&nbsp;kt\u00f3r\u0105&nbsp;poprowadzi&nbsp;prof.&nbsp;Ma\u0142gorzata&nbsp;Gamrat&nbsp;&#8211;<br>opiekun&nbsp;naukowy&nbsp;cyklu.<br>Organizatorem&nbsp;jest&nbsp;Ko\u0142o&nbsp;Naukowe&nbsp;Doktorant\u00f3w&nbsp;KUL.<br>&#8212;-<br><a href=\"https:\/\/szkolydoktorskie.uwb.edu.pl\/nh\/wp-content\/uploads\/sites\/3\/2023\/04\/kul_plakat_2023_SPOTKANIA_Facos_17.04_PL.pdf\">Plakat<\/a><\/p>\n\n\n\n<p>Link&nbsp;do&nbsp;spotkania:<br><a href=\"https:\/\/us02web.zoom.us\/j\/89705108871?pwd=UFFtbnAvMStjaldxNk8xSEZoajVjZz09\" target=\"_blank\" rel=\"noreferrer noopener\">https:\/\/us02web.zoom.us\/j\/89705108871?pwd=UFFtbnAvMStjaldxNk8xSEZoajVjZz09<\/a><br>ID&nbsp;de&nbsp;r\u00e9union&nbsp;:&nbsp;897&nbsp;0510&nbsp;8871<br>Code&nbsp;secret&nbsp;:&nbsp;383854<br><br>Link&nbsp;do&nbsp;wydarzenia&nbsp;na&nbsp;FB:<br><a href=\"https:\/\/fb.me\/e\/2VkheZLrZ\" target=\"_blank\" rel=\"noreferrer noopener\">https:\/\/fb.me\/e\/2VkheZLrZ<\/a><\/p>\n\n\n\n<p>_____________________<\/p>\n\n\n\n<p><strong>Nagroda czasopisma naukowego \u201eHistoryka. Studia&nbsp;Metodologiczne\u201d&nbsp;im.&nbsp;Marcelego&nbsp;Handelsmana<\/strong><\/p>\n\n\n\n<p>&nbsp;Szanowni&nbsp;Pa\u0144stwo,<br><br>&nbsp;w&nbsp;bie\u017c\u0105cym&nbsp;roku&nbsp;odnawiamy&nbsp;nagrod\u0119&nbsp;czasopisma&nbsp;naukowego&nbsp;\u201eHistoryka.<br>Studia&nbsp;Metodologiczne\u201d&nbsp;im.&nbsp;Marcelego&nbsp;Handelsmana.&nbsp;Nagroda&nbsp;b\u0119dzie<br>wynosi\u0107&nbsp;3000&nbsp;z\u0142&nbsp;i&nbsp;ufundowana&nbsp;jest&nbsp;przez&nbsp;Polskie&nbsp;Towarzystwo<br>Historyczne&nbsp;i&nbsp;Polskie&nbsp;Towarzystwo&nbsp;Historiograficzne.&nbsp;Jest&nbsp;ona<br>przyznawana&nbsp;autorom&nbsp;wyr\u00f3\u017cniaj\u0105cych&nbsp;si\u0119&nbsp;prac&nbsp;magisterskich&nbsp;i<br>doktorskich&nbsp;z&nbsp;zakresu&nbsp;teorii&nbsp;historii,&nbsp;historii&nbsp;historiografii&nbsp;i<br>metodologii&nbsp;historii,&nbsp;kt\u00f3re&nbsp;oferuj\u0105&nbsp;pog\u0142\u0119bion\u0105&nbsp;refleksj\u0119&nbsp;nad<br>wa\u017cnymi&nbsp;zjawiskami&nbsp;i&nbsp;tendencjami&nbsp;w&nbsp;badaniach&nbsp;historycznych&nbsp;i<br>historiograficznych&nbsp;lub\/i&nbsp;tworz\u0105&nbsp;nowe&nbsp;idee,&nbsp;metody&nbsp;i&nbsp;podej\u015bcia<br>teoretyczne&nbsp;umo\u017cliwiaj\u0105ce&nbsp;innowacyjny&nbsp;opis&nbsp;przesz\u0142ej&nbsp;rzeczywisto\u015bci.<br>Nagroda&nbsp;mo\u017ce&nbsp;by\u0107&nbsp;przyznana&nbsp;pracom&nbsp;z&nbsp;zakresu&nbsp;innych&nbsp;dziedzin&nbsp;bada\u0144<br>historycznych,&nbsp;je\u015bli&nbsp;zakres&nbsp;i&nbsp;spos\u00f3b&nbsp;wykorzystania&nbsp;nowoczesnych<br>podej\u015b\u0107&nbsp;i&nbsp;metod&nbsp;badawczych&nbsp;czyni\u0107&nbsp;z&nbsp;nich&nbsp;b\u0119d\u0105&nbsp;prace&nbsp;nowatorskie&nbsp;i<br>inspiruj\u0105ce&nbsp;metodologicznie.&nbsp;Do&nbsp;konkursu&nbsp;mo\u017cna&nbsp;zg\u0142asza\u0107&nbsp;prace<br>magisterskie&nbsp;lub&nbsp;doktorskie&nbsp;powsta\u0142e&nbsp;w&nbsp;latach&nbsp;2020,&nbsp;2021,&nbsp;2022.<br>Warunkiem&nbsp;uczestnictwa&nbsp;w&nbsp;konkursie&nbsp;jest&nbsp;uzyskanie&nbsp;oceny&nbsp;bardzo&nbsp;dobrej&nbsp;w<br>przypadku&nbsp;pracy&nbsp;magisterskiej&nbsp;lub&nbsp;wyr\u00f3\u017cnienia&nbsp;w&nbsp;przypadku&nbsp;pracy<br>doktorskiej.&nbsp;Do&nbsp;tego&nbsp;listu&nbsp;za\u0142\u0105czamy&nbsp;regulamin&nbsp;nagrody.<\/p>\n\n\n\n<p><a href=\"https:\/\/szkolydoktorskie.uwb.edu.pl\/nh\/wp-content\/uploads\/sites\/3\/2023\/04\/Regulamin-Nagrody-im.-Marcelego-Handelsmana-1.pdf\">Regulamin<\/a><br><br>&nbsp;Zg\u0142oszenia&nbsp;prac&nbsp;winny&nbsp;zawiera\u0107:<br><br>&nbsp;&nbsp;&nbsp;&nbsp;&nbsp;*&nbsp;List&nbsp;przewodni&nbsp;przewodnicz\u0105cego&nbsp;rady&nbsp;dyscypliny&nbsp;lub&nbsp;dyrekcji<br>instytutu,&nbsp;gdzie&nbsp;praca&nbsp;by\u0142a&nbsp;obroniona&nbsp;potwierdzaj\u0105cy,&nbsp;\u017ce&nbsp;zar\u00f3wno<br>kandydat,&nbsp;jak&nbsp;i&nbsp;praca&nbsp;spe\u0142niaj\u0105&nbsp;wymogi&nbsp;formalne&nbsp;konkursu.<br><br>&nbsp;&nbsp;&nbsp;&nbsp;&nbsp;*&nbsp;Do&nbsp;ka\u017cdej&nbsp;nades\u0142anej&nbsp;na&nbsp;konkurs&nbsp;pracy&nbsp;powinny&nbsp;by\u0107&nbsp;do\u0142\u0105czone<br>kopie&nbsp;jej&nbsp;recenzji&nbsp;i&nbsp;rekomendacja&nbsp;promotora.<br><br>&nbsp;&nbsp;&nbsp;&nbsp;*&nbsp;Ka\u017cda&nbsp;nades\u0142ana&nbsp;praca&nbsp;powinna&nbsp;r\u00f3wnie\u017c&nbsp;zawiera\u0107&nbsp;o\u015bwiadczenie<br>autora,&nbsp;\u017ce&nbsp;jest&nbsp;ona&nbsp;jego&nbsp;dzie\u0142em&nbsp;autorskim&nbsp;i&nbsp;jako&nbsp;taka&nbsp;podlega<br>ochronie&nbsp;prawnej.<br><br>&nbsp;Zg\u0142oszenia&nbsp;i&nbsp;prace&nbsp;prosimy&nbsp;nadsy\u0142a\u0107&nbsp;w&nbsp;wersji&nbsp;elektronicznej&nbsp;na<br>adres:&nbsp;<a href=\"mailto:historyka@uj.edu.pl\">historyka@uj.edu.pl<\/a>&nbsp;do&nbsp;ko\u0144ca&nbsp;kwietnia&nbsp;b.r.<br><br><br><br>&nbsp;Prof.&nbsp;dr&nbsp;hab.&nbsp;Krzysztof&nbsp;Zamorski<br><br>&nbsp;Redaktor&nbsp;czasopisma&nbsp;naukowego&nbsp;\u201eHistoryka.&nbsp;Studia&nbsp;metodologiczne&#8221;<\/p>\n\n\n\n<p>____________________<\/p>\n\n\n\n<p>Szanowni&nbsp;Pa\u0144stwo,<br><br>&nbsp;w&nbsp;bie\u017c\u0105cym&nbsp;roku&nbsp;odnawiamy&nbsp;nagrod\u0119&nbsp;czasopisma&nbsp;naukowego&nbsp;\u201eHistoryka.<br>Studia&nbsp;Metodologiczne\u201d&nbsp;im.&nbsp;Marcelego&nbsp;Handelsmana.&nbsp;Nagroda&nbsp;b\u0119dzie wynosi\u0107&nbsp;3000&nbsp;z\u0142&nbsp;i&nbsp;ufundowana&nbsp;jest&nbsp;przez&nbsp;Polskie&nbsp;Towarzystwo Historyczne&nbsp;i&nbsp;Polskie&nbsp;Towarzystwo&nbsp;Historiograficzne.&nbsp;Jest&nbsp;ona<br>przyznawana&nbsp;autorom&nbsp;wyr\u00f3\u017cniaj\u0105cych&nbsp;si\u0119&nbsp;prac&nbsp;magisterskich&nbsp;i<br>doktorskich&nbsp;z&nbsp;zakresu&nbsp;teorii&nbsp;historii,&nbsp;historii&nbsp;historiografii&nbsp;i<br>metodologii&nbsp;historii,&nbsp;kt\u00f3re&nbsp;oferuj\u0105&nbsp;pog\u0142\u0119bion\u0105&nbsp;refleksj\u0119&nbsp;nad wa\u017cnymi&nbsp;zjawiskami&nbsp;i&nbsp;tendencjami&nbsp;w&nbsp;badaniach&nbsp;historycznych&nbsp;i<br>historiograficznych&nbsp;lub\/i&nbsp;tworz\u0105&nbsp;nowe&nbsp;idee,&nbsp;metody&nbsp;i&nbsp;podej\u015bcia<br>teoretyczne&nbsp;umo\u017cliwiaj\u0105ce&nbsp;innowacyjny&nbsp;opis&nbsp;przesz\u0142ej&nbsp;rzeczywisto\u015bci.<br>Nagroda&nbsp;mo\u017ce&nbsp;by\u0107&nbsp;przyznana&nbsp;pracom&nbsp;z&nbsp;zakresu&nbsp;innych&nbsp;dziedzin&nbsp;bada\u0144<br>historycznych,&nbsp;je\u015bli&nbsp;zakres&nbsp;i&nbsp;spos\u00f3b&nbsp;wykorzystania&nbsp;nowoczesnych<br>podej\u015b\u0107&nbsp;i&nbsp;metod&nbsp;badawczych&nbsp;czyni\u0107&nbsp;z&nbsp;nich&nbsp;b\u0119d\u0105&nbsp;prace&nbsp;nowatorskie&nbsp;i<br>inspiruj\u0105ce&nbsp;metodologicznie.&nbsp;Do&nbsp;konkursu&nbsp;mo\u017cna&nbsp;zg\u0142asza\u0107&nbsp;prace<br>magisterskie&nbsp;lub&nbsp;doktorskie&nbsp;powsta\u0142e&nbsp;w&nbsp;latach&nbsp;2020,&nbsp;2021,&nbsp;2022.<br>Warunkiem&nbsp;uczestnictwa&nbsp;w&nbsp;konkursie&nbsp;jest&nbsp;uzyskanie&nbsp;oceny&nbsp;bardzo&nbsp;dobrej&nbsp;w<br>przypadku&nbsp;pracy&nbsp;magisterskiej&nbsp;lub&nbsp;wyr\u00f3\u017cnienia&nbsp;w&nbsp;przypadku&nbsp;pracy<br>doktorskiej.&nbsp;Do&nbsp;tego&nbsp;listu&nbsp;za\u0142\u0105czamy&nbsp;regulamin&nbsp;nagrody.<br><br>&nbsp;Zg\u0142oszenia&nbsp;prac&nbsp;winny&nbsp;zawiera\u0107:<br><br>&nbsp;&nbsp;&nbsp;&nbsp;&nbsp;*&nbsp;List&nbsp;przewodni&nbsp;przewodnicz\u0105cego&nbsp;rady&nbsp;dyscypliny&nbsp;lub&nbsp;dyrekcji<br>instytutu,&nbsp;gdzie&nbsp;praca&nbsp;by\u0142a&nbsp;obroniona&nbsp;potwierdzaj\u0105cy,&nbsp;\u017ce&nbsp;zar\u00f3wno<br>kandydat,&nbsp;jak&nbsp;i&nbsp;praca&nbsp;spe\u0142niaj\u0105&nbsp;wymogi&nbsp;formalne&nbsp;konkursu.<br><br>&nbsp;&nbsp;&nbsp;&nbsp;&nbsp;*&nbsp;Do&nbsp;ka\u017cdej&nbsp;nades\u0142anej&nbsp;na&nbsp;konkurs&nbsp;pracy&nbsp;powinny&nbsp;by\u0107&nbsp;do\u0142\u0105czone<br>kopie&nbsp;jej&nbsp;recenzji&nbsp;i&nbsp;rekomendacja&nbsp;promotora.<br><br>&nbsp;&nbsp;&nbsp;&nbsp;*&nbsp;Ka\u017cda&nbsp;nades\u0142ana&nbsp;praca&nbsp;powinna&nbsp;r\u00f3wnie\u017c&nbsp;zawiera\u0107&nbsp;o\u015bwiadczenie<br>autora,&nbsp;\u017ce&nbsp;jest&nbsp;ona&nbsp;jego&nbsp;dzie\u0142em&nbsp;autorskim&nbsp;i&nbsp;jako&nbsp;taka&nbsp;podlega<br>ochronie&nbsp;prawnej.<br><br>&nbsp;Zg\u0142oszenia&nbsp;i&nbsp;prace&nbsp;prosimy&nbsp;nadsy\u0142a\u0107&nbsp;w&nbsp;wersji&nbsp;elektronicznej&nbsp;na<br>adres:&nbsp;<a href=\"mailto:historyka@uj.edu.pl\">historyka@uj.edu.pl<\/a>&nbsp;do&nbsp;ko\u0144ca&nbsp;kwietnia&nbsp;b.r.<br><br><a href=\"https:\/\/szkolydoktorskie.uwb.edu.pl\/nh\/wp-content\/uploads\/sites\/3\/2023\/04\/Regulamin-Nagrody-im.-Marcelego-Handelsmana.pdf\">Regulamin<\/a><\/p>\n\n\n\n<p>&nbsp;Prosz\u0119&nbsp;o&nbsp;przyj\u0119cie&nbsp;wyraz\u00f3w&nbsp;szacunku<br>&nbsp;Prof.&nbsp;dr&nbsp;hab.&nbsp;Krzysztof&nbsp;Zamorski<br>&nbsp;Redaktor&nbsp;czasopisma&nbsp;naukowego&nbsp;\u201eHistoryka.&nbsp;Studia&nbsp;metodologiczne&#8221;<\/p>\n\n\n\n<p>___________________<\/p>\n\n\n\n<p>Serdecznie&nbsp;zapraszamy&nbsp;do&nbsp;udzia\u0142u&nbsp;w&nbsp;I&nbsp;Mi\u0119dzynarodowej&nbsp;Konferencji Naukowej&nbsp;\u201eGranice&nbsp;polsko\u015bci\u201d,&nbsp;kt\u00f3ra&nbsp;odb\u0119dzie&nbsp;si\u0119&nbsp;19&nbsp;maja&nbsp;2023 roku&nbsp;(pi\u0105tek)&nbsp;w&nbsp;formie&nbsp;zdalnej&nbsp;na&nbsp;platformie&nbsp;MS&nbsp;Teams.<br>Szczeg\u00f3\u0142y&nbsp;konferencji&nbsp;odnajd\u0105&nbsp;Pa\u0144stwo&nbsp;w&nbsp;za\u0142\u0105czniku&nbsp;oraz&nbsp;na&nbsp;stronie internetowej:<br><a href=\"https:\/\/www.ur.edu.pl\/pl\/kolegia\/kolegium-nauk-humanistycznych\/student\/konferencje-studentow-i-doktorantow\/i-miedzynarodowa-konferencja-naukowa-granice-polskosci\" target=\"_blank\" rel=\"noreferrer noopener\">https:\/\/www.ur.edu.pl\/pl\/kolegia\/kolegium-nauk-humanistycznych\/student\/konferencje-studentow-i-doktorantow\/i-miedzynarodowa-konferencja-naukowa-granice-polskosci<\/a><br>[<a href=\"https:\/\/www.ur.edu.pl\/pl\/kolegia\/kolegium-nauk-humanistycznych\/student\/konferencje-studentow-i-doktorantow\/i-miedzynarodowa-konferencja-naukowa-granice-polskosci\" target=\"_blank\" rel=\"noreferrer noopener\">1<\/a>]<br>&nbsp;Zach\u0119camy&nbsp;r\u00f3wnie\u017c&nbsp;do&nbsp;polubienia&nbsp;informacji&nbsp;o&nbsp;konferencji&nbsp;na&nbsp;portalu<br>Facebook:<br><a href=\"https:\/\/www.facebook.com\/photo?fbid=697227422199206&amp;set=pcb.697227525532529\" target=\"_blank\" rel=\"noreferrer noopener\">https:\/\/www.facebook.com\/photo?fbid=697227422199206&amp;set=pcb.697227525532529<\/a><br>oraz&nbsp;do\u0142\u0105czenia&nbsp;do&nbsp;wydarzenia:<br><a href=\"https:\/\/www.facebook.com\/events\/762830235252509\/?active_tab=about\" target=\"_blank\" rel=\"noreferrer noopener\">https:\/\/www.facebook.com\/events\/762830235252509\/?active_tab=about<\/a><br><br>Z&nbsp;wyrazami&nbsp;szacunku&nbsp;Komitet&nbsp;Organizacyjny<\/p>\n\n\n\n<p>______________<\/p>\n\n\n\n<p>Szanowni&nbsp;Pa\u0144stwo,<br><br>&nbsp;Studenckie&nbsp;Ko\u0142o&nbsp;Naukowe&nbsp;ItaliAMO&nbsp;oraz&nbsp;Zak\u0142ad&nbsp;Italianistyki Uniwersytetu&nbsp;\u0141\u00f3dzkiego&nbsp;serdecznie&nbsp;zapraszaj\u0105&nbsp;do&nbsp;wzi\u0119cia&nbsp;udzia\u0142u&nbsp;w Og\u00f3lnopolskim&nbsp;Sympozjum&nbsp;M\u0142odych&nbsp;Onomast\u00f3w&nbsp;pt.&nbsp;Nazwy&nbsp;w\u0142asne&nbsp;jako<br>zas\u00f3b&nbsp;j\u0119zyka&nbsp;i&nbsp;kultury.&nbsp;Wydarzenie&nbsp;adresowane&nbsp;jest&nbsp;do&nbsp;wszystkich<br>student\u00f3w&nbsp;I&nbsp;i&nbsp;II&nbsp;stopnia,&nbsp;doktorant\u00f3w,&nbsp;a&nbsp;tak\u017ce&nbsp;m\u0142odych&nbsp;naukowc\u00f3w<br>zajmuj\u0105cych&nbsp;si\u0119&nbsp;w&nbsp;swoich&nbsp;badaniach&nbsp;nazwami&nbsp;w\u0142asnymi.&nbsp;Odb\u0119dzie&nbsp;si\u0119<br>ono&nbsp;19&nbsp;maja&nbsp;2023&nbsp;r.&nbsp;w&nbsp;trybie&nbsp;stacjonarnym&nbsp;w&nbsp;gmachu&nbsp;Wydzia\u0142u<br>Filologicznego&nbsp;Uniwersytetu&nbsp;\u0141\u00f3dzkiego.<br><br>&nbsp;Zach\u0119camy&nbsp;do&nbsp;zg\u0142aszania&nbsp;odczyt\u00f3w&nbsp;w&nbsp;j\u0119zyku&nbsp;polskim&nbsp;z&nbsp;dziedzin&nbsp;takich<br>jak:&nbsp;antroponomastyka,&nbsp;toponomastyka,&nbsp;chrematonomastyka, urbanoonomastyka,&nbsp;zoonomastyka,&nbsp;onomastyka&nbsp;literacka&nbsp;i&nbsp;inne.&nbsp;Termin<br>nadsy\u0142ania&nbsp;zg\u0142osze\u0144&nbsp;up\u0142ywa&nbsp;7&nbsp;kwietnia&nbsp;2023&nbsp;r.&nbsp;Wi\u0119cej&nbsp;informacji<br>dost\u0119pnych&nbsp;w&nbsp;za\u0142\u0105czonych&nbsp;plikach.&nbsp;W&nbsp;przypadku&nbsp;pyta\u0144&nbsp;pozostajemy&nbsp;do<br>Pa\u0144stwa&nbsp;dyspozycji.<\/p>\n\n\n\n<p><a href=\"https:\/\/szkolydoktorskie.uwb.edu.pl\/nh\/wp-content\/uploads\/sites\/3\/2023\/03\/mlodzi_onomasci_cfp-1.pdf\">Informacje<\/a><\/p>\n\n\n\n<p><a href=\"https:\/\/szkolydoktorskie.uwb.edu.pl\/nh\/wp-content\/uploads\/sites\/3\/2023\/03\/Formularz-zgloszeniowy-Sympozjum-Mlodych-Onomasto\u0301w1.docx\">Formularz zg\u0142oszeniowy<\/a><\/p>\n\n\n\n<p>________________________<\/p>\n\n\n\n<p>Szanowni&nbsp;Pa\u0144stwo,<br><br>Ko\u0142o&nbsp;Naukowe&nbsp;Doktorant\u00f3w&nbsp;wraz&nbsp;z&nbsp;Studenckim&nbsp;Ko\u0142em&nbsp;Feministycznym,<br>dzia\u0142aj\u0105ce&nbsp;przy&nbsp;Katedrze&nbsp;Literatury,&nbsp;Kultury&nbsp;i&nbsp;Komparatystyki Angloj\u0119zycznej&nbsp;Uniwersytetu&nbsp;Miko\u0142aja&nbsp;Kopernika&nbsp;w&nbsp;Toruniu,&nbsp;maj\u0105 zaszczyt&nbsp;zaprosi\u0107&nbsp;student\u00f3w&nbsp;i&nbsp;doktorant\u00f3w&nbsp;Pa\u0144stwa&nbsp;jednostek&nbsp;do<br>udzia\u0142u&nbsp;w&nbsp;mi\u0119dzynarodowej&nbsp;konferencji&nbsp;m\u0142odych&nbsp;naukowc\u00f3w&nbsp;\u201cPolitics<br>and&nbsp;Poetics&nbsp;of&nbsp;Difference:&nbsp;Approaches&nbsp;in&nbsp;Anglophone&nbsp;Literature,&nbsp;Culture<br>and&nbsp;Linguistics\u201d,&nbsp;kt\u00f3ra&nbsp;odb\u0119dzie&nbsp;si\u0119&nbsp;w&nbsp;dniach&nbsp;2-3&nbsp;czerwca&nbsp;2023&nbsp;roku<br>w&nbsp;trybie&nbsp;zdalnym&nbsp;na&nbsp;platformie&nbsp;MS&nbsp;Teams.<br><br>Propozycje&nbsp;wyst\u0105pie\u0144&nbsp;prosimy&nbsp;przes\u0142a\u0107&nbsp;do&nbsp;14&nbsp;kwietnia&nbsp;2023&nbsp;na&nbsp;adres:<br><a href=\"mailto:differenceconferencetorun@gmail.com\">differenceconferencetorun@gmail.com<\/a>.<br>Serdecznie&nbsp;zapraszamy&nbsp;student\u00f3w,&nbsp;doktorant\u00f3w&nbsp;i&nbsp;m\u0142odych&nbsp;naukowc\u00f3w&nbsp;do<br>wzi\u0119cia&nbsp;udzia\u0142u&nbsp;w&nbsp;tym&nbsp;wydarzeniu.&nbsp;W&nbsp;za\u0142\u0105czniku&nbsp;przesy\u0142amy&nbsp;plakat<br>konferencyjny&nbsp;oraz&nbsp;komunikat,&nbsp;w&nbsp;kt\u00f3rym&nbsp;zawarte&nbsp;s\u0105&nbsp;wszystkie<br>szczeg\u00f3\u0142y.<br><br>Informacje&nbsp;na&nbsp;temat&nbsp;konferencji&nbsp;znajduj\u0105&nbsp;si\u0119&nbsp;r\u00f3wnie\u017c&nbsp;na&nbsp;stronie<br>internetowej&nbsp;konferencji:<br><br><a href=\"https:\/\/differenceconferencetorun.wordpress.com\/\" target=\"_blank\" rel=\"noreferrer noopener\">https:\/\/differenceconferencetorun.wordpress.com\/<\/a><\/p>\n\n\n\n<p><\/p>\n\n\n\n<p>______________________<\/p>\n\n\n\n<p>Szanowni Pa\u0144stwo,&nbsp;<\/p>\n\n\n\n<p>zapraszamy do udzia\u0142u w zdalnym posiedzeniu seminarium <strong>\u201eFilozoficznych problem\u00f3w wiedzy&#8221; <\/strong>w dniu 31<strong> marca br.,<\/strong> <strong>godz. 11:30<\/strong>, w czasie kt\u00f3rego referat nt. <strong><em>Elementy mechanicystyczne i niemechanicystyczne w koncepcjach Alana Turinga<\/em> <\/strong>przedstawi\u0105<strong> dr Pawe\u0142 Stacewicz <\/strong>(g\u0142\u00f3wny prezentuj\u0105cy),<strong> dr Adam Kubiak i dr hab. Hajo Greif (wszyscy z PW).<\/strong><\/p>\n\n\n\n<p>&nbsp;Spotkanie odb\u0119dzie si\u0119 <strong>w j. polskim <\/strong>na platformie ZOOM. Podajemy szczeg\u00f3\u0142y logowania &#8211;<\/p>\n\n\n\n<p><strong>link do spotkania:<\/strong><\/p>\n\n\n\n<p><a href=\"https:\/\/zoom.us\/j\/93994826304?pwd=WXJqZEdXQ0tXNlI0NnpHNWt1VElvUT09\">https:\/\/zoom.us\/j\/93994826304?pwd=WXJqZEdXQ0tXNlI0NnpHNWt1VElvUT09<\/a><\/p>\n\n\n\n<p><strong>Passcode: <\/strong>426187<\/p>\n\n\n\n<p><strong>Meeting ID:<\/strong> 939 9482 6304<\/p>\n\n\n\n<p>Dost\u0119p do spotkania b\u0119dzie mo\u017cliwy za po\u015brednictwem dowolnej przegl\u0105darki internetowej i bez instalacji programu Zoom, ale mo\u017cecie te\u017c Pa\u0144stwo zainstalowa\u0107 program Zoom na swoim komputerze korzystaj\u0105c ze strony: <a href=\"https:\/\/zoom.us\/\" target=\"_blank\" rel=\"noreferrer noopener\">https:\/\/zoom.us\/<\/a>.<\/p>\n\n\n\n<p>________________<\/p>\n\n\n\n<p><\/p>\n\n\n\n<p>Organizatorzy XXI Powszechnego Zjazdu Historyk\u00f3w Polskich w Bia\u0142ymstoku (17\u201320 wrze\u015bnia 2024 r.) zaplanowali sesj\u0119 posterow\u0105 dedykowan\u0105 m\u0142odym naukowcom, do udzia\u0142u w kt\u00f3rej zapraszaj\u0105 szczeg\u00f3lnie doktorant\u00f3w i s\u0142uchaczy szk\u00f3\u0142 doktorskich.<\/p>\n\n\n\n<p><a href=\"https:\/\/szkolydoktorskie.uwb.edu.pl\/nh\/wp-content\/uploads\/sites\/3\/2023\/03\/zaproszenie_sesja_posterowa.pdf\">Zaproszenie<\/a><\/p>\n\n\n\n<p>______________<\/p>\n\n\n\n<p>Fundacja&nbsp;Rozwoju&nbsp;Systemu&nbsp;Edukacji&nbsp;og\u0142osi\u0142a&nbsp;czwart\u0105&nbsp;edycj\u0119&nbsp;konkursu wydawniczego&nbsp;Monografie.&nbsp;Jest&nbsp;on&nbsp;skierowany&nbsp;do&nbsp;badaczy&nbsp;i&nbsp;naukowc\u00f3w, kt\u00f3rzy&nbsp;podejmuj\u0105&nbsp;tematy&nbsp;zwi\u0105zane&nbsp;z&nbsp;edukacj\u0105&nbsp;w&nbsp;uj\u0119ciu&nbsp;r\u00f3\u017cnych dyscyplin&nbsp;nauk&nbsp;spo\u0142ecznych&nbsp;i&nbsp;humanistycznych.&nbsp;Konkurs&nbsp;odbywa&nbsp;si\u0119&nbsp;pod patronatem&nbsp;\u201eForum&nbsp;Akademickiego&#8221;.&nbsp;SZCZEG\u00d3\u0141Y:<br><a href=\"http:\/\/WWW.FRSE.ORG.PL\/WYDAWNICTWO\/FAQ\" target=\"_blank\" rel=\"noreferrer noopener\">WWW.FRSE.ORG.PL\/WYDAWNICTWO\/FAQ<\/a>&nbsp;[<a href=\"https:\/\/www.frse.org.pl\/wydawnictwo\/faq\" target=\"_blank\" rel=\"noreferrer noopener\">1<\/a>]<br><br>Zwyci\u0119skie&nbsp;monografie&nbsp;zostan\u0105&nbsp;zrecenzowane,&nbsp;a&nbsp;nast\u0119pnie&nbsp;wydane&nbsp;w j\u0119zykach&nbsp;polskim&nbsp;i&nbsp;angielskim.&nbsp;B\u0119d\u0105&nbsp;tak\u017ce&nbsp;bezp\u0142atnie&nbsp;udost\u0119pniane w&nbsp;internecie&nbsp;i&nbsp;repozytoriach&nbsp;cyfrowych&nbsp;oraz&nbsp;uzyskaj\u0105&nbsp;punkty&nbsp;niezb\u0119dne do&nbsp;ewaluacji&nbsp;dorobku&nbsp;naukowego.<\/p>\n\n\n\n<p>Zg\u0142oszenia przyjmowane s\u0105 do 31.05.2023 r.<br><br><a href=\"https:\/\/szkolydoktorskie.uwb.edu.pl\/nh\/wp-content\/uploads\/sites\/3\/2023\/03\/Konkurs-Monografie-2023-informacja-prasowa1.docx\">Konkurs Monografie 2023 &#8211; informacja prasowa<\/a><br><br>____________<\/p>\n\n\n\n<p>Zapraszamy na <strong>Seminarium naukowe w ramach kt\u00f3rego odb\u0119dzie si\u0119 wyk\u0142ad Profesora Lecha Witkowskiego oraz debata wok\u00f3\u0142 ksi\u0105\u017cki \u201eUroszczenia i transaktualno\u015b\u0107 w humanistyce. Florian Znaniecki: dziedzictwo idei i jego p\u0119kni\u0119cia\u201d.<\/strong><\/p>\n\n\n\n<p>Plakat: <a href=\"https:\/\/szkolydoktorskie.uwb.edu.pl\/nh\/wp-content\/uploads\/sites\/3\/2023\/03\/plakat_prof.-L-2.pdf\">https:\/\/szkolydoktorskie.uwb.edu.pl\/nh\/wp-content\/uploads\/sites\/3\/2023\/03\/plakat_prof.-L-2.pdf<\/a><\/p>\n\n\n\n<p>_____________<\/p>\n\n\n\n<p><\/p>\n\n\n\n<p>Center For American Studies zaprasza do udzia\u0142u w certyfikowanym weekendowym kursie <strong><em>Presenting at Conferences &amp; Publishing Research<\/em><\/strong> z native speakerem-naukowcem z USA (absolwentem presti\u017cowego George Mason University), Johnem Patrickiem Higginsem.<\/p>\n\n\n\n<p>W toku kursu:<\/p>\n\n\n\n<ul class=\"wp-block-list\">\n<li>Opanujesz sztuk\u0119 prezentowania bada\u0144 na (nawet najbardziej presti\u017cowych) konferencjach krajowych i mi\u0119dzynarodowych<\/li>\n\n\n\n<li>Dowiesz si\u0119 jak szybko i skutecznie pisa\u0107 abstrakty, kt\u00f3ry sprawi\u0105, \u017ce dostaniesz si\u0119 na wymarzone konferencje<\/li>\n\n\n\n<li>Poznasz skuteczne metody pisania i publikowania artyku\u0142\u00f3w naukowych i rozdzia\u0142\u00f3w w monografiach<\/li>\n\n\n\n<li>Dowiesz si\u0119 jak reagowa\u0107 na krytyczne komentarze ze strony recenzent\u00f3w publikacji oraz podchwytliwe pytania w czasie paneli dyskusyjnych konferencji<\/li>\n<\/ul>\n\n\n\n<p><strong>Damy Ci te\u017c szans\u0119 na prze\u0107wiczenie swoich umiej\u0119tno\u015bci w praktyce!<\/strong> Je\u015bli zechcesz, to zaanga\u017cujemy Ci\u0119 w przydatne \u0107wiczenia praktyczne.<\/p>\n\n\n\n<p>Do udzia\u0142u w szkoleniu serdecznie zach\u0119camy ambitnych student\u00f3w, doktorant\u00f3w oraz pracownik\u00f3w naukowych.<\/p>\n\n\n\n<p><strong>Termin kursu:<\/strong> 24-25 marca 2023 (zaczynamy w pi\u0105tek wieczorem i ko\u0144czymy w sobot\u0119 po po\u0142udniu). Sugerujemy rejestrowa\u0107 si\u0119 do 19 marca 2023 Liczba miejsc jest ograniczona!<\/p>\n\n\n\n<p><strong>Wi\u0119cej informacji o zapisach:<\/strong> <a href=\"https:\/\/fb.me\/e\/32VRUdfDs\" target=\"_blank\" rel=\"noreferrer noopener\">https:\/\/fb.me\/e\/32VRUdfDs<\/a><\/p>\n\n\n\n<p>____________________<\/p>\n\n\n\n<p>We warmly invite you to the<strong> International Conference <em>The Heritage of Crisis. A Crisis of Heritage<\/em><\/strong> organized by the Jagiellonian University Doctoral School in the Humanities in collaboration with UNA Europa. The conference will be held on <strong>18-20 May<\/strong>,<strong> 2023<\/strong>, in the Amphitheatre Hall of the Jagiellonian Library in Krak\u00f3w. It is also possible to connect with us online.<\/p>\n\n\n\n<p><a href=\"https:\/\/szkolydoktorskie.uwb.edu.pl\/nh\/wp-content\/uploads\/sites\/3\/2023\/02\/Call4Papers.pdf\">Call4Papers<\/a><\/p>\n\n\n\n<p>_____________________<\/p>\n\n\n\n<p><\/p>\n\n\n\n<p>Instytut&nbsp;Historyczny&nbsp;Uniwersytetu&nbsp;Szczeci\u0144skiego&nbsp;14&nbsp;KWIETNIA&nbsp;2023&nbsp;roku  organizuje&nbsp;Seminarium&nbsp;Naukowe&nbsp;im.&nbsp;Prof.&nbsp;Edwarda&nbsp;W\u0142odarczyka.&nbsp;Celem spotkania&nbsp;jest&nbsp;dyskusja&nbsp;nad&nbsp;projektami&nbsp;badawczymi&nbsp;dotycz\u0105cymi problematyki,&nbsp;kt\u00f3r\u0105&nbsp;zajmowa\u0142&nbsp;si\u0119&nbsp;Patron&nbsp;Seminarium.&nbsp;W&nbsp;kr\u0105g<br> zainteresowania&nbsp;wchodzi&nbsp;historia&nbsp;spo\u0142eczno-gospodarcza&nbsp;miast&nbsp;i<br>region\u00f3w&nbsp;p\u00f3\u0142nocnych&nbsp;i&nbsp;zachodnich&nbsp;ziem&nbsp;polskich&nbsp;i&nbsp;tzw.&nbsp;Wielkiego Niemieckiego&nbsp;Wschodu,&nbsp;a&nbsp;tak\u017ce&nbsp;sprawy&nbsp;ba\u0142tyckie&nbsp;w&nbsp;r\u00f3\u017cnych&nbsp;epokach,&nbsp;ze<br>szczeg\u00f3lnym&nbsp;uwzgl\u0119dnieniem&nbsp;XVIII-XX&nbsp;wieku.<br><br>&nbsp;Seminarium&nbsp;ma&nbsp;za&nbsp;zadanie&nbsp;integrowa\u0107&nbsp;badaczy,&nbsp;stanowi\u0105c&nbsp;forum&nbsp;wymiany do\u015bwiadcze\u0144&nbsp;i&nbsp;dyskusji&nbsp;nad&nbsp;realizowanymi&nbsp;projektami&nbsp;badawczymi, zw\u0142aszcza&nbsp;w&nbsp;ramach&nbsp;rozpraw&nbsp;doktorskich&nbsp;i&nbsp;habilitacyjnych.<br><br>&nbsp;Organizatorzy&nbsp;seminarium&nbsp;zapewniaj\u0105&nbsp;honorarium&nbsp;autorskie&nbsp;(nie<br>finansuj\u0105&nbsp;koszt\u00f3w&nbsp;podr\u00f3\u017cy,&nbsp;noclegu&nbsp;i&nbsp;wy\u017cywienia).<br><br>&nbsp;Zg\u0142oszenia&nbsp;udzia\u0142u&nbsp;prosimy&nbsp;kierowa\u0107&nbsp;na&nbsp;adres&nbsp;<a href=\"mailto:dyrektor.his@usz.edu.pl\">dyrektor.his@usz.edu.pl<\/a><br>do&nbsp;28&nbsp;LUTEGO&nbsp;2023&nbsp;R.&nbsp;Powinny&nbsp;one&nbsp;zawiera\u0107:&nbsp;tytu\u0142\/stopie\u0144,&nbsp;imi\u0119&nbsp;i<br>nazwisko,&nbsp;temat&nbsp;wyst\u0105pienia&nbsp;i&nbsp;jego&nbsp;zapowied\u017a&nbsp;(do&nbsp;1200&nbsp;znak\u00f3w).<br><br>&nbsp;Informacj\u0119&nbsp;o&nbsp;porz\u0105dku&nbsp;wyst\u0105pie\u0144&nbsp;oraz&nbsp;szczeg\u00f3\u0142ach&nbsp;organizacyjnych<br>seminarium&nbsp;b\u0119d\u0105&nbsp;przekazane&nbsp;zainteresowanym&nbsp;do&nbsp;3&nbsp;MARCA&nbsp;2023&nbsp;R.<\/p>\n\n\n\n<p><\/p>\n\n\n\n<p>_______________________<\/p>\n\n\n\n<p>Szanowni Pa\u0144stwo,<\/p>\n\n\n\n<p>zapraszamy do udzia\u0142u w <strong>zdalnym, <\/strong>wsp\u00f3lnym posiedzeniu po\u0142\u0105czonych seminari\u00f3w <strong>\u201eFilozofii nauki&#8221; (PW)&nbsp; <\/strong>oraz <strong>\u201eFilozoficznych problem\u00f3w wiedzy&#8221; (IFiS PAN, PW, UW) <\/strong>w dniu <strong>24 lutego br.,<\/strong> <strong>godz. 11:30<\/strong>, w czasie kt\u00f3rego referat nt. <strong><em>Czy maszyny Turinga mog\u0105 si\u0119 zbuntowa\u0107? \u015awiadome maszyny Turinga <\/em><\/strong>wyg\u0142osi <strong>dr hab. Jerzy Kr\u00f3l, prof. ucz. (WSIZ, Rzesz\u00f3w).<\/strong><\/p>\n\n\n\n<p><\/p>\n\n\n\n<p>Spotkanie odb\u0119dzie si\u0119 na platformie ZOOM, a poni\u017cej podajemy szczeg\u00f3\u0142y logowania:<\/p>\n\n\n\n<p><strong>link do spotkania:<\/strong><\/p>\n\n\n\n<p><a href=\"https:\/\/zoom.us\/j\/99917719699?pwd=dlJjeTc5VFhGU2lybWpNN2RPRy9Jdz09\">https:\/\/zoom.us\/j\/99917719699?pwd=dlJjeTc5VFhGU2lybWpNN2RPRy9Jdz09<\/a><\/p>\n\n\n\n<p><strong>Identyfikator spotkania:<\/strong> 999 1771 9699<\/p>\n\n\n\n<p><strong>Kod dost\u0119pu:<\/strong> 305545<\/p>\n\n\n\n<p>Dost\u0119p do spotkania b\u0119dzie mo\u017cliwy za po\u015brednictwem dowolnej przegl\u0105darki internetowej i bez instalacji programu Zoom, ale mo\u017cecie te\u017c Pa\u0144stwo zainstalowa\u0107 program Zoom na swoim komputerze korzystaj\u0105c ze strony: <a href=\"https:\/\/zoom.us\/\" target=\"_blank\" rel=\"noreferrer noopener\">https:\/\/zoom.us\/<\/a><\/p>\n\n\n\n<p><\/p>\n\n\n\n<p>__________________________<\/p>\n\n\n\n<p>Szanowni Pa\u0144stwo,&nbsp;<\/p>\n\n\n\n<p>Studenckie Ko\u0142o Naukowe&nbsp;ItaliAMO&nbsp;oraz Zak\u0142ad Italianistyki Uniwersytetu \u0141\u00f3dzkiego serdecznie zapraszaj\u0105 do wzi\u0119cia udzia\u0142u w Og\u00f3lnopolskim Sympozjum M\u0142odych Onomast\u00f3w pt.&nbsp;<em>Nazwy w\u0142asne jako zas\u00f3b j\u0119zyka i kultury<\/em><strong>.&nbsp;Wydarzenie adresowane&nbsp;jest&nbsp;do wszystkich student\u00f3w I&nbsp;i&nbsp;II stopnia, doktorant\u00f3w,&nbsp;a tak\u017ce&nbsp;m\u0142odych naukowc\u00f3w&nbsp;zajmuj\u0105cych si\u0119&nbsp;w swoich badaniach nazwami w\u0142asnymi.<\/strong>&nbsp;Odb\u0119dzie si\u0119 ono&nbsp;<strong>19 maja 2023 r. w trybie stacjonarnym<\/strong>&nbsp;w gmachu Wydzia\u0142u Filologicznego Uniwersytetu \u0141\u00f3dzkiego.&nbsp;&nbsp;<\/p>\n\n\n\n<p>Zach\u0119camy do zg\u0142aszania odczyt\u00f3w w j\u0119zyku polskim&nbsp;z dziedzin takich jak:&nbsp;antroponomastyka, toponomastyka,&nbsp;chrematonomastyka,&nbsp;urbanoonomastyka,&nbsp;zoonomastyka,&nbsp;onomastyka literacka&nbsp;i&nbsp;inne.&nbsp;Termin nadsy\u0142ania zg\u0142osze\u0144 up\u0142ywa 7 kwietnia 2023 r. <\/p>\n\n\n\n<p><\/p>\n\n\n\n<p>Z powa\u017caniem&nbsp;<\/p>\n\n\n\n<p>Marta Kania&nbsp;<\/p>\n\n\n\n<p>Sekretarz Og\u00f3lnopolskiego Sympozjum M\u0142odych Onomast\u00f3w&nbsp;<\/p>\n\n\n\n<p><\/p>\n\n\n\n<p><a href=\"https:\/\/szkolydoktorskie.uwb.edu.pl\/nh\/wp-content\/uploads\/sites\/3\/2023\/02\/Formularz-zgloszeniowy-Sympozjum-Mlodych-Onomastow1.docx\">Formularz zg\u0142oszeniowy<\/a><\/p>\n\n\n\n<p><a href=\"https:\/\/szkolydoktorskie.uwb.edu.pl\/nh\/wp-content\/uploads\/sites\/3\/2023\/02\/mlodzi_onomasci_cfp.pdf\">Zaproszenie<\/a><\/p>\n\n\n\n<p>________________________________<\/p>\n\n\n\n<p>Szanowni&nbsp;Pa\u0144stwo,<br><br>&nbsp;przesy\u0142am&nbsp;komunikat&nbsp;o&nbsp;organizowanej&nbsp;szkole&nbsp;letniej&nbsp;2023&nbsp;SUMMER&nbsp;SCHOOL MODERN&nbsp;HISTORY&nbsp;AND&nbsp;ANTHROPOLOGY&nbsp;OF&nbsp;WORK,&nbsp;kt\u00f3ra&nbsp;odb\u0119dzie&nbsp;si\u0119&nbsp;w&nbsp;dniach 27&nbsp;sierpnia&nbsp;\u2013&nbsp;2&nbsp;wrze\u015bnia&nbsp;2023&nbsp;na&nbsp;Uniwersytecie&nbsp;Jagiello\u0144skim&nbsp;w<br>Krakowie&nbsp;w&nbsp;ramach&nbsp;Jagiellonian&nbsp;School&nbsp;of&nbsp;History&nbsp;and&nbsp;Culture.<br>&nbsp;Bardzo&nbsp;prosz\u0119&nbsp;o&nbsp;rozpowszechnienie&nbsp;wydarzenia.<br><br>&nbsp;Wszystkie&nbsp;bli\u017csze&nbsp;informacje&nbsp;znajd\u0105&nbsp;Pa\u0144stwo&nbsp;w&nbsp;za\u0142\u0105czniku&nbsp;b\u0105d\u017a&nbsp;na<br>stronach&nbsp;internetowych&nbsp;wydarzenia:<br><a href=\"https:\/\/historyczny.uj.edu.pl\/wydzial\/jagiellonian-school-of-history-and-culture\" target=\"_blank\" rel=\"noreferrer noopener\">https:\/\/historyczny.uj.edu.pl\/wydzial\/jagiellonian-school-of-history-and-culture<\/a><\/p>\n\n\n\n<p><br><a href=\"https:\/\/szkolydoktorskie.uwb.edu.pl\/nh\/wp-content\/uploads\/sites\/3\/2023\/02\/CFP-Summer-School-2023.pdf\">Ulotka<\/a><\/p>\n\n\n\n<p>_________________________________<\/p>\n\n\n\n<p>Polskie Towarzystwo Fenomenologiczne<\/p>\n\n\n\n<p>oraz<\/p>\n\n\n\n<p>Instytut Filozofii i Socjologii PAN<\/p>\n\n\n\n<p>zapraszaj\u0105 do udzia\u0142u w cyklicznym seminarium fenomenologicznym pt.<\/p>\n\n\n\n<p><em>Czytanie Ingardena<\/em><\/p>\n\n\n\n<p>Pierwsze spotkanie odb\u0119dzie si\u0119 <strong>27 lutego (poniedzia\u0142ek) 2023 r.<\/strong> o <strong>godz. 17.00 na platformie Zoom (szczeg\u00f3\u0142y poni\u017cej).<\/strong><\/p>\n\n\n\n<p>Polskie Towarzystwo Fenomenologiczne oraz Instytut Filozofii i Socjologii PAN zapraszaj\u0105 na seminarium organizowane w ramach cyklu <em>Czytanie<\/em>\u2026, kt\u00f3re po\u015bwi\u0119cone jest studium dzie\u0142 przedstawicieli ruchu fenomenologicznego, pracom my\u015blicieli, kt\u00f3rzy inspirowali tw\u00f3rc\u00f3w fenomenologii, oraz tych inspiruj\u0105cych si\u0119 fenomenologi\u0105, wreszcie tych, kt\u00f3rzy korzystali jedynie z fenomenologii jako metody bada\u0144. W semestrze letnim 2023 proponujemy lektur\u0119 wybranych tekst\u00f3w <strong>Romana Ingardena, <\/strong>kt\u00f3r\u0105 poprowadzi dr hab. <strong>Marek Piwowarczyk<\/strong>, prof. KUL.<\/p>\n\n\n\n<p><strong>Czytanie Ingardena: Cielesny podmiot \u2013 zaniedbana mo\u017cliwo\u015b\u0107.<\/strong><\/p>\n\n\n\n<p>Udzia\u0142 w webinarze b\u0119dzie mo\u017cliwy dzi\u0119ki wcze\u015bniejszej rejestracji. W tym celu bardzo prosz\u0119 o wys\u0142anie najp\u00f3\u017aniej do dnia <strong><u>24 lutego <\/u><\/strong>maila z pro\u015bb\u0105 o wzi\u0119cie udzia\u0142u w spotkaniu na adres:&nbsp;<\/p>\n\n\n\n<p><a href=\"mailto:publicrelations@ifispan.edu.pl\">publicrelations@ifispan.edu.pl<\/a>.<\/p>\n\n\n\n<p>W odpowiedzi uczestnik otrzyma link do rejestracji na platformie zoom.<\/p>\n\n\n\n<p><strong>Kontakt do organizatora (w innych sprawach ni\u017c rejestracja):<\/strong><strong><\/strong><\/p>\n\n\n\n<p>Daniel R. Sobota<\/p>\n\n\n\n<p>e-email: <a href=\"mailto:dsobota@ifispan.edu.pl\"><strong>dsobota@ifispan.edu.pl<\/strong><\/a><strong>, tel. 502618470<\/strong><\/p>\n\n\n\n<p>__________________________<\/p>\n\n\n\n<p>Szanowni Pa\u0144stwo,<\/p>\n\n\n\n<p>zapraszamy na Mi\u0119dzynarodow\u0105 Konferencj\u0119 Naukow\u0105 J\u0119zyk, literatura i kultura Bia\u0142orusi w Polsce i na \u015bwiecie, kt\u00f3ra odb\u0119dzie si\u0119 w dniach 1-2 czerwca 2023 r. w Warszawie.<\/p>\n\n\n\n<p><a href=\"https:\/\/szkolydoktorskie.uwb.edu.pl\/nh\/wp-content\/uploads\/sites\/3\/2023\/02\/Konferencja2023.pdf\">Konferencja<\/a><\/p>\n\n\n\n<p><a href=\"https:\/\/szkolydoktorskie.uwb.edu.pl\/nh\/wp-content\/uploads\/sites\/3\/2023\/02\/Zgloszenie_20232.doc\">Zg\u0142oszenie<\/a><\/p>\n\n\n\n<p><\/p>\n\n\n\n<p>___________________________<\/p>\n\n\n\n<p>KATEDRA BADA\u0143 FILOLOGICZNYCH \u201eWSCH\u00d3D \u2013 ZACH\u00d3D\u201d<\/p>\n\n\n\n<p>WYDZIA\u0141 FILOLOGICZNY UNIWERSYTETU W BIA\u0141YMSTOKU<\/p>\n\n\n\n<p>KSI\u0104\u017bNICA PODLASKA IM. \u0141UKASZA G\u00d3RNICKIEGO<\/p>\n\n\n\n<p>maj\u0105 zaszczyt zaprosi\u0107 na <strong>XII Mi\u0119dzynarodow\u0105 Konferencj\u0119 Naukow\u0105<\/strong> <strong><em>\u017bYDZI WSCHODNIEJ POLSKI<\/em><\/strong><\/p>\n\n\n\n<p><a href=\"https:\/\/szkolydoktorskie.uwb.edu.pl\/nh\/wp-content\/uploads\/sites\/3\/2023\/01\/Zaproszenie-Zydzi-wschodniej-Polski-Uchodzcy-XII-Konferencja11.pdf\">wi\u0119cej informacji<\/a><\/p>\n\n\n\n<p><\/p>\n\n\n\n<p>___________________________<\/p>\n\n\n\n<p><strong>Wydzia\u0142 Filologiczny Uniwersytetu w Bia\u0142ymstoku<\/strong> <strong>Katedra Bada\u0144 Filologicznych \u201eWsch\u00f3d \u2013 Zach\u00f3d\u201d<\/strong> <\/p>\n\n\n\n<p><strong>Wydzia\u0142 Filologiczny<\/strong> <strong>Odeskiego Narodowego Uniwersytet im. Ilji Miecznikowa<\/strong> <strong>Katedra Literatury Ukrai\u0144skiej<\/strong><\/p>\n\n\n\n<p><strong>Ksi\u0105\u017cnica Podlaska im. \u0141ukasza G\u00f3rnickiego w Bia\u0142ymstoku<\/strong><\/p>\n\n\n\n<p>maj\u0105 zaszczyt zaprosi\u0107 na  <strong>VI Mi\u0119dzynarodow\u0105 Konferencj\u0119 Naukow\u0105 z cyklu<\/strong> <strong>\u201eOdessa i Morze Czarne. Polsko-ukrai\u0144skie zwi\u0105zki kulturalne\u201d<\/strong><\/p>\n\n\n\n<p><a href=\"https:\/\/szkolydoktorskie.uwb.edu.pl\/nh\/wp-content\/uploads\/sites\/3\/2023\/01\/Zaproszenie-VI-Odessa-kobieta-1.pdf\">wi\u0119cej informacji<\/a><\/p>\n\n\n\n<p>__________________________<\/p>\n\n\n\n<p>DZIE\u0143&nbsp;DOBRY,<br><br>SZANOWNI&nbsp;PA\u0143STWO&nbsp;ZAPRASZAMY&nbsp;DO&nbsp;UDZIA\u0141U&nbsp;W&nbsp;KONFERENCJI&nbsp;ZAGRANICZNEJ&nbsp;14TH  EURASIAN&nbsp;CONFERENCE&nbsp;ON&nbsp;LANGUAGE&nbsp;AND&nbsp;SOCIAL&nbsp;SCIENCES&nbsp;(ECLSS&nbsp;2023).<br><br>KONFERENCJA&nbsp;ODB\u0118DZIE&nbsp;SI\u0118&nbsp;W&nbsp;DNIACH:&nbsp;25-26.02.2023&nbsp;R.<br><br>ZG\u0141OSZENIA&nbsp;PRZYJMUJEMY&nbsp;DO&nbsp;DNIA:&nbsp;20.02.2023&nbsp;R.<br><br>G\u0141\u00d3WNYM&nbsp;ORGANIZATOREM&nbsp;KONFERENCJI&nbsp;JEST:&nbsp;**VILNIUS&nbsp;UNIVERSITY&nbsp;OF<br>APPLIED&nbsp;SCIENCES**<br><br>UCZELNIE&nbsp;WSP\u00d3\u0141ORGANIZUJ\u0104CE&nbsp;KONFERENCJ\u0118:&nbsp;CYPRUS&nbsp;SCIENCE&nbsp;UNIVERSITY,<br>DAUGAVPILS&nbsp;UNIVERSITY,&nbsp;GJAKOVA&nbsp;\u201cFEHMI&nbsp;AGANI\u201d&nbsp;UNIVERSITY,&nbsp;KAZAKH<br>NATIONAL&nbsp;PEDAGOGICAL&nbsp;UNIVERSITY&nbsp;NAMED&nbsp;AFTER&nbsp;ABAY&nbsp;KUNANBAYEV,&nbsp;UNIVERSITY<br>OF&nbsp;ROEHAMPTON,&nbsp;INNOVASTEPS&nbsp;FOUNDATION,&nbsp;VYTAUTAS&nbsp;MAGNUS&nbsp;UNIVERSITY,<br>LAHORE&nbsp;COLLEGE&nbsp;FOR&nbsp;WOMEN&nbsp;UNIVERSITY,&nbsp;THE&nbsp;POLYTECHNIC&nbsp;OF&nbsp;GUARDA.<br><br>PANELE&nbsp;TEMATYCZNE:&nbsp;&nbsp;EKONOMIA,&nbsp;FINANSE,&nbsp;ZARZ\u0104DZANIE,&nbsp;LOGISTYKA,&nbsp;PRAWO,<br>PEDAGOGIKA,&nbsp;SOCJOLOGIA,&nbsp;BEZPIECZE\u0143STWO,&nbsp;NAUKI&nbsp;O&nbsp;ZDROWIU,&nbsp;NAUKI<br>MEDYCZNE,&nbsp;[INNE?&nbsp;\u2013&nbsp;DO&nbsp;USTALENIA&nbsp;PO&nbsp;KONSULTACJI&nbsp;MAILOWEJ]<br><br>OP\u0141ATY:&nbsp;UDZIA\u0141&nbsp;W&nbsp;KONFERENCJI:&nbsp;400&nbsp;Z\u0141<br><br>RADA&nbsp;NAUKOWA:&nbsp;150&nbsp;Z\u0141<br><br>WI\u0118CEJ&nbsp;INFORMACJI&nbsp;NA&nbsp;STRONIE:<br><a href=\"https:\/\/LABORATORIUMWIEDZY.NOTION.SITE\/KONFERENCJA-25-26-02-2023-WILNO-LITWA-0BD756002D20470AA3B011DB651070F3\" target=\"_blank\" rel=\"noreferrer noopener\">HTTPS:\/\/LABORATORIUMWIEDZY.NOTION.SITE\/KONFERENCJA-25-26-02-2023-WILNO-LITWA-0BD756002D20470AA3B011DB651070F3<\/a><br><br>EMAIL:&nbsp;<a href=\"mailto:konferencja@know-press.eu\">konferencja@know-press.eu<\/a><br><br>Formularz&nbsp;zg\u0142osze\u0144&nbsp;w&nbsp;za\u0142\u0105czniku.<br><br>ZAPRASZAMY&nbsp;R\u00d3WNIE\u017b&nbsp;DO&nbsp;SK\u0141ADANIA&nbsp;ARTYKU\u0141\u00d3W&nbsp;DO&nbsp;CZASOPISM&nbsp;Z&nbsp;LISTY<br>(20\/40\/100&nbsp;PKT).<br><br>Szczeg\u00f3\u0142y<br><a href=\"https:\/\/laboratoriumwiedzy.notion.site\/laboratoriumwiedzy\/Laboratorium-Wiedzy-Artur-Borcuch-d79468e21c3d4cf8abfc788bf1436659?p=36b9749f801e41818083297250037500&amp;pm=s\" target=\"_blank\" rel=\"noreferrer noopener\">https:\/\/laboratoriumwiedzy.notion.site\/laboratoriumwiedzy\/Laboratorium-Wiedzy-Artur-Borcuch-d79468e21c3d4cf8abfc788bf1436659?p=36b9749f801e41818083297250037500&amp;pm=s<\/a><br><br><br>Udzielamy&nbsp;r\u00f3wnie\u017c&nbsp;wsparcia&nbsp;w&nbsp;zakresie&nbsp;realizacji&nbsp;bada\u0144&nbsp;oraz&nbsp;analiz<br>statystycznych.<br><br>Kontakt&nbsp;<a href=\"mailto:redakcja@know-press.eu\">redakcja@know-press.eu<\/a><br><br>Z&nbsp;WYRAZAMI&nbsp;SZACUNKU<br><br>&#8212;&nbsp;<br><br>Laboratorium&nbsp;Wiedzy&nbsp;Artur&nbsp;Borcuch<br><br>&nbsp;[<a href=\"https:\/\/www.facebook.com\/LaboratoriumWiedzyArturBorcuch\" target=\"_blank\" rel=\"noreferrer noopener\">1<\/a>]<br><br>&nbsp;&nbsp;&nbsp;&nbsp;&nbsp;&nbsp;&nbsp;&nbsp;&nbsp;Email:<br><a href=\"mailto:redakcja@know-press.eu\">redakcja@know-press.eu<\/a><br><br>&nbsp;&nbsp;&nbsp;&nbsp;&nbsp;&nbsp;&nbsp;&nbsp;&nbsp;Strona&nbsp;internetowa:<br><a href=\"http:\/\/know-press.eu\/\" target=\"_blank\" rel=\"noreferrer noopener\">http:\/\/know-press.eu\/<\/a><br><br>&nbsp;&nbsp;&nbsp;&nbsp;&nbsp;&nbsp;&nbsp;&nbsp;&nbsp;Telefon:<br>&nbsp;&nbsp;&nbsp;&nbsp;&nbsp;&nbsp;&nbsp;&nbsp;&nbsp;+48&nbsp;515&nbsp;277&nbsp;033<br><br><br><br>Links:<br>&#8212;&#8212;<br>[1]&nbsp;<a href=\"https:\/\/www.facebook.com\/LaboratoriumWiedzyArturBorcuch\" target=\"_blank\" rel=\"noreferrer noopener\">https:\/\/www.facebook.com\/LaboratoriumWiedzyArturBorcuch<\/a><\/p>\n\n\n\n<p>__________________________<\/p>\n\n\n\n<p><\/p>\n\n\n\n<p>Szanowni Pa\u0144stwo,<\/p>\n\n\n\n<p>mamy zaszczyt zaprosi\u0107 m\u0142odych badaczy i m\u0142ode badaczki na konferencj\u0119&nbsp;<strong><em>(De)konstruowanie m\u0119sko\u015bci. (De)mitologizacje, (dez)iluzje i (de)heroizacje m\u0119sko\u015bci w literaturze, kulturze i j\u0119zyku&nbsp;<\/em><\/strong>organizowan\u0105 przez Ko\u0142o Naukowe Polonist\u00f3w Instytutu Polonistyki i Dziennikarstwa Uniwersytetu Rzeszowskiego, kt\u00f3ra odb\u0119dzie si\u0119&nbsp;<strong>28 marca 2023 roku (wtorek) w formie zdalnej na platformie Teams.<\/strong>&nbsp;Do wiadomo\u015bci do\u0142\u0105czam anons konferencji oraz link do wydarzenia na Facebooku.<\/p>\n\n\n\n<p><a href=\"https:\/\/www.ur.edu.pl\/pl\/kolegia\/kolegium-nauk-humanistycznych\/jednostki-naukowe\/instytut-polonistyki-i-dziennikarstwa\/aktualnosci\/2956078\">https:\/\/www.ur.edu.pl\/pl\/kolegia\/kolegium-nauk-humanistycznych\/jednostki-naukowe\/instytut-polonistyki-i-dziennikarstwa\/aktualnosci\/2956078<\/a><\/p>\n\n\n\n<p><a href=\"https:\/\/facebook.com\/events\/s\/ogolnopolska-konferencja-nauko\/854761999162762\/\">https:\/\/facebook.com\/events\/s\/ogolnopolska-konferencja-nauko\/854761999162762\/<\/a><\/p>\n\n\n\n<p><\/p>\n\n\n\n<p>________________________<\/p>\n\n\n\n<p><\/p>\n\n\n\n<p>Szanowni Pa\u0144stwo,<br>w imieniu Ko\u0142a Naukowego Doktorant\u00f3w KUL serdecznie zapraszamy na cykl wyk\u0142ad\u00f3w &#8222;Spotkania z mistrzami&#8221;!<\/p>\n\n\n\n<p>Nasz trzeci wyk\u0142ad pt. &#8222;Fruitful Intersections between Music Semiotics and Other Disciplines&#8221;<br>odb\u0119dzie si\u0119 w poniedzia\u0142ek, 23 stycznia 2023, o godzinie 17:00 na platformie Zoom. Naszym prelegentem b\u0119dzie profesor Robert S. Hatten &#8211; wybitny muzykolog z Uniwersytetu w Teksasie.<\/p>\n\n\n\n<p>B\u0119dziemy zaszczyceni, je\u015bli zechc\u0105 Pa\u0144stwo wzi\u0105\u0107 udzia\u0142 w naszym spotkaniu.<\/p>\n\n\n\n<p>Poni\u017cej zamieszczam podstawowe informacje, a w za\u0142\u0105czeniu plakat w wersji polskiej i angielskiej.<\/p>\n\n\n\n<p>Z wyrazami szacunku,<br>Aya Al Azab-Ruszowska<br>Przewodnicz\u0105ca KND KUL<\/p>\n\n\n\n<p>&#8212;&#8212;&#8212;&#8212;&#8211;<br>Wyk\u0142ad online na platformie Zoom<br>Data: 23 stycznia 2023 godz. 17:00<\/p>\n\n\n\n<p>LINK DO SPOTKANIA:<br><a href=\"https:\/\/us02web.zoom.us\/j\/88277832406\" target=\"_blank\" rel=\"noreferrer noopener\">https:\/\/us02web.zoom.us\/j\/88277832406<\/a>&#8230;<\/p>\n\n\n\n<p>ID: 882 7783 2406<br>Code secret : 194773<\/p>\n\n\n\n<p>LINK DO WYDARZENIA NA FB:<br><a href=\"https:\/\/fb.me\/e\/25N9czaTm\" target=\"_blank\" rel=\"noreferrer noopener\">https:\/\/fb.me\/e\/25N9czaTm<\/a><\/p>\n\n\n\n<p>_________________________<\/p>\n\n\n\n<p>&nbsp;Szanowni&nbsp;Pa\u0144stwo,<br><br>&nbsp;Studenckie&nbsp;Ko\u0142o&nbsp;Naukowe&nbsp;Polonist\u00f3w&nbsp;Uniwersytetu&nbsp;Pedagogicznego&nbsp;im.<br>KEN&nbsp;w&nbsp;Krakowie&nbsp;zaprasza&nbsp;do&nbsp;wzi\u0119cia&nbsp;udzia\u0142u&nbsp;w&nbsp;studencko\u2013doktoranckiej<br>konferencji&nbsp;naukowej&nbsp;_Szymborska&nbsp;wielostronnie.&nbsp;W&nbsp;stulecie&nbsp;urodzin<br>noblistki_,&nbsp;kt\u00f3ra&nbsp;odb\u0119dzie&nbsp;si\u0119&nbsp;w&nbsp;dn.&nbsp;19\u201320&nbsp;KWIETNIA&nbsp;2023&nbsp;R.<br><br>&nbsp;Ostateczn\u0105&nbsp;decyzj\u0119&nbsp;o&nbsp;formule&nbsp;spotka\u0144&nbsp;(tradycyjnych&nbsp;lub&nbsp;zdalnych)<br>uzale\u017cniamy&nbsp;od&nbsp;pozyskania&nbsp;\u015brodk\u00f3w&nbsp;grantowych,&nbsp;finansuj\u0105cych<br>wydarzenie.&nbsp;Mamy&nbsp;jednak&nbsp;nadziej\u0119&nbsp;na&nbsp;dwudniowe&nbsp;obrady&nbsp;w&nbsp;murach&nbsp;naszej<br>uczelni.&nbsp;Formu\u0142a&nbsp;zdalna&nbsp;nie&nbsp;b\u0119dzie&nbsp;si\u0119&nbsp;wi\u0105za\u0142a&nbsp;z&nbsp;\u017cadnymi<br>op\u0142atami,&nbsp;natomiast&nbsp;formu\u0142a&nbsp;stacjonarna&nbsp;b\u0119dzie&nbsp;oznacza\u0142a&nbsp;tylko<br>koszty&nbsp;nocleg\u00f3w,&nbsp;kt\u00f3re&nbsp;w\u00f3wczas&nbsp;uczestnicy&nbsp;ponios\u0105&nbsp;we&nbsp;w\u0142asnym<br>zakresie.<br><br>&nbsp;Prosimy&nbsp;o&nbsp;nades\u0142anie&nbsp;zg\u0142osze\u0144&nbsp;do&nbsp;31&nbsp;MARCA&nbsp;2023&nbsp;R.&nbsp;na&nbsp;adres<br><a href=\"mailto:KOLOPOLONISTOW@UP.KRAKOW.PL\">KOLOPOLONISTOW@UP.KRAKOW.PL<\/a><\/p>\n\n\n\n<p><a href=\"https:\/\/szkolydoktorskie.uwb.edu.pl\/nh\/wp-content\/uploads\/sites\/3\/2023\/01\/Karta-zgloszenia-uczetnictwa_Studencko-doktorancka-konferencja-naukowa_-Szymborska-wielostronnie.-W-stulecie-urodzin-noblistki.docx\">Karta zg\u0142oszeniowa<\/a><\/p>\n\n\n\n<p><\/p>\n\n\n\n<p>_____________________<\/p>\n\n\n\n<p>Szanowni&nbsp;Pa\u0144stwo,<br><br>w&nbsp;imieniu&nbsp;Redakcji&nbsp;czasopisma&nbsp;\u201eRoman\u201d-student\u00f3w&nbsp;Wydzia\u0142u<br>Filologicznego&nbsp;UJ&nbsp;mam&nbsp;zaszczyt&nbsp;zaprosi\u0107&nbsp;na&nbsp;studencko-doktoranck\u0105<br>konferencj\u0119&nbsp;naukow\u0105&nbsp;\u2013&nbsp;\u201eFikcje-iluzje-wyobra\u017cenia\u201d,&nbsp;kt\u00f3ra<br>odb\u0119dzie&nbsp;si\u0119&nbsp;w&nbsp;maju&nbsp;2023r.<\/p>\n\n\n\n<p><a href=\"https:\/\/szkolydoktorskie.uwb.edu.pl\/nh\/wp-content\/uploads\/sites\/3\/2023\/01\/FIKCJE1.pdf\">wi\u0119cej informacji<\/a><\/p>\n\n\n\n<p><\/p>\n\n\n\n<p>_____________________<\/p>\n\n\n\n<p>Szanowni Pa\u0144stwo,&nbsp;<\/p>\n\n\n\n<p>W imieniu Muzeum Pocz\u0105tk\u00f3w Pa\u0144stwa Polskiego w Gnie\u017anie przesy\u0142am zaproszenie na lutow\u0105 konferencj\u0119 &#8222;Wielka Lechia &#8211; wielka \u015bciema&#8221;.<\/p>\n\n\n\n<p>Szczeg\u00f3\u0142y znajduj\u0105 si\u0119 na naszej stronie internetowej:<br><a href=\"https:\/\/www.muzeumgniezno.pl\/aktualnosc,174,konferencja-popularnonaukowa--wielka-lechia---wielka-sciema-.html\">https:\/\/www.muzeumgniezno.pl\/aktualnosc,174,konferencja-popularnonaukowa&#8211;wielka-lechia&#8212;wielka-sciema-.html<\/a><\/p>\n\n\n\n<p>Pozdrawiam serdecznie<br>Ewelina Siemianowska<\/p>\n\n\n\n<p>_______________________<\/p>\n\n\n\n<p>Informacja&nbsp;o&nbsp;konkursie&nbsp;do&nbsp;potencjalnych zainteresowanych&nbsp;(doktorant\u00f3w&nbsp;i&nbsp;m\u0142odych&nbsp;naukowc\u00f3w).<br><br>Chcieliby\u015bmy&nbsp;gor\u0105co&nbsp;zach\u0119ci\u0107&nbsp;doktorant\u00f3w&nbsp;i&nbsp;m\u0142odych&nbsp;naukowc\u00f3w&nbsp;do<br>wzi\u0119cia&nbsp;udzia\u0142u&nbsp;w&nbsp;konkursie&nbsp;CLARIN-PL&nbsp;na&nbsp;najlepsz\u0105&nbsp;prac\u0119&nbsp;badawcz\u0105&nbsp;z<br>zakresu&nbsp;nauk&nbsp;humanistycznych&nbsp;i&nbsp;spo\u0142ecznych.<br>Do&nbsp;konkursu&nbsp;mo\u017cna&nbsp;zg\u0142asza\u0107&nbsp;niezrealizowane&nbsp;lub&nbsp;cz\u0119\u015bciowo<br>zrealizowane&nbsp;projekty&nbsp;badawcze,&nbsp;kt\u00f3re&nbsp;wykorzystuj\u0105&nbsp;infrastruktur\u0119<br>CLARIN-PL,&nbsp;a&nbsp;tak\u017ce&nbsp;projekty&nbsp;ju\u017c&nbsp;zrealizowane,&nbsp;kt\u00f3re&nbsp;mog\u0105&nbsp;zosta\u0107<br>poddane&nbsp;weryfikacji&nbsp;i&nbsp;przemy\u015blenia&nbsp;mo\u017cliwego&nbsp;rozszerzenia&nbsp;lub<br>modyfikacji.&nbsp;Konkurs&nbsp;skierowany&nbsp;jest&nbsp;do&nbsp;doktorant\u00f3w&nbsp;i&nbsp;naukowc\u00f3w,<br>kt\u00f3rzy&nbsp;obronili&nbsp;doktorat&nbsp;najwcze\u015bniej&nbsp;5&nbsp;lat&nbsp;przed&nbsp;dniem&nbsp;z\u0142o\u017cenia<br>wniosku.&nbsp;Celem&nbsp;konkursu&nbsp;jest&nbsp;zwi\u0119kszenie&nbsp;spo\u0142ecznej&nbsp;\u015bwiadomo\u015bci&nbsp;na<br>temat&nbsp;mo\u017cliwo\u015bci&nbsp;zastosowania&nbsp;humanistyki&nbsp;cyfrowej&nbsp;w&nbsp;badaniach&nbsp;oraz<br>upowszechnianie&nbsp;rozwi\u0105za\u0144&nbsp;in\u017cynierii&nbsp;j\u0119zyka&nbsp;w&nbsp;\u015brodowisku<br>akademickim.<br>Przewidziane&nbsp;s\u0105&nbsp;atrakcyjne&nbsp;nagrody&nbsp;finansowe.<br>Termin&nbsp;przesy\u0142ania&nbsp;wniosk\u00f3w&nbsp;mija&nbsp;z&nbsp;dniem&nbsp;8&nbsp;stycznia&nbsp;2023.<br>Link&nbsp;do&nbsp;szczeg\u00f3\u0142owych&nbsp;informacji&nbsp;nt.&nbsp;konkursu.<br><br><a href=\"https:\/\/clarin-pl.eu\/index.php\/2022\/12\/14\/przedluzenie-terminow-skladania-wnioskow-w-konkursie-clarin-pl-dla-doktorantow-i-mlodych-naukowcow-na-najlepsza-prace-badawcza-z-zakresu-nauk-humanistycznych-i-spolecznych\/\" target=\"_blank\" rel=\"noreferrer noopener\">https:\/\/clarin-pl.eu\/index.php\/2022\/12\/14\/przedluzenie-terminow-skladania-wnioskow-w-konkursie-clarin-pl-dla-doktorantow-i-mlodych-naukowcow-na-najlepsza-prace-badawcza-z-zakresu-nauk-humanistycznych-i-spolecznych\/<\/a><br>[<a href=\"https:\/\/clarin-pl.eu\/index.php\/2022\/12\/14\/przedluzenie-terminow-skladania-wnioskow-w-konkursie-clarin-pl-dla-doktorantow-i-mlodych-naukowcow-na-najlepsza-prace-badawcza-z-zakresu-nauk-humanistycznych-i-spolecznych\/\" target=\"_blank\" rel=\"noreferrer noopener\">1<\/a>]<br>Z&nbsp;wyrazami&nbsp;szacunku<br><br>Krzysztof&nbsp;Hwaszcz<\/p>\n\n\n\n<p>_______________________<\/p>\n\n\n\n<p><\/p>\n\n\n\n<p>Serdecznie zapraszamy na kolejne seminarium z cyklu <strong>Inspiracje baumanowskie dla przedstawicieli nauk spo\u0142ecznych i humanistycznych w pierwszych dekadach XXI wieku<\/strong>. Jego tytu\u0142 to: \u201e<strong>P\u0142ynna inwigilacja \u2013 dziesi\u0119\u0107 lat p\u00f3\u017aniej<\/strong>&#8222;. W spotkaniu wezm\u0105 udzia\u0142 dr Anna Turner z IFiS PAN i dr Kamil Filipek z UMCS. Seminarium b\u0119dzie mia\u0142o miejsce w czwartek <strong>15 grudnia<\/strong> o godzinie <strong>14.30<\/strong> w sali 268 (II p.) Pa\u0142acu Staszica (Warszawa, ul. Nowy \u015awiat 72). B\u0119dzie te\u017c dost\u0119pna transmisja online wyk\u0142adu, po link do Zooma nale\u017cy pisa\u0107 na adres publicrelations@ifispan.edu.pl<\/p>\n\n\n\n<p>Zjawisko masowej inwigilacji jest wsp\u00f3\u0142cze\u015bnie jednym z wa\u017cniejszych zagadnie\u0144 podejmowanych w debacie publicznej i w badaniach spo\u0142ecznych, poniewa\u017c dotyczy zar\u00f3wno szeroko nag\u0142a\u015bnianych przez media przypadk\u00f3w inwigilowania os\u00f3b publicznych, jak i codziennego monitorowania, przewidywania i wp\u0142ywania na zachowania u\u017cytkownik\u00f3w internetu przez coraz pot\u0119\u017cniejsze korporacje. Pozyskiwane w ten spos\u00f3b dane s\u0105 wykorzystywane do zdobywania b\u0105d\u017a petryfikowania w\u0142adzy, rozumianej czy to w kategoriach politycznych, czy te\u017c ekonomicznych. Godzi si\u0119 przy tym podkre\u015bli\u0107, \u017ce powszechno\u015b\u0107 inwigilacji jest w du\u017cej mierze powi\u0105zana ze \u2013 \u015bwiadomymi b\u0105d\u017a nie\u015bwiadomymi \u2013 decyzjami jednostek, udost\u0119pniaj\u0105cych informacje o swoim \u017cyciu w mediach spo\u0142eczno\u015bciowych b\u0105d\u017a te\u017c za po\u015brednictwem technologii opartej o algorytmy sztucznej inteligencji.<\/p>\n\n\n\n<p>Wszystkie te zjawiska b\u0119d\u0105 przedmiotem rozwa\u017ca\u0144 podczas seminarium, na kt\u00f3re Pa\u0144stwa serdecznie zapraszamy. Prezentowane w jego ramach referaty, a nast\u0119pnie oparta o nie dyskusja, b\u0119d\u0105 si\u0119 odwo\u0142ywa\u0107 mi\u0119dzy innymi do koncepcji zamieszczonych w wydanej w grudniu 2012 roku \u2013 dok\u0142adnie dziesi\u0119\u0107 lat temu \u2013 ksi\u0105\u017cki Zygmunta Baumana i Davida Lyona pt. P\u0142ynna inwigilacja. Zastanowimy si\u0119 nad aktualno\u015bci\u0105 zawartych w niej analiz, a tak\u017ce nad tym, jak zmienia\u0142 si\u0119 charakter i spo\u0142eczny odbi\u00f3r inwigilacji przez ostatni\u0105 dekad\u0119. W tym celu powo\u0142amy si\u0119 na prace wsp\u00f3\u0142czesnych badaczy i badaczek inwigilacji: Shoshany Zuboff, Glenna Greenwalda i Davida Beera. Zastanowimy si\u0119 wsp\u00f3lnie nad przysz\u0142o\u015bci\u0105 i konsekwencjami monitorowania ludzkich aktywno\u015bci,&nbsp; w tym kontek\u015bcie porozmawiamy zatem o \u201ep\u0142ynnej inwigilacji&#8221; \u2013 dziesi\u0119\u0107 lat p\u00f3\u017aniej.<\/p>\n\n\n\n<p>Z wyrazami szacunku<\/p>\n\n\n\n<p>Natalia Skipietrow<\/p>\n\n\n\n<p>Specjalista ds. public relations \/&nbsp; <strong>IFiS PAN<\/strong>\/ tel. 604994617 \/ mail: publicrelations@ifispan.edu.pl<\/p>\n\n\n\n<p>_________________________<\/p>\n\n\n\n<p>Szanowni&nbsp;Pa\u0144stwo,<br><br>zapraszamy na konferencj\u0119 J\u0118ZYKI&nbsp;SPECJALISTYCZNE&nbsp;\u2013&nbsp;PRAKTYKA&nbsp;I<br>TEORIA&nbsp;V&nbsp;organizowanej&nbsp;przez&nbsp;Studium&nbsp;J\u0119zyk\u00f3w&nbsp;Obcych&nbsp;i&nbsp;Zak\u0142ad<br>J\u0119zyk\u00f3w&nbsp;Specjalistycznych&nbsp;Instytutu&nbsp;Neofilologii,&nbsp;Uniwersytet<br>Rzeszowski.<br><br>Celem&nbsp;konferencji&nbsp;jest&nbsp;stworzenie&nbsp;forum&nbsp;dla&nbsp;dyskusji&nbsp;i&nbsp;wymiany<br>do\u015bwiadcze\u0144&nbsp;w\u015br\u00f3d&nbsp;praktyk\u00f3w,&nbsp;nauczycieli,&nbsp;t\u0142umaczy,<br>przedstawicieli&nbsp;\u015bwiata&nbsp;biznesu&nbsp;i&nbsp;administracji,&nbsp;teoretyk\u00f3w,&nbsp;badaczy,<br>kt\u00f3rzy&nbsp;zajmuj\u0105&nbsp;si\u0119&nbsp;j\u0119zykami&nbsp;specjalistycznymi,&nbsp;komunikacj\u0105&nbsp;w<br>przedsi\u0119biorstwie,&nbsp;wsp\u00f3\u0142prac\u0105&nbsp;mi\u0119dzynarodow\u0105.&nbsp;Konferencja&nbsp;b\u0119dzie<br>podzielona&nbsp;na&nbsp;trzy&nbsp;sekcje:&nbsp;dydaktyka&nbsp;j\u0119zyk\u00f3w&nbsp;specjalistycznych,<br>t\u0142umaczenia&nbsp;specjalistyczne,&nbsp;badania&nbsp;lingwistyczne&nbsp;w&nbsp;zakresie&nbsp;j\u0119zyk\u00f3w<br>specjalistycznych.<br><br>Konferencja&nbsp;odb\u0119dzie&nbsp;si\u0119&nbsp;15&nbsp;WRZE\u015aNIA&nbsp;2023&nbsp;R.&nbsp;w&nbsp;Rzeszowie.<br><br>Zg\u0142oszenia&nbsp;mo\u017cna&nbsp;przesy\u0142a\u0107&nbsp;w&nbsp;terminie&nbsp;do&nbsp;31&nbsp;MAJA&nbsp;2023&nbsp;R.&nbsp;za<br>po\u015brednictwem&nbsp;formularza&nbsp;na&nbsp;stronie:<br><a href=\"http:\/\/languages2023.ur.edu.pl\/pl\/rejestracja.php\" target=\"_blank\" rel=\"noreferrer noopener\">http:\/\/languages2023.ur.edu.pl\/pl\/rejestracja.php<\/a><br><br><a href=\"https:\/\/szkolydoktorskie.uwb.edu.pl\/nh\/wp-content\/uploads\/sites\/3\/2022\/12\/pl-JEZYKI-SPECJALISTYCZNE-\u2013-PRAKTYKA-I-TEORIA-V-\u2013-konferencja-naukowa-UR.pdf\">Wi\u0119cej&nbsp;informacji<\/a>&nbsp;<br><br>W&nbsp;razie&nbsp;pyta\u0144&nbsp;zapraszam&nbsp;r\u00f3wnie\u017c&nbsp;do&nbsp;kontaktu&nbsp;drog\u0105&nbsp;mailow\u0105:<br><a href=\"mailto:languages.ur@gmail.com\">languages.ur@gmail.com<\/a><br><br>Z&nbsp;wyrazami&nbsp;szacunku<br>Magdalena&nbsp;Nowosad-Ksi\u0119cikowska<br>Zak\u0142ad&nbsp;J\u0119zyk\u00f3w&nbsp;Specjalistycznych&nbsp;Instytutu&nbsp;Neofilologii,&nbsp;Uniwersytet<br>Rzeszowski<\/p>\n\n\n\n<p>__________________________<\/p>\n\n\n\n<p>Kurs \u201cAcademic Research Made Painless\u201d z naukowcem ze Stan\u00f3w Zjednoczonych<br><br>Center&nbsp;For&nbsp;American&nbsp;Studies&nbsp;zaprasza&nbsp;do&nbsp;udzia\u0142u&nbsp;w&nbsp;certyfikowanym<br>weekendowym&nbsp;kursie&nbsp;ACADEMIC&nbsp;RESEARCH&nbsp;MADE&nbsp;PAINLESS&nbsp;Z&nbsp;NAUKOWCEM&nbsp;ZE<br>STAN\u00d3W&nbsp;ZJEDNOCZONYCH&nbsp;\u2013&nbsp;Johnem&nbsp;Patrickiem&nbsp;Higginsem&nbsp;absolwentem<br>presti\u017cowego&nbsp;(George&nbsp;Mason&nbsp;University).<br><br>&nbsp;W&nbsp;TOKU&nbsp;KURSU:<br><br>&nbsp;&nbsp;&nbsp;&nbsp;&nbsp;*&nbsp;Osi\u0105gniesz&nbsp;dog\u0142\u0119bne&nbsp;zrozumienie&nbsp;procesu&nbsp;bada\u0144&nbsp;akademickich&nbsp;od<br>pocz\u0105tku&nbsp;do&nbsp;ko\u0144ca.<br>&nbsp;&nbsp;&nbsp;&nbsp;&nbsp;*&nbsp;Opanujesz&nbsp;najwa\u017cniejsze&nbsp;narz\u0119dzia&nbsp;i&nbsp;techniki&nbsp;badawcze.<br>&nbsp;&nbsp;&nbsp;&nbsp;&nbsp;*&nbsp;Dowiesz&nbsp;si\u0119,&nbsp;jak&nbsp;efektywnie&nbsp;organizowa\u0107&nbsp;badania&nbsp;i&nbsp;wypracujesz<br>w\u0142asny&nbsp;styl&nbsp;badawczy.<br>&nbsp;&nbsp;&nbsp;&nbsp;&nbsp;*&nbsp;Dowiesz&nbsp;si\u0119,&nbsp;jak&nbsp;budowa\u0107&nbsp;(angloj\u0119zyczne)&nbsp;argumenty&nbsp;naukowe&nbsp;i<br>popiera\u0107&nbsp;je&nbsp;dowodami.<br>&nbsp;&nbsp;&nbsp;&nbsp;&nbsp;*&nbsp;Poznasz&nbsp;r\u00f3\u017cne&nbsp;typy&nbsp;wyszukiwarek&nbsp;i&nbsp;trik\u00f3w&nbsp;u\u0142atwiaj\u0105cych<br>skuteczne&nbsp;wyszukiwanie&nbsp;\u017ar\u00f3de\u0142.<br><br>&nbsp;DAMY&nbsp;CI&nbsp;TE\u017b&nbsp;SZANS\u0118&nbsp;NA&nbsp;PRZE\u0106WICZENIE&nbsp;SWOICH&nbsp;UMIEJ\u0118TNO\u015aCI&nbsp;W<br>PRAKTYCE!&nbsp;Je\u015bli&nbsp;zechcesz,&nbsp;to&nbsp;zaanga\u017cujemy&nbsp;Ci\u0119&nbsp;w&nbsp;przydatne&nbsp;\u0107wiczenia<br>praktyczne.<br><br>&nbsp;Do&nbsp;udzia\u0142u&nbsp;w&nbsp;szkoleniu&nbsp;serdecznie&nbsp;zach\u0119camy&nbsp;ambitnych&nbsp;student\u00f3w,<br>doktorant\u00f3w&nbsp;oraz&nbsp;pracownik\u00f3w&nbsp;naukowych.<br><br>&nbsp;TERMIN&nbsp;KURSU:&nbsp;13-14&nbsp;stycznia&nbsp;2023&nbsp;(zaczynamy&nbsp;w&nbsp;pi\u0105tek&nbsp;wieczorem&nbsp;i<br>ko\u0144czymy&nbsp;w&nbsp;sobot\u0119&nbsp;po&nbsp;po\u0142udniu).&nbsp;Sugerujemy&nbsp;rejestrowa\u0107&nbsp;si\u0119&nbsp;do&nbsp;7<br>stycznia&nbsp;2023.&nbsp;Liczba&nbsp;miejsc&nbsp;jest&nbsp;ograniczona!<br><br>&nbsp;WI\u0118CEJ&nbsp;INFORMACJI&nbsp;O&nbsp;ZAPISACH:&nbsp;<a href=\"https:\/\/fb.me\/e\/22WMe8HO7\" target=\"_blank\" rel=\"noreferrer noopener\">https:\/\/fb.me\/e\/22WMe8HO7<\/a><\/p>\n\n\n\n<p>_______________<\/p>\n\n\n\n<p><em>Szanowni Pa\u0144stwo,<\/em><strong><em>&nbsp;<\/em><\/strong><em>&nbsp;<\/em><\/p>\n\n\n\n<p>W imieniu Redakcji czasopisma Annales Universitatis Academiae \u201eStudia Politologica&#8221; mam przyjemno\u015b\u0107 zaprosi\u0107 Pa\u0144stwa do sk\u0142adania tekst\u00f3w do numer\u00f3w:&nbsp;<strong>30 (2023) i 31 (2023). &nbsp;<\/strong><\/p>\n\n\n\n<p>Postanowiono, aby tematem przewodnim obu numer\u00f3w uczyni\u0107&nbsp;<strong>kwestie roli, znaczenia, przesz\u0142o\u015bci, tera\u017aniejszo\u015bci i przysz\u0142o\u015bci Ukrainy zar\u00f3wno w geopolitycznym, mi\u0119dzynarodowym wymiarze, jak i subregionalnym \u2013 \u015brodkowoeuropejskim. &nbsp;<\/strong><\/p>\n\n\n\n<p><\/p>\n\n\n\n<p>Jednocze\u015bnie, pragn\u0119 poinformowa\u0107, \u017ce \u201eStudia Politologica&#8221; to zeszyty naukowe, w ramach kt\u00f3rych publikowane s\u0105 oryginalne artyku\u0142y naukowe, recenzje, komunikaty z bada\u0144 i sprawozdania, reprezentuj\u0105ce nauki o polityce i administracji, nauki o bezpiecze\u0144stwie oraz nauki o komunikacji spo\u0142ecznej i mediach. &nbsp;<\/p>\n\n\n\n<p>Publikacja artyku\u0142\u00f3w w \u201e<strong>Annales Universitatis Academiae \u201eStudia Politologica<\/strong>&#8221; jest&nbsp;<strong>bezp\u0142atna<\/strong>. Autor otrzymuje&nbsp;<strong>40 pkt.&nbsp;<\/strong><\/p>\n\n\n\n<p><a href=\"https:\/\/studiapolitologica.up.krakow.pl\/announcement\" target=\"_blank\" rel=\"noreferrer noopener\">Og\u0142oszenia | Annales Universitatis Paedagogicae Cracoviensis. Studia Politologica (up.krakow.pl)<\/a><\/p>\n\n\n\n<p><\/p>\n\n\n\n<p><strong>Z wyrazami szacunku,&nbsp;<\/strong><\/p>\n\n\n\n<p>dr Sabina Sanetra-P\u00f3\u0142grabi&nbsp;<\/p>\n\n\n\n<p>Instytut Dziennikarstwa i Stosunk\u00f3w Mi\u0119dzynarodowych&nbsp;<\/p>\n\n\n\n<p>Uniwersytetu Pedagogicznego im. Komisji Edukacji Narodowej w Krakowie&nbsp;<\/p>\n\n\n\n<p>kontakt:&nbsp;<a href=\"mailto:sabina.sanetra-polgrabi@up.krakow.pl\">sabina.sanetra-polgrabi@up.krakow.pl<\/a>&nbsp;<\/p>\n\n\n\n<p><a href=\"https:\/\/szkolydoktorskie.uwb.edu.pl\/nh\/wp-content\/uploads\/sites\/3\/2022\/11\/Zaproszenie-do-skladania-tekstow-AUPC.-Studia-Politologica-2023.pdf\">Link<\/a><\/p>\n\n\n\n<p>__________________<\/p>\n\n\n\n<p>ARCHAEGRAPH&nbsp;CONFERENCE&nbsp;2023<br><br>3&nbsp;LUTEGO&nbsp;2023&nbsp;R.<br><br><a href=\"mailto:wydawnictwo@archaegraph.pl\">wydawnictwo@archaegraph.pl<\/a><br><br>4&nbsp;Studencko-Doktorancka&nbsp;Konferencja&nbsp;Naukowa&nbsp;ArchaeGraph&nbsp;Online<br>Conference<br><br><a href=\"http:\/\/www.archaegraph.pl\/conference\" target=\"_blank\" rel=\"noreferrer noopener\">www.archaegraph.pl\/conference<\/a>&nbsp;[<a href=\"http:\/\/www.archaegraph.pl\/conference?fbclid=IwAR1q0zNdC4h3yW1dnOnlj4yZbCIMY9N9R5ISsncCxOFnZRXpZvoyQoIvF24\" target=\"_blank\" rel=\"noreferrer noopener\">1<\/a>]<br><br>Zach\u0119camy&nbsp;wszystkich&nbsp;m\u0142odych&nbsp;badaczy&nbsp;&#8211;&nbsp;student\u00f3w&nbsp;i&nbsp;doktorant\u00f3w,&nbsp;oraz<br>do\u015bwiadczonych&nbsp;pracownik\u00f3w&nbsp;naukowych,&nbsp;ekspert\u00f3w&nbsp;w&nbsp;danej&nbsp;dziedzinie<br>nauki&nbsp;do&nbsp;udzia\u0142u&nbsp;w&nbsp;konferencji&nbsp;przeprowadzonej&nbsp;w&nbsp;trybie&nbsp;zdalnym&nbsp;\u2013<br>online.&nbsp;Konferencja&nbsp;jest&nbsp;organizowana&nbsp;przez&nbsp;Wydawnictwo&nbsp;Naukowe<br>ArchaeGraph,&nbsp;kt\u00f3re&nbsp;jest&nbsp;uj\u0119te&nbsp;w&nbsp;wykazie&nbsp;wydawc\u00f3w&nbsp;recenzowanych<br>monografii&nbsp;naukowych&nbsp;MEiN<br>(I&nbsp;poziom).<br>Konferencja&nbsp;b\u0119dzie&nbsp;przeprowadzona&nbsp;w&nbsp;trybie&nbsp;online.&nbsp;Poprzednie&nbsp;edycje,<br>kt\u00f3re&nbsp;odby\u0142y&nbsp;si\u0119&nbsp;w&nbsp;czasie&nbsp;pandemii&nbsp;Covid-19&nbsp;pokaza\u0142y,&nbsp;\u017ce&nbsp;forma<br>elektroniczna&nbsp;wydarzenia&nbsp;&#8222;zdawa\u0142a&nbsp;egzamin&#8221;.&nbsp;Ufamy,&nbsp;\u017ce&nbsp;obrady<br>przeprowadzone&nbsp;w&nbsp;takim&nbsp;trybie&nbsp;nie&nbsp;b\u0119d\u0105&nbsp;odbiega\u0142y&nbsp;poziomem<br>merytorycznym&nbsp;od&nbsp;spotka\u0144&nbsp;naukowc\u00f3w&nbsp;twarz\u0105&nbsp;w&nbsp;twarz.<br>Wirtualne&nbsp;spotkanie&nbsp;ma&nbsp;charakter&nbsp;interdyscyplinarny.&nbsp;Jego&nbsp;celem&nbsp;jest<br>umo\u017cliwienie&nbsp;przedstawienia&nbsp;swoich&nbsp;bada\u0144&nbsp;lub&nbsp;zagadnie\u0144&nbsp;powstaj\u0105cej<br>pracy&nbsp;dyplomowej&nbsp;szerszej&nbsp;widowni.&nbsp;Interdyscyplinarno\u015b\u0107&nbsp;niew\u0105tpliwie<br>wp\u0142ywa&nbsp;na&nbsp;poszerzenie&nbsp;zainteresowa\u0144&nbsp;badawczych&nbsp;prelegent\u00f3w.<br>Przyjmowane&nbsp;s\u0105&nbsp;wyst\u0105pienia&nbsp;o&nbsp;charakterze&nbsp;naukowym,&nbsp;przegl\u0105dowym,&nbsp;case<br>study&nbsp;itp.&nbsp;itd.&nbsp;z&nbsp;nast\u0119puj\u0105cych&nbsp;dyscyplin&nbsp;naukowych:<br><br>&#8211;&nbsp;Dziedzina&nbsp;nauk&nbsp;humanistycznych<br>archeologia<br>filozofia<br>historia<br>j\u0119zykoznawstwo<br>literaturoznawstwo<br>nauki&nbsp;o&nbsp;kulturze&nbsp;i&nbsp;religii<br>nauki&nbsp;o&nbsp;sztuce<br><br>&#8211;&nbsp;Dziedzina&nbsp;nauk&nbsp;spo\u0142ecznych<br>ekonomia&nbsp;i&nbsp;finanse<br>geografia&nbsp;spo\u0142eczno-ekonomiczna&nbsp;i&nbsp;gospodarka&nbsp;przestrzenna<br>nauki&nbsp;o&nbsp;bezpiecze\u0144stwie<br>nauki&nbsp;o&nbsp;komunikacji&nbsp;spo\u0142ecznej&nbsp;i&nbsp;mediach<br>nauki&nbsp;o&nbsp;polityce&nbsp;i&nbsp;administracji<br>nauki&nbsp;o&nbsp;zarz\u0105dzaniu&nbsp;i&nbsp;jako\u015bci<br>nauki&nbsp;prawne<br>nauki&nbsp;socjologiczne<br>pedagogika<br>prawo&nbsp;kanoniczne<br>psychologia<br><br>Efektem&nbsp;konferencji&nbsp;b\u0119dzie&nbsp;recenzowana&nbsp;publikacja&nbsp;naukowa&nbsp;punktowana<br>(20&nbsp;pkt.\/rozdzia\u0142&nbsp;&#8211;&nbsp;I&nbsp;poziom&nbsp;z&nbsp;wykazu&nbsp;MEiN).<br><br>Abstrakty&nbsp;(ok.&nbsp;1000&nbsp;&#8211;&nbsp;2000&nbsp;znak\u00f3w&nbsp;ze&nbsp;spacjami)&nbsp;lub&nbsp;pe\u0142ne&nbsp;wyst\u0105pienia<br>(w&nbsp;formie&nbsp;pisemnej&nbsp;&#8211;&nbsp;max&nbsp;60&nbsp;tys.&nbsp;znak\u00f3w&nbsp;ze&nbsp;spacjami,&nbsp;lub&nbsp;prezentacji)&nbsp;+<br>abstrakt,&nbsp;prosimy&nbsp;przesy\u0142a\u0107&nbsp;na&nbsp;adres:&nbsp;<a href=\"mailto:wydawnictwo@archaegraph.pl\">wydawnictwo@archaegraph.pl<\/a>&nbsp;&#8211;<br>jako&nbsp;temat&nbsp;wiadomo\u015bci&nbsp;prosimy&nbsp;wpisa\u0107:<br>ArchaeGraph&nbsp;Online&nbsp;Conference<br>Abstrakt&nbsp;powinien&nbsp;zawiera\u0107&nbsp;(poza&nbsp;opisem&nbsp;pracy)&nbsp;imi\u0119<br>i&nbsp;nazwisko,&nbsp;afiliacj\u0119&nbsp;oraz&nbsp;kontakt&nbsp;mailowy.<br><br>Kalendarz:<br>&#8211;&nbsp;18&nbsp;listopada&nbsp;&#8211;&nbsp;19&nbsp;grudnia&nbsp;2022&nbsp;r.-&nbsp;Przyjmowanie&nbsp;propozycji<br>wyst\u0105pie\u0144;<br>&#8211;&nbsp;20-&nbsp;25&nbsp;grudnia&nbsp;2022&nbsp;r.&nbsp;&#8211;&nbsp;informacja&nbsp;dla&nbsp;prelegent\u00f3w&nbsp;o&nbsp;kwalifikacji<br>tematu;<br>&#8211;&nbsp;25&nbsp;grudnia&nbsp;\u2013&nbsp;29&nbsp;stycznia&nbsp;2023&nbsp;r.&nbsp;&#8211;&nbsp;przyjmowanie&nbsp;gotowych<br>wyst\u0105pie\u0144.<br><br>Przebieg&nbsp;konferencji:<br>&#8211;&nbsp;Strona&nbsp;konferencji&nbsp;b\u0119dzie&nbsp;dost\u0119pna&nbsp;od&nbsp;godziny&nbsp;10&nbsp;&#8211;&nbsp;20&nbsp;w&nbsp;dniu&nbsp;3<br>lutego&nbsp;2023&nbsp;roku.<br>&#8211;&nbsp;Wybrani&nbsp;prelegenci&nbsp;otrzymaj\u0105&nbsp;has\u0142o&nbsp;do&nbsp;strony.<br>&#8211;&nbsp;Warunkiem&nbsp;otrzymania&nbsp;certyfikatu&nbsp;potwierdzaj\u0105cego&nbsp;czynny&nbsp;udzia\u0142<br>b\u0119dzie&nbsp;wype\u0142nienie&nbsp;ankiety,&nbsp;kt\u00f3ra&nbsp;ma&nbsp;potwierdzi\u0107&nbsp;zapoznanie&nbsp;si\u0119<br>wszystkich&nbsp;uczestnik\u00f3w&nbsp;z&nbsp;materia\u0142ami&nbsp;pozosta\u0142ych&nbsp;prelegent\u00f3w.<br>Ankieta&nbsp;b\u0119dzie&nbsp;dost\u0119pna&nbsp;jeszcze&nbsp;3&nbsp;dni&nbsp;po&nbsp;wydarzeniu.<br>&#8211;&nbsp;Certyfikaty&nbsp;zostan\u0105&nbsp;przes\u0142ane&nbsp;elektronicznie.<br><br>Cennik&nbsp;konferencji:<br>&#8211;&nbsp;Udzia\u0142&nbsp;w&nbsp;konferencji&nbsp;+&nbsp;publikacja&nbsp;rozdzia\u0142u&nbsp;&#8211;&nbsp;349&nbsp;z\u0142<br>&#8211;&nbsp;Udzia\u0142&nbsp;w&nbsp;konferencji&nbsp;(bez&nbsp;publikacji&nbsp;rozdzia\u0142u)&nbsp;&#8211;&nbsp;129&nbsp;z\u0142<br>&#8211;&nbsp;Publikacja&nbsp;rozdzia\u0142u&nbsp;(bez&nbsp;udzia\u0142u&nbsp;w&nbsp;konferencji)&nbsp;&#8211;&nbsp;270&nbsp;z\u0142<br><br>Wszelkie&nbsp;pytania&nbsp;prosimy&nbsp;kierowa\u0107&nbsp;na&nbsp;adres&nbsp;mailowy:<br><a href=\"mailto:wydawnictwo@archaegraph.pl\">wydawnictwo@archaegraph.pl<\/a><br>Zach\u0119camy&nbsp;do&nbsp;przejrzenia&nbsp;zawarto\u015bci&nbsp;strony&nbsp;internetowej&nbsp;wydawnictwa:<br><a href=\"http:\/\/www.archaegraph.pl\" target=\"_blank\" rel=\"noreferrer noopener\">www.archaegraph.pl<\/a>&nbsp;[<a href=\"http:\/\/www.archaegraph.pl\/?fbclid=IwAR3FfAUizd2Zf_vJ9YNrTwTZgPYv5zrkOWXTWVw5W_dt7iTySLQ4UcWE9Qg\" target=\"_blank\" rel=\"noreferrer noopener\">2<\/a>]<br><br>Konferencja&nbsp;b\u0119dzie&nbsp;mia\u0142a&nbsp;charakter&nbsp;materia\u0142owy&nbsp;tzn.,&nbsp;\u017ce&nbsp;czynni<br>uczestnicy&nbsp;mog\u0105&nbsp;zapozna\u0107&nbsp;si\u0119&nbsp;z&nbsp;wcze\u015bniej&nbsp;przes\u0142anymi&nbsp;materia\u0142ami<br>(prezentacja,&nbsp;opis,&nbsp;poster,&nbsp;film)&nbsp;pozosta\u0142ych&nbsp;uczestnik\u00f3w&nbsp;o&nbsp;ka\u017cdej<br>porze&nbsp;dnia&nbsp;konferencji&nbsp;po&nbsp;zalogowaniu&nbsp;si\u0119&nbsp;na&nbsp;stron\u0119&nbsp;wydarzenia.<br>Konferencje&nbsp;nie&nbsp;ma&nbsp;formy&nbsp;audio\/wideo.<br><br>Do\u0142o\u017cymy&nbsp;wszelkich&nbsp;stara\u0144,&nbsp;\u017ceby&nbsp;monografia&nbsp;pojawi\u0142a&nbsp;si\u0119&nbsp;do&nbsp;ko\u0144ca<br>wrze\u015bnia&nbsp;2023&nbsp;r.&nbsp;Wszelkie&nbsp;pytania&nbsp;prosimy&nbsp;kierowa\u0107&nbsp;na&nbsp;adres&nbsp;mailowy:<br><a href=\"mailto:wydawnictwo@archaegraph.pl\">wydawnictwo@archaegraph.pl<\/a><br>Zach\u0119camy&nbsp;do&nbsp;przejrzenia&nbsp;zawarto\u015bci&nbsp;strony&nbsp;internetowej&nbsp;wydawnictwa:<br><a href=\"http:\/\/www.archaegraph.pl\" target=\"_blank\" rel=\"noreferrer noopener\">www.archaegraph.pl<\/a>&nbsp;[<a href=\"http:\/\/www.archaegraph.pl\/?fbclid=IwAR3g4NMr8LSbPeckZmp7KpHW_eCyOgfFWuE03QtXl-do4tc75S_qO8HQmjI\" target=\"_blank\" rel=\"noreferrer noopener\">3<\/a>]<\/p>\n\n\n\n<p><\/p>\n\n\n\n<p>_________________________<\/p>\n\n\n\n<p>Serdecznie&nbsp;zapraszamy&nbsp;do&nbsp;udzia\u0142u&nbsp;w&nbsp;V&nbsp;Doktorancko-Studenckim&nbsp;Seminarium Naukowym&nbsp;organizowanym&nbsp;w&nbsp;Instytucie&nbsp;Nauk&nbsp;Teologicznych&nbsp;Uniwersytetu Szczeci\u0144skiego&nbsp;w&nbsp;ramach&nbsp;cyklu&nbsp;\u201eInterdyscyplinarne&nbsp;Laboratorium&nbsp;Bada\u0144 nad&nbsp;Chrze\u015bcija\u0144stwem\u201d.<br><br>Tematem&nbsp;przewodnim&nbsp;b\u0119dzie&nbsp;wyk\u0142ad:&nbsp;\u201e\u015aCIE\u017bKI&nbsp;HOMO&nbsp;RELIGIOSUS&nbsp;W ODCZAROWANYM&nbsp;\u015aWIECIE.&nbsp;PR\u00d3BA&nbsp;ROZPOZNANIA\u201d.&nbsp;EKSPERTK\u0104&nbsp;B\u0118DZIE&nbsp;P. PROF.&nbsp;DR&nbsp;HAB.&nbsp;MAGDALENA&nbsp;ZOWCZAK&nbsp;ETNOGRAFKA,&nbsp;BADACZKA&nbsp;KULTURY&nbsp;RELIGIJNEJ I&nbsp;WYK\u0141ADOWCZYNI&nbsp;W&nbsp;UNIWERSYTECIE&nbsp;WARSZAWSKIM.,&nbsp;A&nbsp;MODERATOREM&nbsp;SPOTKANIA<br>KS.&nbsp;DR&nbsp;HAB.&nbsp;ANDRZEJ&nbsp;DRAGU\u0141A,&nbsp;PROF.&nbsp;US&nbsp;\u2013&nbsp;PRZEWODNICZ\u0104CY&nbsp;RADY&nbsp;NAUKOWEJ<br>INSTYTUTU&nbsp;NAUK&nbsp;TEOLOGICZNYCH&nbsp;US.<br><br>Seminarium&nbsp;odb\u0119dzie&nbsp;si\u0119&nbsp;7&nbsp;GRUDNIA&nbsp;2022&nbsp;O&nbsp;GODZ.&nbsp;16:30&nbsp;i&nbsp;b\u0119dzie&nbsp;mia\u0142o form\u0119&nbsp;hybrydow\u0105.&nbsp;Stacjonarnie&nbsp;w&nbsp;INT&nbsp;US&nbsp;\u2013&nbsp;ul.&nbsp;Paw\u0142a&nbsp;VI&nbsp;nr&nbsp;2&nbsp;w Szczecinie&nbsp;lub&nbsp;online&nbsp;przez&nbsp;platform\u0119&nbsp;MS&nbsp;Teams&nbsp;(link&nbsp;zostanie przes\u0142any&nbsp;do&nbsp;zarejestrowanych&nbsp;uczestnik\u00f3w).<br><br>OBOWI\u0104ZKOWE&nbsp;ZAPISY&nbsp;DO&nbsp;4&nbsp;GRUDNIA:&nbsp;<a href=\"https:\/\/TINY.PL\/WC3KT\" target=\"_blank\" rel=\"noreferrer noopener\">HTTPS:\/\/TINY.PL\/WC3KT<\/a>&nbsp;[<a href=\"https:\/\/tiny.pl\/wc3kt\" target=\"_blank\" rel=\"noreferrer noopener\">1<\/a>]<br><br>Wydarzenie&nbsp;FB:&nbsp;&nbsp;<a href=\"https:\/\/tiny.pl\/wc32x\" target=\"_blank\" rel=\"noreferrer noopener\">https:\/\/tiny.pl\/wc32x<\/a><br><br>Uczestnicy&nbsp;otrzymaj\u0105&nbsp;tekst&nbsp;oraz&nbsp;nagranie&nbsp;do&nbsp;zapoznania&nbsp;si\u0119&nbsp;przed seminarium.&nbsp;Za&nbsp;udzia\u0142&nbsp;ka\u017cdy&nbsp;otrzymuje&nbsp;imienny&nbsp;certyfikat.<br><br>W&nbsp;razie&nbsp;pyta\u0144&nbsp;zapraszamy&nbsp;do&nbsp;kontaktu:<br><br><a href=\"mailto:kaciaryna.bychak@phd.usz.edu.pl\">kaciaryna.bychak@phd.usz.edu.pl<\/a><br><br><a href=\"mailto:lukasz.paluch@phd.usz.edu.pl\">lukasz.paluch@phd.usz.edu.pl<\/a><br><br>Interdyscyplinarne&nbsp;Laboratorium&nbsp;Bada\u0144&nbsp;nad&nbsp;Chrze\u015bcija\u0144stwem&nbsp;to wsp\u00f3lna&nbsp;inicjatywa&nbsp;doktorant\u00f3w&nbsp;Szko\u0142y&nbsp;Doktorskiej&nbsp;US&nbsp;i&nbsp;pracownik\u00f3w naukowych&nbsp;INT&nbsp;oraz&nbsp;Interdyscyplinarnego&nbsp;Ko\u0142a&nbsp;Doktorant\u00f3w&nbsp;Szko\u0142y<br>Doktorskiej&nbsp;Uniwersytetu&nbsp;Szczeci\u0144skiego.&nbsp;Celem&nbsp;Laboratorium&nbsp;jest<br>stworzenie&nbsp;przestrzeni&nbsp;do&nbsp;wymiany&nbsp;do\u015bwiadcze\u0144,&nbsp;naukowej&nbsp;dyskusji&nbsp;i<br>wsp\u00f3lnego&nbsp;poszukiwania&nbsp;nowych&nbsp;rozwi\u0105za\u0144&nbsp;w&nbsp;obr\u0119bie&nbsp;szeroko&nbsp;poj\u0119tych<br>bada\u0144&nbsp;nad&nbsp;chrze\u015bcija\u0144stwem&nbsp;w&nbsp;uj\u0119ciu&nbsp;interdyscyplinarnym.&nbsp;Do&nbsp;udzia\u0142u<br>w&nbsp;Laboratorium&nbsp;zapraszamy&nbsp;zar\u00f3wno&nbsp;ekspert\u00f3w,&nbsp;jak&nbsp;i&nbsp;m\u0142odych&nbsp;naukowc\u00f3w<br>z&nbsp;r\u00f3\u017cnych&nbsp;dziedzin&nbsp;i&nbsp;dyscyplin&nbsp;naukowych.<br><br>Seminaria&nbsp;Doktorancko-Studenckie&nbsp;w&nbsp;Instytucie&nbsp;Nauk&nbsp;Teologicznych&nbsp;US&nbsp;s\u0105<br>jednym&nbsp;z&nbsp;dzia\u0142a\u0144&nbsp;w&nbsp;ramach&nbsp;Laboratorium,&nbsp;ich&nbsp;celem&nbsp;jest&nbsp;poszerzenie<br>mo\u017cliwo\u015bci&nbsp;metodologicznych&nbsp;doktorant\u00f3w&nbsp;i&nbsp;student\u00f3w&nbsp;teologii&nbsp;oraz<br>innych&nbsp;dyscyplin&nbsp;naukowych,&nbsp;kt\u00f3re&nbsp;prowadz\u0105&nbsp;badania&nbsp;nad<br>chrze\u015bcija\u0144stwem.&nbsp;Seminaria&nbsp;maj\u0105&nbsp;formu\u0142\u0119:&nbsp;spotkanie&nbsp;z&nbsp;ekspertem&nbsp;+<br>konwersatorium.<\/p>\n\n\n\n<p>__________________________________<\/p>\n\n\n\n<p>Szanowni&nbsp;Pa\u0144stwo,<br><br>informujemy o naborze do<strong> II edycji programu stypendialnego Joseph Conrad Fellowship.<\/strong><br><br>Stypendy\u015bci JCF realizuj\u0105 w\u0142asny projekt naukowy, otrzymuj\u0105 comiesi\u0119czne wsparcie finansowe w wysoko\u015bci 1200 z\u0142 brutto, uczestnicz\u0105 w cyklu wyk\u0142ad\u00f3w i seminari\u00f3w, bior\u0105 udzia\u0142 w szkole letniej oraz maj\u0105 mo\u017cliwo\u015b\u0107 opublikowania artyku\u0142u w wydawnictwie naukowym. <\/p>\n\n\n\n<p><br>Tematyk\u0105 roku akademickiego 2022\/23 b\u0119dzie: WIEK XIX I NOWOCZESNA FORMA POLSKA.<br><br>G\u0142\u00f3wnym zadaniem JCF jest zapewnienie warunk\u00f3w do wymiany my\u015bli i rozwoju. Zapraszamy wszystkich student\u00f3w, doktorant\u00f3w oraz m\u0142odych naukowc\u00f3w (do 35 r. \u017c.) zainteresowanych szeroko poj\u0119t\u0105 humanistyk\u0105.<br><br>Zg\u0142oszenia nale\u017cy przes\u0142a\u0107 w terminie do 20 listopada 2022 r. za po\u015brednictwem formularza: <a href=\"https:\/\/iderepublica.pl\/joseph-conrad-fellowship\/formularz-zgloszeniowy\/?fbclid=IwAR0VQkVf8exnpBiXFxnWOr0FlvP1mgq9GyyDxGPEw3hELFg7i6T2eysCCyw\" target=\"_blank\" rel=\"noreferrer noopener\">https:\/\/iderepublica.pl\/joseph-conrad-fellowship\/formularz-zgloszeniowy\/?fbclid=IwAR0VQkVf8exnpBiXFxnWOr0FlvP1mgq9GyyDxGPEw3hELFg7i6T2eysCCyw<\/a><\/p>\n\n\n\n<p><a href=\"https:\/\/szkolydoktorskie.uwb.edu.pl\/nh\/wp-content\/uploads\/sites\/3\/2022\/11\/JCF-2022-2023.pdf\">Program<\/a><\/p>\n\n\n\n<p>______________<\/p>\n\n\n\n<p>Szanowni Pa\u0144stwo, w imieniu Komitetu Organizacyjnego zwracam si\u0119 z pro\u015bb\u0105 o rozpowszechnienie w\u015br\u00f3d pracownik\u00f3w, doktorant\u00f3w i student\u00f3w informacji o Konferencji, kt\u00f3ra odb\u0119dzie si\u0119 w trybie zdalnym. Tematyka konferencji jest bardzo aktualna i porusza problematyk\u0119 niezwykle popularnego obecnie zagadnienia reporta\u017cu &#8211; jeste\u015bmy przekonani, i\u017c tematyka konferencji zainteresuje tak\u017ce osoby spoza grona \u015bci\u015ble humanistycznego i polonistycznego.<\/p>\n\n\n\n<p>Wydzia\u0142 Humanistyczny oraz Szko\u0142a J\u0119zyka i Kultury Polskiej Uniwersytetu \u015al\u0105skiego organizuj\u0105 mi\u0119dzynarodow\u0105 konferencj\u0119&nbsp;<strong>\u201eLiteratura polska w \u015bwiecie. Polska literatura non fiction \u2013 perspektywa nadawcy i odbiorcy&#8221;<\/strong>. Tegoroczne spotkanie jest kontynuacj\u0105 tradycji rozpocz\u0119tej w 2005 roku.&nbsp;Konferencja odb\u0119dzie si\u0119&nbsp;<strong>w formie zdalnej w dniach 17 i 18 listopada 2022 roku.<\/strong>&nbsp;&nbsp;<\/p>\n\n\n\n<figure class=\"wp-block-embed is-type-wp-embed is-provider-wydzia-humanistyczny-uniwersytet-l-ski-w-katowicach wp-block-embed-wydzia-humanistyczny-uniwersytet-l-ski-w-katowicach\"><div class=\"wp-block-embed__wrapper\">\n<blockquote class=\"wp-embedded-content\" data-secret=\"56bvvr4dOL\"><a href=\"https:\/\/us.edu.pl\/wydzial\/wh\/event\/viii-miedzynarodowa-konferencja-naukowa-literatura-polska-w-swiecie-polska-literatura-non-fiction-perspektywa-nadawcy-i-odbiorcy\/\">VIII Mi\u0119dzynarodowa Konferencja Naukowa \u201eLiteratura polska w \u015bwiecie. Polska literatura non fiction \u2013 perspektywa nadawcy i odbiorcy\u201d (online)<\/a><\/blockquote><iframe loading=\"lazy\" class=\"wp-embedded-content\" sandbox=\"allow-scripts\" security=\"restricted\" style=\"position: absolute; clip: rect(1px, 1px, 1px, 1px);\" title=\"&#8222;VIII Mi\u0119dzynarodowa Konferencja Naukowa \u201eLiteratura polska w \u015bwiecie. Polska literatura non fiction \u2013 perspektywa nadawcy i odbiorcy\u201d (online)&#8221; &#8212; Wydzia\u0142 Humanistyczny | Uniwersytet \u015al\u0105ski w Katowicach\" src=\"https:\/\/us.edu.pl\/wydzial\/wh\/event\/viii-miedzynarodowa-konferencja-naukowa-literatura-polska-w-swiecie-polska-literatura-non-fiction-perspektywa-nadawcy-i-odbiorcy\/embed\/#?secret=YpEnfXomMr#?secret=56bvvr4dOL\" data-secret=\"56bvvr4dOL\" width=\"600\" height=\"338\" frameborder=\"0\" marginwidth=\"0\" marginheight=\"0\" scrolling=\"no\"><\/iframe>\n<\/div><\/figure>\n\n\n\n<p>Pierwszy dzie\u0144 obrad rozpocznie panel dyskusyjny z udzia\u0142em wybitnych polskich i zagranicznych polonist\u00f3w, t\u0142umaczy, wyk\u0142adowc\u00f3w akademickich, kt\u00f3rzy zajmuj\u0105 si\u0119 recepcj\u0105 literatury polskiej poza granicami Polski. Wyst\u0105pienia konferencyjne pierwszego dnia skupi\u0105 si\u0119 wok\u00f3\u0142 takich zagadnie\u0144 jak topografia miejsc i analiz (auto)biografii jako gatunku non fiction.<\/p>\n\n\n\n<p>Drugi dzie\u0144 b\u0119dzie po\u015bwi\u0119cony tematyce reporta\u017cowej, wspomnieniom, migracjom, esejom oraz powie\u015bci kryminalnej z perspektywy nadawcy i obiorcy, r\u00f3wnie\u017c tego zewn\u0119trznego kulturowo.<\/p>\n\n\n\n<p>Do udzia\u0142u w konferencji \u2013 jako s\u0142uchaczy i dyskutant\u00f3w \u2013 zapraszamy wszystkich zainteresowanych poruszan\u0105 podczas konferencji tematyk\u0105: badaczy teorii i historii literatury, humanistyki zaanga\u017cowanej, (glotto)dydaktyk\u00f3w polonistycznych, j\u0119zykoznawc\u00f3w oraz kulturoznawc\u00f3w. Zapraszamy tw\u00f3rc\u00f3w, krytyk\u00f3w i czytelnik\u00f3w, student\u00f3w i doktorant\u00f3w.<\/p>\n\n\n\n<p>W za\u0142\u0105czniku interaktywny program konferencji (wybranie referatu, sekcji, cz\u0119\u015bci konferencji stanowi automatyczne odes\u0142anie w odpowiednie miejsce wirtualnego spotkania).<\/p>\n\n\n\n<p>Bezpo\u015bredni link:&nbsp;<a href=\"https:\/\/us06web.zoom.us\/j\/82652274050?pwd=elh6NDdmeEx6Vll1STA1TlBNbjB6UT09\" target=\"_blank\" rel=\"noreferrer noopener\">https:\/\/us06web.zoom.us\/j\/82652274050?pwd=elh6NDdmeEx6Vll1STA1TlBNbjB6UT09<\/a>,&nbsp;Identyfikator spotkania: 826 5227 4050,&nbsp;Kod dost\u0119pu: 909496<\/p>\n\n\n\n<p><a href=\"https:\/\/szkolydoktorskie.uwb.edu.pl\/nh\/wp-content\/uploads\/sites\/3\/2022\/11\/program_VIII_-Konferencja_Literatura-polska-non-fiction.pdf\">Program konferencji<\/a><\/p>\n\n\n\n<p><\/p>\n\n\n\n<p>_________________________<\/p>\n\n\n\n<p>Szanowni&nbsp;Pa\u0144stwo,<br><br>&nbsp;w&nbsp;imieniu&nbsp;organizator\u00f3w,&nbsp;Katedry&nbsp;Teorii&nbsp;i&nbsp;Antropologii&nbsp;Literatury&nbsp;w Instytucie&nbsp;Filologii&nbsp;Polskiej&nbsp;Uniwersytetu&nbsp;Pedagogicznego&nbsp;im.&nbsp;KEN&nbsp;w Krakowie&nbsp;oraz&nbsp;Pracowni&nbsp;Poetyki&nbsp;Wiersza&nbsp;przy&nbsp;Wydziale&nbsp;Polonistyki Uniwersytetu&nbsp;Warszawskiego,&nbsp;zapraszam&nbsp;do&nbsp;udzia\u0142u&nbsp;w&nbsp;mi\u0119dzynarodowej zdalnej&nbsp;konferencji&nbsp;naukowej&nbsp;_WOK\u00d3\u0141&nbsp;TEORII&nbsp;WIERSZA:&nbsp;ostatnie&nbsp;stulecie w&nbsp;badaniach&nbsp;wersologicznych_,&nbsp;kt\u00f3ra&nbsp;odb\u0119dzie&nbsp;si\u0119&nbsp;w&nbsp;dniach&nbsp;30-31&nbsp;marca 2023&nbsp;roku&nbsp;na&nbsp;platformie&nbsp;MS&nbsp;Teams.<br><br>&nbsp;Zakres&nbsp;tematyczny&nbsp;konferencji&nbsp;obejmuje&nbsp;m.in.&nbsp;zagadnienia&nbsp;zwi\u0105zane&nbsp;ze statusem&nbsp;wiedzy&nbsp;o&nbsp;wierszu&nbsp;we&nbsp;wsp\u00f3\u0142czesnej&nbsp;refleksji literaturoznawczej,&nbsp;rol\u0105&nbsp;bada\u0144&nbsp;wersologicznych&nbsp;w&nbsp;dyskursie&nbsp;akademickim i&nbsp;edukacyjnym,&nbsp;miejscem&nbsp;wiersza&nbsp;na&nbsp;mapie&nbsp;wsp\u00f3\u0142czesnej&nbsp;literatury&nbsp;i kultury,&nbsp;ale&nbsp;r\u00f3wnie\u017c&nbsp;prace&nbsp;teoretyczne&nbsp;b\u0105d\u017a&nbsp;historycznoliterackie stanowi\u0105ce&nbsp;pr\u00f3b\u0119&nbsp;przybli\u017cenia&nbsp;starszych&nbsp;i&nbsp;nowszych&nbsp;dziej\u00f3w&nbsp;polskiej wersologii&nbsp;pokazanej&nbsp;w&nbsp;kontek\u015bcie&nbsp;aktualnych&nbsp;trend\u00f3w&nbsp;w&nbsp;wersologii \u015bwiatowej,&nbsp;teorii&nbsp;literatury,&nbsp;bada\u0144&nbsp;nad&nbsp;mediami,&nbsp;kulturoznawstwa&nbsp;oraz krytyki&nbsp;literackiej&nbsp;oraz&nbsp;praktyki&nbsp;poetyckiej.<br><br>&nbsp;Interesuj\u0105ce&nbsp;dla&nbsp;organizator\u00f3w&nbsp;s\u0105&nbsp;tak\u017ce&nbsp;studia&nbsp;przypadku po\u015bwi\u0119cone&nbsp;poj\u0119ciom&nbsp;takim&nbsp;jak&nbsp;metr,&nbsp;wers,&nbsp;przerzutnia,&nbsp;jak&nbsp;r\u00f3wnie\u017c studia&nbsp;przypadku&nbsp;i&nbsp;interpretacje&nbsp;pojedynczych&nbsp;tekst\u00f3w.<br><br>&nbsp;<a href=\"https:\/\/szkolydoktorskie.uwb.edu.pl\/nh\/wp-content\/uploads\/sites\/3\/2022\/11\/karta-uczestnika-konferencji_WOKOL-TEORII-WIERSZA-20231.docx\">Karta&nbsp;zg\u0142oszenia<\/a>&nbsp;<\/p>\n\n\n\n<p><a href=\"https:\/\/szkolydoktorskie.uwb.edu.pl\/nh\/wp-content\/uploads\/sites\/3\/2022\/11\/ZAPROSZENIE-wokol-teorii-wiersza-2023.pdf\">Zaproszenie<\/a><br><\/p>\n\n\n\n<p><\/p>\n\n\n\n<p><\/p>\n\n\n\n<p>________________________<\/p>\n\n\n\n<p>Zapraszamy serdecznie na szkolenie Ars Mollis, dotycz\u0105ce umiej\u0119tno\u015bci popularyzowania nauki we wsp\u00f3\u0142pracy z mediami. Szkolenie dotyczy umiej\u0119tno\u015bci mi\u0119kkich bardzo po\u017c\u0105danych u m\u0142odych badaczy.<\/p>\n\n\n\n<p>Szkolenie odb\u0119dzie si\u0119 17 listopada \u2013 na zg\u0142oszenia ch\u0119tnych czekam do <strong>9 listopada 2022 r.<\/strong> <\/p>\n\n\n\n<p><a href=\"https:\/\/szkolydoktorskie.uwb.edu.pl\/nh\/wp-content\/uploads\/sites\/3\/2022\/11\/Zaproszenie-dla-doktorantow_listopad_20224.docx\">Link<\/a><\/p>\n\n\n\n<p><\/p>\n\n\n\n<p>___________________________<\/p>\n\n\n\n<p>Serdecznie zapraszamy na seminarium z cyklu <em><strong>Inspiracje baumanowskie dla przedstawicieli nauk spo\u0142ecznych i humanistycznych w pierwszych dekadach XXI wieku<\/strong><\/em>. Tym razem w progach Instytutu zago\u015bci <strong>dr Jack Palmer<\/strong> z <strong>Leeds Trinity University<\/strong>, kt\u00f3ry wyg\u0142osi wyk\u0142ad pt. <em><strong>Bauman in and on the West: Exile and<\/strong> <\/em><strong><em>Eurocentrism<\/em><\/strong>. Seminarium b\u0119dzie mia\u0142o miejsce<em> <\/em><strong>w czwartek 17<\/strong> <strong>listopada o godzinie 16.00 w sali 268 (II p.) Pa\u0142acu Staszica <\/strong>(Warszawa, ul. Nowy \u015awiat 72).<\/p>\n\n\n\n<p><strong>Dr Jack Palmer <\/strong>jest pracownikiem naukowym Leeds Trinity University, a zarazem wicedyrektorem The Bauman Institute na University of Leeds. W roku 2018 opublikowa\u0142 monografi\u0119 <em>Entanglements of Modernity, Colonialism and Genocide: Burundi and Rwanda in Historical Sociological Perspective <\/em>(Routledge), a w przysz\u0142ym roku zostanie wydana jego ksi\u0105\u017cka pt. <em>Zygmunt Bauman and the West: A Sociology of Intellectual Exile <\/em>(McGill-Quenn&#8217;s University Press). Dr Jack Palmer wraz z dr. Dariuszem Brzezi\u0144skim s\u0105 redaktorami tomu <em>Revisiting Modernity and the Holocaust: Heritage, Dilemmas, Extensions<\/em> (Routledge 2022). Obaj badacze we wsp\u00f3\u0142pracy z Prof. Markiem Davisem i Dr. Tomem Campbellem z University of Leeds redaguj\u0105 te\u017c trzytomow\u0105 seri\u0119 wydawnicz\u0105 <em>Selected Writings <\/em>(Polity Press), zawieraj\u0105c\u0105 niepublikowane wcze\u015bniej b\u0105d\u017a nieobecne w angloj\u0119zycznym dyskursie intelektualnym teksty Zygmunta Baumana. Pierwszy tom: <em>Culture &amp; Art<\/em>, zosta\u0142 wydany w 2021 roku, a kolejny: <em>History &amp; Politics,<\/em>&nbsp;uka\u017ce si\u0119 w lutym 2023 roku.<\/p>\n\n\n\n<p>The Bauman Institute <a href=\"https:\/\/baumaninstitute.leeds.ac.uk\/\" target=\"_blank\" rel=\"noreferrer noopener\">https:\/\/baumaninstitute.leeds.ac.uk\/<\/a>, kt\u00f3rego dr Jack Palmer jest wicedyrektorem, stanowi cz\u0119\u015b\u0107 School of Sociology and Social Policy na Uniwersytecie w Leeds. Z jednostk\u0105 t\u0105 Instytut Filozofii i Socjologii PAN podpisa\u0142 w roku 2019 umow\u0119 o wsp\u00f3\u0142pracy: <em><strong>Memorandum of Understanding<\/strong><\/em>. Obejmuje ona mi\u0119dzy innymi realizacj\u0119 projekt\u00f3w badawczych i wydawniczych. Przyjazd Dr. Jacka Palmera jest kolejnym elementem wsp\u00f3\u0142pracy mi\u0119dzy obiema jednostkami.<\/p>\n\n\n\n<p>__________________________<\/p>\n\n\n\n<p>Center For American Studies zaprasza do udzia\u0142u w certyfikowanym weekendowym kursie <strong><em>Academic Writing Made Easy<\/em><\/strong> z native speakerem-naukowcem z USA (absolwentem presti\u017cowego George Mason University), Johnem Patrickiem Higginsem.<\/p>\n\n\n\n<p><strong>W toku kursu:<\/strong><\/p>\n\n\n\n<ul class=\"wp-block-list\">\n<li>Opanujesz sztuk\u0119 pisania akademickiego w j\u0119zyku angielskim i wypracujesz sw\u00f3j w\u0142asny styl<\/li>\n\n\n\n<li>Dowiesz si\u0119 jak szybko i skutecznie pisa\u0107 teksty naukowe, kt\u00f3re sprawi\u0105, \u017ce osi\u0105gniesz wymarzone cele i dostaniesz si\u0119 na presti\u017cowe konferencje<\/li>\n\n\n\n<li>Poznasz efektywne metody pisania artyku\u0142\u00f3w naukowych i rozdzia\u0142\u00f3w w monografiach do topowych czasopism i wydawnictw<\/li>\n\n\n\n<li>Dowiesz si\u0119, jakie s\u0105 najcz\u0119stsze b\u0142\u0119dy w pracach naukowych oraz jak ich skutecznie unika\u0107<\/li>\n\n\n\n<li>Zrozumiesz angielsk\u0105 &#8222;akademick\u0105 gramatyk\u0119&#8221;, w tym mi\u0119dzy innymi: przypadki, prawid\u0142owe u\u017cycie przedimk\u00f3w, uzgadnianie czas\u00f3w, sposoby unikania strony biernej, zwroty przys\u0142\u00f3wkowe i przymiotnikowe, struktur\u0119 zda\u0144 w j\u0119zyku akademickim i wiele wi\u0119cej<\/li>\n<\/ul>\n\n\n\n<p><strong>Damy Ci te\u017c szans\u0119 na prze\u0107wiczenie swoich umiej\u0119tno\u015bci w praktyce!<\/strong> Je\u015bli zechcesz, to zaanga\u017cujemy Ci\u0119 w przydatne \u0107wiczenia praktyczne.<\/p>\n\n\n\n<p>Do udzia\u0142u w szkoleniu serdecznie zach\u0119camy ambitnych student\u00f3w, doktorant\u00f3w oraz pracownik\u00f3w naukowych.<\/p>\n\n\n\n<p><strong>Termin kursu:<\/strong> 9-10 grudnia 2022 (zaczynamy w pi\u0105tek wieczorem i ko\u0144czymy w sobot\u0119 po po\u0142udniu). Sugerujemy rejestrowa\u0107 si\u0119 do 5 grudnia 2022. Liczba miejsc jest ograniczona!<\/p>\n\n\n\n<p><strong>Wi\u0119cej informacji o zapisach:<\/strong> <a href=\"https:\/\/fb.me\/e\/3DSsEqG7Q\" target=\"_blank\" rel=\"noreferrer noopener\">https:\/\/fb.me\/e\/3DSsEqG7Q<\/a><\/p>\n\n\n\n<p><\/p>\n\n\n\n<p>_________________________________________________<\/p>\n\n\n\n<p>Center&nbsp;For&nbsp;American&nbsp;Studies&nbsp;zaprasza&nbsp;do&nbsp;udzia\u0142u&nbsp;w&nbsp;certyfikowanym weekendowym&nbsp;kursie&nbsp;_ACADEMIC&nbsp;WRITING&nbsp;MADE&nbsp;EASY_&nbsp;z&nbsp;native speakerem-naukowcem&nbsp;z&nbsp;USA&nbsp;(absolwentem&nbsp;presti\u017cowego&nbsp;George&nbsp;Mason University),&nbsp;Johnem&nbsp;Patrickiem&nbsp;Higginsem.<br><br>&nbsp;W&nbsp;TOKU&nbsp;KURSU:<br><br>&nbsp;&nbsp;&nbsp;&nbsp;&nbsp;*&nbsp;Opanujesz&nbsp;sztuk\u0119&nbsp;pisania&nbsp;akademickiego&nbsp;w&nbsp;j\u0119zyku&nbsp;angielskim&nbsp;i wypracujesz&nbsp;sw\u00f3j&nbsp;w\u0142asny&nbsp;styl<br>&nbsp;&nbsp;&nbsp;&nbsp;&nbsp;*&nbsp;Dowiesz&nbsp;si\u0119&nbsp;jak&nbsp;szybko&nbsp;i&nbsp;skutecznie&nbsp;pisa\u0107&nbsp;teksty&nbsp;naukowe,&nbsp;kt\u00f3re sprawi\u0105,&nbsp;\u017ce&nbsp;osi\u0105gniesz&nbsp;wymarzone&nbsp;cele&nbsp;i&nbsp;dostaniesz&nbsp;si\u0119&nbsp;na presti\u017cowe&nbsp;konferencje<br>&nbsp;&nbsp;&nbsp;&nbsp;&nbsp;*&nbsp;Poznasz&nbsp;efektywne&nbsp;metody&nbsp;pisania&nbsp;artyku\u0142\u00f3w&nbsp;naukowych&nbsp;i rozdzia\u0142\u00f3w&nbsp;w&nbsp;monografiach&nbsp;do&nbsp;topowych&nbsp;czasopism&nbsp;i&nbsp;wydawnictw &nbsp;&nbsp;&nbsp;&nbsp;&nbsp;*&nbsp;Dowiesz&nbsp;si\u0119,&nbsp;jakie&nbsp;s\u0105&nbsp;najcz\u0119stsze&nbsp;b\u0142\u0119dy&nbsp;w&nbsp;pracach&nbsp;naukowych<br>oraz&nbsp;jak&nbsp;ich&nbsp;skutecznie&nbsp;unika\u0107<br>&nbsp;&nbsp;&nbsp;&nbsp;&nbsp;*&nbsp;Zrozumiesz&nbsp;angielsk\u0105&nbsp;\u201cakademick\u0105&nbsp;gramatyk\u0119\u201d,&nbsp;w&nbsp;tym&nbsp;mi\u0119dzy innymi:&nbsp;przypadki,&nbsp;prawid\u0142owe&nbsp;u\u017cycie&nbsp;przedimk\u00f3w,&nbsp;uzgadnianie&nbsp;czas\u00f3w, sposoby&nbsp;unikania&nbsp;strony&nbsp;biernej,&nbsp;zwroty&nbsp;przys\u0142\u00f3wkowe&nbsp;i&nbsp;przymiotnikowe, struktur\u0119&nbsp;zda\u0144&nbsp;w&nbsp;j\u0119zyku&nbsp;akademickim&nbsp;i&nbsp;wiele&nbsp;wi\u0119cej<br><br>&nbsp;DAMY&nbsp;CI&nbsp;TE\u017b&nbsp;SZANS\u0118&nbsp;NA&nbsp;PRZE\u0106WICZENIE&nbsp;SWOICH&nbsp;UMIEJ\u0118TNO\u015aCI&nbsp;W PRAKTYCE!&nbsp;Je\u015bli&nbsp;zechcesz,&nbsp;to&nbsp;zaanga\u017cujemy&nbsp;Ci\u0119&nbsp;w&nbsp;przydatne&nbsp;\u0107wiczenia<br>praktyczne.<br><br>&nbsp;Do&nbsp;udzia\u0142u&nbsp;w&nbsp;szkoleniu&nbsp;serdecznie&nbsp;zach\u0119camy&nbsp;ambitnych&nbsp;student\u00f3w,<br>doktorant\u00f3w&nbsp;oraz&nbsp;pracownik\u00f3w&nbsp;naukowych.<br><br>&nbsp;TERMIN&nbsp;KURSU:&nbsp;9-10&nbsp;grudnia&nbsp;2022&nbsp;(zaczynamy&nbsp;w&nbsp;pi\u0105tek&nbsp;wieczorem&nbsp;i<br>ko\u0144czymy&nbsp;w&nbsp;sobot\u0119&nbsp;po&nbsp;po\u0142udniu).&nbsp;Sugerujemy&nbsp;rejestrowa\u0107&nbsp;si\u0119&nbsp;do&nbsp;5<br>grudnia&nbsp;2022.&nbsp;Liczba&nbsp;miejsc&nbsp;jest&nbsp;ograniczona!<br><br>&nbsp;WI\u0118CEJ&nbsp;INFORMACJI&nbsp;O&nbsp;ZAPISACH:&nbsp;<a href=\"https:\/\/fb.me\/e\/3DSsEqG7Q\" target=\"_blank\" rel=\"noreferrer noopener\">https:\/\/fb.me\/e\/3DSsEqG7Q<\/a><\/p>\n\n\n\n<p>_________________________________________________<\/p>\n\n\n\n<p>Redakcja \u201eMonografii Towarzystwa Doktorant\u00f3w UJ\u201d og\u0142asza nab\u00f3r do trzech kolejnych tom\u00f3w. Zapraszamy do nadsy\u0142ania niepublikowanych wcze\u015bniej artyku\u0142\u00f3w naukowych z zakresu szeroko rozumianych nauk humanistycznych i spo\u0142ecznych. Przyjmujemy teksty po\u015bwi\u0119cone nast\u0119puj\u0105cym zagadnieniom:<\/p>\n\n\n\n<p>Tom I. Cia\u0142o i umys\u0142 \u2013 konflikty, dialogi, reprezentacje<\/p>\n\n\n\n<p>Tom II. Sztuka \u2013 tw\u00f3rca \u2013 dzie\u0142o<\/p>\n\n\n\n<p>Tom III. W\u0142asne, swojskie, obce \u2013 dyskursy inno\u015bci<\/p>\n\n\n\n<p>J\u0119zyki: polski i angielski<\/p>\n\n\n\n<p>Tomy ,,Monografii Towarzystwa Doktorant\u00f3w Uniwersytetu Jagiello\u0144skiego\u201d uka\u017c\u0105 si\u0119 w wersji drukowanej nak\u0142adem jednego z punktowanych wydawnictw naukowych (poziom I \u2212 80 pkt wed\u0142ug listy wydawnictw MNiSW) oraz on-line.<\/p>\n\n\n\n<p>Teksty o obj\u0119to\u015bci od 25 do 40 tysi\u0119cy znak\u00f3w ze spacjami, wraz ze wszystkimi metadanymi, prosimy przesy\u0142a\u0107 na adres monografie.tduj@uj.edu.pl do dnia 31 grudnia 2022 r.<\/p>\n\n\n\n<p>Wymogi redakcyjne s\u0105 dost\u0119pne na stronie:<\/p>\n\n\n\n<figure class=\"wp-block-embed\"><div class=\"wp-block-embed__wrapper\">\nhttps:\/\/doktoranci.uj.edu.pl\/o-monografii\n<\/div><\/figure>\n\n\n\n<p>W razie jakichkolwiek pyta\u0144 prosimy o kontakt.<\/p>\n\n\n\n<p>W imieniu Zespo\u0142u Redakcyjnego<\/p>\n\n\n\n<p>Lidia Kami\u0144ska<\/p>\n\n\n\n<p>Redaktor Naczelna \u201eMonografii Towarzystwa Doktorant\u00f3w UJ\u201d<\/p>\n\n\n\n<p><\/p>\n\n\n\n<p><\/p>\n\n\n\n<p><\/p>\n\n\n\n<p>Szanowni&nbsp;Pa\u0144stwo,<br><br>w&nbsp;imieniu&nbsp;Redakcji&nbsp;czasopisma&nbsp;naukowego&nbsp;&#8222;Zagadnienia&nbsp;Rodzaj\u00f3w<br>Literackich.&nbsp;Formy&nbsp;kultury&nbsp;i&nbsp;teorii&#8221;&nbsp;zapraszam&nbsp;do&nbsp;zg\u0142aszania&nbsp;propozycji<br>publikacji&nbsp;na&nbsp;rok&nbsp;2023.&nbsp;Czasopismo&nbsp;ukazuje&nbsp;si\u0119&nbsp;od&nbsp;1958&nbsp;roku,&nbsp;we<br>wsp\u00f3\u0142pracy&nbsp;z&nbsp;Uniwersytetem&nbsp;\u0141\u00f3dzkim.&nbsp;Reprezentujemy&nbsp;dyscypliny:<br>literaturoznawstwo&nbsp;oraz&nbsp;nauki&nbsp;o&nbsp;kulturze&nbsp;i&nbsp;religii,&nbsp;ale&nbsp;tak\u017ce:&nbsp;nauki&nbsp;o<br>sztuce,&nbsp;nauki&nbsp;o&nbsp;komunikacji&nbsp;spo\u0142ecznej&nbsp;i&nbsp;mediach&nbsp;czy&nbsp;sztuki&nbsp;filmowe&nbsp;i<br>teatralne.&nbsp;BARDZO&nbsp;PROSZ\u0118&nbsp;O&nbsp;PRZEKAZANIE&nbsp;INFORMACJI&nbsp;O&nbsp;NABORZE&nbsp;TEKST\u00d3W<br>POTENCJALNIE&nbsp;ZAINTERESOWANYM&nbsp;BADACZOM&nbsp;I&nbsp;BADACZKOM&nbsp;(PRACOWNIKOM&nbsp;NAUKOWYM<br>I&nbsp;DOKTORANTOM).<br><br>TEMATY&nbsp;NUMER\u00d3W&nbsp;W&nbsp;2023&nbsp;ROKU:<br>1\/2023:&nbsp;Nowe&nbsp;trendy&nbsp;w&nbsp;komparatystyce&nbsp;i&nbsp;genologii&nbsp;(28&nbsp;II)<br>2\/2023:&nbsp;Zeszyt&nbsp;wolny&nbsp;\u2013&nbsp;bez&nbsp;tematu&nbsp;g\u0142\u00f3wnego&nbsp;(31&nbsp;III)<br>3\/2023:&nbsp;Kultura&nbsp;celebrycka:&nbsp;formy,&nbsp;style&nbsp;i&nbsp;gatunki&nbsp;(31&nbsp;V)<br>4\/2023:&nbsp;Przestrze\u0144&nbsp;jako&nbsp;kategoria&nbsp;kulturowa&nbsp;(31&nbsp;VII)<br><br>Szczeg\u00f3\u0142owe&nbsp;informacje&nbsp;(w&nbsp;wersji&nbsp;polskiej&nbsp;i&nbsp;angielskiej),&nbsp;w&nbsp;tym<br>nazwiska&nbsp;redaktor\u00f3w&nbsp;prowadz\u0105cych,&nbsp;znajd\u0105&nbsp;Pa\u0144stwo&nbsp;w&nbsp;za\u0142\u0105czonych<br>plikach&nbsp;oraz&nbsp;na&nbsp;naszej&nbsp;stronie&nbsp;internetowej&nbsp;[<a rel=\"noreferrer noopener\" target=\"_blank\" href=\"https:\/\/czasopisma.ltn.lodz.pl\/index.php\/Zagadnienia-Rodzajow-Literackich\/index\">1<\/a>].&nbsp;Nab\u00f3r&nbsp;jest&nbsp;ju\u017c<br>otwarty.<br><br>Z&nbsp;wyrazami&nbsp;szacunku&nbsp;i&nbsp;pozdrowieniami&nbsp;dr&nbsp;Anna&nbsp;Zatora<br><br>&nbsp;___<br>&nbsp;DR&nbsp;ANNA&nbsp;ZATORA<br>&nbsp;Sekretarz&nbsp;Redakcji&nbsp;\/&nbsp;Editorial&nbsp;Assistant,&nbsp;PhD<br><br>&nbsp;&#8222;ZAGADNIENIA&nbsp;RODZAJ\u00d3W&nbsp;LITERACKICH.&nbsp;FORMY&nbsp;KULTURY&nbsp;I&nbsp;TEORII&#8221;<br>&nbsp;ISSN:&nbsp;0084-4446,&nbsp;e-ISSN:&nbsp;2451-0335<br>&nbsp;e-mail:&nbsp;<a href=\"mailto:zrl@uni.lodz.pl\">zrl@uni.lodz.pl<\/a><\/p>\n\n\n\n<p><\/p>\n\n\n\n<p><a href=\"https:\/\/szkolydoktorskie.uwb.edu.pl\/nh\/wp-content\/uploads\/sites\/3\/2022\/10\/ZRL-CFP-2023-pol.pdf\">Link<\/a><\/p>\n\n\n\n<p>__________________________________________________________<\/p>\n\n\n\n<p><\/p>\n\n\n\n<p>Szanowni Pa\u0144stwo,<\/p>\n\n\n\n<p>w imieniu Redakcji czasopisma naukowego &#8222;Zagadnienia Rodzaj\u00f3w Literackich. Formy kultury i teorii&#8221; zapraszam do zg\u0142aszania propozycji publikacji na rok 2023. Czasopismo ukazuje si\u0119 od 1958 roku, we wsp\u00f3\u0142pracy z Uniwersytetem \u0141\u00f3dzkim. Reprezentujemy dyscypliny: literaturoznawstwo oraz nauki o kulturze i religii, ale tak\u017ce:&nbsp;nauki o sztuce,&nbsp;nauki o komunikacji spo\u0142ecznej i mediach czy sztuki filmowe i teatralne.&nbsp;<strong>Bardzo prosz\u0119 o przekazanie informacji o naborze tekst\u00f3w potencjalnie zainteresowanym badaczom i badaczkom (pracownikom naukowym i doktorantom).<\/strong><\/p>\n\n\n\n<p><strong>Tematy numer\u00f3w w 2023 roku:<\/strong><\/p>\n\n\n\n<p>1\/2023: Nowe trendy w komparatystyce i genologii (28 II)<\/p>\n\n\n\n<p>2\/2023: Zeszyt wolny \u2013 bez tematu g\u0142\u00f3wnego (31 III)<\/p>\n\n\n\n<p>3\/2023: Kultura celebrycka: formy, style i gatunki (31 V)<\/p>\n\n\n\n<p>4\/2023: Przestrze\u0144 jako kategoria kulturowa (31 VII)<\/p>\n\n\n\n<p>Szczeg\u00f3\u0142owe informacje (w wersji polskiej i angielskiej), w tym nazwiska redaktor\u00f3w prowadz\u0105cych, znajd\u0105 Pa\u0144stwo w za\u0142\u0105czonych plikach oraz <a href=\"https:\/\/czasopisma.ltn.lodz.pl\/index.php\/Zagadnienia-Rodzajow-Literackich\/index\" target=\"_blank\" rel=\"noreferrer noopener\">na naszej stronie internetowej<\/a>. Nab\u00f3r jest ju\u017c otwarty.<\/p>\n\n\n\n<p>Z wyrazami szacunku i pozdrowieniami<\/p>\n\n\n\n<p>dr Anna Zatora<\/p>\n\n\n\n<p>___<\/p>\n\n\n\n<p><strong>dr Anna Zatora<\/strong><\/p>\n\n\n\n<p>Sekretarz Redakcji \/ Editorial Assistant, PhD<\/p>\n\n\n\n<p><strong>&#8222;Zagadnienia Rodzaj\u00f3w Literackich. Formy kultury i teorii&#8221;<\/strong><\/p>\n\n\n\n<p>ISSN: 0084-4446, e-ISSN:&nbsp;2451-0335<\/p>\n\n\n\n<p>e-mail:&nbsp;<a href=\"mailto:zrl@uni.lodz.pl\">zrl@uni.lodz.pl<\/a><\/p>\n\n\n\n<p><\/p>\n\n\n\n<p>_________________________________________________________________________________________<\/p>\n\n\n\n<p><\/p>\n\n\n\n<p>&nbsp;Szanowni&nbsp;Pa\u0144stwo,<br><br>DO&nbsp;15&nbsp;LISTOPADA&nbsp;TRWA&nbsp;NAB\u00d3R&nbsp;DO&nbsp;PROGRAMU&nbsp;&#8222;EXCHANGE&nbsp;TO&nbsp;THE&nbsp;US&#8221;&nbsp;FUNDACJI<br>KO\u015aCIUSZKOWSKIEJ.&nbsp;W&nbsp;PROGRAMIE&nbsp;UCZESTNICY&nbsp;MOG\u0104&nbsp;ZDOBYWA\u0106&nbsp;WIEDZ\u0118&nbsp;I<br>DO\u015aWIADCZENIE&nbsp;W&nbsp;RAMACH&nbsp;WYBRANEJ&nbsp;PRZEZ&nbsp;SIEBIE&nbsp;DYSCYPLINY,&nbsp;KT\u00d3RE<br>WYKORZYSTAJ\u0104&nbsp;W&nbsp;PRACY&nbsp;I&nbsp;PODCZAS&nbsp;STUDI\u00d3W&nbsp;PO&nbsp;POWROCIE&nbsp;DO&nbsp;POLSKI.&nbsp;KA\u017bDEGO<br>ROKU&nbsp;PRZYZNAJEMY&nbsp;STYPENDIA&nbsp;I&nbsp;GRANTY&nbsp;O&nbsp;\u0141\u0104CZNEJ&nbsp;WARTO\u015aCI<br>PRZEKRACZAJ\u0104CEJ&nbsp;400&nbsp;000&nbsp;USD.&nbsp;OTRZYMUJE&nbsp;JE&nbsp;COROCZNIE&nbsp;OKO\u0141O&nbsp;CZTERDZIESTU<br>OS\u00d3B.<br><br>W&nbsp;ramach&nbsp;programu&nbsp;&#8222;Exchange&nbsp;to&nbsp;the&nbsp;US&#8221;&nbsp;mo\u017cliwe&nbsp;s\u0105&nbsp;r\u00f3\u017cne&nbsp;formy<br>wsparcia:<br>\u2022&nbsp;&nbsp;&nbsp;&nbsp;stypendium&nbsp;Fundacji&nbsp;Ko\u015bciuszkowskiej&nbsp;dla&nbsp;naukowc\u00f3w,&nbsp;ekspert\u00f3w<br>i&nbsp;artyst\u00f3w&nbsp;\u2013&nbsp;na&nbsp;&nbsp;badania&nbsp;postdoktoranckie&nbsp;trwaj\u0105ce&nbsp;od&nbsp;3&nbsp;do&nbsp;9<br>miesi\u0119cy,<br>\u2022&nbsp;&nbsp;&nbsp;&nbsp;granty&nbsp;Fundacji&nbsp;Ko\u015bciuszkowskiej&nbsp;dla&nbsp;pracownik\u00f3w&nbsp;naukowych&nbsp;oraz<br>profesjonalist\u00f3w&nbsp;i&nbsp;artyst\u00f3w&nbsp;&#8211;&nbsp;na&nbsp;badania&nbsp;w&nbsp;Stanach&nbsp;Zjednoczonych<br>trwaj\u0105ce&nbsp;od&nbsp;3&nbsp;do&nbsp;9&nbsp;miesi\u0119cy,<br>\u2022&nbsp;&nbsp;&nbsp;&nbsp;stypendia&nbsp;dydaktyczne&nbsp;Fundacji&nbsp;Ko\u015bciuszkowskiej&nbsp;&#8211;&nbsp;umo\u017cliwiaj\u0105<br>pracownikom&nbsp;akademickim&nbsp;prowadzenie&nbsp;zaj\u0119\u0107&nbsp;na&nbsp;ameryka\u0144skich&nbsp;uczelniach<br>przez&nbsp;okres&nbsp;do&nbsp;dziesi\u0119ciu&nbsp;miesi\u0119cy.&nbsp;Zaj\u0119cia&nbsp;powinny&nbsp;dotyczy\u0107<br>tematyki&nbsp;polskiej&nbsp;kultury&nbsp;i&nbsp;j\u0119zyka.&nbsp;Stypendy\u015bci&nbsp;mog\u0105&nbsp;jednocze\u015bnie<br>kontynuowa\u0107&nbsp;swoje&nbsp;badania&nbsp;przebywaj\u0105c&nbsp;na&nbsp;tej&nbsp;\u015bcie\u017cce&nbsp;stypendialnej.<br><br>UPRZEJMIE&nbsp;PROSIMY&nbsp;O&nbsp;POMOC&nbsp;W&nbsp;DOTARCIU&nbsp;Z&nbsp;INFORMACJ\u0104&nbsp;O&nbsp;PROGRAMIE&nbsp;DO<br>POTENCJALNYCH&nbsp;KANDYDAT\u00d3W,&nbsp;KT\u00d3RZY&nbsp;CHC\u0104&nbsp;ROZWIJA\u0106&nbsp;SI\u0118&nbsp;NAUKOWO&nbsp;LUB<br>ARTYSTYCZNIE&nbsp;W&nbsp;&nbsp;STANACH&nbsp;ZJEDNOCZONYCH&nbsp;W&nbsp;ROKU&nbsp;AKADEMICKIM&nbsp;2023-2024.<br>Zach\u0119camy&nbsp;do&nbsp;przes\u0142ania&nbsp;informacji&nbsp;prasowej&nbsp;do&nbsp;os\u00f3b&nbsp;lub&nbsp;organizacji<br>oraz&nbsp;opublikowania&nbsp;gotowych&nbsp;materia\u0142\u00f3w&nbsp;promocyjnych&nbsp;na&nbsp;Pa\u0144stwa<br>stronie&nbsp;internetowej&nbsp;i&nbsp;kana\u0142ach&nbsp;social&nbsp;media.<br>&nbsp;KTO&nbsp;MO\u017bE&nbsp;APLIKOWA\u0106&nbsp;O&nbsp;STYPENDIUM?<br><br>O&nbsp;stypendium&nbsp;mog\u0105&nbsp;ubiega\u0107&nbsp;si\u0119&nbsp;obywatele&nbsp;Polski&nbsp;lub&nbsp;posiadacze&nbsp;Karty<br>Polaka&nbsp;mieszkaj\u0105cy&nbsp;stale&nbsp;na&nbsp;terenie&nbsp;Rzeczypospolitej,&nbsp;bez&nbsp;wzgl\u0119du&nbsp;na<br>p\u0142e\u0107,&nbsp;ras\u0119,&nbsp;niepe\u0142nosprawno\u015b\u0107,&nbsp;orientacj\u0119&nbsp;seksualn\u0105,&nbsp;wyznanie<br>czy&nbsp;wiek.<br>Kandydaci&nbsp;musz\u0105&nbsp;mie\u0107&nbsp;uko\u0144czone&nbsp;studia&nbsp;magisterskie&nbsp;przed<br>rozpocz\u0119ciem&nbsp;programu.&nbsp;Powinni&nbsp;tak\u017ce&nbsp;by\u0107&nbsp;w&nbsp;stanie&nbsp;komunikowa\u0107&nbsp;si\u0119&nbsp;w<br>j\u0119zyku&nbsp;angielskim&nbsp;w&nbsp;stopniu&nbsp;pozwalaj\u0105cym&nbsp;na&nbsp;czynne&nbsp;uczestnictwo&nbsp;w<br>rozmowach,&nbsp;zaj\u0119ciach&nbsp;i&nbsp;wydarzeniach&nbsp;prowadzonych&nbsp;w&nbsp;j\u0119zyku&nbsp;angielskim.<br>Stypendia&nbsp;s\u0105&nbsp;cz\u0119\u015bciej&nbsp;przyznawane&nbsp;kandydatom&nbsp;realizuj\u0105cym&nbsp;studia<br>doktoranckie&nbsp;lub&nbsp;bardziej&nbsp;do\u015bwiadczonym&nbsp;pracownikom&nbsp;naukowym.<br><br>Nie&nbsp;ma&nbsp;\u017cadnych&nbsp;wymog\u00f3w,&nbsp;je\u015bli&nbsp;chodzi&nbsp;o&nbsp;obszar&nbsp;zainteresowa\u0144,&nbsp;w<br>obr\u0119bie&nbsp;kt\u00f3rego&nbsp;kandydat&nbsp;chce&nbsp;prowadzi\u0107&nbsp;badania&nbsp;&#8211;&nbsp;liczy&nbsp;si\u0119&nbsp;pasja&nbsp;i<br>oryginalny&nbsp;pomys\u0142&nbsp;bada\u0144.<br>REKRUTACJA&nbsp;DO&nbsp;PROGRAMU&nbsp;TRWA&nbsp;DO&nbsp;15&nbsp;LISTOPADA&nbsp;2022&nbsp;R.&nbsp;Zapraszamy!<br><br>Zapraszamy&nbsp;na&nbsp;stron\u0119<br><a href=\"https:\/\/www.thekf.org\/kf\/scholarships\/exchange-us\/\" target=\"_blank\" rel=\"noreferrer noopener\">https:\/\/www.thekf.org\/kf\/scholarships\/exchange-us\/<\/a>&nbsp;oraz&nbsp;do&nbsp;kontaktu<br>mailowego:&nbsp;<a href=\"mailto:exchangetotheus@thekf.org\">exchangetotheus@thekf.org<\/a><\/p>\n\n\n\n<p><\/p>\n\n\n\n<hr class=\"wp-block-separator has-alpha-channel-opacity\" \/>\n\n\n\n<p><\/p>\n\n\n\n<p>Centrum&nbsp;Badania&nbsp;Ryzyka&nbsp;Systemowego&nbsp;na&nbsp;Wydziale&nbsp;\u201eArtes&nbsp;Liberales\u201d&nbsp;UW<br>(<a href=\"https:\/\/cbrs.uw.edu.pl\/\" target=\"_blank\" rel=\"noreferrer noopener\">https:\/\/cbrs.uw.edu.pl\/<\/a>)&nbsp;jest&nbsp;wsp\u00f3\u0142organizatorem&nbsp;cyklu<br>multidyscyplinarnych&nbsp;seminari\u00f3w.&nbsp;Cykl&nbsp;pt.&nbsp;\u201ePromujemy&nbsp;badania<br>transdziedzinowe\u201d&nbsp;to&nbsp;efekt&nbsp;wsp\u00f3\u0142pracy&nbsp;UW,&nbsp;UJ&nbsp;i&nbsp;UAM.<br><br>Serdecznie&nbsp;zapraszamy&nbsp;na&nbsp;seminarium&nbsp;online&nbsp;\u201cWojna&nbsp;Rosji&nbsp;w&nbsp;Ukrainie&nbsp;\u2013<br>Czarny&nbsp;\u0141ab\u0119d\u017a&nbsp;globalnego&nbsp;ryzyka&nbsp;systemowego\u201d,&nbsp;kt\u00f3re&nbsp;odb\u0119dzie&nbsp;si\u0119<br>27&nbsp;pa\u017adziernika&nbsp;o&nbsp;godz.&nbsp;17.30.<br><br>Uczestnikami&nbsp;dyskusji&nbsp;b\u0119d\u0105:<br><br>dr&nbsp;hab.&nbsp;Adam&nbsp;Izdebski&nbsp;z&nbsp;&nbsp;Max&nbsp;Planck&nbsp;Institute&nbsp;for&nbsp;the&nbsp;Science&nbsp;of&nbsp;Human<br>History,&nbsp;autor&nbsp;ksi\u0105\u017cki&nbsp;\u201dPerspectives&nbsp;on&nbsp;Public&nbsp;Policy&nbsp;in<br>Societal-Environmental&nbsp;Crises:&nbsp;What&nbsp;the&nbsp;Future&nbsp;Needs&nbsp;from&nbsp;History\u201d<br><a href=\"https:\/\/www.shh.mpg.de\/person\/60036\/1056512\" target=\"_blank\" rel=\"noreferrer noopener\">https:\/\/www.shh.mpg.de\/person\/60036\/1056512<\/a><br><br>oraz<br><br>Prof.&nbsp;Miguel&nbsp;Centeno&nbsp;Department&nbsp;of&nbsp;Sociology,&nbsp;Princeton&nbsp;University&nbsp;and<br>Executive&nbsp;Vice-Dean&nbsp;of&nbsp;the&nbsp;School&nbsp;of&nbsp;Public&nbsp;and&nbsp;International&nbsp;Affairs,<br>autor&nbsp;kursu&nbsp;Global&nbsp;Systemic&nbsp;Risk<br><br><a href=\"https:\/\/sociology.princeton.edu\/people\/miguel-centeno\" target=\"_blank\" rel=\"noreferrer noopener\">https:\/\/sociology.princeton.edu\/people\/miguel-centeno<\/a>.<br><br>Prawdopodobnie&nbsp;w&nbsp;seminarium&nbsp;we\u017amie&nbsp;udzia\u0142&nbsp;tak\u017ce&nbsp;prezes&nbsp;Fundacji<br>Batorego,&nbsp;Edwin&nbsp;Bendyk.<br><br>Link&nbsp;do&nbsp;rejestracji:&nbsp;<a href=\"https:\/\/tiny.pl\/wrmjc\" target=\"_blank\" rel=\"noreferrer noopener\">https:\/\/tiny.pl\/wrmjc<\/a><\/p>\n\n\n\n<hr class=\"wp-block-separator has-alpha-channel-opacity\" \/>\n\n\n\n<p><\/p>\n\n\n\n<p>Szanowni&nbsp;Pa\u0144stwo,<br><br>Sekcja&nbsp;Metod,&nbsp;Technik&nbsp;i&nbsp;Narz\u0119dzi&nbsp;Badawczych&nbsp;Polskiego&nbsp;Towarzystwa&nbsp;Nauk Politycznych&nbsp;oraz&nbsp;Katedra&nbsp;Filozofii&nbsp;i&nbsp;Teorii&nbsp;Polityki&nbsp;Wydzia\u0142u&nbsp;Nauk&nbsp;o Polityce&nbsp;i&nbsp;Bezpiecze\u0144stwie&nbsp;Uniwersytetu&nbsp;Miko\u0142aja&nbsp;Kopernika&nbsp;w&nbsp;Toruniu maj\u0105&nbsp;zaszczyt&nbsp;zaprosi\u0107&nbsp;do&nbsp;udzia\u0142u&nbsp;w&nbsp;\u00d3SMEJ&nbsp;ZIMOWEJ&nbsp;SZKOLE METODOLOGICZNEJ,&nbsp;kt\u00f3ra&nbsp;odb\u0119dzie&nbsp;si\u0119&nbsp;W&nbsp;DNIACH&nbsp;16-17&nbsp;LUTEGO&nbsp;2023&nbsp;ROKU.<br><br>Wydarzenie&nbsp;adresowane&nbsp;jest&nbsp;do&nbsp;os\u00f3b,&nbsp;kt\u00f3re&nbsp;w&nbsp;gronie&nbsp;najwybitniejszych<br>specjalist\u00f3w&nbsp;w&nbsp;kraju&nbsp;chcia\u0142yby&nbsp;SKONSULTOWA\u0106&nbsp;SWOJE&nbsp;PROJEKTY&nbsp;BADAWCZE<br>LUB&nbsp;AKTUALNIE&nbsp;PROWADZONE&nbsp;BADANIA&nbsp;POD&nbsp;K\u0104TEM&nbsp;POPRAWNO\u015aCI<br>METODOLOGICZNEJ.&nbsp;&nbsp;Zapraszamy&nbsp;przede&nbsp;wszystkim&nbsp;reprezentant\u00f3w<br>politologii,&nbsp;stosunk\u00f3w&nbsp;mi\u0119dzynarodowych,&nbsp;bezpiecze\u0144stwa,&nbsp;nauk&nbsp;o<br>mediach&nbsp;oraz&nbsp;dyscyplin&nbsp;pokrewnych.&nbsp;Mo\u017cliwe&nbsp;b\u0119dzie&nbsp;skonsultowanie<br>swoich&nbsp;projekt\u00f3w&nbsp;badawczych&nbsp;przedstawianych&nbsp;w&nbsp;ramach&nbsp;grant\u00f3w<br>Narodowego&nbsp;Centrum&nbsp;Nauki,&nbsp;rozpraw&nbsp;doktorskich,&nbsp;habilitacyjnych&nbsp;i<br>wszelkich&nbsp;innych&nbsp;prac&nbsp;badawczych.<br><br>B\u0119dziemy&nbsp;wdzi\u0119czni&nbsp;za&nbsp;przekazanie&nbsp;informacji&nbsp;wszystkim&nbsp;osobom,&nbsp;kt\u00f3re<br>mog\u0105&nbsp;by\u0107&nbsp;zainteresowane&nbsp;wydarzeniem.&nbsp;W&nbsp;za\u0142\u0105czniku&nbsp;przesy\u0142amy<br>zaproszenie&nbsp;zawieraj\u0105ce&nbsp;wszystkie&nbsp;niezb\u0119dne&nbsp;informacje&nbsp;oraz&nbsp;formularz<br>zg\u0142oszeniowy.&nbsp;Informacje&nbsp;dotycz\u0105ce&nbsp;konferencji&nbsp;dost\u0119pne&nbsp;s\u0105&nbsp;r\u00f3wnie\u017c<br>na&nbsp;stronie&nbsp;internetowej&nbsp;<a href=\"https:\/\/metodologicznaszkola.umk.pl\/\" target=\"_blank\" rel=\"noreferrer noopener\">https:\/\/metodologicznaszkola.umk.pl\/<\/a>.<br><\/p>\n\n\n\n<hr class=\"wp-block-separator has-alpha-channel-opacity\" \/>\n\n\n\n<p><\/p>\n\n\n\n<p>Polskie Towarzystwo Fenomenologiczne we wsp\u00f3\u0142pracy z Instytutem Filozofii i Socjologii PAN zapraszaj\u0105 do udzia\u0142u w cyklicznym seminarium <em>Czytanie:<\/em> <strong><em>fenomenologia feministyczna<\/em><\/strong><\/p>\n\n\n\n<p>Pierwsze spotkanie odb\u0119dzie si\u0119 <strong>24 pa\u017adziernika (poniedzia\u0142ek) 2022 r.<\/strong> o <strong>godz. 17.00 na platformie Zoom<\/strong><\/p>\n\n\n\n<p><\/p>\n\n\n\n<p><\/p>\n\n\n\n<p>Polskie Towarzystwo Fenomenologiczne oraz Instytut Filozofii i Socjologii PAN zapraszaj\u0105 na seminarium organizowane w ramach cyklu <em>Czytanie<\/em>&#8230;, kt\u00f3re po\u015bwi\u0119cone jest studium dzie\u0142 przedstawicieli ruchu fenomenologicznego, pracom my\u015blicieli, kt\u00f3rzy inspirowali tw\u00f3rc\u00f3w fenomenologii, oraz tych inspiruj\u0105cych si\u0119 fenomenologi\u0105, wreszcie tych, kt\u00f3rzy korzystali jedynie z fenomenologii jako metody bada\u0144. W semestrze zimowym 2020\/2021 proponujemy lektur\u0119 wybranych tekst\u00f3w nale\u017c\u0105cych do korpusu <strong>fenomenologii feministycznej, <\/strong>kt\u00f3r\u0105 poprowadzi dr Marzena Adamiak (IFiS PAN).<\/p>\n\n\n\n<p>Udzia\u0142 w webinarze b\u0119dzie mo\u017cliwy dzi\u0119ki wcze\u015bniejszej rejestracji. W tym celu bardzo prosz\u0119 o wys\u0142anie najp\u00f3\u017aniej do dnia <strong><u>19 pa\u017adziernika <\/u><\/strong>maila z pro\u015bb\u0105 o wzi\u0119cie udzia\u0142u w spotkaniu na adres:&nbsp;<\/p>\n\n\n\n<p><a href=\"mailto:publicrelations@ifispan.edu.pl\">publicrelations@ifispan.edu.pl<\/a>.<\/p>\n\n\n\n<p>W odpowiedzi uczestnik otrzyma link do rejestracji na platformie zoom.<\/p>\n\n\n\n<p><strong>Kontakt do organizatora (w innych sprawach ni\u017c rejestracja):<\/strong><strong><\/strong><\/p>\n\n\n\n<p>Daniel R. Sobota<\/p>\n\n\n\n<p>e-email: <a href=\"mailto:dsobota@ifispan.edu.pl\"><strong>dsobota@ifispan.edu.pl<\/strong><\/a><strong>, tel. 502618470<\/strong><\/p>\n\n\n\n<p><\/p>\n\n\n\n<p><\/p>\n\n\n\n<hr class=\"wp-block-separator has-alpha-channel-opacity\" \/>\n\n\n\n<p>Szanowni&nbsp;Pa\u0144stwo,<br>&nbsp;w&nbsp;imieniu&nbsp;Komitetu&nbsp;Organizacyjnego&nbsp;Og\u00f3lnopolskiej&nbsp;Konferencji Doktoranckiej&nbsp;\u201ePerspektywy&nbsp;bada\u0144&nbsp;historycznych:&nbsp;Obserwacje, Kultywacje,&nbsp;Innowacje\u201d,&nbsp;kt\u00f3ra&nbsp;odb\u0119dzie&nbsp;si\u0119&nbsp;w&nbsp;dniach&nbsp;17-18&nbsp;listopada w&nbsp;Poznaniu,&nbsp;zapraszam&nbsp;doktorant\u00f3w&nbsp;reprezentuj\u0105cych&nbsp;r\u00f3\u017cne&nbsp;dyscypliny wiedzy&nbsp;i&nbsp;zainteresowanych&nbsp;teoretycznymi&nbsp;i&nbsp;metodologicznymi&nbsp;problemami szeroko&nbsp;rozumianej&nbsp;wiedzy&nbsp;historycznej&nbsp;do&nbsp;przesy\u0142ania&nbsp;swoich&nbsp;propozycji wyst\u0105pie\u0144.<br><br>&nbsp;Termin&nbsp;zg\u0142aszania&nbsp;referat\u00f3w&nbsp;mija&nbsp;10&nbsp;pa\u017adziernika.&nbsp;Wyk\u0142ady&nbsp;kluczowe wyg\u0142osz\u0105:&nbsp;Pani&nbsp;prof.&nbsp;dr&nbsp;hab.&nbsp;Joanna&nbsp;Wojdon&nbsp;(Instytut&nbsp;Historii&nbsp;UWr) oraz&nbsp;Pan&nbsp;prof.&nbsp;dr&nbsp;hab.&nbsp;Andrzej&nbsp;Buko&nbsp;(Instytut&nbsp;Archeologii&nbsp;i&nbsp;Etnologii PAN).<br><br>&nbsp;W&nbsp;za\u0142\u0105czeniu&nbsp;przesy\u0142am&nbsp;informacje,&nbsp;kt\u00f3re&nbsp;dost\u0119pne&nbsp;s\u0105&nbsp;te\u017c&nbsp;na stronie&nbsp;Forum&nbsp;Badaczy&nbsp;Teorii&nbsp;i&nbsp;Historii&nbsp;Historiografii&nbsp;oraz&nbsp;Metodologii Historii&nbsp;[<a href=\"https:\/\/eur01.safelinks.protection.outlook.com\/?url=https%3A%2F%2Fmthh.edu.pl%2Fogolnopolska-konferencja-doktorancka-perspektywy-badan-historycznych-obserwacje-kultywacje-innowacje-poznan-17-18-listopada-2022-r%2Faktualnosci%2F&amp;data=05%7C01%7Cmichal.gesiarz%40amu.edu.pl%7C050c881f3e564497bf7708daa53da54f%7C73689ee1b42f4e25a5f666d1f29bc092%7C0%7C0%7C638003981424293546%7CUnknown%7CTWFpbGZsb3d8eyJWIjoiMC4wLjAwMDAiLCJQIjoiV2luMzIiLCJBTiI6Ik1haWwiLCJXVCI6Mn0%3D%7C3000%7C%7C%7C&amp;sdata=Ky%2BXh503KODLj2gMTsQK8Odv7%2B5R9iNoEE3AolwivOk%3D&amp;reserved=0\" target=\"_blank\" rel=\"noreferrer noopener\">1<\/a>]&nbsp;oraz&nbsp;na&nbsp;Facebooku&nbsp;[<a href=\"https:\/\/www.facebook.com\/okdperspektywy\" target=\"_blank\" rel=\"noreferrer noopener\">2<\/a>].&nbsp;W&nbsp;razie&nbsp;pyta\u0144&nbsp;prosz\u0119&nbsp;o&nbsp;kontakt&nbsp;pod adresem&nbsp;<a href=\"mailto:perspektywy.historia@gmail.com\">perspektywy.historia@gmail.com<\/a>.<br><br>&nbsp;Z&nbsp;wyrazami&nbsp;szacunku<br>&nbsp;Micha\u0142&nbsp;G\u0119siarz<\/p>\n\n\n\n<hr class=\"wp-block-separator has-alpha-channel-opacity\" \/>\n\n\n\n<p><\/p>\n\n\n\n<p><\/p>\n\n\n\n<p><\/p>\n\n\n\n<p><strong>Dyrektor Centrum Edukacji Nauczycieli w Bia\u0142ymstoku wraz z&nbsp;Fundacj\u0105 Rozwoju Systemu Edukacji oraz redakcj\u0105 kwartalnika \u201eJ\u0119zyki Obce w Szkole&#8221;&nbsp;ma zaszczyt zaprosi\u0107 na konferencj\u0119<\/strong>:<\/p>\n\n\n\n<p><strong>Cz\u0142owiek i czynnik ludzki w kontek\u015bcie rozwoju sztucznej inteligencji i technologii w dydaktyce j\u0119zyk\u00f3w obcych<\/strong>, <strong>&nbsp;kt\u00f3ra odb\u0119dzie si\u0119 26 wrze\u015bnia 2022 r. o godz. 10:50&nbsp;w siedzibie Centrum Edukacji Nauczycieli w Bia\u0142ymstoku, ul. Z\u0142ota 4&nbsp;<\/strong><\/p>\n\n\n\n<p><strong>REJESTRACJA<\/strong><\/p>\n\n\n\n<p><a href=\"https:\/\/www.cen.bialystok.pl\/oferta-cen\/szczegoly\/3514\/czlowiek-i-czynnik-ludzki-w-kontekscie-rozwoju-sztucznej-inteligencji-i-technologii-w-dydaktyce\">https:\/\/www.cen.bialystok.pl\/oferta-cen\/szczegoly\/3514\/czlowiek-i-czynnik-ludzki-w-kontekscie-rozwoju-sztucznej-inteligencji-i-technologii-w-dydaktyce<\/a><\/p>\n\n\n\n<p><\/p>\n\n\n\n<p><\/p>\n\n\n<div>&nbsp;<\/div>\n<div><strong>&nbsp;&#8222;10 lat Polonijnej Biblioteki Cyfrowej&#8221;<\/strong><\/p>\n<p>Konferencja odb\u0119dzie si\u0119 w dniach 16-18 listopada 2022 r., organizowana jest przez Wydzia\u0142 Dziennikarstwa, Informacji i Bibliologii UW oraz Polskie Towarzystwo Bibliologiczne Oddzia\u0142 Warszawski. Honorowym patronatem obj\u0105\u0142 Konferencj\u0119 Jan Micha\u0142 Dziedziczak &#8211; sekretarz Stanu, pe\u0142nomocnik Rz\u0105du do spraw Polonii i Polak\u00f3w za Granic\u0105.<\/p>\n<p>Zapraszamy badaczki i badaczy, kt\u00f3rych przedmiotem zainteresowa\u0144 jest historia i wsp\u00f3\u0142czesno\u015b\u0107 Polonii, jej dziedzictwo kulturowe, szczeg\u00f3lnie dziedzictwo pi\u015bmiennicze (ksi\u0105\u017cki, prasa, archiwa i biblioteki), jego zachowanie, opracowanie i udost\u0119pnianie, zw\u0142aszcza przy wykorzystaniu technologii cyfrowych, dzieje, rola i funkcjonowanie medi\u00f3w polonijnych oraz digitalizacja i tworzenie bibliotek\/repozytori\u00f3w cyfrowych.<\/p>\n<p>Podczas konferencji chcieliby\u015bmy rozmawia\u0107 o samej Polonijnej Bibliotece Cyfrowej (PBC), jej zbiorach, kierunkach rozwoju, o badaniach, kt\u00f3re powstaj\u0105\/mo\u017cna prowadzi\u0107 na podstawie zasob\u00f3w PBC, ale tak\u017ce o polskich kolekcjach powsta\u0142ych poza granicami kraju, znaczeniu, ochronie i popularyzacji dorobku kulturowego Polak\u00f3w na obczy\u017anie oraz perspektywach badawczych.<\/p>\n<p>Zg\u0142oszenia referat\u00f3w przyjmujemy do 10 lipca 2022 r. poprzez formularz internetowy pod adresem: <a href=\"https:\/\/forms.gle\/kegQwYxwQKcARviy5\" target=\"_blank\" rel=\"noopener noreferrer\">https:\/\/forms.gle\/kegQwYxwQKcARviy5<\/a>.<br \/>Wi\u0119cej informacji na temat konferencji (opis i sprawy organizacyjne) znajduje si\u0119 na stronie: <a href=\"https:\/\/sites.google.com\/uw.edu.pl\/10latpbc\" target=\"_blank\" rel=\"noopener noreferrer\">https:\/\/sites.google.com\/uw.edu.pl\/10latpbc<\/a>.<br \/>Z zasobem PBC mo\u017cna zapozna\u0107 si\u0119 na stronie: <a href=\"http:\/\/www.pbc.uw.edu.pl\/\" target=\"_blank\" rel=\"noopener noreferrer\">http:\/\/www.pbc.uw.edu.pl\/<\/a>.<\/p>\n<p>Serdecznie zapraszam do udzia\u0142u w konferencji.<br \/>Z wyrazami szacunku w imieniu organizator\u00f3w<\/p>\n<p>Miko\u0142aj Ochma\u0144ski<\/p>\n<\/div>\n<div>&nbsp;<\/div>\n<div>&nbsp;<\/div>\n<div>\n<p><strong>Warsztaty translatorskie na<em> Festiwalu Mi\u0142osza oraz <\/em><\/strong><strong>nab\u00f3r do <em>Translatorium<\/em> \u2013 programu mentoringowego <\/strong><strong>dla t\u0142umaczek i t\u0142umaczy<\/strong><\/p>\n<p>W\u0142a\u015bnie rozpocz\u0105\u0142 si\u0119 nab\u00f3r do programu mentoringowego adresowanego do os\u00f3b zainteresowanych t\u0142umaczeniem literatury, kt\u00f3re maj\u0105 na swoim koncie nie wi\u0119cej ni\u017c jeden opublikowany przek\u0142ad dzie\u0142a literackiego. A ju\u017c za tydzie\u0144 w pi\u0105tek 8 lipca zapraszamy wszystkich ch\u0119tnych na warsztaty translatorskie, kt\u00f3re odbywaj\u0105 si\u0119 w ramach Festiwalu Mi\u0142osza. <strong>&nbsp;<\/strong><\/p>\n<p>W pi\u0105tek 8 lipca o godz. 11.30<strong> Aneta Kami\u0144ska poprowadzi ukrai\u0144skie warsztaty translatorskie <\/strong><em><strong>Przek\u0142ada\u0107 wojn\u0119<\/strong><\/em> \u2013 o t\u0142umaczeniu nowej poezji ukrai\u0144skiej prosto z okop\u00f3w, schron\u00f3w i poci\u0105g\u00f3w ewakuacyjnych, o tym, jak na przek\u0142ad wp\u0142ywa historia i polityka, o radzeniu sobie z trudno\u015bciami i emocjami. Tego samego dnia o godz. 13.00 odb\u0119d\u0105 si\u0119<strong> angielskie warsztaty translatorskie z Krystyn\u0105 D\u0105browsk\u0105.<\/strong> Uczestnicy b\u0119d\u0105 przek\u0142ada\u0107 wiersz zmar\u0142ego w 2016 roku poety Maxa Ritvo z tomu <em>Four Reincarnations<\/em> oraz wiersz Natalie Diaz, laureatki Nagrody Pulitzera, ze zbioru <em>When My Brother Was an Aztec<\/em>.<\/p>\n<p>Na oba warsztaty obowi\u0105zuj\u0105 zapisy mailowe do 7 lipca: <a href=\"mailto:miloszfestival@kbf.krakow.pl\">miloszfestival@kbf.krakow.pl<\/a>.<\/p>\n<p>Og\u0142aszamy rozpocz\u0119cie naboru do <strong>programu mentoringowego<\/strong> adresowanego do os\u00f3b zainteresowanych t\u0142umaczeniem literatury, kt\u00f3re maj\u0105 na swoim koncie nie wi\u0119cej ni\u017c jeden opublikowany przek\u0142ad dzie\u0142a literackiego. Nab\u00f3r trwa do 31 sierpnia.<\/p>\n<p>Organizatorami programu s\u0105: Krak\u00f3w Miasto Literatury UNESCO, Centrum Bada\u0144 Przek\u0142adoznawczych UJ, Stowarzyszenie T\u0142umaczy Literatury oraz Instytut Francuski.<\/p>\n<p>W drugiej edycji sw\u00f3j warsztat b\u0119d\u0105 mogli doskonali\u0107 m\u0142odzi t\u0142umacze i t\u0142umaczki literatury z j\u0119zyk\u00f3w: <strong>francuskiego, hiszpa\u0144skiego, niemieckiego i ukrai\u0144skiego na polski<\/strong>. Projekt ma charakter mentoringu: przez osiem miesi\u0119cy ka\u017cda z zakwalifikowanych os\u00f3b b\u0119dzie pracowa\u0107 nad przek\u0142adem z j\u0119zyka obcego na polski pod okiem do\u015bwiadczonego t\u0142umacza_ki.<\/p>\n<p>W drugiej edycji \u201eTranslatorium&#8221; mentor(k)ami b\u0119dzie czworo t\u0142umaczy o uznanym dorobku: <strong>Tomasz Swoboda<\/strong> (j\u0119zyk francuski), <strong>Ewa Zaleska<\/strong> (j\u0119zyk hiszpa\u0144ski), <strong> Ma\u0142gorzata \u0141ukasiewicz<\/strong> (j\u0119zyk niemiecki) i <strong>Katarzyna Koty\u0144ska<\/strong> (j\u0119zyk ukrai\u0144ski).<\/p>\n<p><u>Zakres programu:\u202f<\/u><\/p>\n<p>Indywidualna praca z mentorem_k\u0105 nad konkretnymi tekstami, kt\u00f3re nie by\u0142y dot\u0105d t\u0142umaczone. Konsultacje mog\u0105 si\u0119 odbywa\u0107 na \u017cywo b\u0105d\u017a on-line, w rytmie uzgodnionym z mentorem_k\u0105 \u2013 ok. 5-10 godzin w miesi\u0105cu.<\/p>\n<p>Poznawanie rynku i \u015brodowiska. Zaj\u0119cia weekendowe organizowane przez Centrum Bada\u0144 Przek\u0142adoznawczych UJ oraz Stowarzyszenie T\u0142umaczy Literatury o tym, jak zacz\u0105\u0107 na rynku przek\u0142ad\u00f3w literackich, o zasadach dzia\u0142ania rynku wydawniczego i jego instytucjach oraz o podstawach prawa autorskiego dla t\u0142umaczy i t\u0142umaczek.<\/p>\n<p>Rezultatem pracy w ramach programu ma by\u0107 tekst o obj\u0119to\u015bci oko\u0142o 1 arkusza wydawniczego. Szczeg\u00f3\u0142y ka\u017cdego z projekt\u00f3w zostan\u0105 ustalone przez adept\u00f3w_ki z mentorem_k\u0105.<\/p>\n<p><u>Harmonogram programu:\u202f<\/u><\/p>\n<ul>\n<li>Indywidualna praca z mentorem_k\u0105: 1 listopada 2022 \u2013 30 czerwca 2023<\/li>\n<li>Luty\/marzec: jednorazowe zaj\u0119cia weekendowe w Krakowie<\/li>\n<li>Udzia\u0142 w Festiwalu Mi\u0142osza 2023 (fakultatywnie)<\/li>\n<li>Udzia\u0142 w Festiwalu Conrada 2023: podsumowanie programu i prezentacja pracy przek\u0142adowej m. in. student(k)om Centrum Bada\u0144 Przek\u0142adoznawczych UJ.<\/li>\n<\/ul>\n<p><u>Rekrutacja:<\/u><\/p>\n<ul>\n<li>Termin nadsy\u0142ania zg\u0142osze\u0144: 31 sierpnia 2022<\/li>\n<li>Rozmowy kwalifikacyjne z wybranymi kandydat(k)ami: 3 \u2013 16 pa\u017adziernika 2022<\/li>\n<li>Og\u0142oszenie wynik\u00f3w: koniec pa\u017adziernika 2022<\/li>\n<\/ul>\n<p><u>Zg\u0142oszenie powinno zawiera\u0107:<\/u><\/p>\n<p>\u2013 kr\u00f3tki przek\u0142ad tekstu literackiego, kt\u00f3ry do tej pory nie by\u0142 t\u0142umaczony na j\u0119zyk polski, o obj\u0119to\u015bci oko\u0142o 18\u202f000 znak\u00f3w ze spacjami (mo\u017ce to by\u0107 tekst prozatorski, esej lub cykl wierszy) z j\u0119zyka francuskiego, hiszpa\u0144skiego, niemieckiego lub ukrai\u0144skiego;<\/p>\n<p>\u2013 orygina\u0142 przet\u0142umaczonego tekstu;<\/p>\n<p>\u2013 CV;<\/p>\n<p>\u2013 list motywacyjny.<\/p>\n<p>Zg\u0142oszenia prosimy przysy\u0142a\u0107 na adres: <a href=\"mailto:translatorium@kbf.krakow.pl\"><strong>translatorium@kbf.krakow.pl<\/strong><\/a><\/p>\n<p><u>Koszty:<\/u><\/p>\n<p>\u2013 udzia\u0142 w programie jest bezp\u0142atny;<\/p>\n<p>\u2013 uczestnicy_czki sami pokrywaj\u0105 koszty podr\u00f3\u017cy i zakwaterowania zwi\u0105zane z realizacj\u0105 programu.<\/p>\n<p>Regulamin dost\u0119pny na stronie <strong><a href=\"http:\/\/www.miastoliteratury.pl\">www.miastoliteratury.pl<\/a><\/strong><\/p>\n<p><em>Organizatorami programu mentoringowego \u201eTranslatorium&#8221; s\u0105 KBF \u2013 operator programu Krak\u00f3w Miasto Literatury UNESCO, Centrum Bada\u0144 Przek\u0142adoznawczych Uniwersytetu Jagiello\u0144skiego, Stowarzyszenie T\u0142umaczy Literatury oraz Instytut Francuski.<\/em><\/p>\n<\/div>\n<div>&nbsp;<\/div>\n<div>&nbsp;<\/div>\n<div>&nbsp;<\/div>\n<div>\n<p><strong><em>14th Eurasian Conference on Language and Social Sciences (ECLSS 2022b) <\/em><\/strong><strong>Kosowo &#8211; Gjakova \u201cFehmi Agani\u201d University <\/strong><strong>29-30 czerwca 2022 roku<\/strong><\/p>\n<\/p>\n<\/div>\n<div>\n<p><a href=\"http:\/\/know-press.eu\/konferencja\/gjakova-fehmi-agani-university-24-25-06-2022-r\/\" target=\"_blank\" rel=\"noopener noreferrer\"><strong>http:\/\/know-press.eu\/konferencja\/gjakova-fehmi-agani-university-24-25-06-2022-r\/<\/strong><\/a><\/p>\n<p><strong>&nbsp;<\/strong><\/p>\n<p><a href=\"http:\/\/know-press.eu\/konferencja\/portugal-the-politechnic-institute-of-guarda-20-sierpnia-2022\/\" target=\"_blank\" rel=\"noopener noreferrer\"><strong>Portugal, The Politechnic Institute of Guarda, 27-28 sierpnia 2022<\/strong><\/a><\/p>\n<p>Wi\u0119cej informacji na stronie internetowej <a href=\"http:\/\/know-press.eu\/\" target=\"_blank\" rel=\"noopener noreferrer\">http:\/\/know-press.eu\/<\/a><\/p>\n<p>Kontakt <a href=\"mailto:redakcja@know-press.eu\" rel=\"noreferrer\">redakcja@know-press.eu<\/a><\/p>\n<\/div>\n<div>&nbsp;<\/div>\n<div><a href=\"https:\/\/szkolydoktorskie.uwb.edu.pl\/nh\/wp-content\/uploads\/sites\/3\/2022\/05\/Konferencja-Kosovo-29-30.06.2022.pdf\">Zaproszenie<\/a><\/div>\n<div><a href=\"https:\/\/szkolydoktorskie.uwb.edu.pl\/nh\/wp-content\/uploads\/sites\/3\/2022\/05\/Formularz-zgloszeniowy-konferencja-KOSOWO-29-30.06.2022.doc\">Formularz zg\u0142oszeniowy<\/a><\/div>\n<div>&nbsp;<\/div>\n<div>&nbsp;<\/div>\n<div><strong>Konferencja naukowa &#8222;Narracje o tworzeniu &#8211; opowie\u015bci artyst\u00f3w. W stron\u0119 historii historii tworzenia&#8221; <\/strong><a href=\"https:\/\/szkolydoktorskie.uwb.edu.pl\/nh\/wp-content\/uploads\/sites\/3\/2022\/05\/Konferencja-Narracje-o-tworzeniu-opowies\u0301ci-artysto\u0301w1.docx\">Wi\u0119cej informacji<\/a><\/div>\n<div>\n<h5>&nbsp;<\/h5>\n<h5>XLVII Kongres Mi\u0119dzynarodowej Komisji Historii Wojskowo\u015bci (ICMH)<\/h5>\n<\/div>\n<div>\n<div>W dniach <strong>28.08-2.09.2022 we Wroc\u0142awiu-Opolu<\/strong> odb\u0119dzie si\u0119 <strong>XLVII Kongres Mi\u0119dzynarodowej Komisji Historii Wojskowo\u015bci (ICMH)<\/strong>, kt\u00f3rego tematem przewodnim jest <strong>\u201eDefence of the borders in military history&#8221;. <\/strong>Organizatorzy przewiduj\u0105 <strong>panel i warsztaty dla doktorant\u00f3w oraz os\u00f3b, kt\u00f3re niedawno otrzyma\u0142y stopie\u0144 doktora<\/strong>, zajmuj\u0105cych si\u0119 szeroko rozumian\u0105 tematyk\u0105 historii obrony granic. W ramach warsztat\u00f3w istnieje mo\u017cliwo\u015b\u0107 prowadzenia dyskusji zar\u00f3wno z r\u00f3wie\u015bnikami jak i do\u015bwiadczonymi badaczami z ponad 40 kraj\u00f3w.&nbsp; &nbsp;<\/div>\n<div>&nbsp;<\/div>\n<div>Oficjalnymi j\u0119zykami ICMH s\u0105: angielski, francuski, niemiecki, w\u0142oski i hiszpa\u0144ski<\/div>\n<div>&nbsp;<\/div>\n<div>Propozycje temat\u00f3w artyku\u0142\u00f3w nale\u017cy przesy\u0142a\u0107 do 15 czerwca:<\/div>\n<div>&nbsp;<\/div>\n<div>prof. dr. Niels Bo Poulsen (<a class=\"moz-txt-link-abbreviated\" href=\"mailto:nipo@fak.dk\" rel=\"noreferrer\">nipo@fak.dk<\/a>)<\/div>\n<div>Michael M. Olsansky (<a class=\"moz-txt-link-abbreviated\" href=\"mailto:michael.olsansky@vtg.admin.ch\" rel=\"noreferrer\">michael.olsansky@vtg.admin.ch<\/a>) .<\/div>\n<div>&nbsp;<\/div>\n<div>Propozycje musz\u0105 zawiera\u0107 streszczenie artyku\u0142\u00f3w oraz CV akademickie.<\/div>\n<div>&nbsp;<\/div>\n<div>Zagraniczni doktoranci zostan\u0105 wsparci stypendium w wysoko\u015bci 400 euro.<\/div>\n<div>&nbsp;<\/div>\n<div><strong>Op\u0142ata kongresowa dla doktorant\u00f3w wynosi 100 euro. <\/strong><\/div>\n<div>&nbsp;<\/div>\n<div>Kontakt:<\/div>\n<div>&nbsp;<\/div>\n<div>prof. dr Niels Bo Poulsen (<a class=\"moz-txt-link-abbreviated\" href=\"mailto:nipo@fak.dk\" rel=\"noreferrer\">nipo@fak.dk<\/a>)<\/div>\n<div>&nbsp;<\/div>\n<div>dr Michael Olsansky (<a class=\"moz-txt-link-abbreviated\" href=\"mailto:michael.olsansky@vtg.admin.ch\" rel=\"noreferrer\">michael.olsansky@vtg.admin.ch<\/a>)<\/div>\n<div>&nbsp;<\/div>\n<div>dr Tamara Cubito (<a class=\"moz-txt-link-abbreviated\" href=\"mailto:tamara.cubito@vtg.admin.ch\" rel=\"noreferrer\">tamara.cubito@vtg.admin.ch<\/a>)<\/div>\n<div>&nbsp;<\/div>\n<div><strong>LINK DO ORYGINALNEJ WIADOMO\u015aCI<\/strong><\/div>\n<div>&nbsp;<\/div>\n<div><a class=\"moz-txt-link-freetext\" href=\"https:\/\/networks.h-net.org\/node\/73374\/announcements\/10238959\/phd-workshop-defence-borders-military-history\" target=\"_blank\" rel=\"noopener noreferrer\">https:\/\/networks.h-net.org\/node\/73374\/announcements\/10238959\/phd-workshop-defence-borders-military-history<\/a><\/div>\n<div>&nbsp;<\/div>\n<div><strong>LINK DO STRONY KONGRESU<\/strong><\/div>\n<div>&nbsp;<\/div>\n<div><a class=\"moz-txt-link-freetext\" href=\"http:\/\/icmh-mmxxii.wns.uni.opole.pl\/\" target=\"_blank\" rel=\"noopener noreferrer\">http:\/\/icmh-mmxxii.wns.uni.opole.pl\/<\/a><\/div>\n<h5>&nbsp;<\/h5>\n<h5 class=\"page-title\">Artystyczne refleksy Zag\u0142ady. Mi\u0119dzy poetyk\u0105 wyciszenia a poetyk\u0105 kiczu.<\/h5>\n<\/div>\n<div>Katedra Poetyki Intersemiotycznej i Komparatystyki Medi\u00f3w Instytutu Nauk o Kulturze i Religii WNH UKSW oraz Redakcja czasopisma naukowego \u201eZa\u0142\u0105cznik Kulturoznawczy\u201d organizuje <strong>23.09.2022 r.<\/strong> konferencj\u0119 naukow\u0105 <strong><em>Artystyczne refleksy Zag\u0142ady. Mi\u0119dzy poetyk\u0105 wyciszenia a poetyk\u0105 kiczu<\/em><\/strong>.<\/div>\n<div>&nbsp;<\/div>\n<div><a href=\"https:\/\/szkolydoktorskie.uwb.edu.pl\/nh\/wp-content\/uploads\/sites\/3\/2022\/05\/ZAGLADA.Kicz-i-wyciszenie_zajawka.pdf\">Link<\/a><\/div>\n<div>&nbsp;<\/div>\n<div>&nbsp;<\/div>\n<div><strong>Konferencja Naukowa \u201eSzko\u0142a 2022\u201d<\/strong><\/p>\n<p>&nbsp;Ko\u0142o&nbsp;Naukowe&nbsp;Metodyki&nbsp;Polonistycznej&nbsp;UJ,&nbsp;dzia\u0142aj\u0105ce&nbsp;przy&nbsp;Katedrze<br \/>Polonistycznej&nbsp;Edukacji&nbsp;Nauczycielskiej&nbsp;na&nbsp;Wydziale&nbsp;Polonistyki<br \/>Uniwersytetu&nbsp;Jagiello\u0144skiego,&nbsp;serdecznie&nbsp;zaprasza&nbsp;pracownik\u00f3w<br \/>naukowych,&nbsp;student\u00f3w,&nbsp;a&nbsp;tak\u017ce&nbsp;nauczycieli&nbsp;na&nbsp;Mi\u0119dzynarodow\u0105<br \/>Konferencj\u0119&nbsp;Naukow\u0105&nbsp;\u201eSzko\u0142a&nbsp;2022\u201d.&nbsp;Ju\u017c&nbsp;1&nbsp;czerwca,&nbsp;czyli&nbsp;w<br \/>Mi\u0119dzynarodowy&nbsp;Dzie\u0144&nbsp;Dziecka,&nbsp;spotkamy&nbsp;si\u0119,&nbsp;by&nbsp;porozmawia\u0107&nbsp;o&nbsp;szkole<br \/>trzeciej&nbsp;dekady&nbsp;XXI&nbsp;wieku.&nbsp;Tegoroczna&nbsp;edycja&nbsp;Konferencji&nbsp;b\u0119dzie<br \/>wyj\u0105tkowa&nbsp;\u2013&nbsp;do&nbsp;dyskusji&nbsp;o&nbsp;edukacji&nbsp;w\u0142\u0105cz\u0105&nbsp;si\u0119&nbsp;badacze&nbsp;nie&nbsp;tylko&nbsp;z<br \/>Polski,&nbsp;lecz&nbsp;tak\u017ce&nbsp;z&nbsp;Malty,&nbsp;Finlandii&nbsp;oraz&nbsp;S\u0142owacji.<\/p>\n<p>&nbsp;Konferencja&nbsp;Naukowa&nbsp;\u201eSzko\u0142a&nbsp;2022\u201d&nbsp;odb\u0119dzie&nbsp;si\u0119&nbsp;za&nbsp;po\u015brednictwem<br \/>platformy&nbsp;MS&nbsp;Teams.<\/p>\n<p>&nbsp;Terminarz:<\/p>\n<p>&nbsp;do&nbsp;13&nbsp;maja&nbsp;\u2013&nbsp;nadsy\u0142anie&nbsp;abstrakt\u00f3w<br \/>14-15&nbsp;maja&nbsp;\u2013&nbsp;weryfikacja&nbsp;abstrakt\u00f3w&nbsp;przez&nbsp;Komitet&nbsp;Naukowy<br \/>16&nbsp;maja&nbsp;\u2013&nbsp;przes\u0142anie&nbsp;prelegentom&nbsp;informacji&nbsp;dot.&nbsp;akceptacji<br \/>abstrakt\u00f3w&nbsp;przez&nbsp;Komitet&nbsp;Naukowy&nbsp;20&nbsp;maja&nbsp;\u2013&nbsp;publikacja&nbsp;planu<br \/>Konferencji<br \/>1.06.2022&nbsp;&#8211;&nbsp;Konferencja<\/p>\n<p>&nbsp;W&nbsp;tym&nbsp;roku&nbsp;proponujemy&nbsp;namys\u0142&nbsp;nad&nbsp;wychowawczym&nbsp;aspektem&nbsp;edukacji,<br \/>zw\u0142aszcza&nbsp;polonistycznej.&nbsp;Abstrakty&nbsp;prosimy&nbsp;przesy\u0142a\u0107&nbsp;za&nbsp;pomoc\u0105<br \/>formularza&nbsp;zg\u0142oszeniowego:&nbsp;<a href=\"https:\/\/forms.gle\/CqdhJXNMohdTaixY9\" target=\"_blank\" rel=\"noopener noreferrer\">https:\/\/forms.gle\/CqdhJXNMohdTaixY9<\/a>.<br \/>Przewidywany&nbsp;zakres&nbsp;zagadnie\u0144:<\/p>\n<p>&nbsp;&nbsp;&nbsp;&nbsp;&nbsp;*&nbsp;Polonista&nbsp;\u2013&nbsp;nauczyciel&nbsp;\u2013&nbsp;wychowawca.<br \/>&nbsp;&nbsp;&nbsp;&nbsp;*&nbsp;Szko\u0142a&nbsp;a&nbsp;niepok\u00f3j&nbsp;spo\u0142eczny.&nbsp;Jak&nbsp;reagowa\u0107&nbsp;na&nbsp;wojn\u0119?&nbsp;Jak&nbsp;radzi\u0107<br \/>sobie&nbsp;z&nbsp;do\u015bwiadczeniem&nbsp;pandemii?&nbsp;Szko\u0142a&nbsp;jako&nbsp;przestrze\u0144<br \/>oddzia\u0142ywania&nbsp;na&nbsp;obszar&nbsp;kompetencji&nbsp;spo\u0142ecznych&nbsp;uczni\u00f3w&nbsp;i<br \/>nauczycieli.&nbsp;Czy&nbsp;szko\u0142a&nbsp;socjalizuje?<br \/>&nbsp;&nbsp;&nbsp;&nbsp;*&nbsp;Rola&nbsp;lekcji&nbsp;wychowawczych.<br \/>&nbsp;&nbsp;&nbsp;&nbsp;*&nbsp;Aspekt&nbsp;wychowawczy&nbsp;pracy&nbsp;nauczyciela&nbsp;polonisty.<br \/>&nbsp;&nbsp;&nbsp;&nbsp;*&nbsp;Kompetencje&nbsp;spo\u0142eczne&nbsp;m\u0142odych&nbsp;ludzi&nbsp;a&nbsp;rzeczywisto\u015b\u0107&nbsp;szkolna.<br \/>&nbsp;&nbsp;&nbsp;&nbsp;*&nbsp;Jak&nbsp;szko\u0142a&nbsp;oddzia\u0142uje&nbsp;na&nbsp;osobowo\u015b\u0107?<br \/>&nbsp;&nbsp;&nbsp;&nbsp;*&nbsp;Szko\u0142a&nbsp;jako&nbsp;przestrze\u0144&nbsp;przygotowuj\u0105ca&nbsp;do&nbsp;\u017cycia&nbsp;we&nbsp;wsp\u00f3\u0142czesnym<br \/>\u015bwiecie.<br \/>&nbsp;&nbsp;&nbsp;&nbsp;*&nbsp;Kim&nbsp;jest&nbsp;wychowawca?<br \/>&nbsp;&nbsp;&nbsp;&nbsp;*&nbsp;Nowa&nbsp;rola&nbsp;nauczyciela&nbsp;w&nbsp;XXI&nbsp;wieku.<\/p>\n<\/div>\n<div><a href=\"https:\/\/szkolydoktorskie.uwb.edu.pl\/nh\/wp-content\/uploads\/sites\/3\/2022\/05\/Zaproszenie-Mie\u0328dzynarodowa-Konferencja-Naukowa-Szkola-2022.pdf\">Link do plakatu<\/a><\/div>\n<div>&nbsp;<\/div>\n<div>&nbsp;<\/div>\n<div>\n<div class=\"pre\">\n<p><strong>IV edycja konkursu na najlepsz\u0105 rozpraw\u0119 doktorsk\u0105 po\u015bwi\u0119con\u0105 filozofii spo\u0142eczno-politycznej<\/strong><\/p>\n<p>Instytut Filozofii Uniwersytetu Miko\u0142aja Kopernika w Toruniu, Wydawnictwo Naukowe Uniwersytetu Miko\u0142aja Kopernika oraz Redaktorzy naukowi serii \u201ePolityka w kulturze&#8221; og\u0142aszaj\u0105 czwart\u0105 edycj\u0119 konkursu na najlepsz\u0105 rozpraw\u0119 doktorsk\u0105 po\u015bwi\u0119con\u0105 filozofii spo\u0142eczno-politycznej. Celem konkursu jest popularyzacja polskiej refleksji filozoficznej nad zagadnieniami spo\u0142eczno-politycznymi oraz promowanie dorobku naukowego polskich autor\u00f3w podejmuj\u0105cych t\u0119 tematyk\u0119. Do konkursu kwalifikowane b\u0119d\u0105 zar\u00f3wno autorskie analizy filozoficzne problem\u00f3w spo\u0142eczno-politycznych, jak i oryginalne rozwa\u017cania z zakresu historii filozofii i historii idei.<\/p>\n<p>Nagrod\u0105 w konkursie jest publikacja rozprawy przez Wydawnictwo Naukowe Uniwersytetu Miko\u0142aja Kopernika w serii \u201ePolityka w kulturze&#8221;.<br \/>Termin&nbsp;zg\u0142aszania&nbsp;prac&nbsp;up\u0142ywa&nbsp;31&nbsp;pa\u017adziernika&nbsp;2021&nbsp;roku<\/p>\n<p>Zasady&nbsp;konkursu:<br \/>1. prac\u0119 do konkursu zg\u0142osi\u0107 mog\u0105: Autor rozprawy, jej promotor w post\u0119powaniu o nadanie stopnia naukowego doktora oraz kierownik jednostki nadaj\u0105cej stopie\u0144,<br \/>2.&nbsp;do&nbsp;konkursu&nbsp;kwalifikowane&nbsp;b\u0119d\u0105&nbsp;prace&nbsp;niezale\u017cnie&nbsp;od&nbsp;terminu&nbsp;ich&nbsp;obrony,<br \/>3.&nbsp;dokumentacja&nbsp;niezb\u0119dna&nbsp;do&nbsp;z\u0142o\u017cenia&nbsp;pracy&nbsp;do&nbsp;konkursu&nbsp;obejmuje:<br \/>&#8211; pismo zawieraj\u0105ce zg\u0142oszenie, uzasadnienie zg\u0142oszenia oraz dane kontaktowe osoby zg\u0142aszaj\u0105cej,<br \/>&#8211; potwierdzenie nadania stopnia naukowego doktora na podstawie zg\u0142aszanej rozprawy,<br \/>&#8211; jeden egzemplarz pracy doktorskiej w formie drukowanej oraz jej wersj\u0119 elektroniczn\u0105 na no\u015bniku danych,<br \/>&#8211;&nbsp;recenzje&nbsp;pracy&nbsp;w&nbsp;post\u0119powaniu&nbsp;o&nbsp;nadanie&nbsp;stopnia&nbsp;naukowego&nbsp;doktora,<br \/>4. wszelkie dokumenty przesy\u0142a\u0107 nale\u017cy na adres Instytutu Filozofii UMK (ul. Fosa Staromiejska 1a, 87-100 Toru\u0144) z dopiskiem \u201eKonkurs: Polityka w kulturze&#8221;,<br \/>5.&nbsp;prace&nbsp;ocenia\u0142a&nbsp;b\u0119dzie&nbsp;kapitu\u0142a&nbsp;konkursowa&nbsp;w&nbsp;sk\u0142adzie:<br \/>Prof.&nbsp;dr&nbsp;hab.&nbsp;Adam&nbsp;Chmielewski<br \/>Prof.&nbsp;dr&nbsp;hab.&nbsp;Marek&nbsp;N.&nbsp;Jakubowski<br \/>Prof.&nbsp;dr&nbsp;hab.&nbsp;Andrzej&nbsp;Szahaj&nbsp;\u2013&nbsp;przewodnicz\u0105cy<br \/>dr&nbsp;hab.&nbsp;Janusz&nbsp;Grygie\u0144\u0107,&nbsp;prof.&nbsp;UMK<\/p>\n<p>Dodatkowe&nbsp;informacje&nbsp;mo\u017cna&nbsp;uzyska\u0107&nbsp;pisz\u0105c&nbsp;na&nbsp;adres:&nbsp;<a href=\"mailto:jgrygienc@umk.pl\" rel=\"noreferrer\">jgrygienc@umk.pl<\/a>.<\/p>\n<\/div>\n<div>Szko\u0142a Doktorska Nauk Spo\u0142ecznych<\/p>\n<div class=\"pre\">Ul.Warszawska 63<br \/>15-062 Bia\u0142ystok<br \/>tel.085 745 77 34<\/div>\n<\/div>\n<\/div>\n<div>&nbsp;<\/div>\n<div>&nbsp;<\/div>\n<div>&nbsp;<\/div>\n<div>&nbsp;<\/div>\n<div>&nbsp;<\/div>\n<div><strong><span class=\"colour\">III Og\u00f3lnopolskiej Konferencji Naukowej &#8222;Kultura we wsp\u00f3\u0142czesnym \u015bwiecie&#8221;<\/span><\/strong><\/div>\n<div><span class=\"colour\"><span class=\"colour\"><br \/>Zapraszam do udzia\u0142u w <i>III Og\u00f3lnopolskiej Konferencji Naukowej &#8222;Kultura we wsp\u00f3\u0142czesnym \u015bwiecie&#8221;<\/i>, kt\u00f3ra odb\u0119dzie si\u0119 <b>online 26 sierpnia 2021 roku.&nbsp;<\/b><\/span><\/span><\/p>\n<p>Zapraszamy Pa\u0144stwa do wsp\u00f3lnej dyskusji nad przesz\u0142o\u015bci\u0105, tera\u017aniejszo\u015bci\u0105 i perspektywami kultury, kt\u00f3ra wraz z up\u0142ywem czasu ulega zmianom. Uczestnicy Konferencji maj\u0105 mo\u017cliwo\u015b\u0107 prezentacji prac w formie wyst\u0105pienia ustnego, udzia\u0142u w dyskusji oraz publikacji rozdzia\u0142u w monografii naukowej. Interdyscyplinarny charakter przedsi\u0119wzi\u0119cia pozwoli na wieloaspektowe spojrzenie na rol\u0119 kultury we wsp\u00f3\u0142czesnym \u015bwiecie, a tak\u017ce przypomni, jak dawniej definiowano kultur\u0119.<\/p>\n<p>Proponujemy wielokierunkowe uj\u0119cie tematu kultury, anga\u017cuj\u0105ce badaczy z r\u00f3\u017cnych dziedzin nauk humanistycznych, w tym literaturoznawc\u00f3w, j\u0119zykoznawc\u00f3w, kulturoznawc\u00f3w, czy historyk\u00f3w. Do udzia\u0142u w Konferencji zapraszamy r\u00f3wnie\u017c badaczy, przedstawicieli instytucji kultury oraz animator\u00f3w kultury.<\/p>\n<p><b>Rejestracja uczestnictwa w Konferencji trwa do 19 sierpnia 2021 roku.<\/b><\/p>\n<\/div>\n<div><span class=\"colour\"><span class=\"colour\">Zg\u0142oszenia udzia\u0142u nale\u017cy kierowa\u0107 poprzez formularz dost\u0119pny na stronie internetowej. Wi\u0119cej szczeg\u00f3\u0142\u00f3w znajd\u0105 Pa\u0144stwo na: <a href=\"https:\/\/3waq8.r.ag.d.sendibm3.com\/mk\/cl\/f\/12tW0eV_egwHRYYPUeKoRxlu7fV7ymIuiHp0c67v0iXzZ8BpZKEh7hT_rXidv0szXSAqSsFhcvTAct9Pw3Rov4eOrBmg08xfoC1MzO82ZiuzC0h2NhWD3mb4jYBuF4QVNbmn6RJ3BziuKGpdxJYtazT-RCdQuUFGKtt4qBjrE_8GWJPGWfMR6ANemS2KT3hoUVFxzOwXjJu5K-kfOK2HUQrsjg4\" target=\"_blank\" rel=\"noopener noreferrer\"><span style=\"color: red\"><b>MailScanner has detected a possible fraud attempt from &#8222;3waq8.r.ag.d.sendibm3.com&#8221; claiming to be<\/b><\/span> http:\/\/fundacja-tygiel.pl\/kultura\/<\/a><\/span><\/span><\/div>\n<div>&nbsp;<\/div>\n<div>\n<div><span class=\"colour\">Organizatorem Konferencji jest Fundacja na rzecz promocji nauki i rozwoju TYGIEL.<\/span><\/div>\n<div>&nbsp;<\/div>\n<div><span class=\"colour\">Komitet OrganizacyjnyKonferencji<\/span><\/div>\n<\/div>\n<div><i><span class=\"colour\"><a href=\"mailto:kultura@fundacja-tygiel.pl\" rel=\"noreferrer\">kultura@fundacja-tygiel.pl<\/a><\/span><\/i><\/div>\n<div>&nbsp;<\/div>\n<div>&nbsp;<\/div>\n<div>&nbsp;<\/div>\n<div>&nbsp;<\/div>\n\n\n<p><\/p>\n\n\n\n<p><strong>Konferencja naukowa pt.: &#8222;Kompleksowa Ekspedycja Ja\u0107wieska. Fenomen wielodyscyplinarnych bada\u0144 nad Ja\u0107wie\u017c\u0105&#8221;<\/strong><\/p>\n\n\n\n<p>Komisja Nauk Humanistycznych przy Oddziale PAN w Olsztynie i w Bia\u0142ymstoku, Wydzia\u0142 Archeologii Uniwersytetu Warszawskiego, Wydzia\u0142 Historii i Stosunk\u00f3w Mi\u0119dzynarodowych Uniwersytetu w Bia\u0142ymstoku, Wydzia\u0142 Biologii Uniwersytetu w Bia\u0142ymstoku, Instytut Historii Uniwersytetu Warmi\u0144sko-Mazurskiego w Olsztynie, Samodzielna Pracownia Historii Medycyny i Farmacji Uniwersytetu Medycznego w Bia\u0142ymstoku, Stowarzyszenie Archeologii \u015arodowiskowej, O\u015brodek Bada\u0144 Europy \u015arodkowo-Wschodniej, Towarzystwo Naukowe Pruthenia i Muzeum Ziemi Augustowskiej zapraszaj\u0105 do udzia\u0142u w konferencji naukowej pt.: _Kompleksowa Ekspedycja Ja\u0107wieska. Fenomen<br>wielodyscyplinarnych bada\u0144 nad Ja\u0107wie\u017c\u0105__, _kt\u00f3ra odb\u0119dzie si\u0119 w Augustowie w dniach 14-16 pa\u017adziernika 2021 r.<br><br>Pierwotnie zaplanowali\u015bmy konferencj\u0119 w maju br. jednak ograniczenia wynikaj\u0105ce z sytuacji epidemicznej uniemo\u017cliwi\u0142y jej organizacj\u0119 w trybie stacjonarnym w za\u0142o\u017conym terminie. W zwi\u0105zku z powy\u017cszym postanowili\u015bmy prze\u0142o\u017cy\u0107 konferencj\u0119 na pa\u017adziernik br. Mamy nadziej\u0119, \u017ce odb\u0119dzie si\u0119 ona ju\u017c po pandemii COVID-19.<br><br>Autorzy wyst\u0105pie\u0144 zg\u0142oszonych na konferencje w terminie majowym podtrzymali swoje deklaracje uczestnictwa. Poniewa\u017c w mi\u0119dzyczasie pojawi\u0142y si\u0119 nowe mo\u017cliwo\u015bci organizacyjne, mo\u017cemy w tej chwili poszerzy\u0107 list\u0119 uczestnik\u00f3w. St\u0105d te\u017c kierujemy do Pa\u0144stwa zaproszenie do udzia\u0142u tak w konferencji, jak te\u017c w planowanym projekcie badawczym. <br>W 2024 roku mija 65 rocznica powo\u0142ania Kompleksowej Ekspedycji Ja\u0107wieskiej. Rok p\u00f3\u017aniej przypadaj\u0105 dwie kolejne rocznice: 70 rocznica rozpocz\u0119cia bada\u0144 wykopaliskowych na cmentarzysku w Szwajcarii ko\u0142o Suwa\u0142k i 50 rocznica II Konferencji Nauk Historycznych \u201eJa\u0107wie\u017c w badaniach 1955-1975&#8243;, podsumowuj\u0105cej dwudziestoletnie osi\u0105gni\u0119cia KEJ.<br><br>Kompleksowa Ekspedycja Ja\u0107wieska stanowi\u0142a w realiach PRL fenomen naukowy i spo\u0142eczny. W jej dzia\u0142ania zaanga\u017cowali si\u0119 przedstawiciele nauk humanistycznych i przyrodniczych z wielu \u015brodowisk naukowych, m in. Bia\u0142egostoku, Krakowa, Lund (Szwecja) Olsztyna i Warszawy. Osi\u0105gni\u0119cia naukowe KEJ przyczyni\u0142y si\u0119 do rozwoju bada\u0144 humanistycznych na obszarze p\u00f3\u0142nocno-wschodniej Polski na niespotykan\u0105 wcze\u015bniej skal\u0119. Wyznaczy\u0142y r\u00f3wnie\u017c nowe kierunki prowadzonych tu bada\u0144 przyrodniczych, wprowadzaj\u0105c do nich pierwiastek humanistyczny. Dorobek naukowy jej sekcji: archeologicznej, antropologicznej, j\u0119zykoznawczej, historycznej, przyrodniczej i etnograficznej, chocia\u017c dotychczas kompleksowo nie podsumowany, a w cz\u0119\u015bci r\u00f3wnie\u017c nieopublikowany, w wielu przypadkach sta\u0142 si\u0119 fundamentem powojennego rozwoju tych dyscyplin naukowych, nie tylko na obszarze p\u00f3\u0142nocno-wschodniej Polski.<br><br>Ide\u0105 konferencji jest zainicjowanie projektu, kt\u00f3rego celem jest interdyscyplinarne podsumowanie historii i osi\u0105gni\u0119\u0107 KEJ oraz wprowadzenie do obiegu naukowego, na zasadach otwartego d st\u0119pu, jej dorobku, w tym obszernych archiw\u00f3w instytucjonalnych i prywatnych. Zako\u0144czenie prac przewidywane jest na 2024 lub 2025 r., co zbiegnie<br>si\u0119 z przypadaj\u0105cymi w\u00f3wczas rocznicami.<br><br>Problematyk\u0119 konferencji chcemy zogniskowa\u0107 wok\u00f3\u0142 nast\u0119puj\u0105cych<br>zagadnie\u0144 wynikaj\u0105cych wprost z obszar\u00f3w badawczych KEJ:<br>Biografia Kompleksowej Ekspedycji Ja\u0107wieskiej:<br>panel I: Sekcja Archeologiczna KEJ \u2013 ludzie i osi\u0105gni\u0119cia,<br>panel II: Sekcja Historyczna KEJ \u2013 ludzie i osi\u0105gni\u0119cia,<br>panel III: Sekcja J\u0119zykoznawcza KEJ \u2013 ludzie i osi\u0105gni\u0119cia,<br>panel IV: Sekcja Antropologiczna KEJ \u2013 ludzie i osi\u0105gni\u0119cia<br>panel V: Sekcja Przyrodnicza KEJ \u2013 ludzie i osi\u0105gni\u0119cia,<br>panel VI: Sekcja Etnograficzna KEJ \u2013 ludzie i osi\u0105gni\u0119cia,<br>panel VII: Archiwa KEJ.<br>Dziedzictwo Kompleksowej Ekspedycji Ja\u0107wieskiej:<br>panel VIII: Nowe kierunki i perspektywy bada\u0144 nad dziejami i<br>dziedzictwem kulturowym p\u00f3\u0142nocno-wschodniej Polski<br>Ponadto w ramach konferencji planujemy sesj\u0119 terenow\u0105: Historia, archeologia i antropologia krajobrazu kulturowego obszar\u00f3w poja\u0107wieskich.<br><br>Organizatorzy nie przewiduj\u0105 op\u0142aty konferencyjnej. Podj\u0119li\u015bmy te\u017c starania o pozyskanie \u015brodk\u00f3w na dofinansowanie konferencji. Do momentu uzyskania odpowiedzi w sprawie dofinansowania musimy za\u0142o\u017cy\u0107, \u017ce koszty podr\u00f3\u017cy, wy\u017cywienia i nocleg\u00f3w uczestnicy pokryj\u0105 z w\u0142asnych \u015brodk\u00f3w.<br><br>B\u0119dziemy wdzi\u0119czni za przes\u0142anie zg\u0142osze\u0144 wraz z proponowanym tematem wyst\u0105pienia (referat do 30 minut, komunikat do 15 minut) DO DNIA 30 CZERWCA 2021 R. na adres e-mail:  <a href=\"mailto:65latkej@gmail.com\">65latkej@gmail.com<\/a><br><br>Prosimy te\u017c wszystkich autor\u00f3w o przes\u0142anie na ten sam adres e-mail, w terminie DO 30 SIERPNIA 2021 R., abstrakt\u00f3w wyst\u0105pie\u0144 o obj\u0119to\u015bci nie przekraczaj\u0105cej znormalizowanej strony maszynopisu (1800 znak\u00f3w).<br><br>KOMITET ORGANIZACYJNY<br>dr hab. Bartosz Kontny prof. UW<br>prof. dr hab. Miros\u0142awa Kupryjanowicz<br>dr hab. Anna Pytasz-Ko\u0142odziejczyk prof. UWM<br>prof. dr hab. Ewa Smolska prof. UW<br>dr hab. Agnieszka Wacnik prof. IB PAN<br>dr Magdalena Muska\u0142a<br>dr Antoni Gawe\u0142<br>dr Anna Juga-Szyma\u0144ska<br>mgr \u0141ukasz Faszcza<\/p>\n\n\n\n<p><br>SEKRETARIAT<br>dr hab. Miros\u0142aw J. Hoffmann<br>dr hab. Maciej Karczewski, prof. UwB<br>dr Ma\u0142gorzata Karczewska<br>dr Bogdan Radzicki<br><br>W imieniu organizator\u00f3w<br>_Maciej Karczewski_<\/p>\n\n\n\n<p><a href=\"https:\/\/szkolydoktorskie.uwb.edu.pl\/nh\/wp-content\/uploads\/sites\/3\/2021\/06\/Formularz-zgloszeniowy.docx\" data-type=\"URL\" data-id=\"https:\/\/szkolydoktorskie.uwb.edu.pl\/nh\/wp-content\/uploads\/sites\/3\/2021\/06\/Formularz-zgloszeniowy.docx\">Formularz zg\u0142oszeniowy<\/a><\/p>\n\n\n\n<p><\/p>\n\n\n\n<p><\/p>\n\n\n\n<p>P<strong>olsko-Austriackie Letnie Kolegium 2021<\/strong><br><br>Polsko-Austriackie Letnie Kolegium 2021 to kultura i j\u0119zyk obu kraj\u00f3w dla pocz\u0105tkuj\u0105cych i zaawansowanych. Kolegium organizowane jest przez Instytut Slawistyki Uniwersytetu Wiede\u0144skiego, Instytut Germanistyki Uniwersytetu \u0141\u00f3dzkiego i austriackie Federalne Ministerstwo Edukacji i Bada\u0144 Naukowych i po raz pierwszy odb\u0119dzie si\u0119 online (18.-31.07.2021).<br><br>Na zg\u0142oszenia uczestniczek i uczestnik\u00f3w organizatorzy czekaj\u0105 do 13.06.2021. Wi\u0119cej informacji znale\u017a\u0107 mo\u017cna bezpo\u015brednio na stronie organizatora: <a rel=\"noreferrer noopener\" href=\"https:\/\/SOMMERKOLLEG.ORG\/\" target=\"_blank\">HTTPS:\/\/SOMMERKOLLEG.ORG\/<\/a><br><br>\u00d6STERREICHISCHES KULTURFORUM WARSCHAU<br>AUSTRIACKIE FORUM KULTURY W WARSZAWIE<br>NATALIA WAWRZEWSKA<br>+48 22 526 88 21<br>ul. Pr\u00f3\u017cna 7\/9 00-107 Warszawa<br><a href=\"mailto:natalia.wawrzewska@bmeia.gv.at\">natalia.wawrzewska@bmeia.gv.at<\/a><br><a rel=\"noreferrer noopener\" href=\"http:\/\/www.austria.org.pl\" target=\"_blank\">www.austria.org.pl<\/a> <br><a rel=\"noreferrer noopener\" href=\"https:\/\/www.facebook.com\/AustriackieForumKultury\/\" target=\"_blank\">https:\/\/www.facebook.com\/AustriackieForumKultury\/<\/a> <\/p>\n","protected":false},"excerpt":{"rendered":"<p>Szanowni Pa\u0144stwo, mamy zaszczyt zaprosi\u0107 m\u0142odych badaczy i m\u0142ode badaczki na Og\u00f3lnopolsk\u0105 Konferencj\u0119 Naukow\u0105 Obszary Polonistyki X:&nbsp;Podporz\u0105dkowanie, ekskluzje, niewidzialno\u015b\u0107. Dyskursy dominacji i wykluczenia w literaturze, kulturze i j\u0119zykuorganizowan\u0105 przez Literaturoznawcze&hellip;<\/p>\n","protected":false},"author":1,"featured_media":0,"parent":0,"menu_order":0,"comment_status":"closed","ping_status":"closed","template":"","meta":{"footnotes":""},"class_list":["post-32","page","type-page","status-publish","hentry"],"yoast_head":"<!-- This site is optimized with the Yoast SEO plugin v27.4 - https:\/\/yoast.com\/product\/yoast-seo-wordpress\/ -->\n<title>Konferencje i szkolenia - Szko\u0142a Doktorska Nauk Humanistycznych UwB<\/title>\n<meta name=\"robots\" content=\"index, follow, max-snippet:-1, max-image-preview:large, max-video-preview:-1\" \/>\n<link rel=\"canonical\" href=\"https:\/\/szkolydoktorskie.uwb.edu.pl\/nh\/konferencje-staze-granty\/\" \/>\n<meta property=\"og:locale\" content=\"pl_PL\" \/>\n<meta property=\"og:type\" content=\"article\" \/>\n<meta property=\"og:title\" content=\"Konferencje i szkolenia - Szko\u0142a Doktorska Nauk Humanistycznych UwB\" \/>\n<meta property=\"og:description\" content=\"Szanowni Pa\u0144stwo, mamy zaszczyt zaprosi\u0107 m\u0142odych badaczy i m\u0142ode badaczki na Og\u00f3lnopolsk\u0105 Konferencj\u0119 Naukow\u0105 Obszary Polonistyki X:&nbsp;Podporz\u0105dkowanie, ekskluzje, niewidzialno\u015b\u0107. Dyskursy dominacji i wykluczenia w literaturze, kulturze i j\u0119zykuorganizowan\u0105 przez Literaturoznawcze&hellip;\" \/>\n<meta property=\"og:url\" content=\"https:\/\/szkolydoktorskie.uwb.edu.pl\/nh\/konferencje-staze-granty\/\" \/>\n<meta property=\"og:site_name\" content=\"Szko\u0142a Doktorska Nauk Humanistycznych UwB\" \/>\n<meta property=\"article:modified_time\" content=\"2024-08-06T10:04:10+00:00\" \/>\n<meta property=\"og:image\" content=\"https:\/\/sun.uwb.edu.pl\/mail\/program\/resources\/blocked.gif\" \/>\n<meta name=\"twitter:card\" content=\"summary_large_image\" \/>\n<script type=\"application\/ld+json\" class=\"yoast-schema-graph\">{\"@context\":\"https:\\\/\\\/schema.org\",\"@graph\":[{\"@type\":\"WebPage\",\"@id\":\"https:\\\/\\\/szkolydoktorskie.uwb.edu.pl\\\/nh\\\/konferencje-staze-granty\\\/\",\"url\":\"https:\\\/\\\/szkolydoktorskie.uwb.edu.pl\\\/nh\\\/konferencje-staze-granty\\\/\",\"name\":\"Konferencje i szkolenia - Szko\u0142a Doktorska Nauk Humanistycznych UwB\",\"isPartOf\":{\"@id\":\"https:\\\/\\\/szkolydoktorskie.uwb.edu.pl\\\/nh\\\/#website\"},\"primaryImageOfPage\":{\"@id\":\"https:\\\/\\\/szkolydoktorskie.uwb.edu.pl\\\/nh\\\/konferencje-staze-granty\\\/#primaryimage\"},\"image\":{\"@id\":\"https:\\\/\\\/szkolydoktorskie.uwb.edu.pl\\\/nh\\\/konferencje-staze-granty\\\/#primaryimage\"},\"thumbnailUrl\":\"https:\\\/\\\/sun.uwb.edu.pl\\\/mail\\\/program\\\/resources\\\/blocked.gif\",\"datePublished\":\"2021-04-15T22:55:30+00:00\",\"dateModified\":\"2024-08-06T10:04:10+00:00\",\"breadcrumb\":{\"@id\":\"https:\\\/\\\/szkolydoktorskie.uwb.edu.pl\\\/nh\\\/konferencje-staze-granty\\\/#breadcrumb\"},\"inLanguage\":\"pl-PL\",\"potentialAction\":[{\"@type\":\"ReadAction\",\"target\":[\"https:\\\/\\\/szkolydoktorskie.uwb.edu.pl\\\/nh\\\/konferencje-staze-granty\\\/\"]}]},{\"@type\":\"ImageObject\",\"inLanguage\":\"pl-PL\",\"@id\":\"https:\\\/\\\/szkolydoktorskie.uwb.edu.pl\\\/nh\\\/konferencje-staze-granty\\\/#primaryimage\",\"url\":\"https:\\\/\\\/sun.uwb.edu.pl\\\/mail\\\/program\\\/resources\\\/blocked.gif\",\"contentUrl\":\"https:\\\/\\\/sun.uwb.edu.pl\\\/mail\\\/program\\\/resources\\\/blocked.gif\"},{\"@type\":\"BreadcrumbList\",\"@id\":\"https:\\\/\\\/szkolydoktorskie.uwb.edu.pl\\\/nh\\\/konferencje-staze-granty\\\/#breadcrumb\",\"itemListElement\":[{\"@type\":\"ListItem\",\"position\":1,\"name\":\"Strona g\u0142\u00f3wna\",\"item\":\"https:\\\/\\\/szkolydoktorskie.uwb.edu.pl\\\/nh\\\/\"},{\"@type\":\"ListItem\",\"position\":2,\"name\":\"Konferencje i szkolenia\"}]},{\"@type\":\"WebSite\",\"@id\":\"https:\\\/\\\/szkolydoktorskie.uwb.edu.pl\\\/nh\\\/#website\",\"url\":\"https:\\\/\\\/szkolydoktorskie.uwb.edu.pl\\\/nh\\\/\",\"name\":\"Szko\u0142a Doktorska Nauk Humanistycznych UwB\",\"description\":\"Szko\u0142a Doktorska Nauk Humanistycznych UwB\",\"publisher\":{\"@id\":\"https:\\\/\\\/szkolydoktorskie.uwb.edu.pl\\\/nh\\\/#organization\"},\"potentialAction\":[{\"@type\":\"SearchAction\",\"target\":{\"@type\":\"EntryPoint\",\"urlTemplate\":\"https:\\\/\\\/szkolydoktorskie.uwb.edu.pl\\\/nh\\\/?s={search_term_string}\"},\"query-input\":{\"@type\":\"PropertyValueSpecification\",\"valueRequired\":true,\"valueName\":\"search_term_string\"}}],\"inLanguage\":\"pl-PL\"},{\"@type\":\"Organization\",\"@id\":\"https:\\\/\\\/szkolydoktorskie.uwb.edu.pl\\\/nh\\\/#organization\",\"name\":\"Szko\u0142a Doktorska Nauk Humanistycznych UwB\",\"url\":\"https:\\\/\\\/szkolydoktorskie.uwb.edu.pl\\\/nh\\\/\",\"logo\":{\"@type\":\"ImageObject\",\"inLanguage\":\"pl-PL\",\"@id\":\"https:\\\/\\\/szkolydoktorskie.uwb.edu.pl\\\/nh\\\/#\\\/schema\\\/logo\\\/image\\\/\",\"url\":\"https:\\\/\\\/szkolydoktorskie.uwb.edu.pl\\\/nh\\\/wp-content\\\/uploads\\\/sites\\\/3\\\/2021\\\/04\\\/cropped-SH-LOGO.png\",\"contentUrl\":\"https:\\\/\\\/szkolydoktorskie.uwb.edu.pl\\\/nh\\\/wp-content\\\/uploads\\\/sites\\\/3\\\/2021\\\/04\\\/cropped-SH-LOGO.png\",\"width\":705,\"height\":188,\"caption\":\"Szko\u0142a Doktorska Nauk Humanistycznych UwB\"},\"image\":{\"@id\":\"https:\\\/\\\/szkolydoktorskie.uwb.edu.pl\\\/nh\\\/#\\\/schema\\\/logo\\\/image\\\/\"}}]}<\/script>\n<!-- \/ Yoast SEO plugin. -->","yoast_head_json":{"title":"Konferencje i szkolenia - Szko\u0142a Doktorska Nauk Humanistycznych UwB","robots":{"index":"index","follow":"follow","max-snippet":"max-snippet:-1","max-image-preview":"max-image-preview:large","max-video-preview":"max-video-preview:-1"},"canonical":"https:\/\/szkolydoktorskie.uwb.edu.pl\/nh\/konferencje-staze-granty\/","og_locale":"pl_PL","og_type":"article","og_title":"Konferencje i szkolenia - Szko\u0142a Doktorska Nauk Humanistycznych UwB","og_description":"Szanowni Pa\u0144stwo, mamy zaszczyt zaprosi\u0107 m\u0142odych badaczy i m\u0142ode badaczki na Og\u00f3lnopolsk\u0105 Konferencj\u0119 Naukow\u0105 Obszary Polonistyki X:&nbsp;Podporz\u0105dkowanie, ekskluzje, niewidzialno\u015b\u0107. Dyskursy dominacji i wykluczenia w literaturze, kulturze i j\u0119zykuorganizowan\u0105 przez Literaturoznawcze&hellip;","og_url":"https:\/\/szkolydoktorskie.uwb.edu.pl\/nh\/konferencje-staze-granty\/","og_site_name":"Szko\u0142a Doktorska Nauk Humanistycznych UwB","article_modified_time":"2024-08-06T10:04:10+00:00","og_image":[{"url":"https:\/\/sun.uwb.edu.pl\/mail\/program\/resources\/blocked.gif","type":"","width":"","height":""}],"twitter_card":"summary_large_image","schema":{"@context":"https:\/\/schema.org","@graph":[{"@type":"WebPage","@id":"https:\/\/szkolydoktorskie.uwb.edu.pl\/nh\/konferencje-staze-granty\/","url":"https:\/\/szkolydoktorskie.uwb.edu.pl\/nh\/konferencje-staze-granty\/","name":"Konferencje i szkolenia - Szko\u0142a Doktorska Nauk Humanistycznych UwB","isPartOf":{"@id":"https:\/\/szkolydoktorskie.uwb.edu.pl\/nh\/#website"},"primaryImageOfPage":{"@id":"https:\/\/szkolydoktorskie.uwb.edu.pl\/nh\/konferencje-staze-granty\/#primaryimage"},"image":{"@id":"https:\/\/szkolydoktorskie.uwb.edu.pl\/nh\/konferencje-staze-granty\/#primaryimage"},"thumbnailUrl":"https:\/\/sun.uwb.edu.pl\/mail\/program\/resources\/blocked.gif","datePublished":"2021-04-15T22:55:30+00:00","dateModified":"2024-08-06T10:04:10+00:00","breadcrumb":{"@id":"https:\/\/szkolydoktorskie.uwb.edu.pl\/nh\/konferencje-staze-granty\/#breadcrumb"},"inLanguage":"pl-PL","potentialAction":[{"@type":"ReadAction","target":["https:\/\/szkolydoktorskie.uwb.edu.pl\/nh\/konferencje-staze-granty\/"]}]},{"@type":"ImageObject","inLanguage":"pl-PL","@id":"https:\/\/szkolydoktorskie.uwb.edu.pl\/nh\/konferencje-staze-granty\/#primaryimage","url":"https:\/\/sun.uwb.edu.pl\/mail\/program\/resources\/blocked.gif","contentUrl":"https:\/\/sun.uwb.edu.pl\/mail\/program\/resources\/blocked.gif"},{"@type":"BreadcrumbList","@id":"https:\/\/szkolydoktorskie.uwb.edu.pl\/nh\/konferencje-staze-granty\/#breadcrumb","itemListElement":[{"@type":"ListItem","position":1,"name":"Strona g\u0142\u00f3wna","item":"https:\/\/szkolydoktorskie.uwb.edu.pl\/nh\/"},{"@type":"ListItem","position":2,"name":"Konferencje i szkolenia"}]},{"@type":"WebSite","@id":"https:\/\/szkolydoktorskie.uwb.edu.pl\/nh\/#website","url":"https:\/\/szkolydoktorskie.uwb.edu.pl\/nh\/","name":"Szko\u0142a Doktorska Nauk Humanistycznych UwB","description":"Szko\u0142a Doktorska Nauk Humanistycznych UwB","publisher":{"@id":"https:\/\/szkolydoktorskie.uwb.edu.pl\/nh\/#organization"},"potentialAction":[{"@type":"SearchAction","target":{"@type":"EntryPoint","urlTemplate":"https:\/\/szkolydoktorskie.uwb.edu.pl\/nh\/?s={search_term_string}"},"query-input":{"@type":"PropertyValueSpecification","valueRequired":true,"valueName":"search_term_string"}}],"inLanguage":"pl-PL"},{"@type":"Organization","@id":"https:\/\/szkolydoktorskie.uwb.edu.pl\/nh\/#organization","name":"Szko\u0142a Doktorska Nauk Humanistycznych UwB","url":"https:\/\/szkolydoktorskie.uwb.edu.pl\/nh\/","logo":{"@type":"ImageObject","inLanguage":"pl-PL","@id":"https:\/\/szkolydoktorskie.uwb.edu.pl\/nh\/#\/schema\/logo\/image\/","url":"https:\/\/szkolydoktorskie.uwb.edu.pl\/nh\/wp-content\/uploads\/sites\/3\/2021\/04\/cropped-SH-LOGO.png","contentUrl":"https:\/\/szkolydoktorskie.uwb.edu.pl\/nh\/wp-content\/uploads\/sites\/3\/2021\/04\/cropped-SH-LOGO.png","width":705,"height":188,"caption":"Szko\u0142a Doktorska Nauk Humanistycznych UwB"},"image":{"@id":"https:\/\/szkolydoktorskie.uwb.edu.pl\/nh\/#\/schema\/logo\/image\/"}}]}},"_links":{"self":[{"href":"https:\/\/szkolydoktorskie.uwb.edu.pl\/nh\/wp-json\/wp\/v2\/pages\/32","targetHints":{"allow":["GET"]}}],"collection":[{"href":"https:\/\/szkolydoktorskie.uwb.edu.pl\/nh\/wp-json\/wp\/v2\/pages"}],"about":[{"href":"https:\/\/szkolydoktorskie.uwb.edu.pl\/nh\/wp-json\/wp\/v2\/types\/page"}],"author":[{"embeddable":true,"href":"https:\/\/szkolydoktorskie.uwb.edu.pl\/nh\/wp-json\/wp\/v2\/users\/1"}],"replies":[{"embeddable":true,"href":"https:\/\/szkolydoktorskie.uwb.edu.pl\/nh\/wp-json\/wp\/v2\/comments?post=32"}],"version-history":[{"count":140,"href":"https:\/\/szkolydoktorskie.uwb.edu.pl\/nh\/wp-json\/wp\/v2\/pages\/32\/revisions"}],"predecessor-version":[{"id":1786,"href":"https:\/\/szkolydoktorskie.uwb.edu.pl\/nh\/wp-json\/wp\/v2\/pages\/32\/revisions\/1786"}],"wp:attachment":[{"href":"https:\/\/szkolydoktorskie.uwb.edu.pl\/nh\/wp-json\/wp\/v2\/media?parent=32"}],"curies":[{"name":"wp","href":"https:\/\/api.w.org\/{rel}","templated":true}]}}