{"id":28,"date":"2021-04-16T00:55:11","date_gmt":"2021-04-15T22:55:11","guid":{"rendered":"https:\/\/szkolydoktorskie.uwb.edu.pl\/ns\/?page_id=28"},"modified":"2023-05-30T10:11:04","modified_gmt":"2023-05-30T08:11:04","slug":"ksztalcenie","status":"publish","type":"page","link":"https:\/\/szkolydoktorskie.uwb.edu.pl\/nh\/ksztalcenie\/","title":{"rendered":"Kszta\u0142cenie"},"content":{"rendered":"\n<p><strong>Program kszta\u0142cenia<\/strong><\/p>\n\n\n\n<p><a href=\"http:\/\/bip.uwb.edu.pl\/download\/64\/31602\/2019-2425-1.pdf\" target=\"_blank\" rel=\"noreferrer noopener\">Uchwa\u0142a nr 2425 Senatu UwB w sprawie ustalenia programu kszta\u0142cenia w Szkole Doktorskiej Nauk Humanistycznych<\/a><\/p>\n\n\n\n<p> <strong>Harmonogram<\/strong> <a href=\"https:\/\/szkolydoktorskie.uwb.edu.pl\/nh\/wp-content\/uploads\/sites\/3\/2022\/02\/Harmonogram-zada-doktoranta.pdf\">zada\u0144 doktoranta<\/a><\/p>\n\n\n\n<p><\/p>\n\n\n\n<figure class=\"wp-block-table\"><table><tbody><tr><td><strong>Wyk\u0142adowcy w roku akademickim 2022\/2023<\/strong><\/td><\/tr><tr><td><strong>Dyscyplina: Filozofia<\/strong><\/td><\/tr><tr><td>J\u0119zyk obcy (og\u00f3lny lub specjalistyczny)<\/td><td>dr Monika Rogowska-Stangret<\/td><\/tr><tr><td>Metody bada\u0144 filozoficznych i analizy tekstu<br><br><br><br><br>Filozofia wobec nauk szczeg\u00f3\u0142owych<br><br>Filozoficzne wyzwania wsp\u00f3\u0142czesno\u015bci<br><br>Terapia filozoficzna\/elementy coachingu<\/td><td>prof. dr hab. Wioletta M. Kowalska,<br>prof. dr hab. Halina \u015awi\u0119czkowska,<br>dr hab. S\u0142awomir Raube<br>dr hab. Joanna Usakiewicz<br><br>dr hab. Robert Poczobut, prof. UwB<br><br><br>prof. dr hab. Wioletta M. Kowalska<br><br>dr hab. S\u0142awomir Raube<br><\/td><\/tr><tr><td>Seminarium doktoranckie<\/td><td>prof. dr hab. Wioletta Ma\u0142gorzata Kowalska,<br>dr hab. Piotr Nowak, prof. UwB,<br>dr hab. Robert Poczobut,<br>dr hab. S\u0142awomir Raube prof. UwB,<br>dr hab. Konrad Talmont-Kami\u0144ski<\/td><\/tr><\/tbody><\/table><\/figure>\n\n\n\n<p><\/p>\n\n\n\n<figure class=\"wp-block-table\"><table><tbody><tr><td><strong>Dyscyplina: Historia<\/strong><\/td><\/tr><tr><td>J\u0119zyk obcy (og\u00f3lny lub specjalistyczny)<\/td><td>dr hab. Krzysztof Boroda<\/td><\/tr><tr><td>Nowe nurty i orientacje&nbsp; w humanistyce i naukach historycznych<\/td><td>dr Piotr Guzowski, prof. uwB,<br>dr hab. Tomasz Mojsik<\/td><\/tr><tr><td>Doskonalenie warsztatu historyka<br><br>Metodologia nauk historycznych<br><br>Przedmiot z zakresu historii Polski lub powszechnej<\/td><td>prof. dr hab. Cezary Kuklo, dr hab. Adam Miodowski<br><br>dr hab. Krystyna Szel\u0105gowska, prof. UwB<br><br>dr hab. Grzegorz Zackiewicz, prof. UwB, dr hab. Artur Pasko, prof. UwB<br><\/td><\/tr><tr><td>&nbsp;Seminarium doktoranckie<\/td><td>prof. dr hab. Ma\u0142gorzata Dajnowicz,<br>dr hab. Piotr Guzowski, prof. UwB,<br>dr hab. Rafa\u0142 Kosi\u0144ski, prof UwB,<br>dr hab. Marzena Liedke, prof. UwB,<br>prof. dr hab. Cezary Kuklo,<br>dr hab. Eugeniusz Mironowicz, prof. UwB,<br>dr hab. Karol \u0141opatecki, prof. UwB<br>dr hab. Tomasz Mojsik,<br>dr hab. Artur Pasko, prof. UwB,<br>dr hab. Joanna Sadowska, prof. UwB,<br>dr hab. Jan Snopko, prof. UwB,<\/td><\/tr><\/tbody><\/table><\/figure>\n\n\n\n<figure class=\"wp-block-table\"><table><tbody><tr><td><strong>Dyscyplina: J\u0119zykoznawstwo<\/strong><\/td><\/tr><tr><td>J\u0119zyk obcy (og\u00f3lny lub specjalistyczny)<\/td><td>dr hab. Joanna Szerszunowicz, prof. UwB<\/td><\/tr><tr><td>Kierunki wsp\u00f3\u0142czesnego j\u0119zykoznawstwa<\/td><td>prof. dr hab. Leonarda Dacewicz<\/td><\/tr><tr><td>Metodologia bada\u0144 j\u0119zykoznawczych<br><br>Redakcja naukowa tekstu j\u0119zykoznawczego<br><br>Kognitywna teoria j\u0119zyka<\/td><td>prof. dr hab. Urszula Sok\u00f3lska<br><br>dr hab. Joanna Cholewa, prof. UwB<br><br>prof. dr hab. Irena Szczepankowska<\/td><\/tr><tr><td>Seminarium doktoranckie<\/td><td>dr hab. Beata Kury\u0142owicz, prof. UwB,<br>dr hab. Agata Rozumko,<br>prof. de hab. Urszula Sok\u00f3lska,<br>dr hab. Joanna Szerszunowicz, prof. UwB<\/td><\/tr><\/tbody><\/table><\/figure>\n\n\n\n<figure class=\"wp-block-table\"><table><tbody><tr><td><strong>Dyscyplina:&nbsp; Literaturoznawstwo<\/strong><\/td><\/tr><tr><td>J\u0119zyk obcy (og\u00f3lny lub specjalistyczny)<\/td><td>dr hab. Bernadetta Puchalska-D\u0105browska, prof. UwB<\/td><\/tr><tr><td>Wsp\u00f3\u0142czesna teoria literatury<\/td><td>dr hab. El\u017cbieta Kono\u0144czuk, prof. UwB<\/td><\/tr><tr><td>Metodologia bada\u0144 literaturoznawczych<br><br>Redakcja naukowa tekstu literaturoznawczego<br><br>Polska literatura wsp\u00f3\u0142czesna<br><br>Wsp\u00f3\u0142czesna literatura powszechna<\/td><td>dr hab. El\u017cbieta Kono\u0144czuk, prof. UwB<br><br>prof. dr hab. El\u017cbieta D\u0105browicz<br><br>dr hab. Anna Nosek, prof. UwB<br><br>dr hab. Mariusz Le\u015b<\/td><\/tr><tr><td>Seminarium doktoranckie<\/td><td>prof. dr hab. Kamila Budrowska,<br>prof. dr hab. El\u017cbieta D\u0105browicz,<br>dr hab. Marek Kochanowski prof. UwB,<br>dr hab. Katarzyna Ko\u015bciewicz,<br>dr hab. Mariusz Le\u015b<\/td><\/tr><\/tbody><\/table><\/figure>\n\n\n\n<figure class=\"wp-block-table\"><table><tbody><tr><td><strong>Przedmioty wsp\u00f3lne dla czterech dyscyplin<\/strong><\/td><\/tr><tr><td>Dydaktyka szko\u0142y wy\u017cszej<\/td><td>dr hab. Marzanna Karolczuk,<br>dr Robert Szymula,<br>dr Ma\u0142gorzata Ocytko<\/td><\/tr><tr><td>Formy finansowania nauk humanistycznych<\/td><td>dr Rados\u0142aw Poniat<\/td><\/tr><\/tbody><\/table><\/figure>\n\n\n\n<figure class=\"wp-block-table\"><table><tbody><tr><td><strong><strong>Przedmioty wsp\u00f3lne dla\u00a0 trzech szk\u00f3\u0142 doktorskich<\/strong><\/strong><\/td><\/tr><tr><td>Prawo autorskie i ochrona w\u0142asno\u015bci intelektualnej<\/td><td>prof. dr hab. Joanna Sie\u0144czy\u0142o-Chlabicz<\/td><\/tr><tr><td>Komunikowanie i budowanie relacji z grup\u0105<\/td><\/tr><tr><td>Komunikowanie w dyskursie naukowym<\/td><td>prof. dr hab. El\u017cbieta Awramiuk<\/td><\/tr><tr><td>Komunikacja mi\u0119dzykulturowa<\/td><td>dr hab. Ma\u0142gorzata Bie\u0144kowska, prof. UwB<\/td><\/tr><tr><td>Zarz\u0105dzanie czasem<\/td><td>dr Mariusz Citkowski<\/td><\/tr><\/tbody><\/table><\/figure>\n\n\n\n<p><\/p>\n\n\n\n<figure class=\"wp-block-table\"><table><tbody><tr><td><strong>Przedmioty wsp\u00f3lne dla\u00a0 trzech szk\u00f3\u0142 doktorskich<\/strong> <br>(spoza dyscypliny)<\/td><\/tr><tr><td>Przedmiot spoza dyscypliny &#8211; Wybrane elementy astronomii<\/td><td>dr hab. Marek Niko\u0142ajuk<\/td><\/tr><tr><td>Przedmiot spoza dyscypliny &#8211; Zwi\u0105zki chemii z kryminalistyk\u0105<\/td><td>dr hab. Aneta Petelska<\/td><\/tr><\/tbody><\/table><\/figure>\n\n\n\n<p><\/p>\n\n\n\n<p><\/p>\n\n\n\n<p><\/p>\n\n\n\n<p><\/p>\n\n\n\n<p><\/p>\n\n\n\n<p><\/p>\n\n\n\n<p>__________________________________________________________<\/p>\n\n\n\n<p><\/p>\n\n\n\n<p><\/p>\n\n\n<figure class=\"wp-block-table\">\n<table>\n<tbody>\n<tr>\n<td><strong>Wyk\u0142adowcy w roku akademickim 2020\/2021<\/strong><\/td>\n<\/tr>\n<tr>\n<td><strong>Dyscyplina: Filozofia<\/strong><\/td>\n<\/tr>\n<tr>\n<td>J\u0119zyk obcy (og\u00f3lny lub specjalistyczny)<\/td>\n<td>dr Witold Hensel<\/td>\n<\/tr>\n<tr>\n<td>Metody bada\u0144 filozoficznych i analizy tekstu<\/td>\n<td>prof. dr hab. Wioletta M. Kowalska,<br \/>prof. dr hab. Halina \u015awi\u0119czkowska,<br \/>dr hab. Joanna Usakiewicz<\/td>\n<\/tr>\n<tr>\n<td>Seminarium doktoranckie<\/td>\n<td>\n<p>prof. dr hab. Wioletta Ma\u0142gorzata Kowalska,<br \/>dr hab. Piotr Nowak, prof. UwB,<br \/>dr hab. S\u0142awomir Raube prof. UwB<\/p>\n<\/td>\n<\/tr>\n<\/tbody>\n<\/table>\n<\/figure>\n<figure class=\"wp-block-table\">\n<table>\n<tbody>\n<tr>\n<td><strong>Dyscyplina: Historia<\/strong><\/td>\n<\/tr>\n<tr>\n<td>J\u0119zyk obcy (og\u00f3lny lub specjalistyczny)<\/td>\n<td>dr hab. Krzysztof Boroda<\/td>\n<\/tr>\n<tr>\n<td>Nowe nurty i orientacje\u00a0 w humanistyce i naukach historycznych<\/td>\n<td>dr Piotr Guzowski,<br \/>dr hab. Tomasz Mojsik<\/td>\n<\/tr>\n<tr>\n<td>Doskonalenie warsztatu historyka<\/td>\n<td>dr hab. Rafa\u0142 Bart\u0142omiej Kosi\u0144ski prof. UwB<\/td>\n<\/tr>\n<tr>\n<td>\u00a0Seminarium doktoranckie<\/td>\n<td>prof. dr hab. Cezary Kuklo,<br \/>dr hab. Tomasz Mojsik, <br \/>dr hab. Artur Pasko, prof. UwB,<br \/>dr hab. Joanna Sadowska, prof. UwB<\/td>\n<\/tr>\n<\/tbody>\n<\/table>\n<\/figure>\n<figure class=\"wp-block-table\">\n<table>\n<tbody>\n<tr>\n<td><strong>Dyscyplina: J\u0119zykoznawstwo<\/strong><\/td>\n<\/tr>\n<tr>\n<td>J\u0119zyk obcy (og\u00f3lny lub specjalistyczny)<\/td>\n<td>dr hab. Joanna Szerszunowicz, prof. UwB<\/td>\n<\/tr>\n<tr>\n<td>Kierunki wsp\u00f3\u0142czesnego j\u0119zykoznawstwa<\/td>\n<td>prof. dr hab. Leonarda Dacewicz<\/td>\n<\/tr>\n<tr>\n<td>Metodologia bada\u0144 j\u0119zykoznawczych<\/td>\n<td>prof. dr hab. Urszula Sok\u00f3lska<\/td>\n<\/tr>\n<tr>\n<td>Seminarium doktoranckie<\/td>\n<td>dr hab. Marzanna Karolczuk prof. UwB,<br \/>dr hab. Beata Kury\u0142owicz, prof. UwB,<br \/>dr hab. Joanna Szerszunowicz, prof. UwB<\/td>\n<\/tr>\n<\/tbody>\n<\/table>\n<\/figure>\n<figure class=\"wp-block-table\">\n<table>\n<tbody>\n<tr>\n<td><strong>Dyscyplina:\u00a0 Literaturoznawstwo<\/strong><\/td>\n<\/tr>\n<tr>\n<td>J\u0119zyk obcy (og\u00f3lny lub specjalistyczny)<\/td>\n<td>dr hab. Bernadetta Puchalska-D\u0105browska, prof. UwB<\/td>\n<\/tr>\n<tr>\n<td>Wsp\u00f3\u0142czesna teoria literatury<\/td>\n<td>dr hab. El\u017cbieta Kono\u0144czuk, prof. UwB<\/td>\n<\/tr>\n<tr>\n<td>Metodologia bada\u0144 literaturoznawczych<\/td>\n<td>dr hab. El\u017cbieta Kono\u0144czuk, prof. UwB<\/td>\n<\/tr>\n<tr>\n<td>Seminarium doktoranckie<\/td>\n<td>\n<p>dr hab. Marek Kochanowski prof. UwB,<br \/>dr hab. Krzysztof Korotkich,<\/p>\n<\/td>\n<\/tr>\n<\/tbody>\n<\/table>\n<\/figure>\n<figure class=\"wp-block-table\">\n<table>\n<tbody>\n<tr>\n<td><strong>Przedmioty wsp\u00f3lne dla czterech dyscyplin<\/strong><\/td>\n<\/tr>\n<tr>\n<td>Dydaktyka szko\u0142y wy\u017cszej<\/td>\n<td>dr hab. Marzanna Karolczuk,<br \/>dr Robert Szymula,<br \/>dr Ma\u0142gorzata Ocytko<\/td>\n<\/tr>\n<tr>\n<td>Formy finansowania nauk humanistycznych<\/td>\n<td>prof. dr hab. Jaros\u0142aw \u0141awski<\/td>\n<\/tr>\n<\/tbody>\n<\/table>\n<\/figure>\n<figure class=\"wp-block-table\">\n<table>\n<tbody>\n<tr>\n<td><strong>Przedmioty wsp\u00f3lne dla\u00a0 trzech szk\u00f3\u0142 doktorskich<\/strong><\/td>\n<\/tr>\n<tr>\n<td>Prawo autorskie i ochrona w\u0142asno\u015bci intelektualnej<\/td>\n<td>prof. dr hab. Joanna Sie\u0144czy\u0142o-Chlabicz<\/td>\n<\/tr>\n<tr>\n<td>Komunikowanie w dyskursie naukowym<\/td>\n<td>dr hab. El\u017cbieta Awramiuk, prof. UwB<\/td>\n<\/tr>\n<tr>\n<td>Komunikacja mi\u0119dzykulturowa<\/td>\n<td>dr hab. Ma\u0142gorzata Bie\u0144kowska, prof. UwB<\/td>\n<\/tr>\n<tr>\n<td>Zarz\u0105dzanie czasem<\/td>\n<td>dr Mariusz Citkowski<\/td>\n<\/tr>\n<\/tbody>\n<\/table>\n<\/figure>\n\n\n<hr class=\"wp-block-separator has-css-opacity\" \/>\n\n\n\n<p><strong>Wyk\u0142adowcy<\/strong><\/p>\n\n\n\n<figure class=\"wp-block-table\"><table><tbody><tr><td><strong>Wyk\u0142adowcy w roku akademickim 2019\/2020<\/strong><\/td><\/tr><tr><td><strong>Dyscyplina: Filozofia<\/strong><\/td><\/tr><tr><td>J\u0119zyk obcy (og\u00f3lny lub specjalistyczny)<\/td><td>dr Witold Hensel<\/td><\/tr><tr><td>Metody bada\u0144 filozoficznych i analizy tekstu<\/td><td>prof. dr hab. Wioletta M. Kowalska,<br>dr hab. Konrad W. Talmont-Kami\u0144ski, prof. UwB,<br>prof. dr hab. Halina \u015awi\u0119czkowska<\/td><\/tr><tr><td>Seminarium doktoranckie<\/td><td>dr hab. Piotr Nowak, prof. UwB<\/td><\/tr><\/tbody><\/table><\/figure>\n\n\n\n<figure class=\"wp-block-table\"><table><tbody><tr><td><strong>Dyscyplina: Historia<\/strong><\/td><\/tr><tr><td>J\u0119zyk obcy (og\u00f3lny lub specjalistyczny)<\/td><td>dr hab. Krzysztof Boroda<\/td><\/tr><tr><td>Nowe nurty i orientacje&nbsp; w humanistyce i naukach historycznych<\/td><td>dr Piotr Guzowski,<br>dr hab. Tomasz Mojsik<\/td><\/tr><tr><td>Doskonalenie warsztatu historyka<\/td><td>prof. dr hab. Cezary Kuklo,<br>prof. dr hab. Halina Parafianowicz<\/td><\/tr><tr><td>&nbsp;Seminarium doktoranckie<\/td><td>prof. dr hab. Cezary Kuklo,<br>dr hab. Artur Pasko, prof. UwB,<br>dr hab. Joanna Sadowska, prof. UwB,<br>dr hab. Jan Snopko, prof. UwB<\/td><\/tr><\/tbody><\/table><\/figure>\n\n\n\n<figure class=\"wp-block-table\"><table><tbody><tr><td><strong>Dyscyplina: J\u0119zykoznawstwo<\/strong><\/td><\/tr><tr><td>J\u0119zyk obcy (og\u00f3lny lub specjalistyczny)<\/td><td>dr hab. Joanna Szerszunowicz, prof. UwB<\/td><\/tr><tr><td>Kierunki wsp\u00f3\u0142czesnego j\u0119zykoznawstwa<\/td><td>prof. dr hab. Leonarda Dacewicz<\/td><\/tr><tr><td>Metodologia bada\u0144 j\u0119zykoznawczych<\/td><td>prof. dr hab. Urszula Sok\u00f3lska<\/td><\/tr><tr><td>Seminarium doktoranckie<\/td><td>dr hab. Beata Kury\u0142owicz, prof. UwB,<br>dr hab. Joanna Szerszunowicz, prof. UwB<\/td><\/tr><\/tbody><\/table><\/figure>\n\n\n\n<figure class=\"wp-block-table\"><table><tbody><tr><td><strong>Dyscyplina:&nbsp; Literaturoznawstwo<\/strong><\/td><\/tr><tr><td>J\u0119zyk obcy (og\u00f3lny lub specjalistyczny)<\/td><td>dr hab. Bernadetta Puchalska-D\u0105browska, prof. UwB<\/td><\/tr><tr><td>Wsp\u00f3\u0142czesna teoria literatury<\/td><td>dr hab. El\u017cbieta Kono\u0144czuk, prof. UwB<\/td><\/tr><tr><td>Metodologia bada\u0144 literaturoznawczych<\/td><td>dr hab. El\u017cbieta Kono\u0144czuk, prof. UwB<\/td><\/tr><tr><td>Seminarium doktoranckie<\/td><td>dr hab. Krzysztof Korotkich<\/td><\/tr><\/tbody><\/table><\/figure>\n\n\n\n<figure class=\"wp-block-table\"><table><tbody><tr><td><strong>Przedmioty wsp\u00f3lne dla czterech dyscyplin<\/strong><\/td><\/tr><tr><td>Dydaktyka szko\u0142y wy\u017cszej<\/td><td>dr hab. Marzanna Karolczuk,<br>dr Robert Szymula<\/td><\/tr><tr><td>Formy finansowania nauk humanistycznych<\/td><td>prof. dr hab. Jaros\u0142aw \u0141awski<\/td><\/tr><\/tbody><\/table><\/figure>\n\n\n\n<figure class=\"wp-block-table\"><table><tbody><tr><td><strong>Przedmioty wsp\u00f3lne dla&nbsp; trzech szk\u00f3\u0142 doktorskich<\/strong><\/td><\/tr><tr><td>Prawo autorskie i ochrona w\u0142asno\u015bci intelektualnej<\/td><td>prof. dr hab. Joanna Sie\u0144czy\u0142o-Chlabicz<\/td><\/tr><tr><td>Komunikowanie w dyskursie naukowym<\/td><td>dr hab. El\u017cbieta Awramiuk, prof. UwB<\/td><\/tr><tr><td>Komunikacja mi\u0119dzykulturowa<\/td><td>dr hab. Ma\u0142gorzata Bie\u0144kowska, prof. UwB<\/td><\/tr><tr><td>Zarz\u0105dzanie czasem<\/td><td>dr Mariusz Citkowski<\/td><\/tr><\/tbody><\/table><\/figure>\n\n\n\n<p><\/p>\n\n\n\n<p><\/p>\n\n\n\n<p><strong>PROMOTORZY<\/strong><\/p>\n\n\n\n<figure class=\"wp-block-table\"><table><tbody><tr><td><strong><u>Promotorzy&nbsp;2020\/21<\/u><\/strong><\/td><\/tr><tr><td><strong>Filozofia<\/strong><\/td><\/tr><tr><td>prof. dr hab. Wioletta Ma\u0142gorzata Kowalska, <br>dr hab. S\u0142awomir Raube prof. UwB<\/td><\/tr><tr><td><strong>Historia<\/strong><\/td><\/tr><tr><td>dr hab. Tomasz Mojsik, <br>dr hab. Joanna Sadowska, prof. UwB<\/td><\/tr><tr><td><strong>J\u0119zykoznawstwo<\/strong><\/td><\/tr><tr><td>dr hab. Marzanna Karolczuk, prof. UwB<\/td><\/tr><tr><td><strong>Literaturoznawstwo<\/strong><\/td><\/tr><tr><td>dr hab. Marek Kochanowski, prof. UwB<\/td><\/tr><\/tbody><\/table><\/figure>\n\n\n\n<hr class=\"wp-block-separator has-css-opacity\" \/>\n\n\n\n<figure class=\"wp-block-table\"><table><tbody><tr><td><strong><u>Promotorzy&nbsp;2019\/2020<\/u><\/strong><\/td><\/tr><tr><td><strong>Filozofia<\/strong><\/td><\/tr><tr><td>dr hab. Piotr Nowak, prof. UwB<\/td><\/tr><tr><td><strong>Historia<\/strong><\/td><\/tr><tr><td>prof. dr hab. Cezary Kuklo, <br>dr hab. Artur Pasko, prof. UwB, <br>dr hab. Joanna Sadowska, prof. UwB, <br>dr hab. Jan Snopko, prof. UwB<\/td><\/tr><tr><td><strong>J\u0119zykoznawstwo<\/strong><\/td><\/tr><tr><td>dr hab. Beata Kury\u0142owicz, prof. UwB, <br>dr hab. Joanna Szerszunowicz, prof. UwB<\/td><\/tr><tr><td><strong>Literaturoznawstwo<\/strong><\/td><\/tr><tr><td>dr hab. Krzysztof Korotkich<\/td><\/tr><\/tbody><\/table><\/figure>\n\n\n\n<hr class=\"wp-block-separator has-css-opacity\" \/>\n\n\n<blockquote id=\"block-a03549bb-90d2-481c-83f5-970c93c47e39\" class=\"block-editor-rich-text__editable block-editor-block-list__block wp-block is-multi-selected wp-block-paragraph rich-text\" style=\"min-width: 1px\" role=\"document\" aria-label=\"Pusty blok; prosz\u0119 zacz\u0105\u0107 pisa\u0107 lub u\u017cy\u0107 &quot;\/&quot;, aby wybra\u0107 blok\" data-block=\"a03549bb-90d2-481c-83f5-970c93c47e39\" data-type=\"core\/paragraph\" data-title=\"Akapit\" data-empty=\"true\">\n<p><strong><u>Sylwetki potencjalnych promotor\u00f3w (informacja dla kandydat\u00f3w do szko\u0142y doktorskiej)<br \/><\/u><\/strong><\/p>\n<\/blockquote>\n<p><strong>FILOZOFIA<\/strong><\/p>\n<p><a href=\"https:\/\/szkolydoktorskie.uwb.edu.pl\/nh\/wp-content\/uploads\/sites\/3\/2021\/08\/informacja-o-promotorze-SDNH-p.-W.-Kowalska.docx\">Prof. dr hab. Wioletta Ma\u0142gorzata Kowalska<\/a><\/p>\n<p><a href=\"https:\/\/szkolydoktorskie.uwb.edu.pl\/nh\/wp-content\/uploads\/sites\/3\/2021\/08\/Inforomacja-o-promotorze-p.-Raube.docx\">Dr hab. S\u0142awomir Raube prof. UwB<\/a><\/p>\n<p>\u00a0<\/p>\n<p><strong>HISTORIA<\/strong><\/p>\n<p><a href=\"https:\/\/szkolydoktorskie.uwb.edu.pl\/nh\/wp-content\/uploads\/sites\/3\/2021\/08\/Informacja-o-potencjalnym-promotorze-Krzysztof-Buchowski.docx\">Dr hab. Krzysztof Buchowski prof. UwB<\/a><\/p>\n<p><a href=\"https:\/\/szkolydoktorskie.uwb.edu.pl\/nh\/wp-content\/uploads\/sites\/3\/2021\/08\/Informacja-o-promotorze-p.-Kuklo.docx\">Prof. dr hab. Cezary Kuklo<\/a><\/p>\n<p><a href=\"https:\/\/szkolydoktorskie.uwb.edu.pl\/nh\/wp-content\/uploads\/sites\/3\/2021\/08\/informacja-o-promotorze-p.-Pasko.docx\">Dr hab. Artur Pasko, prof. UwB<\/a><\/p>\n<p><a href=\"https:\/\/szkolydoktorskie.uwb.edu.pl\/nh\/wp-content\/uploads\/sites\/3\/2021\/08\/informacja-o-promotorze_Joanna-Sadowska.docx\">Dr hab. Joanna Sadowska, prof. UwB<\/a><\/p>\n<p><a href=\"https:\/\/szkolydoktorskie.uwb.edu.pl\/nh\/wp-content\/uploads\/sites\/3\/2021\/08\/informacja-o-promotorze-Jan-Snopko.docx\">Dr hab. Jan Snopko prof. UwB<\/a><\/p>\n<p><a href=\"https:\/\/szkolydoktorskie.uwb.edu.pl\/nh\/wp-content\/uploads\/sites\/3\/2021\/08\/Informacja-o-potencjalnym-promotorze-Krystyna-Szelagowska.docx\">Dr hab. Krystyna Szel\u0105gowska prof. UwB<\/a><\/p>\n<p>Promotorzy pomocniczy:<\/p>\n<p><a href=\"https:\/\/szkolydoktorskie.uwb.edu.pl\/nh\/wp-content\/uploads\/sites\/3\/2021\/08\/informacja-o-promotorze-Radosaw-Poniat.docx\">Dr Rados\u0142aw Poniat<\/a><\/p>\n<p>\u00a0<\/p>\n<p><strong>J\u0118ZYKOZNAWSTWO<\/strong><\/p>\n<p><a href=\"https:\/\/szkolydoktorskie.uwb.edu.pl\/nh\/wp-content\/uploads\/sites\/3\/2021\/08\/Informacja-o-potencjalnym-promotorze-Elzbieta-Awramiuk.docx\">Dr hab. El\u017cbieta Awramiuk prof. UwB<\/a><\/p>\n<p>Dr hab. Marzanna Karolczuk prof. UwB<\/p>\n<p><a href=\"https:\/\/szkolydoktorskie.uwb.edu.pl\/nh\/wp-content\/uploads\/sites\/3\/2021\/08\/Informacja-o-potencjalnym-promotorze-Magdalena-Thien.docx\">Dr \u00a0hab. Magdalena Thien<\/a><\/p>\n<p><a href=\"https:\/\/szkolydoktorskie.uwb.edu.pl\/nh\/wp-content\/uploads\/sites\/3\/2021\/08\/informacja-o-promotorze-Joanna-Szerszunowicz.docx\">Dr hab. Joanna Szerszunowicz, prof. UwB<\/a><\/p>\n<p>\u00a0<\/p>\n<p><strong>LITERATUROZNAWSTWO<\/strong><\/p>\n<p>Dr hab. Andrzej Baranow prof. UwB<\/p>\n<p><a href=\"https:\/\/szkolydoktorskie.uwb.edu.pl\/nh\/wp-content\/uploads\/sites\/3\/2021\/08\/Informacja-o-potencjalnym-promotorze-Dariuszu-Kuleszy.docx\">Prof. dr hab. Dariusz Kulesza<\/a><\/p>\n<p><a href=\"https:\/\/szkolydoktorskie.uwb.edu.pl\/nh\/wp-content\/uploads\/sites\/3\/2021\/08\/Informacja-o-potencjalnym-promotorze-Krystyna-Szelagowska.docx\">Dr hab. Mariusz Maciej Le\u015b<\/a><\/p>\n<p>\u00a0<\/p>\n\n\n<p><strong>Dokumenty do pobrania:<\/strong><\/p>\n\n\n\n<p><a href=\"https:\/\/www.uwb.edu.pl\/uploads\/tiny\/SZKO%C5%81Y%20DOKTORSKIE\/Za%C5%82.%2013%20wniosek-doktoranta-o-powoanie-promotora.pdf\">Wniosek doktoranta o powo\u0142anie promotora<\/a>&nbsp;<\/p>\n\n\n\n<p><a href=\"https:\/\/www.uwb.edu.pl\/uploads\/tiny\/SZKO%C5%81Y%20DOKTORSKIE\/Za%C5%82.%2014%20zgoda-i-oswiadczenie-promotora.pdf\">Zgoda i o\u015bwiadczenie promotora<\/a><\/p>\n\n\n\n<p><a href=\"https:\/\/www.uwb.edu.pl\/uploads\/tiny\/SZKO%C5%81Y%20DOKTORSKIE\/Za%C5%82.%2015%20%20zakres-zadan-powierzonych-promotorowi-pomocniczemu.pdf\">Zakres zada\u0144 powierzonych promotorowi pomocniczemu<\/a><\/p>\n\n\n\n<p><\/p>\n\n\n\n<hr class=\"wp-block-separator has-css-opacity\" \/>\n\n\n\n<p><strong>Praktyki<\/strong><\/p>\n\n\n\n<p>Praktyki zawodowe realizowane s\u0105 w formie osobistego prowadzenia zaj\u0119\u0107 przez doktoranta przydzielonych mu (lub wskazanych) przez promotora lub Dyrektora Szko\u0142y w dyscyplinie, w kt\u00f3rej doktorant prowadzi badania. W uzasadnionych przypadkach praktyka mo\u017ce polega\u0107 na uczestniczeniu doktoranta w zaj\u0119ciach prowadzonych przez innego nauczyciela akademickiego. Wymiar godzinowy praktyk to co najmniej 15 godzin, ale nie wi\u0119cej ni\u017c 60 godzin dydaktycznych rocznie pocz\u0105wszy od roku drugiego.<\/p>\n\n\n\n<p><\/p>\n\n\n\n<p><\/p>\n\n\n<p id=\"block-a03549bb-90d2-481c-83f5-970c93c47e39\" class=\"block-editor-rich-text__editable block-editor-block-list__block wp-block is-multi-selected wp-block-paragraph rich-text\" style=\"min-width: 1px\" role=\"document\" aria-label=\"Pusty blok; prosz\u0119 zacz\u0105\u0107 pisa\u0107 lub u\u017cy\u0107 &quot;\/&quot;, aby wybra\u0107 blok\" data-block=\"a03549bb-90d2-481c-83f5-970c93c47e39\" data-type=\"core\/paragraph\" data-title=\"Akapit\" data-empty=\"true\"><strong>Przedmioty spoza dyscypliny<\/strong><\/p>\n<p>Doktoranci do 7 semestru kszta\u0142cenia w\u0142\u0105cznie zobowi\u0105zani s\u0105 do realizacji 1 konwersatorium spoza dyscypliny.<\/p>\n<p>Zapisy na rok akademicki 2022\/2023 (semestr zimowy) przyjmuje Sekretariat szko\u0142y doktorskiej do dnia 28.02.2022 r.<\/p>\n<p><a href=\"https:\/\/szkolydoktorskie.uwb.edu.pl\/nh\/wp-content\/uploads\/sites\/3\/2021\/12\/Przedmiot-spoza-dyscypliny_OFERTA_2021.pdf\">Lista przedmiot\u00f3w<\/a><\/p>","protected":false},"excerpt":{"rendered":"<p>Program kszta\u0142cenia Uchwa\u0142a nr 2425 Senatu UwB w sprawie ustalenia programu kszta\u0142cenia w Szkole Doktorskiej Nauk Humanistycznych Harmonogram zada\u0144 doktoranta Wyk\u0142adowcy w roku akademickim 2022\/2023 Dyscyplina: Filozofia J\u0119zyk obcy (og\u00f3lny&hellip;<\/p>\n","protected":false},"author":1,"featured_media":0,"parent":0,"menu_order":0,"comment_status":"closed","ping_status":"closed","template":"","meta":{"footnotes":""},"class_list":["post-28","page","type-page","status-publish","hentry"],"yoast_head":"<!-- This site is optimized with the Yoast SEO plugin v27.4 - https:\/\/yoast.com\/product\/yoast-seo-wordpress\/ -->\n<title>Kszta\u0142cenie - Szko\u0142a Doktorska Nauk Humanistycznych UwB<\/title>\n<meta name=\"robots\" content=\"index, follow, max-snippet:-1, max-image-preview:large, max-video-preview:-1\" \/>\n<link rel=\"canonical\" href=\"https:\/\/szkolydoktorskie.uwb.edu.pl\/nh\/ksztalcenie\/\" \/>\n<meta property=\"og:locale\" content=\"pl_PL\" \/>\n<meta property=\"og:type\" content=\"article\" \/>\n<meta property=\"og:title\" content=\"Kszta\u0142cenie - Szko\u0142a Doktorska Nauk Humanistycznych UwB\" \/>\n<meta property=\"og:description\" content=\"Program kszta\u0142cenia Uchwa\u0142a nr 2425 Senatu UwB w sprawie ustalenia programu kszta\u0142cenia w Szkole Doktorskiej Nauk Humanistycznych Harmonogram zada\u0144 doktoranta Wyk\u0142adowcy w roku akademickim 2022\/2023 Dyscyplina: Filozofia J\u0119zyk obcy (og\u00f3lny&hellip;\" \/>\n<meta property=\"og:url\" content=\"https:\/\/szkolydoktorskie.uwb.edu.pl\/nh\/ksztalcenie\/\" \/>\n<meta property=\"og:site_name\" content=\"Szko\u0142a Doktorska Nauk Humanistycznych UwB\" \/>\n<meta property=\"article:modified_time\" content=\"2023-05-30T08:11:04+00:00\" \/>\n<meta name=\"twitter:card\" content=\"summary_large_image\" \/>\n<meta name=\"twitter:label1\" content=\"Szacowany czas czytania\" \/>\n\t<meta name=\"twitter:data1\" content=\"4 minuty\" \/>\n<script type=\"application\/ld+json\" class=\"yoast-schema-graph\">{\"@context\":\"https:\\\/\\\/schema.org\",\"@graph\":[{\"@type\":\"WebPage\",\"@id\":\"https:\\\/\\\/szkolydoktorskie.uwb.edu.pl\\\/nh\\\/ksztalcenie\\\/\",\"url\":\"https:\\\/\\\/szkolydoktorskie.uwb.edu.pl\\\/nh\\\/ksztalcenie\\\/\",\"name\":\"Kszta\u0142cenie - Szko\u0142a Doktorska Nauk Humanistycznych UwB\",\"isPartOf\":{\"@id\":\"https:\\\/\\\/szkolydoktorskie.uwb.edu.pl\\\/nh\\\/#website\"},\"datePublished\":\"2021-04-15T22:55:11+00:00\",\"dateModified\":\"2023-05-30T08:11:04+00:00\",\"breadcrumb\":{\"@id\":\"https:\\\/\\\/szkolydoktorskie.uwb.edu.pl\\\/nh\\\/ksztalcenie\\\/#breadcrumb\"},\"inLanguage\":\"pl-PL\",\"potentialAction\":[{\"@type\":\"ReadAction\",\"target\":[\"https:\\\/\\\/szkolydoktorskie.uwb.edu.pl\\\/nh\\\/ksztalcenie\\\/\"]}]},{\"@type\":\"BreadcrumbList\",\"@id\":\"https:\\\/\\\/szkolydoktorskie.uwb.edu.pl\\\/nh\\\/ksztalcenie\\\/#breadcrumb\",\"itemListElement\":[{\"@type\":\"ListItem\",\"position\":1,\"name\":\"Strona g\u0142\u00f3wna\",\"item\":\"https:\\\/\\\/szkolydoktorskie.uwb.edu.pl\\\/nh\\\/\"},{\"@type\":\"ListItem\",\"position\":2,\"name\":\"Kszta\u0142cenie\"}]},{\"@type\":\"WebSite\",\"@id\":\"https:\\\/\\\/szkolydoktorskie.uwb.edu.pl\\\/nh\\\/#website\",\"url\":\"https:\\\/\\\/szkolydoktorskie.uwb.edu.pl\\\/nh\\\/\",\"name\":\"Szko\u0142a Doktorska Nauk Humanistycznych UwB\",\"description\":\"Szko\u0142a Doktorska Nauk Humanistycznych UwB\",\"publisher\":{\"@id\":\"https:\\\/\\\/szkolydoktorskie.uwb.edu.pl\\\/nh\\\/#organization\"},\"potentialAction\":[{\"@type\":\"SearchAction\",\"target\":{\"@type\":\"EntryPoint\",\"urlTemplate\":\"https:\\\/\\\/szkolydoktorskie.uwb.edu.pl\\\/nh\\\/?s={search_term_string}\"},\"query-input\":{\"@type\":\"PropertyValueSpecification\",\"valueRequired\":true,\"valueName\":\"search_term_string\"}}],\"inLanguage\":\"pl-PL\"},{\"@type\":\"Organization\",\"@id\":\"https:\\\/\\\/szkolydoktorskie.uwb.edu.pl\\\/nh\\\/#organization\",\"name\":\"Szko\u0142a Doktorska Nauk Humanistycznych UwB\",\"url\":\"https:\\\/\\\/szkolydoktorskie.uwb.edu.pl\\\/nh\\\/\",\"logo\":{\"@type\":\"ImageObject\",\"inLanguage\":\"pl-PL\",\"@id\":\"https:\\\/\\\/szkolydoktorskie.uwb.edu.pl\\\/nh\\\/#\\\/schema\\\/logo\\\/image\\\/\",\"url\":\"https:\\\/\\\/szkolydoktorskie.uwb.edu.pl\\\/nh\\\/wp-content\\\/uploads\\\/sites\\\/3\\\/2021\\\/04\\\/cropped-SH-LOGO.png\",\"contentUrl\":\"https:\\\/\\\/szkolydoktorskie.uwb.edu.pl\\\/nh\\\/wp-content\\\/uploads\\\/sites\\\/3\\\/2021\\\/04\\\/cropped-SH-LOGO.png\",\"width\":705,\"height\":188,\"caption\":\"Szko\u0142a Doktorska Nauk Humanistycznych UwB\"},\"image\":{\"@id\":\"https:\\\/\\\/szkolydoktorskie.uwb.edu.pl\\\/nh\\\/#\\\/schema\\\/logo\\\/image\\\/\"}}]}<\/script>\n<!-- \/ Yoast SEO plugin. -->","yoast_head_json":{"title":"Kszta\u0142cenie - Szko\u0142a Doktorska Nauk Humanistycznych UwB","robots":{"index":"index","follow":"follow","max-snippet":"max-snippet:-1","max-image-preview":"max-image-preview:large","max-video-preview":"max-video-preview:-1"},"canonical":"https:\/\/szkolydoktorskie.uwb.edu.pl\/nh\/ksztalcenie\/","og_locale":"pl_PL","og_type":"article","og_title":"Kszta\u0142cenie - Szko\u0142a Doktorska Nauk Humanistycznych UwB","og_description":"Program kszta\u0142cenia Uchwa\u0142a nr 2425 Senatu UwB w sprawie ustalenia programu kszta\u0142cenia w Szkole Doktorskiej Nauk Humanistycznych Harmonogram zada\u0144 doktoranta Wyk\u0142adowcy w roku akademickim 2022\/2023 Dyscyplina: Filozofia J\u0119zyk obcy (og\u00f3lny&hellip;","og_url":"https:\/\/szkolydoktorskie.uwb.edu.pl\/nh\/ksztalcenie\/","og_site_name":"Szko\u0142a Doktorska Nauk Humanistycznych UwB","article_modified_time":"2023-05-30T08:11:04+00:00","twitter_card":"summary_large_image","twitter_misc":{"Szacowany czas czytania":"4 minuty"},"schema":{"@context":"https:\/\/schema.org","@graph":[{"@type":"WebPage","@id":"https:\/\/szkolydoktorskie.uwb.edu.pl\/nh\/ksztalcenie\/","url":"https:\/\/szkolydoktorskie.uwb.edu.pl\/nh\/ksztalcenie\/","name":"Kszta\u0142cenie - Szko\u0142a Doktorska Nauk Humanistycznych UwB","isPartOf":{"@id":"https:\/\/szkolydoktorskie.uwb.edu.pl\/nh\/#website"},"datePublished":"2021-04-15T22:55:11+00:00","dateModified":"2023-05-30T08:11:04+00:00","breadcrumb":{"@id":"https:\/\/szkolydoktorskie.uwb.edu.pl\/nh\/ksztalcenie\/#breadcrumb"},"inLanguage":"pl-PL","potentialAction":[{"@type":"ReadAction","target":["https:\/\/szkolydoktorskie.uwb.edu.pl\/nh\/ksztalcenie\/"]}]},{"@type":"BreadcrumbList","@id":"https:\/\/szkolydoktorskie.uwb.edu.pl\/nh\/ksztalcenie\/#breadcrumb","itemListElement":[{"@type":"ListItem","position":1,"name":"Strona g\u0142\u00f3wna","item":"https:\/\/szkolydoktorskie.uwb.edu.pl\/nh\/"},{"@type":"ListItem","position":2,"name":"Kszta\u0142cenie"}]},{"@type":"WebSite","@id":"https:\/\/szkolydoktorskie.uwb.edu.pl\/nh\/#website","url":"https:\/\/szkolydoktorskie.uwb.edu.pl\/nh\/","name":"Szko\u0142a Doktorska Nauk Humanistycznych UwB","description":"Szko\u0142a Doktorska Nauk Humanistycznych UwB","publisher":{"@id":"https:\/\/szkolydoktorskie.uwb.edu.pl\/nh\/#organization"},"potentialAction":[{"@type":"SearchAction","target":{"@type":"EntryPoint","urlTemplate":"https:\/\/szkolydoktorskie.uwb.edu.pl\/nh\/?s={search_term_string}"},"query-input":{"@type":"PropertyValueSpecification","valueRequired":true,"valueName":"search_term_string"}}],"inLanguage":"pl-PL"},{"@type":"Organization","@id":"https:\/\/szkolydoktorskie.uwb.edu.pl\/nh\/#organization","name":"Szko\u0142a Doktorska Nauk Humanistycznych UwB","url":"https:\/\/szkolydoktorskie.uwb.edu.pl\/nh\/","logo":{"@type":"ImageObject","inLanguage":"pl-PL","@id":"https:\/\/szkolydoktorskie.uwb.edu.pl\/nh\/#\/schema\/logo\/image\/","url":"https:\/\/szkolydoktorskie.uwb.edu.pl\/nh\/wp-content\/uploads\/sites\/3\/2021\/04\/cropped-SH-LOGO.png","contentUrl":"https:\/\/szkolydoktorskie.uwb.edu.pl\/nh\/wp-content\/uploads\/sites\/3\/2021\/04\/cropped-SH-LOGO.png","width":705,"height":188,"caption":"Szko\u0142a Doktorska Nauk Humanistycznych UwB"},"image":{"@id":"https:\/\/szkolydoktorskie.uwb.edu.pl\/nh\/#\/schema\/logo\/image\/"}}]}},"_links":{"self":[{"href":"https:\/\/szkolydoktorskie.uwb.edu.pl\/nh\/wp-json\/wp\/v2\/pages\/28","targetHints":{"allow":["GET"]}}],"collection":[{"href":"https:\/\/szkolydoktorskie.uwb.edu.pl\/nh\/wp-json\/wp\/v2\/pages"}],"about":[{"href":"https:\/\/szkolydoktorskie.uwb.edu.pl\/nh\/wp-json\/wp\/v2\/types\/page"}],"author":[{"embeddable":true,"href":"https:\/\/szkolydoktorskie.uwb.edu.pl\/nh\/wp-json\/wp\/v2\/users\/1"}],"replies":[{"embeddable":true,"href":"https:\/\/szkolydoktorskie.uwb.edu.pl\/nh\/wp-json\/wp\/v2\/comments?post=28"}],"version-history":[{"count":17,"href":"https:\/\/szkolydoktorskie.uwb.edu.pl\/nh\/wp-json\/wp\/v2\/pages\/28\/revisions"}],"predecessor-version":[{"id":1287,"href":"https:\/\/szkolydoktorskie.uwb.edu.pl\/nh\/wp-json\/wp\/v2\/pages\/28\/revisions\/1287"}],"wp:attachment":[{"href":"https:\/\/szkolydoktorskie.uwb.edu.pl\/nh\/wp-json\/wp\/v2\/media?parent=28"}],"curies":[{"name":"wp","href":"https:\/\/api.w.org\/{rel}","templated":true}]}}